{"id":9296,"date":"2022-10-19T09:44:49","date_gmt":"2022-10-19T09:44:49","guid":{"rendered":"https:\/\/artlaboratory-berlin.org\/?post_type=research&#038;p=9296"},"modified":"2023-11-15T20:12:26","modified_gmt":"2023-11-15T20:12:26","slug":"terra-xenobiotica-or-how-to-belong","status":"publish","type":"research","link":"https:\/\/artlaboratory-berlin.org\/de\/forschung\/terra-xenobiotica-or-how-to-belong\/","title":{"rendered":"Terra Xenobiotica or How to Belong"},"content":{"rendered":"\n<h2 class=\"wp-block-heading subheading\">Artistic Research<\/h2>\n\n\n\n<h3 class=\"wp-block-heading names\"><strong>Sa\u0161a Spa\u010dal<\/strong><\/h3>\n\n\n\t\t<div class=\"media-box\">\n\t\t\t\t\t\t<div class=\"img-box full\">\n\t\t\t    <img decoding=\"async\" src=\"https:\/\/artlaboratory-berlin.org\/wp-content\/uploads\/2022\/10\/Terra-Xenobiotica-Residency-Sas\u030ca-Spac\u030cal1.jpg\" alt=\"\" \/>\n\t\t\t<\/div>\n\t\t\t<p class=\"wp-caption caption\"><\/p>\n\t\t\t\t\t<\/div>\n\t\t\n\n\n<div class=\"wp-block-columns main-post-content is-layout-flex wp-container-core-columns-is-layout-9d6595d7 wp-block-columns-is-layout-flex\">\n<div class=\"wp-block-column content-column is-layout-flow wp-block-column-is-layout-flow\">\n<p>Art Laboratory Berlin freut sich, ein neues k\u00fcnstlerisches Forschungsprojekt anzuk\u00fcndigen, das sich derzeit entwickelt: In den Monaten Oktober und November 2022 f\u00fchrt die Bio-Medien-K\u00fcnstlerin Sa\u0161a Spa\u010dal im Labor der Rillig-Gruppe | \u00d6kologie der Pflanzen am Institut f\u00fcr Biologie, Freie Universit\u00e4t Berlin und bei Art Laboratory Berlin k\u00fcnstlerische Forschung f\u00fcr ihr neues Projekt <em>Terra Xenobiotica or How to Belong<\/em> durch.<br><br>&#8222;<em>Terra Xenobiotica<\/em> ist eine Erkundung einer dunklen Alterit\u00e4t der Boden\u00f6kologie, einer eigenen <em>Umwelt<\/em>, in der sich mineralische und organische Stoffe als Fremde verschr\u00e4nken, aber in die Einheit des Bodens zerfallen, der das biologische Leben in der Zone tr\u00e4gt.<br><br>W\u00e4hrend des Aufenthalts werden zeitliche Aspekte von xenobiotischen Substanzen und Metabolismen in der N\u00e4he von Flugh\u00e4fen beprobt, erforscht und beobachtet. An den Knotenpunkten der planetarischen Luftverkehrsnetze werden die Spuren menschlicher Erdung und &#8218;Enterdung&#8216; materiell untersucht, um aufzuzeigen, wie fremde Substanzen eine allm\u00e4hliche Zugeh\u00f6rigkeit bewirken.&#8220;&nbsp;(Sa\u0161a Spa\u010dal)<br><br>Art Laboratory Berlin hat bereits mehrfach mit Sa\u0161a Spa\u010dal zusammengearbeitet: Die K\u00fcnstlerin war mit mehreren Arbeiten bei den Ausstellungen <em>The Other Selves. On the Phenomenon of the Microbiome<\/em> (2016) und <em>Nonhuman Networks<\/em> (2017) zu sehen, pr\u00e4sentierte ihre k\u00fcnstlerische Forschung auf der internationalen Konferenz <em>Nohuman Agents<\/em> (2017) und hatte 2019 bereits eine Art-Residency (auch in Verbindung mit der Rillig Group | Pflanzen\u00f6kologie).<br><br>In ihrem Essay &#8222;Sa\u0161a Spa\u010dal. Symbiosen und planetarische Verflechtungen&#8220; reflektiert Regine Rapp die Ans\u00e4tze des K\u00fcnstlerin: Die Projekte von Sa\u0161a Spa\u010dal bieten &#8222;faszinierende biotechnologische Strategien f\u00fcr die physische Erfahrung von Immersion und das philosophische Erleben von Verflechtung und Netzwerk. Ohne jemals den k\u00fcnstlerischen Wert \u00e4sthetischer Erfahrung einzub\u00fc\u00dfen, nutzt Spa\u010dal aktuelle wissenschaftliche Erkenntnisse und Laborpraktiken der Biologie \u2013 insbesondere der Mikrobiologie und Mykologie, der Wissenschaft von Pilzen. Damit schafft sie besondere Begegnungen, die durch nicht-sprachliche Formen der Wahrnehmung und des Austauschs vermittelt werden \u2013 akustische, elektronische und metabolische. Die k\u00fcnstlerischen Ergebnisse bieten uns ein neues Repertoire, um uns die Welt in ihrer symbiotischen Komplexit\u00e4t neu zu erschlie\u00dfen.&#8220; <br>(<a href=\"https:\/\/www.kunstforum.de\/artikel\/sasa-spacal\/\" target=\"_blank\" rel=\"noreferrer noopener\">Rapp, R. (2022) &#8218;Sa\u0161a Spa\u010dal. Symbiosen und planetarische Verflechtungen&#8216;, Kunstforum International, 281, S. 116<\/a>)<br><br>W\u00e4hrend ihrer derzeitigen Residenz teilt Spa\u010dal die Erkenntnisse aus ihrem neuen k\u00fcnstlerischen Forschungsprojekt auch mit der \u00d6ffentlichkeit. Bei Art Laboratory Berlin finden mehrere \u00f6ffentliche Veranstaltungen statt. Gemeinsam mit Wissenschaftler:innen der Rillig-Gruppe reflektierte die K\u00fcnstlerin das Ph\u00e4nomen der Symbiose in ihrer k\u00fcnstlerischen Arbeit (<a href=\"https:\/\/artlaboratory-berlin.org\/de\/veranstaltungen\/hack-the-panke-festival-spacal-rillig\/\" target=\"_blank\" rel=\"noreferrer noopener\">Walk &amp; Talk, 3. Oktober 2022<\/a>). Im Colloquium wird sie \u00fcber ihre laufende Arbeit als Work-in-Progress referieren (<a href=\"https:\/\/artlaboratory-berlin.org\/de\/veranstaltungen\/colloquium-6\/\" target=\"_blank\" rel=\"noreferrer noopener\">Colloquium, 8. November 2022<\/a>), und zum Ende ihrer Residenz wird Spa\u010dal in einem Solo Artist Talk ihre Ergebnisse mit der \u00d6ffentlichkeit teilen (<a href=\"https:\/\/artlaboratory-berlin.org\/de\/veranstaltungen\/terra-xenobiotica-or-how-to-belong-artist-talk\/\" target=\"_blank\" rel=\"noreferrer noopener\">Artist Talk, 25. November 2022<\/a>).<br><br>Im November wird Sa\u0161a Spa\u010dal zwei Wochen lang von dem K\u00fcnstler Pim Boreel begleitet, um ein neues Werk zu entwickeln, das aus ihrer laufenden Forschung hervorgeht.<br><\/p>\n\n\n<div class=\"slider-box\">\n\t\t\t\t\t\t    <div class=\"content-slider\">\n\t\t\t            \t\t\t                <div class=\"slide\">\n\t\t\t                \t<div class=\"img-box\">\n\t\t\t                    <img decoding=\"async\" src=\"https:\/\/artlaboratory-berlin.org\/wp-content\/uploads\/2022\/10\/Terra-Xenobiotica-Residency-Sas\u030ca-Spac\u030cal-03-Event-Photo_web.jpg\" alt=\"\" \/>\n\t\t\t                    <\/div>\n\t\t\t\t\t\t\t\t<div class=\"below-image-slide\">\n\t\t\t\t\t\t\t\t<p class=\"wp-caption caption\"><\/p>\n\t\t\t\t\t\t\t\t<\/div>\n\t\t\t                <\/div>\t\t\t\t\t\t\n\t\t\t            \t\t\t                <div class=\"slide\">\n\t\t\t                \t<div class=\"img-box\">\n\t\t\t                    <img decoding=\"async\" src=\"https:\/\/artlaboratory-berlin.org\/wp-content\/uploads\/2022\/10\/Terra-Xenobiotica-Residency-Sas\u030ca-Spac\u030cal-02-Event-Photo_web.jpg\" alt=\"\" \/>\n\t\t\t                    <\/div>\n\t\t\t\t\t\t\t\t<div class=\"below-image-slide\">\n\t\t\t\t\t\t\t\t<p class=\"wp-caption caption\"><\/p>\n\t\t\t\t\t\t\t\t<\/div>\n\t\t\t                <\/div>\t\t\t\t\t\t\n\t\t\t            \t\t\t                <div class=\"slide\">\n\t\t\t                \t<div class=\"img-box\">\n\t\t\t                    <img decoding=\"async\" src=\"https:\/\/artlaboratory-berlin.org\/wp-content\/uploads\/2022\/10\/Terra-Xenobiotica-Residency-Sas\u030ca-Spac\u030cal-01-Event-Photo.jpg\" alt=\"\" \/>\n\t\t\t                    <\/div>\n\t\t\t\t\t\t\t\t<div class=\"below-image-slide\">\n\t\t\t\t\t\t\t\t<p class=\"wp-caption caption\"><\/p>\n\t\t\t\t\t\t\t\t<\/div>\n\t\t\t                <\/div>\t\t\t\t\t\t\n\t\t\t            \t\t\t    <\/div>\n\t\t\t\t\t\t<\/div>\n\t\n\t\t\n\n\n<p><br><em><strong>Sa\u0161a Spa\u010dal<\/strong> (<a href=\"http:\/\/www.agapea.si\" target=\"_blank\" rel=\"noreferrer noopener\">www.agapea.si<\/a>) ist eine K\u00fcnstlerin, die an der Schnittstelle von lebender Systemforschung, zeitgen\u00f6ssischer Kunst und Klangkunst arbeitet. Ihre k\u00fcnstlerische Forschung konzentriert sich auf die Entwicklung technologischer Schnittstellen und Beziehungen zu organischen und mineralischen Bodenwirkstoffen, w\u00e4hrend sie versucht, die posthumanen Verh\u00e4ltnisse zu adressieren, die mechanische, digitale und organische Logik innerhalb der gegenw\u00e4rtigen Biopolitik und Nekropolitik beinhalten.<br>Ihre Arbeiten wurden international ausgestellt und aufgef\u00fchrt: Ars Electronica Festival (AT), Prix Cube (FR), Transmediale Festival (DE), Athens Digital Arts Festival (GR), Perm Museum f\u00fcr zeitgen\u00f6ssische Kunst (RUS); Onassis Cultural Center Athen (GR), Chronos Art Center (CHN), Cynetart Festival (DE), Nationales Kunstmuseum von China (CHN), DaVinci Festival (KR), Museum f\u00fcr zeitgen\u00f6ssische Kunst Metelkova (SI), Kapelica Gallery (SI), Device_art Festival (CRO), Festival der extravaganten K\u00f6rper (CRO), Art Laboratory Berlin (DE), Museum f\u00fcr zeitgen\u00f6ssische Kunst Vojvodina (SRB), Lisboa Soa Festival (PT), Sonica Festival (SI). Sie wurde mit dem Prix Ars Electronica Honorary Mention ausgezeichnet und war nominiert f\u00fcr den Prix Cube und den New Technological Art Award.<\/em><br><br><\/p>\n\n\n\n<figure class=\"wp-block-image size-large\"><img loading=\"lazy\" decoding=\"async\" width=\"1024\" height=\"682\" src=\"https:\/\/artlaboratory-berlin.org\/wp-content\/uploads\/2021\/05\/05-Sas\u030ca-Spac\u030cal-Photo-Tadej-C\u030caus\u030cevic\u030c-WEB-1024x682.jpg\" alt=\"\" class=\"wp-image-3710\" srcset=\"https:\/\/artlaboratory-berlin.org\/wp-content\/uploads\/2021\/05\/05-Sas\u030ca-Spac\u030cal-Photo-Tadej-C\u030caus\u030cevic\u030c-WEB-1024x682.jpg 1024w, https:\/\/artlaboratory-berlin.org\/wp-content\/uploads\/2021\/05\/05-Sas\u030ca-Spac\u030cal-Photo-Tadej-C\u030caus\u030cevic\u030c-WEB-300x200.jpg 300w, https:\/\/artlaboratory-berlin.org\/wp-content\/uploads\/2021\/05\/05-Sas\u030ca-Spac\u030cal-Photo-Tadej-C\u030caus\u030cevic\u030c-WEB-768x512.jpg 768w, https:\/\/artlaboratory-berlin.org\/wp-content\/uploads\/2021\/05\/05-Sas\u030ca-Spac\u030cal-Photo-Tadej-C\u030caus\u030cevic\u030c-WEB-1536x1024.jpg 1536w, https:\/\/artlaboratory-berlin.org\/wp-content\/uploads\/2021\/05\/05-Sas\u030ca-Spac\u030cal-Photo-Tadej-C\u030caus\u030cevic\u030c-WEB-580x387.jpg 580w, https:\/\/artlaboratory-berlin.org\/wp-content\/uploads\/2021\/05\/05-Sas\u030ca-Spac\u030cal-Photo-Tadej-C\u030caus\u030cevic\u030c-WEB.jpg 2000w\" sizes=\"auto, (max-width: 1024px) 100vw, 1024px\" \/><figcaption class=\"wp-element-caption\">Sa\u0161a Spa\u010dal, photo: Tadej \u010cau\u0161evi\u010d<\/figcaption><\/figure>\n\n\n\n<p><br><\/p>\n\n\n\n<p><strong>Eine Kooperation zwischen Art Laboratory Berlin und dem Institut f\u00fcr Biologie, Freie Universit\u00e4t Berlin<\/strong><br>Rillig Group, Pflanzen\u00f6kologie, Institut f\u00fcr Biologie, Freie Universit\u00e4t Berlin<br><a href=\"https:\/\/www.bcp.fu-berlin.de\/biologie\/arbeitsgruppen\/botanik\/ag_rillig\/index.html\" target=\"_blank\" rel=\"noreferrer noopener\">https:\/\/www.bcp.fu-berlin.de\/biologie\/arbeitsgruppen\/botanik\/ag_rillig\/index.html<\/a><br><a rel=\"noreferrer noopener\" href=\"https:\/\/rilliglab.wordpress.com\/\" target=\"_blank\">https:\/\/rilliglab.wordpress.com\/<\/a><\/p>\n<\/div>\n\n\n\n<div class=\"wp-block-column info-sidebar is-layout-flow wp-block-column-is-layout-flow\">\n<!-- Simple Share Buttons Adder (8.5.3) simplesharebuttons.com --><div class=\"ssba-modern-2 ssba ssbp-wrap alignleft ssbp--theme-2\"><div style=\"text-align:left\"><span class=\"ssba-share-text\">Share<\/span><br\/><ul class=\"ssbp-list\"><li class='ssbp-li--facebook'><a data-site=\"facebook\" class=\"ssba_facebook_share ssba_share_link ssbp-facebook ssbp-btn\" href=\"https:\/\/www.facebook.com\/sharer.php?t=Terra Xenobiotica or How to Belong&u=https:\/\/artlaboratory-berlin.org\/de\/wp-json\/wp\/v2\/research\/9296\"  target=_blank  style=\"color:#4267B2; background-color: #4267B2; height: 24px; width: 24px; background: #000000;\" ><span><svg xmlns=\"http:\/\/www.w3.org\/2000\/svg\" fill=\"#fff\" preserveAspectRatio=\"xMidYMid meet\" height=\"1em\" width=\"1em\" viewBox=\"0 0 40 40\">\n  <g>\n    <path d=\"m21.7 16.7h5v5h-5v11.6h-5v-11.6h-5v-5h5v-2.1c0-2 0.6-4.5 1.8-5.9 1.3-1.3 2.8-2 4.7-2h3.5v5h-3.5c-0.9 0-1.5 0.6-1.5 1.5v3.5z\"><\/path>\n  <\/g>\n<\/svg>\n\n<\/span><span class=\"color-icon\"><svg xmlns=\"http:\/\/www.w3.org\/2000\/svg\" width=\"16\" height=\"28\" viewBox=\"0 0 16 28\">\n  <path fill=\"#3B5998\" d=\"M10.7,10.7 L15.7,10.7 L15.7,15.7 L10.7,15.7 L10.7,27.3 L5.7,27.3 L5.7,15.7 L0.7,15.7 L0.7,10.7 L5.7,10.7 L5.7,8.6 C5.7,6.6 6.3,4.1 7.5,2.7 C8.8,1.4 10.3,0.7 12.2,0.7 L15.7,0.7 L15.7,5.7 L12.2,5.7 C11.3,5.7 10.7,6.3 10.7,7.2 L10.7,10.7 Z\"\/>\n<\/svg>\n<\/span><div title=\"Facebook\" class=\"ssbp-text\">Facebook<\/div><\/a><\/li><li class='ssbp-li--email'><a data-site=\"email\" class=\"ssba_email_share ssba_share_link ssbp-email ssbp-btn\" href=\"mailto:?subject=Terra Xenobiotica or How to Belong&body=https:\/\/artlaboratory-berlin.org\/de\/wp-json\/wp\/v2\/research\/9296\"  target=_blank  style=\"color:#7d7d7d; background-color: #7d7d7d; height: 24px; width: 24px; background: #000000;\" ><span><svg xmlns=\"http:\/\/www.w3.org\/2000\/svg\" fill=\"#fff\" preserveAspectRatio=\"xMidYMid meet\" height=\"1em\" width=\"1em\" viewBox=\"0 0 40 40\">\n  <g>\n    <path d=\"m33.4 13.4v-3.4l-13.4 8.4-13.4-8.4v3.4l13.4 8.2z m0-6.8q1.3 0 2.3 1.1t0.9 2.3v20q0 1.3-0.9 2.3t-2.3 1.1h-26.8q-1.3 0-2.3-1.1t-0.9-2.3v-20q0-1.3 0.9-2.3t2.3-1.1h26.8z\"><\/path>\n  <\/g>\n<\/svg>\n\n<\/span><span class=\"color-icon\"><svg xmlns=\"http:\/\/www.w3.org\/2000\/svg\" width=\"34\" height=\"28\" viewBox=\"0 0 34 28\">\n  <path fill=\"#7D7D7D\" d=\"M30.4,7.4 L30.4,4 L17,12.4 L3.6,4 L3.6,7.4 L17,15.6 L30.4,7.4 Z M30.4,0.6 C31.2666667,0.6 32.0333333,0.966666667 32.7,1.7 C33.3666667,2.43333333 33.6666667,3.2 33.6,4 L33.6,24 C33.6,24.8666667 33.3,25.6333333 32.7,26.3 C32.1,26.9666667 31.3333333,27.3333333 30.4,27.4 L3.6,27.4 C2.73333333,27.4 1.96666667,27.0333333 1.3,26.3 C0.633333333,25.5666667 0.333333333,24.8 0.4,24 L0.4,4 C0.4,3.13333333 0.7,2.36666667 1.3,1.7 C1.9,1.03333333 2.66666667,0.666666667 3.6,0.6 L30.4,0.6 Z\"\/>\n<\/svg>\n<\/span><div title=\"Email\" class=\"ssbp-text\">Email<\/div><\/a><\/li><\/ul><\/div><\/div>\n\n\n\n<h4 class=\"wp-block-heading\">ORTE<\/h4>\n\n\n\n<p>Rillig Group, Freie Universit\u00e4t Berlin<br>Art Laboratory Berlin<br>Prinzenallee 34, 13359 Berlin<\/p>\n\n\n\n<h4 class=\"wp-block-heading\">DATUM<\/h4>\n\n\n\n<p>Oktober &#8211; November 2022 | Art Residenz<br>November 2023 &#8211; Januar 2024 | Soloausstellung<\/p>\n\n\n\n<h4 class=\"wp-block-heading\">Kurator:IN<\/h4>\n\n\n\n<p>Regine Rapp &amp; Christian de Lutz<\/p>\n\n\n\n<h4 class=\"wp-block-heading\">Team<\/h4>\n\n\n\n<p>Sa\u0161a Spa\u010dal<br>Art Laboratory Berlin<br>Rillig Group | Ecology of Plants, Freie Universit\u00e4t Berlin<\/p>\n\n\n\n<h4 class=\"wp-block-heading\">Kooperationspartner:INNEN<\/h4>\n\n\n\n<p>Freie Universit\u00e4t Berlin<br>Art Laboratory Berlin<\/p>\n\n\n\n<h4 class=\"wp-block-heading\">UNTERST\u00dcTZT VON<\/h4>\n\n\n\n<figure class=\"wp-block-image size-full is-resized\"><img loading=\"lazy\" decoding=\"async\" src=\"https:\/\/artlaboratory-berlin.org\/wp-content\/uploads\/2021\/04\/B_SEN_KuEu_Logo_DE_V_P_1C.jpg\" alt=\"\" class=\"wp-image-1102\" width=\"141\" height=\"81\" srcset=\"https:\/\/artlaboratory-berlin.org\/wp-content\/uploads\/2021\/04\/B_SEN_KuEu_Logo_DE_V_P_1C.jpg 500w, https:\/\/artlaboratory-berlin.org\/wp-content\/uploads\/2021\/04\/B_SEN_KuEu_Logo_DE_V_P_1C-300x175.jpg 300w\" sizes=\"auto, (max-width: 141px) 100vw, 141px\" \/><\/figure>\n\n\n<h4 class=\"related-sidebar-heading\">Teil des Forschungsprojekts:<\/h4>\n    <p><a href=\"https:\/\/artlaboratory-berlin.org\/de\/forschung\/symbiosis-in-intra-flux-of-the-anthropocene\/\">Symbiosis in intra-flux of the Anthropocene<\/a><\/p>\n    <\/div>\n<\/div>\n\n\n\n<div class=\"wp-block-columns archive is-layout-flex wp-container-core-columns-is-layout-9d6595d7 wp-block-columns-is-layout-flex\">\n<div class=\"wp-block-column container is-layout-flow wp-block-column-is-layout-flow\">\n<h2 class=\"wp-block-heading section-head research-archive\">Aktivit\u00e4ten<\/h2>\n\n\n\n\n<article class=\"row border-archive\">\n\n<section class=\"entry-content mt-2 row  post-block\">\n\t<div class=\"col-sm-6 col-12 archive-left\">\n<header class=\"entry-header article-header\">\n<a class=\"meta-info exhibition\" href=\"https:\/\/artlaboratory-berlin.org\/de\/ausstellungen\/\">\n                  Ausstellung                                <\/a>\n              <span class=\"cat\"> \n    <\/span>\n<h3 class=\"related-heading entry-title\">\n                       <a href=\"https:\/\/artlaboratory-berlin.org\/de\/ausstellungen\/terra-xenobiotica\/\">TERRA XENOBIOTICA<\/a>\n                    <\/h3> \n                    <ol class=\"post-subheadings\"><li class=\"heading-level-2\">Artistic Research<\/li><li class=\"heading-level-3\">Sa\u0161a Spa\u010dal<\/li><\/ol>\t                <span class=\"info-line-preview\">10. November &#8211; 4. Februar 2024<\/span>\n<\/div>\n   \t<div class=\"col-lg-6 col-12 empty-right\">\n\t<\/div>\n\t<div class=\"col-lg-6 col-12 archive-left\">               \n                  <a class=\"h-100 img-box\" href=\"https:\/\/artlaboratory-berlin.org\/de\/ausstellungen\/terra-xenobiotica\/\">\n                  <img loading=\"lazy\" decoding=\"async\" width=\"551\" height=\"358\" src=\"https:\/\/artlaboratory-berlin.org\/wp-content\/uploads\/2023\/10\/A_Full-image_Front-page-FLYER___Holding-Patterns-PR16-WEB-551x358.jpg\" class=\"img-fluid wp-post-image\" alt=\"The flower\" \/>                    <img decoding=\"async\" src=\"https:\/\/artlaboratory-berlin.org\/wp-content\/uploads\/2023\/10\/Terra-Xenobiotica_Aeroglyphs_Orly_Paris_ORY-551x358.png\" alt=\"\" class=\"img-fluid second-thumb\">\n                <\/a>\n<\/header>\n<\/div>\n\n<div class=\"col-lg-6 col-12\">\nArt Laboratory Berlin freut sich, die Einzelausstellung der Bio Medien-K\u00fcnstlerin Sa\u0161a Spa\u010dal mit der neu produzierten k\u00fcnstlerischen Arbeit TERRA XENOBIOTICA (2023) anzuk\u00fcndigen. &#8222;Terra Xenobiotica erforscht das Leben des Bodens, das sich unter dem unaufh\u00f6rlichen Verkehr der Flugh\u00e4fen verbirgt \u2013 dichte Knotenpunkte der westlichen menschlichen Zivilisation&#8220; bemerkt Sa\u0161a Spa\u010dal. &#8222;Giftstoffe sickern in den Boden und schaffen ungewohnte Landschaften, die nach anderen Verwalter:innen verlangen \u2013 nach solchen, die navigieren und pflegen, statt zu kontrollieren oder zu extrahieren.&#8220; Spa\u010dals Projekt wurde in Zusammenarbeit mit der Kulturtheoretikerin Ali Sperling realisiert und wurde von Art Laboratory Berlin unterst\u00fctzt und produziert. Weitere Unterst\u00fctzer:innen sind das Rillig Lab | Pflanzen\u00f6kologie, FU Berlin, das Slowenische Kulturzentrum Berlin &#8211; SKICA Berlin und der Berliner Senat.\t<a href=\"https:\/\/artlaboratory-berlin.org\/de\/ausstellungen\/terra-xenobiotica\/\" class=\"read-more\" rel=\"bookmark\" title=\"Terra Xenobiotica or How to Belong\">Mehr lesen<\/a>\n<\/div>\n<\/section>\n\n\n<\/article>\n               \n              \n                \n                  \n\n\n\n\n<article class=\"row border-archive\">\n\n<section class=\"entry-content mt-2 row  post-block\">\n\t<div class=\"col-sm-6 col-12 archive-left\">\n<header class=\"entry-header article-header\">\n<a class=\"meta-info event\" href=\"https:\/\/artlaboratory-berlin.org\/de\/veranstaltungen\/\">\n                  Veranstaltung                                <\/a>\n              <span class=\"cat\"> \n    Talk<\/span>\n<h3 class=\"related-heading entry-title\">\n                       <a href=\"https:\/\/artlaboratory-berlin.org\/de\/veranstaltungen\/terra-xenobiotica-or-how-to-belong-artist-talk\/\">TERRA XENOBIOTICA OR HOW TO BELONG<\/a>\n                    <\/h3> \n                    <ol class=\"post-subheadings\"><li class=\"heading-level-3\">Artist Talk |&nbsp;Sa\u0161a Spa\u010dal<\/li><\/ol>\t                <span class=\"info-line-preview\">25. November 2022<\/span>\n<\/div>\n   \t<div class=\"col-lg-6 col-12 empty-right\">\n\t<\/div>\n\t<div class=\"col-lg-6 col-12 archive-left\">               \n                  <a class=\"h-100 img-box\" href=\"https:\/\/artlaboratory-berlin.org\/de\/veranstaltungen\/terra-xenobiotica-or-how-to-belong-artist-talk\/\">\n                  <img loading=\"lazy\" decoding=\"async\" width=\"551\" height=\"358\" src=\"https:\/\/artlaboratory-berlin.org\/wp-content\/uploads\/2022\/10\/Terra-Xenobiotica-Residency-Sas\u030ca-Spac\u030cal-02-Event-Photo_web-551x358.jpg\" class=\"img-fluid wp-post-image\" alt=\"\" \/>                    <img decoding=\"async\" src=\"https:\/\/artlaboratory-berlin.org\/wp-content\/uploads\/2022\/10\/Terra-Xenobiotica-Residency-Sas\u030ca-Spac\u030cal-03-Event-Photo_web-551x358.jpg\" alt=\"\" class=\"img-fluid second-thumb\">\n                <\/a>\n<\/header>\n<\/div>\n\n<div class=\"col-lg-6 col-12\">\nArt Laboratory Berlin begr\u00fc\u00dft Sie zu einem Artist Talk mit der Bio-Medienk\u00fcnstlerin Sa\u0161a Spa\u010dal, in dem sie \u00fcber ihr neues k\u00fcnstlerisches Forschungsprojekt sprechen wird. In den Monaten Oktober und November 2022 f\u00fchrt die Bio-Medien-K\u00fcnstlerin Sa\u0161a Spa\u010dal im Labor der Rillig-Gruppe | \u00d6kologie der Pflanzen am Institut f\u00fcr Biologie, Freie Universit\u00e4t Berlin und bei Art Laboratory Berlin k\u00fcnstlerische Forschung f\u00fcr ihr neues Projekt Terra Xenobiotica or How to Belong durch.\u2028\u2028\r\n\r\n\u201eTerra Xenobiotica ist eine Erkundung einer dunklen Alterit\u00e4t der Boden\u00f6kologie, einer eigenen Umwelt, in der sich mineralische und organische Stoffe als Fremde verschr\u00e4nken, aber in die Einheit des Bodens zerfallen, der das biologische Leben in der Zone tr\u00e4gt. W\u00e4hrend des Aufenthalts werden zeitliche Aspekte von xenobiotischen Substanzen und Metabolismen in der N\u00e4he von Flugh\u00e4fen beprobt, erforscht und beobachtet. An den Knotenpunkten der planetarischen Luftverkehrsnetze werden die Spuren menschlicher Erdung und \u201aEnterdung\u2018 materiell untersucht, um aufzuzeigen, wie fremde Substanzen eine allm\u00e4hliche Zugeh\u00f6rigkeit bewirken.\u201c\u00a0(Sa\u0161a Spa\u010dal)\t<a href=\"https:\/\/artlaboratory-berlin.org\/de\/veranstaltungen\/terra-xenobiotica-or-how-to-belong-artist-talk\/\" class=\"read-more\" rel=\"bookmark\" title=\"Terra Xenobiotica or How to Belong\">Mehr lesen<\/a>\n<\/div>\n<\/section>\n\n\n<\/article>\n               \n              \n                \n                  \n\n\n\n\n<article class=\"row border-archive\">\n\n<section class=\"entry-content mt-2 row  post-block\">\n\t<div class=\"col-sm-6 col-12 archive-left\">\n<header class=\"entry-header article-header\">\n<a class=\"meta-info event\" href=\"https:\/\/artlaboratory-berlin.org\/de\/veranstaltungen\/\">\n                  Veranstaltung                                <\/a>\n              <span class=\"cat\"> \n    Colloquium<\/span>\n<h3 class=\"related-heading entry-title\">\n                       <a href=\"https:\/\/artlaboratory-berlin.org\/de\/veranstaltungen\/colloquium-6\/\">IN-PROGRESS&#8230; | COLLOQUIUM<\/a>\n                    <\/h3> \n                    <ol class=\"post-subheadings\"><li class=\"heading-level-2\">Forschung in Kunst, Geistes- und Naturwissenschaften<\/li><li class=\"heading-level-3\">Mit Sa\u0161a Spa\u010dal und Joana MacLean<\/li><\/ol>\t                <span class=\"info-line-preview\">8. November 2022<\/span>\n<\/div>\n   \t<div class=\"col-lg-6 col-12 empty-right\">\n\t<\/div>\n\t<div class=\"col-lg-6 col-12 archive-left\">               \n                  <a class=\"h-100 img-box\" href=\"https:\/\/artlaboratory-berlin.org\/de\/veranstaltungen\/colloquium-6\/\">\n                  <img loading=\"lazy\" decoding=\"async\" width=\"551\" height=\"358\" src=\"https:\/\/artlaboratory-berlin.org\/wp-content\/uploads\/2022\/02\/A___Abstract-Pic_YELLOW-CANVAS-SIZED-low-res-1-551x358.jpg\" class=\"img-fluid wp-post-image\" alt=\"close up of a sculpture, circles with metal mesh, yellowish cat to the photograph\" \/>                    <img decoding=\"async\" src=\"https:\/\/artlaboratory-berlin.org\/wp-content\/uploads\/2022\/02\/A___Tegel-Forest_yellow-trees_CANVAS-SIZED-low-res-551x358.jpg\" alt=\"Trees photographed from below with a green-yellow cast\" class=\"img-fluid second-thumb\">\n                <\/a>\n<\/header>\n<\/div>\n\n<div class=\"col-lg-6 col-12\">\nDas Colloquium richtet sich an ein internationales, interdisziplin\u00e4res Forschungspublikum, um vergangene, aktuelle oder zuk\u00fcnftige Projekte von K\u00fcnstler:innen und Wissenschaftler:innen, Kurator:innen oder Redakteur:innen aus den Bereichen Kunst, Geistes- und Naturwissenschaften vorzustellen und zu diskutieren. Die Themen k\u00f6nnen sich auf ein Kunstprojekt, ein Buch, einen Text oder ein Kapitel, ein Forschungs- oder Ausstellungsprojekt, ein Laborexperiment, eine Vortragsreihe, ein Konferenzkonzept oder anderes beziehen.\r\n\r\nDie Pr\u00e4sentationen und der Austausch werden sich auf den<em> work-in-progress <\/em>der Arbeiten konzentrieren. Methodische Ans\u00e4tze &#8211; theoretisch oder praktisch &#8211; sind hier ebenfalls von gro\u00dfem Interesse. W\u00e4hrend unserer Forschung neigen wir oft dazu, zwischen praktischer Untersuchung und theoretischer Forschung zu wechseln und verschiedene Disziplinen anzuwenden. In Anlehnung an die urspr\u00fcngliche Bedeutung von Colloquium als &#8222;gemeinsames Sprechen&#8220; wollen wir eine Plattform f\u00fcr den Austausch bieten und verschiedene Arten von Arbeitsprozessen einbeziehen, die oft nicht gesehen oder nicht besprochen werden.\t<a href=\"https:\/\/artlaboratory-berlin.org\/de\/veranstaltungen\/colloquium-6\/\" class=\"read-more\" rel=\"bookmark\" title=\"Terra Xenobiotica or How to Belong\">Mehr lesen<\/a>\n<\/div>\n<\/section>\n\n\n<\/article>\n               \n              \n                \n                  \n\n\n\n<div class=\"wp-block-columns is-layout-flex wp-container-core-columns-is-layout-9d6595d7 wp-block-columns-is-layout-flex\">\n<div class=\"wp-block-column is-layout-flow wp-block-column-is-layout-flow\">\n\n<article class=\"row border-archive\">\n\n<section class=\"entry-content mt-2 row  post-block\">\n\t<div class=\"col-sm-6 col-12 archive-left\">\n<header class=\"entry-header article-header\">\n<a class=\"meta-info event\" href=\"https:\/\/artlaboratory-berlin.org\/de\/veranstaltungen\/\">\n                  Veranstaltung                                <\/a>\n              <span class=\"cat\"> \n    Walk &amp; Talk, Walk &amp; Talk<\/span>\n<h3 class=\"related-heading entry-title\">\n                       <a href=\"https:\/\/artlaboratory-berlin.org\/de\/veranstaltungen\/hack-the-panke-festival-spacal-rillig\/\">HACK THE PANKE Festival<\/a>\n                    <\/h3> \n                    <ol class=\"post-subheadings\"><li class=\"heading-level-2\">Reflecting Symbiosis<\/li><li class=\"heading-level-3\">Walk &amp; Talk | Sa\u0161a Spa\u010dal und Matthias Rillig<\/li><\/ol>\t                <span class=\"info-line-preview\">3. Oktober 2022<\/span>\n<\/div>\n   \t<div class=\"col-lg-6 col-12 empty-right\">\n\t<\/div>\n\t<div class=\"col-lg-6 col-12 archive-left\">               \n                  <a class=\"h-100 img-box\" href=\"https:\/\/artlaboratory-berlin.org\/de\/veranstaltungen\/hack-the-panke-festival-spacal-rillig\/\">\n                  <img loading=\"lazy\" decoding=\"async\" width=\"551\" height=\"358\" src=\"https:\/\/artlaboratory-berlin.org\/wp-content\/uploads\/2022\/09\/soil-profile-tenerife-551x358.webp\" class=\"img-fluid wp-post-image\" alt=\"\" \/>                    <img decoding=\"async\" src=\"https:\/\/artlaboratory-berlin.org\/wp-content\/uploads\/2021\/05\/07-T1A9606_Photo_Miha_Godec-WEB-551x358.jpg\" alt=\"\" class=\"img-fluid second-thumb\">\n                <\/a>\n<\/header>\n<\/div>\n\n<div class=\"col-lg-6 col-12\">\nIn unserer letzten Veranstaltung des Festivals, einem Gespr\u00e4chsspaziergang entlang der Panke, werden wir uns auf die k\u00fcnstlerische und naturwissenschaftliche Erforschung von Symbiose konzentrieren. Die K\u00fcnstlerin Sa\u0161a Spa\u010dal wird uns in ihre k\u00fcnstlerische Forschung \u00fcber Symbiosen und Verflechtungen zwischen den Arten einf\u00fchren. Sie hat technologische Schnittstellen und Beziehungen zu organischen und mineralischen Bodensubstanzen entwickelt und sich mit der posthumanen Bedingung auseinandergesetzt, die mechanische, digitale und organische Logik innerhalb der Biopolitik und Nekropolitik unserer Zeit beinhaltet. Der \u00d6kologe Matthias Rillig wird uns einen Einblick in seine Forschungen \u00fcber Boden- und Pflanzen\u00f6kologie geben, insbesondere \u00fcber die Symbiose von arbuskul\u00e4ren Mykorrhizapilzen mit Pflanzen und deren Auswirkungen auf die Bodenaggregation. Im Oktober und November 2022 wird Spa\u010dal eine Art Residence im Rillig Lab an der Freien Universit\u00e4t Berlin realisieren, kuratorisch begleitet von Art Laboratory Berlin.\t<a href=\"https:\/\/artlaboratory-berlin.org\/de\/veranstaltungen\/hack-the-panke-festival-spacal-rillig\/\" class=\"read-more\" rel=\"bookmark\" title=\"Terra Xenobiotica or How to Belong\">Mehr lesen<\/a>\n<\/div>\n<\/section>\n\n\n<\/article>\n               \n              \n                \n                  \n<\/div>\n<\/div>\n\n\n\n<h2 class=\"wp-block-heading section-head research-archive\">Im Kontext<\/h2>\n\n\n\n\n<article class=\"row border-archive\">\n\n<section class=\"entry-content mt-2 row  post-block\">\n\t<div class=\"col-sm-6 col-12 archive-left\">\n<header class=\"entry-header article-header\">\n<a class=\"meta-info event\" href=\"https:\/\/artlaboratory-berlin.org\/de\/veranstaltungen\/\">\n                  Veranstaltung                                <\/a>\n              <span class=\"cat\"> \n    Talk<\/span>\n<h3 class=\"related-heading entry-title\">\n                       <a href=\"https:\/\/artlaboratory-berlin.org\/de\/veranstaltungen\/symbiosis-in-intra-flux-of-the-anthropocene\/\">Symbiosis in intra-flux of the Anthropocene<\/a>\n                    <\/h3> \n                    <ol class=\"post-subheadings\"><li class=\"heading-level-2\">Projektpr\u00e4sentation<\/li><li class=\"heading-level-3\">Sa\u0161a Spa\u010dal<\/li><\/ol>\t                <span class=\"info-line-preview\">29. November 2019<\/span>\n<\/div>\n   \t<div class=\"col-lg-6 col-12 empty-right\">\n\t<\/div>\n\t<div class=\"col-lg-6 col-12 archive-left\">               \n                  <a class=\"h-100 img-box\" href=\"https:\/\/artlaboratory-berlin.org\/de\/veranstaltungen\/symbiosis-in-intra-flux-of-the-anthropocene\/\">\n                  <img loading=\"lazy\" decoding=\"async\" width=\"551\" height=\"358\" src=\"https:\/\/artlaboratory-berlin.org\/wp-content\/uploads\/2021\/04\/IMG_20191129_201503-551x358.jpg\" class=\"img-fluid wp-post-image\" alt=\"\" \/>                    <img decoding=\"async\" src=\"https:\/\/artlaboratory-berlin.org\/wp-content\/uploads\/2021\/04\/Symbiosis-in-Intra-flux2-551x358.jpg\" alt=\"\" class=\"img-fluid second-thumb\">\n                <\/a>\n<\/header>\n<\/div>\n\n<div class=\"col-lg-6 col-12\">\nDas Forschungsprojekt von Sa\u0161a Spa\u010dal untersucht Material Aspekte bei zwischenartlichen Beziehungen, die Sa\u0161a Spa\u010dal und ihre Kollegen Dr. Mirjan \u0160vagelj und Anil Podgornik bereits in fr\u00fcheren k\u00fcnstlerischen biotechnologischen Installationen wie <em>Myconnect, Symbiome, Plastic_ity<\/em> und <em>Earthlink<\/em> erforscht haben. Die Zusammenarbeit mit dem Forscherteam der Freien Universit\u00e4t Berlin erfolgt in Form von Beobachtungen von Experimenten, Interviews und der Planung k\u00fcnstlerischer Experimente sowie der Konzeption einer neuen Werkreihe.\r\n\r\nZum Ende der Artist-Residence 2019 von Sa\u0161a Spa\u010dal l\u00e4dt Art Laboratory Berlin zu einer \u00f6ffentlichen Pr\u00e4sentation und Diskussion der Themen der Artist-Residence ein, gemeinsam mit Wissenschaftler:innen der Rillig-Gruppe (FU Berlin).\t<a href=\"https:\/\/artlaboratory-berlin.org\/de\/veranstaltungen\/symbiosis-in-intra-flux-of-the-anthropocene\/\" class=\"read-more\" rel=\"bookmark\" title=\"Terra Xenobiotica or How to Belong\">Mehr lesen<\/a>\n<\/div>\n<\/section>\n\n\n<\/article>\n               \n              \n                \n                  \n\n\n\n\n<article class=\"row border-archive\">\n\n<section class=\"entry-content mt-2 row  post-block\">\n\t<div class=\"col-sm-6 col-12 archive-left\">\n<header class=\"entry-header article-header\">\n<a class=\"meta-info exhibition\" href=\"https:\/\/artlaboratory-berlin.org\/de\/ausstellungen\/\">\n                  Ausstellung                                <\/a>\n              <span class=\"cat\"> \n    <\/span>\n<h3 class=\"related-heading entry-title\">\n                       <a href=\"https:\/\/artlaboratory-berlin.org\/de\/ausstellungen\/nonhuman-agents-nonhuman-networks\/\">Nonhuman Agents<\/a>\n                    <\/h3> \n                    <ol class=\"post-subheadings\"><li class=\"heading-level-2\">Nonhuman Networks<\/li><li class=\"heading-level-3\">Heather Barnett | Sa\u0161a Spa\u010dal, Mirjan \u0160vagelj &amp; Anil Podgornik<\/li><\/ol>\t                <span class=\"info-line-preview\">30. September &#8211; 26. November 2017<\/span>\n<\/div>\n   \t<div class=\"col-lg-6 col-12 empty-right\">\n\t<\/div>\n\t<div class=\"col-lg-6 col-12 archive-left\">               \n                  <a class=\"h-100 img-box\" href=\"https:\/\/artlaboratory-berlin.org\/de\/ausstellungen\/nonhuman-agents-nonhuman-networks\/\">\n                  <img loading=\"lazy\" decoding=\"async\" width=\"551\" height=\"358\" src=\"https:\/\/artlaboratory-berlin.org\/wp-content\/uploads\/2021\/05\/SL_20171013_NonhumanN_0018-551x358.jpg\" class=\"img-fluid wp-post-image\" alt=\"\" \/>                    <img decoding=\"async\" src=\"https:\/\/artlaboratory-berlin.org\/wp-content\/uploads\/2021\/05\/HB-RESILIENT-TOPOGRAPHIES-VIDEO-STILL-551x358.jpg\" alt=\"\" class=\"img-fluid second-thumb\">\n                <\/a>\n<\/header>\n<\/div>\n\n<div class=\"col-lg-6 col-12\">\n<ol>\r\n \t<li>Die Ausstellung <em>Nonhuman Networks<\/em> pr\u00e4sentiert \u00e4sthetische Entw\u00fcrfe neuer Kommunikationsformen zwischen menschlichen und nichtmenschlichen Akteuren. Wie funktioniert der weltweit gr\u00f6\u00dfte Einzeller als Computer? Welchen Zugang k\u00f6nnen wir zum sogenannten &#8222;Internet des Waldes&#8220; bekommen? Die herausragenden performativen Arbeiten der international anerkannten K\u00fcnstler stellen eine M\u00f6glichkeit f\u00fcr das Publikum dar, sich auf au\u00dfersprachliche Formen und Kontakt mit unterschiedlichen, scheinbar simplen Lebensformen einzulassen.<\/li>\r\n<\/ol>\t<a href=\"https:\/\/artlaboratory-berlin.org\/de\/ausstellungen\/nonhuman-agents-nonhuman-networks\/\" class=\"read-more\" rel=\"bookmark\" title=\"Terra Xenobiotica or How to Belong\">Mehr lesen<\/a>\n<\/div>\n<\/section>\n\n\n<\/article>\n               \n              \n                \n                  \n\n\n\n\n<article class=\"row border-archive\">\n\n<section class=\"entry-content mt-2 row  post-block\">\n\t<div class=\"col-sm-6 col-12 archive-left\">\n<header class=\"entry-header article-header\">\n<a class=\"meta-info event\" href=\"https:\/\/artlaboratory-berlin.org\/de\/veranstaltungen\/\">\n                  Veranstaltung                                <\/a>\n              <span class=\"cat\"> \n    Konferenz<\/span>\n<h3 class=\"related-heading entry-title\">\n                       <a href=\"https:\/\/artlaboratory-berlin.org\/de\/veranstaltungen\/nonhuman-agents-in-art-culture-and-theory\/\">Nonhuman Agents in art, culture and theory<\/a>\n                    <\/h3> \n                    <ol class=\"post-subheadings\"><li class=\"heading-level-2\">Interdiziplin\u00e4re Konferenz<\/li><\/ol>\t                <span class=\"info-line-preview\">24. &#8211; 26. November 2017<\/span>\n<\/div>\n   \t<div class=\"col-lg-6 col-12 empty-right\">\n\t<\/div>\n\t<div class=\"col-lg-6 col-12 archive-left\">               \n                  <a class=\"h-100 img-box\" href=\"https:\/\/artlaboratory-berlin.org\/de\/veranstaltungen\/nonhuman-agents-in-art-culture-and-theory\/\">\n                  <img loading=\"lazy\" decoding=\"async\" width=\"551\" height=\"358\" src=\"https:\/\/artlaboratory-berlin.org\/wp-content\/uploads\/2021\/04\/SL_Lichens-551x358.jpg\" class=\"img-fluid wp-post-image\" alt=\"\" \/>                    <img decoding=\"async\" src=\"https:\/\/artlaboratory-berlin.org\/wp-content\/uploads\/2021\/04\/SL_TIM_NHA_0546-551x358.jpg\" alt=\"\" class=\"img-fluid second-thumb\">\n                <\/a>\n<\/header>\n<\/div>\n\n<div class=\"col-lg-6 col-12\">\nDie Konferenz ber\u00fccksichtigt neuere philosophische Ans\u00e4tze, die den Anthropozentrismus in Frage stellen. Es geht um menschliche, tierische und pflanzliche Intelligenz, Empfindungsverm\u00f6gen und Handlungsf\u00e4higkeit.\r\n\r\nAls theoretische Erg\u00e4nzung zu unserer Reihe <em>Nonhuman Agents<\/em> (Juni &#8211; Dezember 2017) vereinte Art Laboratory Berlin gemeinsam mit unseren Partner:innen, dem Institut f\u00fcr Kunst und Medien, Universit\u00e4t Potsdam, internationale K\u00fcnstler:innen und Wissenschaftler:innen aus Natur- und Geisteswissenschaften verschiedener Disziplinen, um k\u00fcnstlerische, philosophische, ethische und naturwissenschaftliche Ans\u00e4tze \u00fcber nichtmenschliche Akteur:innen zu diskutieren. Bisherige Positionen aus unserer Reihe <em>Nonhuman Subjectivities<\/em> (2016-17) wurden miteinbezogen.\t<a href=\"https:\/\/artlaboratory-berlin.org\/de\/veranstaltungen\/nonhuman-agents-in-art-culture-and-theory\/\" class=\"read-more\" rel=\"bookmark\" title=\"Terra Xenobiotica or How to Belong\">Mehr lesen<\/a>\n<\/div>\n<\/section>\n\n\n<\/article>\n               \n              \n                \n                  \n<\/div>\n<\/div>\n\n\n\n\n<article class=\"row border-archive\">\n\n<section class=\"entry-content mt-2 row  post-block\">\n\t<div class=\"col-sm-6 col-12 archive-left\">\n<header class=\"entry-header article-header\">\n<a class=\"meta-info exhibition\" href=\"https:\/\/artlaboratory-berlin.org\/de\/ausstellungen\/\">\n                  Ausstellung                                <\/a>\n              <span class=\"cat\"> \n    <\/span>\n<h3 class=\"related-heading entry-title\">\n                       <a href=\"https:\/\/artlaboratory-berlin.org\/de\/ausstellungen\/nonhuman-subjectivities-the-other-selves\/\">Nonhuman Subjectivities<\/a>\n                    <\/h3> \n                    <ol class=\"post-subheadings\"><li class=\"heading-level-2\">The Other Selves. On the Phenomenon of the Microbiome<\/li><li class=\"heading-level-3\">Fran\u00e7ois-Joseph Lapointe | Sa\u0161a Spa\u010dal with Mirjan \u0160vagelj &amp; Anil Podgornik |&nbsp;Tarsh Bates |&nbsp;Joana Ricou<\/li><\/ol>\t                <span class=\"info-line-preview\">27. Februar &#8211; 30. April 2016<\/span>\n<\/div>\n   \t<div class=\"col-lg-6 col-12 empty-right\">\n\t<\/div>\n\t<div class=\"col-lg-6 col-12 archive-left\">               \n                  <a class=\"h-100 img-box\" href=\"https:\/\/artlaboratory-berlin.org\/de\/ausstellungen\/nonhuman-subjectivities-the-other-selves\/\">\n                  <img loading=\"lazy\" decoding=\"async\" width=\"551\" height=\"358\" src=\"https:\/\/artlaboratory-berlin.org\/wp-content\/uploads\/2021\/05\/SL_20160419_Art_Lab_0087-551x358.jpg\" class=\"img-fluid wp-post-image\" alt=\"\" \/>                    <img decoding=\"async\" src=\"https:\/\/artlaboratory-berlin.org\/wp-content\/uploads\/2021\/05\/SL_DSC_0053-551x358.jpg\" alt=\"\" class=\"img-fluid second-thumb\">\n                <\/a>\n<\/header>\n<\/div>\n\n<div class=\"col-lg-6 col-12\">\nArt Laboratory Berlin freut sich, die neue Reihe Nonhuman Subjectivities vorstellen zu d\u00fcrfen. Ausgehend von gegenw\u00e4rtigen philosophischen Theorien zur Objekthaftigkeit und einer Kritik am Anthropozentrismus richtet sich unsere Aufmerksamkeit auf nichtmenschliche Akteure. Die Ausstellung, die erste dieser Reihe, zeigt verschiedene k\u00fcnstlerische Positionen zum komplexen mikrobiellen Milieu am und im menschlichen K\u00f6rper. Wissenschaftler:innen behaupten, dass es genauso viele Bakterien wie menschliche Zellen in unserem K\u00f6rper gibt. Das Ph\u00e4nomen des Mikrobioms wirft also eine Menge grundlegender Fragen \u00fcber die menschliche Identit\u00e4t und unsere Beziehung zu unseren multiplen Entit\u00e4ten auf.\t<a href=\"https:\/\/artlaboratory-berlin.org\/de\/ausstellungen\/nonhuman-subjectivities-the-other-selves\/\" class=\"read-more\" rel=\"bookmark\" title=\"Terra Xenobiotica or How to Belong\">Mehr lesen<\/a>\n<\/div>\n<\/section>\n\n\n<\/article>\n               \n              \n                \n                  \n\n\n\n<hr class=\"wp-block-separator has-css-opacity alignfull is-style-wide\"\/>\n","protected":false},"excerpt":{"rendered":"<p>In den Monaten Oktober und November 2022 betreibt die Bio-Medienk\u00fcnstlerin Sa\u0161a Spa\u010dal k\u00fcnstlerische Forschung f\u00fcr ihr neues Projekt &#8222;Terra Xenobiotica or How to Belong&#8220; im Labor der Rillig-Gruppe | \u00d6kologie der Pflanzen, Institut f\u00fcr Biologie, FU Berlin und bei Art Laboratory Berlin. In ihrem Projekt erkundet Spa\u010dal k\u00fcnstlerisch die \u00d6kologie des Bodens.<\/p>\n","protected":false},"featured_media":9266,"template":"","meta":{"_acf_changed":false,"_links_to":"","_links_to_target":""},"class_list":["post-9296","research","type-research","status-publish","has-post-thumbnail","hentry"],"acf":[],"yoast_head":"<!-- This site is optimized with the Yoast SEO plugin v26.2 - https:\/\/yoast.com\/wordpress\/plugins\/seo\/ -->\n<title>Terra Xenobiotica or How to Belong - Art Laboratory Berlin<\/title>\n<meta name=\"robots\" content=\"index, follow, max-snippet:-1, max-image-preview:large, max-video-preview:-1\" \/>\n<link rel=\"canonical\" href=\"https:\/\/artlaboratory-berlin.org\/de\/forschung\/terra-xenobiotica-or-how-to-belong\/\" \/>\n<meta property=\"og:locale\" content=\"de_DE\" \/>\n<meta property=\"og:type\" content=\"article\" \/>\n<meta property=\"og:title\" content=\"Terra Xenobiotica or How to Belong - Art Laboratory Berlin\" \/>\n<meta property=\"og:description\" content=\"In den Monaten Oktober und November 2022 betreibt die Bio-Medienk\u00fcnstlerin Sa\u0161a Spa\u010dal k\u00fcnstlerische Forschung f\u00fcr ihr neues Projekt &quot;Terra Xenobiotica or How to Belong&quot; im Labor der Rillig-Gruppe | \u00d6kologie der Pflanzen, Institut f\u00fcr Biologie, FU Berlin und bei Art Laboratory Berlin. In ihrem Projekt erkundet Spa\u010dal k\u00fcnstlerisch die \u00d6kologie des Bodens.\" \/>\n<meta property=\"og:url\" content=\"https:\/\/artlaboratory-berlin.org\/de\/forschung\/terra-xenobiotica-or-how-to-belong\/\" \/>\n<meta property=\"og:site_name\" content=\"Art Laboratory Berlin\" \/>\n<meta property=\"article:publisher\" content=\"https:\/\/www.facebook.com\/ArtLaboratoryBerlin\/\" \/>\n<meta property=\"article:modified_time\" content=\"2023-11-15T20:12:26+00:00\" \/>\n<meta property=\"og:image\" content=\"https:\/\/artlaboratory-berlin.org\/wp-content\/uploads\/2022\/10\/Terra-Xenobiotica-Residency-Sas\u030ca-Spac\u030cal1.jpg\" \/>\n\t<meta property=\"og:image:width\" content=\"2000\" \/>\n\t<meta property=\"og:image:height\" content=\"1333\" \/>\n\t<meta property=\"og:image:type\" content=\"image\/jpeg\" \/>\n<meta name=\"twitter:card\" content=\"summary_large_image\" \/>\n<meta name=\"twitter:site\" content=\"@artlaboratoryb\" \/>\n<meta name=\"twitter:label1\" content=\"Gesch\u00e4tzte Lesezeit\" \/>\n\t<meta name=\"twitter:data1\" content=\"4\u00a0Minuten\" \/>\n<!-- \/ Yoast SEO plugin. -->","yoast_head_json":{"title":"Terra Xenobiotica or How to Belong - Art Laboratory Berlin","robots":{"index":"index","follow":"follow","max-snippet":"max-snippet:-1","max-image-preview":"max-image-preview:large","max-video-preview":"max-video-preview:-1"},"canonical":"https:\/\/artlaboratory-berlin.org\/de\/forschung\/terra-xenobiotica-or-how-to-belong\/","og_locale":"de_DE","og_type":"article","og_title":"Terra Xenobiotica or How to Belong - Art Laboratory Berlin","og_description":"In den Monaten Oktober und November 2022 betreibt die Bio-Medienk\u00fcnstlerin Sa\u0161a Spa\u010dal k\u00fcnstlerische Forschung f\u00fcr ihr neues Projekt \"Terra Xenobiotica or How to Belong\" im Labor der Rillig-Gruppe | \u00d6kologie der Pflanzen, Institut f\u00fcr Biologie, FU Berlin und bei Art Laboratory Berlin. In ihrem Projekt erkundet Spa\u010dal k\u00fcnstlerisch die \u00d6kologie des Bodens.","og_url":"https:\/\/artlaboratory-berlin.org\/de\/forschung\/terra-xenobiotica-or-how-to-belong\/","og_site_name":"Art Laboratory Berlin","article_publisher":"https:\/\/www.facebook.com\/ArtLaboratoryBerlin\/","article_modified_time":"2023-11-15T20:12:26+00:00","og_image":[{"width":2000,"height":1333,"url":"https:\/\/artlaboratory-berlin.org\/wp-content\/uploads\/2022\/10\/Terra-Xenobiotica-Residency-Sas\u030ca-Spac\u030cal1.jpg","type":"image\/jpeg"}],"twitter_card":"summary_large_image","twitter_site":"@artlaboratoryb","twitter_misc":{"Gesch\u00e4tzte Lesezeit":"4\u00a0Minuten"},"schema":{"@context":"https:\/\/schema.org","@graph":[{"@type":"WebPage","@id":"https:\/\/artlaboratory-berlin.org\/de\/forschung\/terra-xenobiotica-or-how-to-belong\/","url":"https:\/\/artlaboratory-berlin.org\/de\/forschung\/terra-xenobiotica-or-how-to-belong\/","name":"Terra Xenobiotica or How to Belong - Art Laboratory Berlin","isPartOf":{"@id":"https:\/\/artlaboratory-berlin.org\/#website"},"primaryImageOfPage":{"@id":"https:\/\/artlaboratory-berlin.org\/de\/forschung\/terra-xenobiotica-or-how-to-belong\/#primaryimage"},"image":{"@id":"https:\/\/artlaboratory-berlin.org\/de\/forschung\/terra-xenobiotica-or-how-to-belong\/#primaryimage"},"thumbnailUrl":"https:\/\/artlaboratory-berlin.org\/wp-content\/uploads\/2022\/10\/Terra-Xenobiotica-Residency-Sas\u030ca-Spac\u030cal1.jpg","datePublished":"2022-10-19T09:44:49+00:00","dateModified":"2023-11-15T20:12:26+00:00","breadcrumb":{"@id":"https:\/\/artlaboratory-berlin.org\/de\/forschung\/terra-xenobiotica-or-how-to-belong\/#breadcrumb"},"inLanguage":"de","potentialAction":[{"@type":"ReadAction","target":["https:\/\/artlaboratory-berlin.org\/de\/forschung\/terra-xenobiotica-or-how-to-belong\/"]}]},{"@type":"ImageObject","inLanguage":"de","@id":"https:\/\/artlaboratory-berlin.org\/de\/forschung\/terra-xenobiotica-or-how-to-belong\/#primaryimage","url":"https:\/\/artlaboratory-berlin.org\/wp-content\/uploads\/2022\/10\/Terra-Xenobiotica-Residency-Sas\u030ca-Spac\u030cal1.jpg","contentUrl":"https:\/\/artlaboratory-berlin.org\/wp-content\/uploads\/2022\/10\/Terra-Xenobiotica-Residency-Sas\u030ca-Spac\u030cal1.jpg","width":2000,"height":1333},{"@type":"BreadcrumbList","@id":"https:\/\/artlaboratory-berlin.org\/de\/forschung\/terra-xenobiotica-or-how-to-belong\/#breadcrumb","itemListElement":[{"@type":"ListItem","position":1,"name":"Home","item":"https:\/\/artlaboratory-berlin.org\/de\/"},{"@type":"ListItem","position":2,"name":"Research","item":"https:\/\/artlaboratory-berlin.org\/research\/"},{"@type":"ListItem","position":3,"name":"Terra Xenobiotica or How to Belong"}]},{"@type":"WebSite","@id":"https:\/\/artlaboratory-berlin.org\/#website","url":"https:\/\/artlaboratory-berlin.org\/","name":"Art Laboratory Berlin","description":"","publisher":{"@id":"https:\/\/artlaboratory-berlin.org\/#organization"},"potentialAction":[{"@type":"SearchAction","target":{"@type":"EntryPoint","urlTemplate":"https:\/\/artlaboratory-berlin.org\/?s={search_term_string}"},"query-input":{"@type":"PropertyValueSpecification","valueRequired":true,"valueName":"search_term_string"}}],"inLanguage":"de"},{"@type":"Organization","@id":"https:\/\/artlaboratory-berlin.org\/#organization","name":"Art Laboratory Berlin","url":"https:\/\/artlaboratory-berlin.org\/","logo":{"@type":"ImageObject","inLanguage":"de","@id":"https:\/\/artlaboratory-berlin.org\/#\/schema\/logo\/image\/","url":"https:\/\/artlaboratory-berlin.org\/wp-content\/uploads\/2021\/05\/logo-alb.png","contentUrl":"https:\/\/artlaboratory-berlin.org\/wp-content\/uploads\/2021\/05\/logo-alb.png","width":800,"height":515,"caption":"Art Laboratory Berlin"},"image":{"@id":"https:\/\/artlaboratory-berlin.org\/#\/schema\/logo\/image\/"},"sameAs":["https:\/\/www.facebook.com\/ArtLaboratoryBerlin\/","https:\/\/x.com\/artlaboratoryb","https:\/\/www.instagram.com\/artlaboratoryberlin","https:\/\/www.youtube.com\/c\/ArtLaboratoryBerlin\/videos"]}]}},"_links":{"self":[{"href":"https:\/\/artlaboratory-berlin.org\/de\/wp-json\/wp\/v2\/research\/9296","targetHints":{"allow":["GET"]}}],"collection":[{"href":"https:\/\/artlaboratory-berlin.org\/de\/wp-json\/wp\/v2\/research"}],"about":[{"href":"https:\/\/artlaboratory-berlin.org\/de\/wp-json\/wp\/v2\/types\/research"}],"version-history":[{"count":41,"href":"https:\/\/artlaboratory-berlin.org\/de\/wp-json\/wp\/v2\/research\/9296\/revisions"}],"predecessor-version":[{"id":15160,"href":"https:\/\/artlaboratory-berlin.org\/de\/wp-json\/wp\/v2\/research\/9296\/revisions\/15160"}],"wp:featuredmedia":[{"embeddable":true,"href":"https:\/\/artlaboratory-berlin.org\/de\/wp-json\/wp\/v2\/media\/9266"}],"wp:attachment":[{"href":"https:\/\/artlaboratory-berlin.org\/de\/wp-json\/wp\/v2\/media?parent=9296"}],"curies":[{"name":"wp","href":"https:\/\/api.w.org\/{rel}","templated":true}]}}