{"id":3782,"date":"2021-05-09T20:11:18","date_gmt":"2021-05-09T20:11:18","guid":{"rendered":"https:\/\/artlaboratory-berlin.org\/wp\/?post_type=exhibition&#038;p=3782"},"modified":"2022-01-15T14:48:27","modified_gmt":"2022-01-15T14:48:27","slug":"time-technology-4-embodiment-of-time","status":"publish","type":"exhibition","link":"https:\/\/artlaboratory-berlin.org\/de\/ausstellungen\/time-technology-4-embodiment-of-time\/","title":{"rendered":"Time &#038; Technology\/ 4"},"content":{"rendered":"\n<h2 class=\"subheading wp-block-heading\">Embodiment of Time<\/h2>\n\n\n\n<h3 class=\"names wp-block-heading\">Yasuhiro Sakamoto mit I\u00f1igo Giner Miranda | Dave Hebb<\/h3>\n\n\n\t\t<div class=\"media-box\">\n\t\t\t\t\t\t    <div id=\"head-slider\" class=\"head-slider\">\n\t\t\t            \t\t\t\t\t\t<div class=\"slide\">\n\t\t\t\t\t\t<div class=\"img-box\" style=\"background-image: url(https:\/\/artlaboratory-berlin.org\/wp-content\/uploads\/2022\/01\/Sakamoto-header-1.jpg\" alt=\");\" >\n\t\t\t\t\t\t<\/div>\n\t\t\t\t\t\t<p class=\"wp-caption caption\">Yasuhiro Sakamoto &#038; I\u00f1igo Giner Miranda: <i> Visible Canon. String Quartet without Strings for Four Loudspeakers and an Art Machine<\/i>, 2012<\/p>\n\t\t\t             <\/div>\t\t\t\t\t\t\t\n\t\t\t            \t\t\t\t\t\t<div class=\"slide\">\n\t\t\t\t\t\t<div class=\"img-box\" style=\"background-image: url(https:\/\/artlaboratory-berlin.org\/wp-content\/uploads\/2022\/01\/Hebb-header-1.jpg\" alt=\");\" >\n\t\t\t\t\t\t<\/div>\n\t\t\t\t\t\t<p class=\"wp-caption caption\">Dave Hebb:<i> Monitor<\/i>, 2012<\/p>\n\t\t\t             <\/div>\t\t\t\t\t\t\t\n\t\t\t            \t\t\t    <\/div>\n\t\t<\/div>\n\t\t\t\t\n\n\n<div class=\"wp-block-columns main-post-content is-layout-flex wp-container-core-columns-is-layout-9d6595d7 wp-block-columns-is-layout-flex\">\n<div class=\"wp-block-column content-column is-layout-flow wp-block-column-is-layout-flow\">\n<p><em>Art Laboratory Berlin freut sich, die Ausstellung <\/em>Embodiment of Time<em> als vierten und letzten Teil der Serie <\/em>Time &amp; Technology <em>zu pr\u00e4sentieren<\/em><\/p>\n\n\n\n<p>Der japanische K\u00fcnstler und Wissenschaftler Yasuhiro Sakamoto und der spanische Komponist I\u00f1igo Giner Miranda haben die Installation <em>Sichtbarer Kanon. Streichquartett ohne Streicher f\u00fcr vier Lautsprecher und eine Kunstmaschine<\/em>, im vorderen Raum zu sehen, f\u00fcr diese Ausstellung entwickelt.<\/p>\n\n\n<div class=\"slider-box\">\n\t\t\t\t\t\t    <div class=\"content-slider\">\n\t\t\t            \t\t\t                <div class=\"slide\">\n\t\t\t                \t<div class=\"img-box\">\n\t\t\t                    <img decoding=\"async\" src=\"https:\/\/artlaboratory-berlin.org\/wp-content\/uploads\/2022\/01\/Sakamoto-1.jpg\" alt=\"\" \/>\n\t\t\t                    <\/div>\n\t\t\t\t\t\t\t\t<div class=\"below-image-slide\">\n\t\t\t\t\t\t\t\t<p class=\"wp-caption caption\">Yasuhiro Sakamoto &#038; I\u00f1igo Giner Miranda: <i> Visible Canon. String Quartet without Strings for Four Loudspeakers and an Art Machine<\/i>, 2012<\/p>\n\t\t\t\t\t\t\t\t<\/div>\n\t\t\t                <\/div>\t\t\t\t\t\t\n\t\t\t            \t\t\t                <div class=\"slide\">\n\t\t\t                \t<div class=\"img-box\">\n\t\t\t                    <img decoding=\"async\" src=\"https:\/\/artlaboratory-berlin.org\/wp-content\/uploads\/2022\/01\/Sakamoto-2.jpg\" alt=\"\" \/>\n\t\t\t                    <\/div>\n\t\t\t\t\t\t\t\t<div class=\"below-image-slide\">\n\t\t\t\t\t\t\t\t<p class=\"wp-caption caption\">Yasuhiro Sakamoto &#038; I\u00f1igo Giner Miranda: <i> Visible Canon. String Quartet without Strings for Four Loudspeakers and an Art Machine<\/i>, 2012<\/p>\n\t\t\t\t\t\t\t\t<\/div>\n\t\t\t                <\/div>\t\t\t\t\t\t\n\t\t\t            \t\t\t                <div class=\"slide\">\n\t\t\t                \t<div class=\"img-box\">\n\t\t\t                    <img decoding=\"async\" src=\"https:\/\/artlaboratory-berlin.org\/wp-content\/uploads\/2022\/01\/Sakamoto-3.jpg\" alt=\"\" \/>\n\t\t\t                    <\/div>\n\t\t\t\t\t\t\t\t<div class=\"below-image-slide\">\n\t\t\t\t\t\t\t\t<p class=\"wp-caption caption\">Yasuhiro Sakamoto &#038; I\u00f1igo Giner Miranda: <i> Visible Canon. String Quartet without Strings for Four Loudspeakers and an Art Machine<\/i>, 2012<\/p>\n\t\t\t\t\t\t\t\t<\/div>\n\t\t\t                <\/div>\t\t\t\t\t\t\n\t\t\t            \t\t\t                <div class=\"slide\">\n\t\t\t                \t<div class=\"img-box\">\n\t\t\t                    <img decoding=\"async\" src=\"https:\/\/artlaboratory-berlin.org\/wp-content\/uploads\/2022\/01\/Sakamoto-4.jpg\" alt=\"\" \/>\n\t\t\t                    <\/div>\n\t\t\t\t\t\t\t\t<div class=\"below-image-slide\">\n\t\t\t\t\t\t\t\t<p class=\"wp-caption caption\">Yasuhiro Sakamoto &#038; I\u00f1igo Giner Miranda: <i> Visible Canon. String Quartet without Strings for Four Loudspeakers and an Art Machine<\/i>, 2012<\/p>\n\t\t\t\t\t\t\t\t<\/div>\n\t\t\t                <\/div>\t\t\t\t\t\t\n\t\t\t            \t\t\t                <div class=\"slide\">\n\t\t\t                \t<div class=\"img-box\">\n\t\t\t                    <img decoding=\"async\" src=\"https:\/\/artlaboratory-berlin.org\/wp-content\/uploads\/2022\/01\/Sakamoto-5.jpg\" alt=\"\" \/>\n\t\t\t                    <\/div>\n\t\t\t\t\t\t\t\t<div class=\"below-image-slide\">\n\t\t\t\t\t\t\t\t<p class=\"wp-caption caption\">Yasuhiro Sakamoto &#038; I\u00f1igo Giner Miranda: <i> Visible Canon. String Quartet without Strings for Four Loudspeakers and an Art Machine<\/i>, 2012<\/p>\n\t\t\t\t\t\t\t\t<\/div>\n\t\t\t                <\/div>\t\t\t\t\t\t\n\t\t\t            \t\t\t                <div class=\"slide\">\n\t\t\t                \t<div class=\"img-box\">\n\t\t\t                    <img decoding=\"async\" src=\"https:\/\/artlaboratory-berlin.org\/wp-content\/uploads\/2022\/01\/Sakamoto-6.jpg\" alt=\"\" \/>\n\t\t\t                    <\/div>\n\t\t\t\t\t\t\t\t<div class=\"below-image-slide\">\n\t\t\t\t\t\t\t\t<p class=\"wp-caption caption\">Yasuhiro Sakamoto &#038; I\u00f1igo Giner Miranda: <i> Visible Canon. String Quartet without Strings for Four Loudspeakers and an Art Machine<\/i>, 2012<\/p>\n\t\t\t\t\t\t\t\t<\/div>\n\t\t\t                <\/div>\t\t\t\t\t\t\n\t\t\t            \t\t\t                <div class=\"slide\">\n\t\t\t                \t<div class=\"img-box\">\n\t\t\t                    <img decoding=\"async\" src=\"https:\/\/artlaboratory-berlin.org\/wp-content\/uploads\/2022\/01\/Sakamoto-7.jpg\" alt=\"\" \/>\n\t\t\t                    <\/div>\n\t\t\t\t\t\t\t\t<div class=\"below-image-slide\">\n\t\t\t\t\t\t\t\t<p class=\"wp-caption caption\">Yasuhiro Sakamoto &#038; I\u00f1igo Giner Miranda: <i> Visible Canon. String Quartet without Strings for Four Loudspeakers and an Art Machine<\/i>, 2012<\/p>\n\t\t\t\t\t\t\t\t<\/div>\n\t\t\t                <\/div>\t\t\t\t\t\t\n\t\t\t            \t\t\t    <\/div>\n\t\t\t\t\t\t<\/div>\n\t\n\t\t\n\n\n<p>Die Klangskulptur \u00fcbertr\u00e4gt am Beispiel zeitgen\u00f6ssischer und klassischer Musik komplexe Zeitstrukturen in ein akustisch visuelles Modell. Der Begriff <em>Musik <\/em>wird hier im weitesten Sinne als eine Organisation der Zeit verstanden, die nicht nur durch rein klangliche Materialien erfolgen kann, sondern Bewegungsmuster (fallende Murmeln, drehende R\u00e4der) und optische Patterns (z. B. Video) schafft. Dieses Projekt leistet am Beispiel einer philosophischen Reflexion des Kanons einen wesentlichen Beitrag f\u00fcr das Verst\u00e4ndnis unseres heutigen, komplexer gewordenen Umgangs mit Zeit \u2013angefangen von verdichteten und \u00fcberlagerten temporalen Schichtungen bis hin zu Ph\u00e4nomen der Gleichzeitigkeit verschiedener T\u00e4tigkeiten.<\/p>\n\n\n\n<p>Ausgehend von der <em>Pythagora-Maschine<\/em>, die Sakamoto und Kollegen in Japan bereits 2004\u20132006 realisierten, wurde nun auf der Grundlage von drei klassischen und modernen Musikst\u00fccken die Klangskulptur entwickelt. Das erste St\u00fcck ist ein Fragment aus Pachelbels <em>Kanon und Gigue in D-Dur<\/em> aus der 2. H\u00e4lfte des 17. Jahrhunderts, gespielt vom amerikanischen Violinisten Matt Peebles. Das zweite St\u00fcck ist eine Umkehrung von Pachelbels Kanon, die \u00fcberraschend harmonisch klingt, aber der entgegen gesetzten Logik folgt; ihre musikalische Syntax ist ver\u00e4ndert worden. Das dritte St\u00fcck ist eine Komposition von I\u00f1igo Giner Miranda, bei dem er sich analoger Ger\u00e4usche der <em>Kunstmaschine <\/em>bediente. Es l\u00e4sst sich als \u201eGer\u00e4usch-Kanon\u201c in drei Teilen verstehen, die dieselbe Stimme zu verschiedenen Intervallen spielen.<\/p>\n\n\n\n<p>Der Arbeit liegt ein Computerprogramm zugrunde, das von Sakamoto selbst entwickelt wurde und auf die komplexe Form des Systems der Murmelbahn einwirkt. Die <em>Kunstmaschine<\/em> kann als ein skulpturaler Algorithmus verstanden werden. \u201cUnser Projekt zielt auf die Thematik der audio-visuellen Perzeption und versucht, eine kross-modale <em>Gesamtgestalt<\/em> zu darzustellen, die den Laut (= Ton) mit dem Sichtbaren (= Bewegung) beim Wahrnehmungsprozess verbindet.\u201c (Y. Sakamoto &amp; I. Miranda, Juli 2012).<\/p>\n\n\n\n<p><br><\/p>\n\n\n\n<p>Der US-amerikanische K\u00fcnstler Dave Hebb besch\u00e4ftigt sich mit Artefakten der industriellen Zivilisation in Form von Fotografien, Videos und Installation \u00fcber unsere Zivilisation. Er beobachtet und dokumentiert den Gegensatz vom nat\u00fcrlichen organischen Prozess des Werdens und Vergehens und den klar geometrischen Formen unserer technologischen Infrastruktur. Seine k\u00fcnstlerischen Projekte legt er oftmals \u00fcber lange Zeitr\u00e4ume und \u00fcber verschiedene Jahreszeiten hinweg an.<\/p>\n\n\n<div class=\"slider-box\">\n\t\t\t\t\t\t    <div class=\"content-slider\">\n\t\t\t            \t\t\t                <div class=\"slide\">\n\t\t\t                \t<div class=\"img-box\">\n\t\t\t                    <img decoding=\"async\" src=\"https:\/\/artlaboratory-berlin.org\/wp-content\/uploads\/2022\/01\/Hebb-1.jpg\" alt=\"\" \/>\n\t\t\t                    <\/div>\n\t\t\t\t\t\t\t\t<div class=\"below-image-slide\">\n\t\t\t\t\t\t\t\t<p class=\"wp-caption caption\">Dave Hebb:<i> Monitor<\/i>, 2012<\/p>\n\t\t\t\t\t\t\t\t<\/div>\n\t\t\t                <\/div>\t\t\t\t\t\t\n\t\t\t            \t\t\t                <div class=\"slide\">\n\t\t\t                \t<div class=\"img-box\">\n\t\t\t                    <img decoding=\"async\" src=\"https:\/\/artlaboratory-berlin.org\/wp-content\/uploads\/2022\/01\/Hebb-2.jpg\" alt=\"\" \/>\n\t\t\t                    <\/div>\n\t\t\t\t\t\t\t\t<div class=\"below-image-slide\">\n\t\t\t\t\t\t\t\t<p class=\"wp-caption caption\">Dave Hebb:<i> Monitor<\/i>, 2012<\/p>\n\t\t\t\t\t\t\t\t<\/div>\n\t\t\t                <\/div>\t\t\t\t\t\t\n\t\t\t            \t\t\t                <div class=\"slide\">\n\t\t\t                \t<div class=\"img-box\">\n\t\t\t                    <img decoding=\"async\" src=\"https:\/\/artlaboratory-berlin.org\/wp-content\/uploads\/2022\/01\/Hebb-3.jpg\" alt=\"\" \/>\n\t\t\t                    <\/div>\n\t\t\t\t\t\t\t\t<div class=\"below-image-slide\">\n\t\t\t\t\t\t\t\t<p class=\"wp-caption caption\">Dave Hebb:<i> Monitor<\/i>, 2012<\/p>\n\t\t\t\t\t\t\t\t<\/div>\n\t\t\t                <\/div>\t\t\t\t\t\t\n\t\t\t            \t\t\t                <div class=\"slide\">\n\t\t\t                \t<div class=\"img-box\">\n\t\t\t                    <img decoding=\"async\" src=\"https:\/\/artlaboratory-berlin.org\/wp-content\/uploads\/2022\/01\/Hebb-4.jpg\" alt=\"\" \/>\n\t\t\t                    <\/div>\n\t\t\t\t\t\t\t\t<div class=\"below-image-slide\">\n\t\t\t\t\t\t\t\t<p class=\"wp-caption caption\">Dave Hebb:<i> Monitor<\/i>, 2012<\/p>\n\t\t\t\t\t\t\t\t<\/div>\n\t\t\t                <\/div>\t\t\t\t\t\t\n\t\t\t            \t\t\t                <div class=\"slide\">\n\t\t\t                \t<div class=\"img-box\">\n\t\t\t                    <img decoding=\"async\" src=\"https:\/\/artlaboratory-berlin.org\/wp-content\/uploads\/2022\/01\/Hebb-5.jpg\" alt=\"\" \/>\n\t\t\t                    <\/div>\n\t\t\t\t\t\t\t\t<div class=\"below-image-slide\">\n\t\t\t\t\t\t\t\t<p class=\"wp-caption caption\">Dave Hebb:<i> Monitor<\/i>, 2012<\/p>\n\t\t\t\t\t\t\t\t<\/div>\n\t\t\t                <\/div>\t\t\t\t\t\t\n\t\t\t            \t\t\t                <div class=\"slide\">\n\t\t\t                \t<div class=\"img-box\">\n\t\t\t                    <img decoding=\"async\" src=\"https:\/\/artlaboratory-berlin.org\/wp-content\/uploads\/2022\/01\/Hebb-6.jpg\" alt=\"\" \/>\n\t\t\t                    <\/div>\n\t\t\t\t\t\t\t\t<div class=\"below-image-slide\">\n\t\t\t\t\t\t\t\t<p class=\"wp-caption caption\">Dave Hebb:<i> Monitor<\/i>, 2012<\/p>\n\t\t\t\t\t\t\t\t<\/div>\n\t\t\t                <\/div>\t\t\t\t\t\t\n\t\t\t            \t\t\t    <\/div>\n\t\t\t\t\t\t<\/div>\n\t\n\t\t\n\n\n<p>Seine Videoarbeit <em>Monitor<\/em>, im hinteren Raum zu sehen, ist eine Video- und Fotodokumentation einer r\u00e4umlichen Intervention, die sich \u00fcber ein Jahr erstreckt. Hebb stellte daf\u00fcr einen Computermonitor in die freie Natur und nahm \u00fcber das gesamte Jahr hinweg mehrmals w\u00f6chentlich die Ver\u00e4nderungen der Umgebung mit der Fotokamera auf. Seine Arbeit wird auf alten Rechnern abgespielt und auf alten Monitoren gezeigt und ist von sich aus instabil, ein bekanntes Problem der alternden Technologie. Selbstreferentiell ist die Arbeit insofern, als der Monitor ein Teil des Displays ist und ebenso Subjekt der Arbeit selbst ist; letzteres ist besonders im medienarch\u00e4ologischen Sinne zu verstehen.<\/p>\n\n\n\n<p>\u201eThemen der Permanenz, Entropie, Obsoleszenz sowie Impulse des Kontrollierens und Desinfizierens stehen der regenerativen Kraft und der zyklischen Struktur der Natur gegen\u00fcber. Die Verwendung symmetrischer Kompositionen, Kreisformen und rhythmischer Muster verweist auf die sakrale Kunst alter Kulturen.\u201c (Dave Hebb, Juli 2012). Die Arbeit regt an, die eigene komplexe Beziehung zu Natur und Technik zu befragen und dar\u00fcber zu reflektieren, wie Technologie unsere Erfahrung mit Zeit ver\u00e4ndert.<\/p>\n\n\n\n<p><a href=\"https:\/\/artlaboratory-berlin.org\/assets\/pdf\/ALB%20Time&amp;Technology%20_%20dtsch.pdf\" target=\"_blank\" rel=\"noreferrer noopener\">Zeit &amp; Technologie \u2013 einige theoretische \u00dcberlegungen (.pdf)<\/a><\/p>\n\n\n\n<p><\/p>\n\n\n\n<h3 class=\"wp-block-heading\"> Presse Feedback<br><\/h3>\n\n\n\n<p> <a href=\"https:\/\/www.portalkunstgeschichte.de\/meldung\/Embodiment-of-Time-Art-Laboratory-Berlin-bis-14-Oktober-2012-5387.html\" target=\"_blank\" rel=\"noreferrer noopener\">Portal Kunstgechichte, Felix J\u00e4ger: <em>Embodiment of Time<\/em><\/a> <\/p>\n<\/div>\n\n\n\n<div class=\"wp-block-column info-sidebar is-layout-flow wp-block-column-is-layout-flow\">\n<!-- Simple Share Buttons Adder (8.5.3) simplesharebuttons.com --><div class=\"ssba-modern-2 ssba ssbp-wrap alignleft ssbp--theme-2\"><div style=\"text-align:left\"><span class=\"ssba-share-text\">Share<\/span><br\/><ul class=\"ssbp-list\"><li class='ssbp-li--facebook'><a data-site=\"facebook\" class=\"ssba_facebook_share ssba_share_link ssbp-facebook ssbp-btn\" href=\"https:\/\/www.facebook.com\/sharer.php?t=Time &#038; Technology\/ 4&u=https:\/\/artlaboratory-berlin.org\/de\/wp-json\/wp\/v2\/exhibition\/3782\"  target=_blank  style=\"color:#4267B2; background-color: #4267B2; height: 24px; width: 24px; background: #000000;\" ><span><svg xmlns=\"http:\/\/www.w3.org\/2000\/svg\" fill=\"#fff\" preserveAspectRatio=\"xMidYMid meet\" height=\"1em\" width=\"1em\" viewBox=\"0 0 40 40\">\n  <g>\n    <path d=\"m21.7 16.7h5v5h-5v11.6h-5v-11.6h-5v-5h5v-2.1c0-2 0.6-4.5 1.8-5.9 1.3-1.3 2.8-2 4.7-2h3.5v5h-3.5c-0.9 0-1.5 0.6-1.5 1.5v3.5z\"><\/path>\n  <\/g>\n<\/svg>\n\n<\/span><span class=\"color-icon\"><svg xmlns=\"http:\/\/www.w3.org\/2000\/svg\" width=\"16\" height=\"28\" viewBox=\"0 0 16 28\">\n  <path fill=\"#3B5998\" d=\"M10.7,10.7 L15.7,10.7 L15.7,15.7 L10.7,15.7 L10.7,27.3 L5.7,27.3 L5.7,15.7 L0.7,15.7 L0.7,10.7 L5.7,10.7 L5.7,8.6 C5.7,6.6 6.3,4.1 7.5,2.7 C8.8,1.4 10.3,0.7 12.2,0.7 L15.7,0.7 L15.7,5.7 L12.2,5.7 C11.3,5.7 10.7,6.3 10.7,7.2 L10.7,10.7 Z\"\/>\n<\/svg>\n<\/span><div title=\"Facebook\" class=\"ssbp-text\">Facebook<\/div><\/a><\/li><li class='ssbp-li--email'><a data-site=\"email\" class=\"ssba_email_share ssba_share_link ssbp-email ssbp-btn\" href=\"mailto:?subject=Time &#038; Technology\/ 4&body=https:\/\/artlaboratory-berlin.org\/de\/wp-json\/wp\/v2\/exhibition\/3782\"  target=_blank  style=\"color:#7d7d7d; background-color: #7d7d7d; height: 24px; width: 24px; background: #000000;\" ><span><svg xmlns=\"http:\/\/www.w3.org\/2000\/svg\" fill=\"#fff\" preserveAspectRatio=\"xMidYMid meet\" height=\"1em\" width=\"1em\" viewBox=\"0 0 40 40\">\n  <g>\n    <path d=\"m33.4 13.4v-3.4l-13.4 8.4-13.4-8.4v3.4l13.4 8.2z m0-6.8q1.3 0 2.3 1.1t0.9 2.3v20q0 1.3-0.9 2.3t-2.3 1.1h-26.8q-1.3 0-2.3-1.1t-0.9-2.3v-20q0-1.3 0.9-2.3t2.3-1.1h26.8z\"><\/path>\n  <\/g>\n<\/svg>\n\n<\/span><span class=\"color-icon\"><svg xmlns=\"http:\/\/www.w3.org\/2000\/svg\" width=\"34\" height=\"28\" viewBox=\"0 0 34 28\">\n  <path fill=\"#7D7D7D\" d=\"M30.4,7.4 L30.4,4 L17,12.4 L3.6,4 L3.6,7.4 L17,15.6 L30.4,7.4 Z M30.4,0.6 C31.2666667,0.6 32.0333333,0.966666667 32.7,1.7 C33.3666667,2.43333333 33.6666667,3.2 33.6,4 L33.6,24 C33.6,24.8666667 33.3,25.6333333 32.7,26.3 C32.1,26.9666667 31.3333333,27.3333333 30.4,27.4 L3.6,27.4 C2.73333333,27.4 1.96666667,27.0333333 1.3,26.3 C0.633333333,25.5666667 0.333333333,24.8 0.4,24 L0.4,4 C0.4,3.13333333 0.7,2.36666667 1.3,1.7 C1.9,1.03333333 2.66666667,0.666666667 3.6,0.6 L30.4,0.6 Z\"\/>\n<\/svg>\n<\/span><div title=\"Email\" class=\"ssbp-text\">Email<\/div><\/a><\/li><\/ul><\/div><\/div>\n\n\n\n<h4 class=\"wp-block-heading\">Ort<\/h4>\n\n\n\n<p>Art Laboratory Berlin<br>Prinzenallee 34, 13359 Berlin<\/p>\n\n\n\n<h4 class=\"wp-block-heading\">Datum und \u00d6ffnungszeiten <\/h4>\n\n\n\n<p>Vernissage 31. August 2012<br>1. September \u2013 14. Oktober 2012<\/p>\n\n\n\n<h4 class=\"wp-block-heading\">Kuratiert von<\/h4>\n\n\n\n<p>Regine Rapp &amp; Christian de Lutz<\/p>\n\n\n\n<h4 class=\"wp-block-heading\">Team<\/h4>\n\n\n\n<p>Regine Rapp, Christian de Lutz, Olga Shmakova, Kerstin Karge<\/p>\n\n\n\n<h4 class=\"wp-block-heading\">Fotodokumentation<\/h4>\n\n\n\n<p>Art Laboratory Berlin <\/p>\n\n\n\n<h4 class=\"wp-block-heading\">Kooperationspartner<\/h4>\n\n\n\n<p>Humboldt-Universit\u00e4t zu Berlin<\/p>\n\n\n\n<h4 class=\"wp-block-heading\">Medienpartner<\/h4>\n\n\n\n<figure class=\"wp-block-image size-full\"><img loading=\"lazy\" decoding=\"async\" width=\"180\" height=\"57\" src=\"https:\/\/artlaboratory-berlin.org\/wp-content\/uploads\/2021\/03\/art-in-berlin-2.jpg\" alt=\"\" class=\"wp-image-472\"\/><\/figure>\n\n\n\n<h4 class=\"wp-block-heading\">Unterst\u00fctz von<\/h4>\n\n\n\n<figure class=\"wp-block-image size-full is-resized\"><img loading=\"lazy\" decoding=\"async\" src=\"https:\/\/artlaboratory-berlin.org\/wp-content\/uploads\/2022\/01\/berlinlogo.gif\" alt=\"\" class=\"wp-image-5864\" width=\"128\" height=\"44\"\/><\/figure>\n\n\n\n<figure class=\"wp-block-image size-full is-resized\"><img loading=\"lazy\" decoding=\"async\" src=\"https:\/\/artlaboratory-berlin.org\/wp-content\/uploads\/2022\/01\/nyfa.gif\" alt=\"\" class=\"wp-image-5866\" width=\"230\" height=\"20\"\/><\/figure>\n\n\n\n<p>Unser 2012 Programm wurde zu einem Gro\u00dfteil durch eine Spende von Michael Schr\u00f6der m\u00f6glich gemacht    <\/p>\n\n\n<\/div>\n<\/div>\n\n\n\n<div class=\"wp-block-columns related bg-black is-layout-flex wp-container-core-columns-is-layout-9d6595d7 wp-block-columns-is-layout-flex\">\n<div class=\"wp-block-column container is-layout-flow wp-block-column-is-layout-flow\">\n<h2 class=\"wp-block-heading\">Related<\/h2>\n\n\n\n<div class=\"wp-block-columns is-layout-flex wp-container-core-columns-is-layout-9d6595d7 wp-block-columns-is-layout-flex\">\n<div class=\"wp-block-column is-layout-flow wp-block-column-is-layout-flow\">            <div class=\"post-block\">\n                <a href=\"https:\/\/artlaboratory-berlin.org\/de\/ausstellungen\/time-technology-1-controlling_connectivity\/\" rel=\"bookmark\" class=\"img-box h-100\" title=\"Time &#038; Technology\/ 4\">\n                <img loading=\"lazy\" decoding=\"async\" width=\"551\" height=\"358\" src=\"https:\/\/artlaboratory-berlin.org\/wp-content\/uploads\/2021\/05\/TandT1Controlling-551x358.jpg\" class=\"img-fluid wp-post-image\" alt=\"\" \/>  <img decoding=\"async\" src=\"https:\/\/artlaboratory-berlin.org\/wp-content\/uploads\/2022\/01\/Louw-screenshot-2-551x358.jpg\" alt=\"\" class=\"img-fluid second-thumb\">\n<\/a>\t\t\n<header class=\"entry-header article-header\">\n              <a class=\"meta-info exhibition\" href=\"https:\/\/artlaboratory-berlin.org\/de\/ausstellungen\/\">\n                                Ausstellung                                <\/a><span class=\"cat\"> \n    <\/span>\n\n                   <h3 class=\"h2 entry-title mt-2\">\n                       <a href=\"https:\/\/artlaboratory-berlin.org\/de\/ausstellungen\/time-technology-1-controlling_connectivity\/\">Time &amp; Technology\/ 1<\/a>\n                    <\/h3> \n                    <ol class=\"post-subheadings\"><li class=\"heading-level-2\">Controlling_Connectivity<\/li><li class=\"heading-level-3\">Gretta Louw<\/li><\/ol>\t                <span class=\"info-line-preview\">26. November 2011 &#8211; 15. Januar 2012<\/span>\n                  <\/header>  \n                    <p>Das Ausstellungsprojekt Controlling_Connectivity der australischen K\u00fcnstlerin Gretta Louw ist eine Reflexion \u00fcber die Nutzung neuester digitaler Kommunikationsformen. Ihre Online-Performance (2.-12. November 2011) stellt die Grundlage f\u00fcr die Ausstellung dar, in der sie Filmmaterial, Fotografien sowie eine Installation gezeigt hat<\/p>\n                    <a href=\"https:\/\/artlaboratory-berlin.org\/de\/ausstellungen\/time-technology-1-controlling_connectivity\/\" class=\"read-more\" rel=\"bookmark\" title=\"Time &#038; Technology\/ 4\">\n                    Mehr lesen<\/a>\n<\/div><\/div>\n\n\n\n<div class=\"wp-block-column is-layout-flow wp-block-column-is-layout-flow\">            <div class=\"post-block\">\n                <a href=\"https:\/\/artlaboratory-berlin.org\/de\/ausstellungen\/time-technology-2-navigating-the-everyday\/\" rel=\"bookmark\" class=\"img-box h-100\" title=\"Time &#038; Technology\/ 4\">\n                <img loading=\"lazy\" decoding=\"async\" width=\"551\" height=\"358\" src=\"https:\/\/artlaboratory-berlin.org\/wp-content\/uploads\/2021\/05\/TandT2Navigating-551x358.jpg\" class=\"img-fluid wp-post-image\" alt=\"\" \/>  <img decoding=\"async\" src=\"https:\/\/artlaboratory-berlin.org\/wp-content\/uploads\/2022\/01\/planb-002-551x358.jpg\" alt=\"\" class=\"img-fluid second-thumb\">\n<\/a>\t\t\n<header class=\"entry-header article-header\">\n              <a class=\"meta-info exhibition\" href=\"https:\/\/artlaboratory-berlin.org\/de\/ausstellungen\/\">\n                                Ausstellung                                <\/a><span class=\"cat\"> \n    <\/span>\n\n                   <h3 class=\"h2 entry-title mt-2\">\n                       <a href=\"https:\/\/artlaboratory-berlin.org\/de\/ausstellungen\/time-technology-2-navigating-the-everyday\/\">Time &amp; Technology\/ 2<\/a>\n                    <\/h3> \n                    <ol class=\"post-subheadings\"><li class=\"heading-level-2\">Navigating the Everyday<\/li><li class=\"heading-level-3\">plan b (Sophia New &amp; Daniel Belasco Rogers)<\/li><\/ol>\t                <span class=\"info-line-preview\">28. Januar &#8211; 11. M\u00e4rz 2012<\/span>\n                  <\/header>  \n                    <p>Navigating the Everyday pr\u00e4sentiert Arbeiten von plan b, des britischen K\u00fcnstlerpaars Daniel Belasco Rogers und Sophia New, und stellt ihre erste Einzelausstellung in Deutschland dar. Rogers und New haben seit 2003, bzw. 2007 ihre t\u00e4glichen G\u00e4nge per GPS aufgezeichnet, s\u00e4mtliche Bereiche ihrer digitalen Kommunikation  ausgewertet und k\u00fcnstlerisch verarbeitet.<\/p>\n                    <a href=\"https:\/\/artlaboratory-berlin.org\/de\/ausstellungen\/time-technology-2-navigating-the-everyday\/\" class=\"read-more\" rel=\"bookmark\" title=\"Time &#038; Technology\/ 4\">\n                    Mehr lesen<\/a>\n<\/div><\/div>\n\n\n\n<div class=\"wp-block-column is-layout-flow wp-block-column-is-layout-flow\">            <div class=\"post-block\">\n                <a href=\"https:\/\/artlaboratory-berlin.org\/de\/ausstellungen\/time-technology-3-fantastic-time-machines\/\" rel=\"bookmark\" class=\"img-box h-100\" title=\"Time &#038; Technology\/ 4\">\n                <img loading=\"lazy\" decoding=\"async\" width=\"551\" height=\"358\" src=\"https:\/\/artlaboratory-berlin.org\/wp-content\/uploads\/2021\/05\/TandT3Fantastic-551x358.jpg\" class=\"img-fluid wp-post-image\" alt=\"\" \/>  <img decoding=\"async\" src=\"https:\/\/artlaboratory-berlin.org\/wp-content\/uploads\/2022\/01\/FTM-025-551x358.jpg\" alt=\"\" class=\"img-fluid second-thumb\">\n<\/a>\t\t\n<header class=\"entry-header article-header\">\n              <a class=\"meta-info exhibition\" href=\"https:\/\/artlaboratory-berlin.org\/de\/ausstellungen\/\">\n                                Ausstellung                                <\/a><span class=\"cat\"> \n    <\/span>\n\n                   <h3 class=\"h2 entry-title mt-2\">\n                       <a href=\"https:\/\/artlaboratory-berlin.org\/de\/ausstellungen\/time-technology-3-fantastic-time-machines\/\">Time &amp; Technology\/ 3<\/a>\n                    <\/h3> \n                    <ol class=\"post-subheadings\"><li class=\"heading-level-2\">Fantastic Time Machines<\/li><li class=\"heading-level-3\">Shlomit Lehavi | Sam Belinfante &amp; Simon Lewandowski<\/li><\/ol>\t                <span class=\"info-line-preview\">24. M\u00e4rz &#8211; 29. April 2012<\/span>\n                  <\/header>  \n                    <p>Im Rahmen der aktuellen Ausstellungsserie Time &#038; Technology zeigt Art Laboratory Berlin die Ausstellung Fantastic Time Machines mit neuen Arbeiten von Shlomit Lehavi und Sam Belinfante &#038; Simon Lewandowski. Die beiden Beitr\u00e4ge setzen sich mit dem Ph\u00e4nomen des zeitlichen Verlaufs, mit dem Synchronen, dem Simultanen sowie mit dem Nacheinander auseinander.<\/p>\n                    <a href=\"https:\/\/artlaboratory-berlin.org\/de\/ausstellungen\/time-technology-3-fantastic-time-machines\/\" class=\"read-more\" rel=\"bookmark\" title=\"Time &#038; Technology\/ 4\">\n                    Mehr lesen<\/a>\n<\/div><\/div>\n<\/div>\n<\/div>\n<\/div>\n","protected":false},"excerpt":{"rendered":"<p>Im Rahmen der aktuellen Ausstellungsserie Time &#038; Technology zeigt Art Laboratory Berlin die Ausstellung Embodiment of Time mit neuen Arbeiten von Yasuhiro Sakamoto mit I\u00f1igo Giner Miranda und von Dave Hebb.<\/p>\n","protected":false},"featured_media":3683,"template":"","meta":{"_acf_changed":false,"_links_to":"","_links_to_target":""},"tags":[],"class_list":["post-3782","exhibition","type-exhibition","status-publish","has-post-thumbnail","hentry"],"acf":[],"yoast_head":"<!-- This site is optimized with the Yoast SEO plugin v26.2 - https:\/\/yoast.com\/wordpress\/plugins\/seo\/ -->\n<title>Time &amp; Technology\/ 4 - Art Laboratory Berlin<\/title>\n<meta name=\"description\" content=\"m Rahmen der aktuellen Ausstellungsserie Time &amp; Technology zeigt Art Laboratory Berlin die Ausstellung Embodiment of Time mit neuen Arbeiten von Yasuhiro Sakamoto mit I\u00f1igo Giner Miranda und von Dave Hebb.\" \/>\n<meta name=\"robots\" content=\"index, follow, max-snippet:-1, max-image-preview:large, max-video-preview:-1\" \/>\n<link rel=\"canonical\" href=\"https:\/\/artlaboratory-berlin.org\/de\/ausstellungen\/time-technology-4-embodiment-of-time\/\" \/>\n<meta property=\"og:locale\" content=\"de_DE\" \/>\n<meta property=\"og:type\" content=\"article\" \/>\n<meta property=\"og:title\" content=\"Time &amp; Technology\/ 4 - Art Laboratory Berlin\" \/>\n<meta property=\"og:description\" content=\"m Rahmen der aktuellen Ausstellungsserie Time &amp; Technology zeigt Art Laboratory Berlin die Ausstellung Embodiment of Time mit neuen Arbeiten von Yasuhiro Sakamoto mit I\u00f1igo Giner Miranda und von Dave Hebb.\" \/>\n<meta property=\"og:url\" content=\"https:\/\/artlaboratory-berlin.org\/de\/ausstellungen\/time-technology-4-embodiment-of-time\/\" \/>\n<meta property=\"og:site_name\" content=\"Art Laboratory Berlin\" \/>\n<meta property=\"article:publisher\" content=\"https:\/\/www.facebook.com\/ArtLaboratoryBerlin\/\" \/>\n<meta property=\"article:modified_time\" content=\"2022-01-15T14:48:27+00:00\" \/>\n<meta property=\"og:image\" content=\"https:\/\/artlaboratory-berlin.org\/wp-content\/uploads\/2021\/05\/TandT4Embodiment.jpg\" \/>\n\t<meta property=\"og:image:width\" content=\"593\" \/>\n\t<meta property=\"og:image:height\" content=\"442\" \/>\n\t<meta property=\"og:image:type\" content=\"image\/jpeg\" \/>\n<meta name=\"twitter:card\" content=\"summary_large_image\" \/>\n<meta name=\"twitter:site\" content=\"@artlaboratoryb\" \/>\n<meta name=\"twitter:label1\" content=\"Gesch\u00e4tzte Lesezeit\" \/>\n\t<meta name=\"twitter:data1\" content=\"4\u00a0Minuten\" \/>\n<!-- \/ Yoast SEO plugin. -->","yoast_head_json":{"title":"Time & Technology\/ 4 - Art Laboratory Berlin","description":"m Rahmen der aktuellen Ausstellungsserie Time & Technology zeigt Art Laboratory Berlin die Ausstellung Embodiment of Time mit neuen Arbeiten von Yasuhiro Sakamoto mit I\u00f1igo Giner Miranda und von Dave Hebb.","robots":{"index":"index","follow":"follow","max-snippet":"max-snippet:-1","max-image-preview":"max-image-preview:large","max-video-preview":"max-video-preview:-1"},"canonical":"https:\/\/artlaboratory-berlin.org\/de\/ausstellungen\/time-technology-4-embodiment-of-time\/","og_locale":"de_DE","og_type":"article","og_title":"Time & Technology\/ 4 - Art Laboratory Berlin","og_description":"m Rahmen der aktuellen Ausstellungsserie Time & Technology zeigt Art Laboratory Berlin die Ausstellung Embodiment of Time mit neuen Arbeiten von Yasuhiro Sakamoto mit I\u00f1igo Giner Miranda und von Dave Hebb.","og_url":"https:\/\/artlaboratory-berlin.org\/de\/ausstellungen\/time-technology-4-embodiment-of-time\/","og_site_name":"Art Laboratory Berlin","article_publisher":"https:\/\/www.facebook.com\/ArtLaboratoryBerlin\/","article_modified_time":"2022-01-15T14:48:27+00:00","og_image":[{"width":593,"height":442,"url":"https:\/\/artlaboratory-berlin.org\/wp-content\/uploads\/2021\/05\/TandT4Embodiment.jpg","type":"image\/jpeg"}],"twitter_card":"summary_large_image","twitter_site":"@artlaboratoryb","twitter_misc":{"Gesch\u00e4tzte Lesezeit":"4\u00a0Minuten"},"schema":{"@context":"https:\/\/schema.org","@graph":[{"@type":"WebPage","@id":"https:\/\/artlaboratory-berlin.org\/de\/ausstellungen\/time-technology-4-embodiment-of-time\/","url":"https:\/\/artlaboratory-berlin.org\/de\/ausstellungen\/time-technology-4-embodiment-of-time\/","name":"Time & Technology\/ 4 - Art Laboratory Berlin","isPartOf":{"@id":"https:\/\/artlaboratory-berlin.org\/#website"},"primaryImageOfPage":{"@id":"https:\/\/artlaboratory-berlin.org\/de\/ausstellungen\/time-technology-4-embodiment-of-time\/#primaryimage"},"image":{"@id":"https:\/\/artlaboratory-berlin.org\/de\/ausstellungen\/time-technology-4-embodiment-of-time\/#primaryimage"},"thumbnailUrl":"https:\/\/artlaboratory-berlin.org\/wp-content\/uploads\/2021\/05\/TandT4Embodiment.jpg","datePublished":"2021-05-09T20:11:18+00:00","dateModified":"2022-01-15T14:48:27+00:00","description":"m Rahmen der aktuellen Ausstellungsserie Time & Technology zeigt Art Laboratory Berlin die Ausstellung Embodiment of Time mit neuen Arbeiten von Yasuhiro Sakamoto mit I\u00f1igo Giner Miranda und von Dave Hebb.","breadcrumb":{"@id":"https:\/\/artlaboratory-berlin.org\/de\/ausstellungen\/time-technology-4-embodiment-of-time\/#breadcrumb"},"inLanguage":"de","potentialAction":[{"@type":"ReadAction","target":["https:\/\/artlaboratory-berlin.org\/de\/ausstellungen\/time-technology-4-embodiment-of-time\/"]}]},{"@type":"ImageObject","inLanguage":"de","@id":"https:\/\/artlaboratory-berlin.org\/de\/ausstellungen\/time-technology-4-embodiment-of-time\/#primaryimage","url":"https:\/\/artlaboratory-berlin.org\/wp-content\/uploads\/2021\/05\/TandT4Embodiment.jpg","contentUrl":"https:\/\/artlaboratory-berlin.org\/wp-content\/uploads\/2021\/05\/TandT4Embodiment.jpg","width":593,"height":442},{"@type":"BreadcrumbList","@id":"https:\/\/artlaboratory-berlin.org\/de\/ausstellungen\/time-technology-4-embodiment-of-time\/#breadcrumb","itemListElement":[{"@type":"ListItem","position":1,"name":"Home","item":"https:\/\/artlaboratory-berlin.org\/de\/home\/"},{"@type":"ListItem","position":2,"name":"Exhibitions","item":"https:\/\/artlaboratory-berlin.org\/exhibitions\/"},{"@type":"ListItem","position":3,"name":"Time &#038; Technology\/ 4"}]},{"@type":"WebSite","@id":"https:\/\/artlaboratory-berlin.org\/#website","url":"https:\/\/artlaboratory-berlin.org\/","name":"Art Laboratory Berlin","description":"","publisher":{"@id":"https:\/\/artlaboratory-berlin.org\/#organization"},"potentialAction":[{"@type":"SearchAction","target":{"@type":"EntryPoint","urlTemplate":"https:\/\/artlaboratory-berlin.org\/?s={search_term_string}"},"query-input":{"@type":"PropertyValueSpecification","valueRequired":true,"valueName":"search_term_string"}}],"inLanguage":"de"},{"@type":"Organization","@id":"https:\/\/artlaboratory-berlin.org\/#organization","name":"Art Laboratory Berlin","url":"https:\/\/artlaboratory-berlin.org\/","logo":{"@type":"ImageObject","inLanguage":"de","@id":"https:\/\/artlaboratory-berlin.org\/#\/schema\/logo\/image\/","url":"https:\/\/artlaboratory-berlin.org\/wp-content\/uploads\/2021\/05\/logo-alb.png","contentUrl":"https:\/\/artlaboratory-berlin.org\/wp-content\/uploads\/2021\/05\/logo-alb.png","width":800,"height":515,"caption":"Art Laboratory Berlin"},"image":{"@id":"https:\/\/artlaboratory-berlin.org\/#\/schema\/logo\/image\/"},"sameAs":["https:\/\/www.facebook.com\/ArtLaboratoryBerlin\/","https:\/\/x.com\/artlaboratoryb","https:\/\/www.instagram.com\/artlaboratoryberlin","https:\/\/www.youtube.com\/c\/ArtLaboratoryBerlin\/videos"]}]}},"_links":{"self":[{"href":"https:\/\/artlaboratory-berlin.org\/de\/wp-json\/wp\/v2\/exhibition\/3782","targetHints":{"allow":["GET"]}}],"collection":[{"href":"https:\/\/artlaboratory-berlin.org\/de\/wp-json\/wp\/v2\/exhibition"}],"about":[{"href":"https:\/\/artlaboratory-berlin.org\/de\/wp-json\/wp\/v2\/types\/exhibition"}],"version-history":[{"count":0,"href":"https:\/\/artlaboratory-berlin.org\/de\/wp-json\/wp\/v2\/exhibition\/3782\/revisions"}],"wp:featuredmedia":[{"embeddable":true,"href":"https:\/\/artlaboratory-berlin.org\/de\/wp-json\/wp\/v2\/media\/3683"}],"wp:attachment":[{"href":"https:\/\/artlaboratory-berlin.org\/de\/wp-json\/wp\/v2\/media?parent=3782"}],"wp:term":[{"taxonomy":"post_tag","embeddable":true,"href":"https:\/\/artlaboratory-berlin.org\/de\/wp-json\/wp\/v2\/tags?post=3782"}],"curies":[{"name":"wp","href":"https:\/\/api.w.org\/{rel}","templated":true}]}}