{"id":3371,"date":"2021-05-04T09:43:53","date_gmt":"2021-05-04T09:43:53","guid":{"rendered":"https:\/\/artlaboratory-berlin.org\/wp\/?post_type=exhibition&#038;p=3371"},"modified":"2022-11-07T09:43:37","modified_gmt":"2022-11-07T09:43:37","slug":"the-camille-diaries","status":"publish","type":"exhibition","link":"https:\/\/artlaboratory-berlin.org\/de\/ausstellungen\/the-camille-diaries\/","title":{"rendered":"The Camille Diaries"},"content":{"rendered":"\n<h2 class=\"subheading wp-block-heading\">New Artistic Positions on M\/otherhood, Life and Care<\/h2>\n\n\n\n<h3 class=\"names wp-block-heading\">Sonia Levy | Mary Maggic | Naja Ryde Ankarfeldt | Baum &amp; Leahy | \u0160pela Petri\u010d | Margherita Pevere | Ai Hasegawa | Nicole Clouston | Cecilia Jonsson | Tarah Rhoda<\/h3>\n\n\n\t\t<div class=\"media-box\">\n\t\t\t\t\t\t    <div id=\"head-slider\" class=\"head-slider\">\n\t\t\t            \t\t\t\t\t\t<div class=\"slide\">\n\t\t\t\t\t\t<div class=\"img-box\" style=\"background-image: url(https:\/\/artlaboratory-berlin.org\/wp-content\/uploads\/2021\/03\/SLIDER___Maggic-2.jpg\" alt=\");\" >\n\t\t\t\t\t\t<\/div>\n\t\t\t\t\t\t<p class=\"wp-caption caption\">Mary Maggic: <em>Milik bersama rekombinan<\/em>, Ausstellungsansicht, Art Laboratory Berlin, 2020, Foto: Tim Deussen<\/p>\n\t\t\t             <\/div>\t\t\t\t\t\t\t\n\t\t\t            \t\t\t\t\t\t<div class=\"slide\">\n\t\t\t\t\t\t<div class=\"img-box\" style=\"background-image: url(https:\/\/artlaboratory-berlin.org\/wp-content\/uploads\/2021\/03\/SL_20200831_ArtLab_Camille_Diaries__0581_D.jpg\" alt=\");\" >\n\t\t\t\t\t\t<\/div>\n\t\t\t\t\t\t<p class=\"wp-caption caption\">\u0160pela Petri\u010d: <em>Phytoteratology<\/em>, 2016, Detail der Installation, Art Laboratory Berlin, 2020, Foto: Tim Deussen <\/p>\n\t\t\t             <\/div>\t\t\t\t\t\t\t\n\t\t\t            \t\t\t\t\t\t<div class=\"slide\">\n\t\t\t\t\t\t<div class=\"img-box\" style=\"background-image: url(https:\/\/artlaboratory-berlin.org\/wp-content\/uploads\/2021\/03\/SLIDER__-Pevere-1.jpg\" alt=\");\" >\n\t\t\t\t\t\t<\/div>\n\t\t\t\t\t\t<p class=\"wp-caption caption\">Margherita Pevere: Aus der Serie <em>Wombs_W.01<\/em>, 2018 und <em>Wombs_W03<\/em>, 2019, Art Laboratory Berlin, 2020, Foto: Tim Deussen <\/p>\n\t\t\t             <\/div>\t\t\t\t\t\t\t\n\t\t\t            \t\t\t\t\t\t<div class=\"slide\">\n\t\t\t\t\t\t<div class=\"img-box\" style=\"background-image: url(https:\/\/artlaboratory-berlin.org\/wp-content\/uploads\/2021\/03\/SLIDER__-Image__Camille-Diaries-Levy.jpg\" alt=\");\" >\n\t\t\t\t\t\t<\/div>\n\t\t\t\t\t\t<p class=\"wp-caption caption\">Sonia Levy: <em>For the Love of Corals<\/em>, 2018, Videostill<\/p>\n\t\t\t             <\/div>\t\t\t\t\t\t\t\n\t\t\t            \t\t\t\t\t\t<div class=\"slide\">\n\t\t\t\t\t\t<div class=\"img-box\" style=\"background-image: url(https:\/\/artlaboratory-berlin.org\/wp-content\/uploads\/2021\/03\/SLIDER__Levy-1.jpg\" alt=\");\" >\n\t\t\t\t\t\t<\/div>\n\t\t\t\t\t\t<p class=\"wp-caption caption\">Sonia Levy: <em>For the Love of Corals<\/em>, 2018, Videoinstallation, Art Laboratory Berlin 2020, Foto: Tim Deussen<\/p>\n\t\t\t             <\/div>\t\t\t\t\t\t\t\n\t\t\t            \t\t\t\t\t\t<div class=\"slide\">\n\t\t\t\t\t\t<div class=\"img-box\" style=\"background-image: url(https:\/\/artlaboratory-berlin.org\/wp-content\/uploads\/2021\/03\/SL_1.jpg\" alt=\");\" >\n\t\t\t\t\t\t<\/div>\n\t\t\t\t\t\t<p class=\"wp-caption caption\">Ankarfeldt, Baum &#038; Leahy: <em>The Red Nature of Mammalga<\/em>, 2020, Installation, Art Laboratory Berlin, Foto: Tim Deussen<\/p>\n\t\t\t             <\/div>\t\t\t\t\t\t\t\n\t\t\t            \t\t\t    <\/div>\n\t\t<\/div>\n\t\t\t\t\n\n\n<div class=\"wp-block-columns main-post-content is-layout-flex wp-container-core-columns-is-layout-9d6595d7 wp-block-columns-is-layout-flex\">\n<div class=\"wp-block-column content-column is-layout-flow wp-block-column-is-layout-flow\">\n<p><em>Die Ausstellung und das Symposium <\/em>The Camille Diaries. New Artistic Positions on M\/otherhood, Life and Care<em> stellen aktuelle k\u00fcnstlerische Arbeiten von elf internationalen weiblichen und non-bin\u00e4ren K\u00fcnstlerinnen vor (Installationen, Video, Objekte, Performance). Die k\u00fcnstlerischen Positionen reflektieren die aktuellen Bedingungen unserer Welt (Umweltver\u00e4nderungen, Gender-Aspekte, Biopolitik usw.) und schlagen eine &#8222;\u00c4sthetik der F\u00fcrsorge&#8220; als Grundlage f\u00fcr das Zusammenleben zwischen den Arten vor. Hier wird der Planet als ein symbiotisches Netz verstanden, in dem wir alle miteinander verstrickt sind (Menschen, Pflanzen, Tiere, Umwelt) &#8211; auf molekularer, organischer, ethischer und biopolitischer Ebene. Die k\u00fcnstlerischen Positionen untersuchen Reproduktionsmechanismen, biochemische Verbindungen zwischen Menschen und nichtmenschlichen Organismen, reflektieren kritisch \u00fcber weibliche Fortpflanzungsorgane und verweisen auf alternative Biomaterialien als &#8222;Quelle des Lebens&#8220; in zuk\u00fcnftigen Zeiten der Verknappung und Krise.<\/em><br><\/p>\n\n\n\n<p><br>Der Ausstellungstitel &#8222;Camille Diaries&#8220; spielt auf die &#8222;Camille Stories&#8220; an, das letzte Kapitel von &#8222;Staying with the Trouble&#8220; (2016) der Philosophin und Biologin Donna Haraway. Darin ersetzt eine schrumpfende menschliche Bev\u00f6lkerung Geburten durch F\u00fcrsorge zwischen den Arten. Jede &#8222;Camille&#8220; k\u00fcmmert sich um das genetische Material einer gef\u00e4hrdeten Art (des Monarchfalters), indem sie Teile dieses Materials in ihrer eigenen DNA speichert.<br><br>In der Ausstellung erforschen die K\u00fcnstlerinnen den genetischen und biochemischen Austausch zwischen Mensch und nichtmenschlichen Organismen, sowohl als Teil des Anthropoz\u00e4ns als auch als Heilmittel dagegen. Hier stellt das Thema der biotechnologischen Umgestaltung des menschlichen K\u00f6rpers den Menschen an die Peripherie und lenkt unsere volle Aufmerksamkeit auf andere Lebewesen. Dies schafft &#8211; und das ist zentral f\u00fcr die geplante Veranstaltungsreihe &#8211; ein grundlegendes Verst\u00e4ndnis f\u00fcr andere Arten und Organismen aus feministischer Perspektive.<\/p>\n\n\n<div class=\"slider-box\">\n\t\t\t\t\t\t    <div class=\"content-slider\">\n\t\t\t            \t\t\t                <div class=\"slide\">\n\t\t\t                \t<div class=\"img-box\">\n\t\t\t                    <img decoding=\"async\" src=\"https:\/\/artlaboratory-berlin.org\/wp-content\/uploads\/2021\/03\/SLIDER__-Levy-2.jpg\" alt=\"\" \/>\n\t\t\t                    <\/div>\n\t\t\t\t\t\t\t\t<div class=\"below-image-slide\">\n\t\t\t\t\t\t\t\t<p class=\"wp-caption caption\">Sonia Levy: <em>For the Love of Corals<\/em>, 2018, Videoinstallation, Art Laboratory Berlin 2020, Foto: Tim Deussen<\/p>\n\t\t\t\t\t\t\t\t<\/div>\n\t\t\t                <\/div>\t\t\t\t\t\t\n\t\t\t            \t\t\t                <div class=\"slide\">\n\t\t\t                \t<div class=\"img-box\">\n\t\t\t                    <img decoding=\"async\" src=\"https:\/\/artlaboratory-berlin.org\/wp-content\/uploads\/2021\/03\/SL_20200831_ArtLab_Camille_Diaries__0852_D.jpg\" alt=\"\" \/>\n\t\t\t                    <\/div>\n\t\t\t\t\t\t\t\t<div class=\"below-image-slide\">\n\t\t\t\t\t\t\t\t<p class=\"wp-caption caption\">Sonia Levy: <em>For the Love of Corals<\/em>, 2018, Videoinstallation, Art Laboratory Berlin 2020, Foto: Tim Deussen<\/p>\n\t\t\t\t\t\t\t\t<\/div>\n\t\t\t                <\/div>\t\t\t\t\t\t\n\t\t\t            \t\t\t                <div class=\"slide\">\n\t\t\t                \t<div class=\"img-box\">\n\t\t\t                    <img decoding=\"async\" src=\"https:\/\/artlaboratory-berlin.org\/wp-content\/uploads\/2021\/03\/SL_0200831_ArtLab_Camille_Diaries__0449_D.jpg\" alt=\"\" \/>\n\t\t\t                    <\/div>\n\t\t\t\t\t\t\t\t<div class=\"below-image-slide\">\n\t\t\t\t\t\t\t\t<p class=\"wp-caption caption\">Mary Maggic: <em>Milik bersama rekombinan<\/em>, Ausstellungsansicht, Art Laboratory Berlin 2020, Foto: Tim Deussen<\/p>\n\t\t\t\t\t\t\t\t<\/div>\n\t\t\t                <\/div>\t\t\t\t\t\t\n\t\t\t            \t\t\t                <div class=\"slide\">\n\t\t\t                \t<div class=\"img-box\">\n\t\t\t                    <img decoding=\"async\" src=\"https:\/\/artlaboratory-berlin.org\/wp-content\/uploads\/2021\/03\/SLIDER__Maggic-1.jpg\" alt=\"\" \/>\n\t\t\t                    <\/div>\n\t\t\t\t\t\t\t\t<div class=\"below-image-slide\">\n\t\t\t\t\t\t\t\t<p class=\"wp-caption caption\">Mary Maggic: <em>Milik bersama rekombinan<\/em>, Ausstellungsansicht, Art Laboratory Berlin 2020, Foto: Tim Deussen<\/p>\n\t\t\t\t\t\t\t\t<\/div>\n\t\t\t                <\/div>\t\t\t\t\t\t\n\t\t\t            \t\t\t                <div class=\"slide\">\n\t\t\t                \t<div class=\"img-box\">\n\t\t\t                    <img decoding=\"async\" src=\"https:\/\/artlaboratory-berlin.org\/wp-content\/uploads\/2021\/03\/SLIDER__Mammalga-2-1-scaled.jpg\" alt=\"\" \/>\n\t\t\t                    <\/div>\n\t\t\t\t\t\t\t\t<div class=\"below-image-slide\">\n\t\t\t\t\t\t\t\t<p class=\"wp-caption caption\">Ankarfeldt, Baum &#038; Leahy: <em>The Red Nature of Mammalga<\/em>, 2020, Installation, Art Laboratory Berlin, Foto: Tim Deussen<\/p>\n\t\t\t\t\t\t\t\t<\/div>\n\t\t\t                <\/div>\t\t\t\t\t\t\n\t\t\t            \t\t\t                <div class=\"slide\">\n\t\t\t                \t<div class=\"img-box\">\n\t\t\t                    <img decoding=\"async\" src=\"https:\/\/artlaboratory-berlin.org\/wp-content\/uploads\/2021\/03\/SLIDER__Petric-2.jpg\" alt=\"\" \/>\n\t\t\t                    <\/div>\n\t\t\t\t\t\t\t\t<div class=\"below-image-slide\">\n\t\t\t\t\t\t\t\t<p class=\"wp-caption caption\">\u0160pela Petri\u010d: <em>Phytoteratology<\/em>, 2016, Installation, Art Laboratory Berlin, 2020, Foto: Tim Deussen <\/p>\n\t\t\t\t\t\t\t\t<\/div>\n\t\t\t                <\/div>\t\t\t\t\t\t\n\t\t\t            \t\t\t                <div class=\"slide\">\n\t\t\t                \t<div class=\"img-box\">\n\t\t\t                    <img decoding=\"async\" src=\"https:\/\/artlaboratory-berlin.org\/wp-content\/uploads\/2021\/03\/SL_20200831_ArtLab_Camille_Diaries__0561_D.jpg\" alt=\"\" \/>\n\t\t\t                    <\/div>\n\t\t\t\t\t\t\t\t<div class=\"below-image-slide\">\n\t\t\t\t\t\t\t\t<p class=\"wp-caption caption\">\u0160pela Petri\u010d: <em>Phytoteratology<\/em>, 2016, Installation, Art Laboratory Berlin, 2020, Foto: Tim Deussen <\/p>\n\t\t\t\t\t\t\t\t<\/div>\n\t\t\t                <\/div>\t\t\t\t\t\t\n\t\t\t            \t\t\t                <div class=\"slide\">\n\t\t\t                \t<div class=\"img-box\">\n\t\t\t                    <img decoding=\"async\" src=\"https:\/\/artlaboratory-berlin.org\/wp-content\/uploads\/2021\/03\/SL_20200831_ArtLab_Camille_Diaries__0551_D.jpg\" alt=\"\" \/>\n\t\t\t                    <\/div>\n\t\t\t\t\t\t\t\t<div class=\"below-image-slide\">\n\t\t\t\t\t\t\t\t<p class=\"wp-caption caption\">\u0160pela Petri\u010d: <em>Phytoteratology<\/em>, 2016, Installation, Art Laboratory Berlin, 2020, Foto: Tim Deussen <\/p>\n\t\t\t\t\t\t\t\t<\/div>\n\t\t\t                <\/div>\t\t\t\t\t\t\n\t\t\t            \t\t\t                <div class=\"slide\">\n\t\t\t                \t<div class=\"img-box\">\n\t\t\t                    <img decoding=\"async\" src=\"https:\/\/artlaboratory-berlin.org\/wp-content\/uploads\/2021\/03\/SLIDER__Mammalga-1-1-scaled.jpg\" alt=\"\" \/>\n\t\t\t                    <\/div>\n\t\t\t\t\t\t\t\t<div class=\"below-image-slide\">\n\t\t\t\t\t\t\t\t<p class=\"wp-caption caption\">Ankarfeldt, Baum &#038; Leahy: <em>The Red Nature of Mammalga<\/em>, 2020, Installation, Art Laboratory Berlin, Foto: Tim Deussen<\/p>\n\t\t\t\t\t\t\t\t<\/div>\n\t\t\t                <\/div>\t\t\t\t\t\t\n\t\t\t            \t\t\t    <\/div>\n\t\t\t\t\t\t<\/div>\n\t\n\t\t\n\n\n<p>Sonia Levys 2-Kanal-Videoinstallation <em>For the Love of Corals<\/em> ist eine filmische Recherche \u00fcber die allt\u00e4gliche Arbeit bei der Pflege gef\u00e4hrdeter Wesen, um sie vor ihrer bevorstehenden, vom Menschen verursachten Ausl\u00f6schung zu retten. Mary Maggic untersucht in ihrer Arbeit <em>milik bersama rekombinan<\/em> die surreale Landschaft eines st\u00e4dtischen indonesischen Flusses, der von Plastik kolonisiert ist und toxische Auswirkungen auf die Bewohner_innen der Umgebung hat. Naja Ankerfeldt und Baum &amp; Leahy lassen sich f\u00fcr ihr Projekt <em>Mammalga<\/em> von den lebensrettenden F\u00e4higkeiten von Algen inspirieren, und davon wie man sich mit Algen verbinden und als Algenfamilie Verwandtschaft schaffen kann. In der Installation <em>Phytoteratology<\/em> von \u0160pela Petri\u010d wurden Embryonen der Ackerschmalwand (Schotenkresse) in einem Bad mit Chemikalien aus dem K\u00f6rper der K\u00fcnstlerin gez\u00fcchtet, was zu einer biochemischen Chim\u00e4re mit der K\u00fcnstlerin als &#8222;Co-Mutter&#8220; f\u00fchrte.<\/p>\n\n\n<div class=\"slider-box\">\n\t\t\t\t\t\t    <div class=\"content-slider\">\n\t\t\t            \t\t\t                <div class=\"slide\">\n\t\t\t                \t<div class=\"img-box\">\n\t\t\t                    <img decoding=\"async\" src=\"https:\/\/artlaboratory-berlin.org\/wp-content\/uploads\/2021\/03\/SLIDER__-Pevere-1.jpg\" alt=\"\" \/>\n\t\t\t                    <\/div>\n\t\t\t\t\t\t\t\t<div class=\"below-image-slide\">\n\t\t\t\t\t\t\t\t<p class=\"wp-caption caption\">Margherita Pevere: Aus der Serie <em>Wombs_W.01<\/em>, 2018 und <em>Wombs_W03<\/em>, 2019, Art Laboratory Berlin, 2020, Foto: Tim Deussen <\/p>\n\t\t\t\t\t\t\t\t<\/div>\n\t\t\t                <\/div>\t\t\t\t\t\t\n\t\t\t            \t\t\t                <div class=\"slide\">\n\t\t\t                \t<div class=\"img-box\">\n\t\t\t                    <img decoding=\"async\" src=\"https:\/\/artlaboratory-berlin.org\/wp-content\/uploads\/2021\/03\/SLIDER__-Exhibition-view-Hasegawa-Pevere-1.jpg\" alt=\"\" \/>\n\t\t\t                    <\/div>\n\t\t\t\t\t\t\t\t<div class=\"below-image-slide\">\n\t\t\t\t\t\t\t\t<p class=\"wp-caption caption\">Links: Margherita Pevere: aus der Serie <em>Wombs_W.01<\/em>, 2018, Laborglasware, lebende Bakterienkolonien, mikrobieller Biofilm, Urin der K\u00fcnstlerin, Silikonschl\u00e4uche, Metallkabel; rechts: Ai Hasegawa: <em>I Wanna Deliver a Dolphin&#8230;<\/em>, 2011\u201313, Video, Ar tLaboatory Berlin, 2020, Foto: Tim Deussen<\/p>\n\t\t\t\t\t\t\t\t<\/div>\n\t\t\t                <\/div>\t\t\t\t\t\t\n\t\t\t            \t\t\t                <div class=\"slide\">\n\t\t\t                \t<div class=\"img-box\">\n\t\t\t                    <img decoding=\"async\" src=\"https:\/\/artlaboratory-berlin.org\/wp-content\/uploads\/2021\/03\/SLIDER__-Hasegawa-1.jpg\" alt=\"\" \/>\n\t\t\t                    <\/div>\n\t\t\t\t\t\t\t\t<div class=\"below-image-slide\">\n\t\t\t\t\t\t\t\t<p class=\"wp-caption caption\">Ai Hasegawa: <em>I Wanna Deliver a Dolphin&#8230;<\/em>, 2011\u201313, Video, Art Laboratory Berlin, 2020, Foto: Tim Deussen<\/p>\n\t\t\t\t\t\t\t\t<\/div>\n\t\t\t                <\/div>\t\t\t\t\t\t\n\t\t\t            \t\t\t                <div class=\"slide\">\n\t\t\t                \t<div class=\"img-box\">\n\t\t\t                    <img decoding=\"async\" src=\"https:\/\/artlaboratory-berlin.org\/wp-content\/uploads\/2021\/03\/SLIDER__-Clouston-2.jpg\" alt=\"\" \/>\n\t\t\t                    <\/div>\n\t\t\t\t\t\t\t\t<div class=\"below-image-slide\">\n\t\t\t\t\t\t\t\t<p class=\"wp-caption caption\">\r\n\r\nNicole Clouston: <em>Mud (Berlin)<\/em>, 2020, Art Laboratory Berlin, Foto: Tim Deussen <\/p>\n\t\t\t\t\t\t\t\t<\/div>\n\t\t\t                <\/div>\t\t\t\t\t\t\n\t\t\t            \t\t\t                <div class=\"slide\">\n\t\t\t                \t<div class=\"img-box\">\n\t\t\t                    <img decoding=\"async\" src=\"https:\/\/artlaboratory-berlin.org\/wp-content\/uploads\/2021\/03\/SLIDER__-Exhibition-view-Clouston-Pevere-1.jpg\" alt=\"\" \/>\n\t\t\t                    <\/div>\n\t\t\t\t\t\t\t\t<div class=\"below-image-slide\">\n\t\t\t\t\t\t\t\t<p class=\"wp-caption caption\">Links: Nicole Clouston: <em>Mud (Berlin)<\/em<, rechts: Margherita Pevere: aus der Serie <em>Wombs_W.01<\/em>, Art Laboratory Berlin, 2020, Foto: Tim Deussen<\/p>\n\t\t\t\t\t\t\t\t<\/div>\n\t\t\t                <\/div>\t\t\t\t\t\t\n\t\t\t            \t\t\t                <div class=\"slide\">\n\t\t\t                \t<div class=\"img-box\">\n\t\t\t                    <img decoding=\"async\" src=\"https:\/\/artlaboratory-berlin.org\/wp-content\/uploads\/2021\/03\/SLIDER__-Exhibition-view-Jonson-Rhoda-1.jpg\" alt=\"\" \/>\n\t\t\t                    <\/div>\n\t\t\t\t\t\t\t\t<div class=\"below-image-slide\">\n\t\t\t\t\t\t\t\t<p class=\"wp-caption caption\">Links: Cecilia Jonsson\/ Rodrigo Leite de Oliveira: <em>HAEM<\/em>, 2016, Installation; rechts: Tarah Rhoda: <em>Ourglass<\/em>, Art Laboratory Berlin, 2020, Foto: Tim Deussen<\/p>\n\t\t\t\t\t\t\t\t<\/div>\n\t\t\t                <\/div>\t\t\t\t\t\t\n\t\t\t            \t\t\t                <div class=\"slide\">\n\t\t\t                \t<div class=\"img-box\">\n\t\t\t                    <img decoding=\"async\" src=\"https:\/\/artlaboratory-berlin.org\/wp-content\/uploads\/2021\/03\/SLIDER__-Jonson-1-scaled.jpg\" alt=\"\" \/>\n\t\t\t                    <\/div>\n\t\t\t\t\t\t\t\t<div class=\"below-image-slide\">\n\t\t\t\t\t\t\t\t<p class=\"wp-caption caption\">Links: Cecilia Jonsson\/ Rodrigo Leite de Oliveira: <em>HAEM<\/em>, 2016, Installation, Ausstellungsansicht, Art Laboratory Berlin, Foto: Tim Deussen<\/p>\n\t\t\t\t\t\t\t\t<\/div>\n\t\t\t                <\/div>\t\t\t\t\t\t\n\t\t\t            \t\t\t                <div class=\"slide\">\n\t\t\t                \t<div class=\"img-box\">\n\t\t\t                    <img decoding=\"async\" src=\"https:\/\/artlaboratory-berlin.org\/wp-content\/uploads\/2021\/03\/SLIDER__-Rhoda-1-scaled.jpg\" alt=\"\" \/>\n\t\t\t                    <\/div>\n\t\t\t\t\t\t\t\t<div class=\"below-image-slide\">\n\t\t\t\t\t\t\t\t<p class=\"wp-caption caption\">Tarah Rhoda: <em>Ourglass<\/em>, Art Laboratory Berlin, 2020, Foto: Tim Deussen<\/p>\n\t\t\t\t\t\t\t\t<\/div>\n\t\t\t                <\/div>\t\t\t\t\t\t\n\t\t\t            \t\t\t                <div class=\"slide\">\n\t\t\t                \t<div class=\"img-box\">\n\t\t\t                    <img decoding=\"async\" src=\"https:\/\/artlaboratory-berlin.org\/wp-content\/uploads\/2021\/03\/SL_IMG_120810.jpg\" alt=\"\" \/>\n\t\t\t                    <\/div>\n\t\t\t\t\t\t\t\t<div class=\"below-image-slide\">\n\t\t\t\t\t\t\t\t<p class=\"wp-caption caption\">ALB-Teamkolleginnen Ayla Warncke und Natacha Lamounier bereiten Tarah Rhodas Arbeit <em>Ourglass<\/em> vor, Art Laboratory Berlin, August 2020, Foto: Art Laboratory Berlin<\/p>\n\t\t\t\t\t\t\t\t<\/div>\n\t\t\t                <\/div>\t\t\t\t\t\t\n\t\t\t            \t\t\t                <div class=\"slide\">\n\t\t\t                \t<div class=\"img-box\">\n\t\t\t                    <img decoding=\"async\" src=\"https:\/\/artlaboratory-berlin.org\/wp-content\/uploads\/2021\/03\/ISL_MG_115351.jpg\" alt=\"\" \/>\n\t\t\t                    <\/div>\n\t\t\t\t\t\t\t\t<div class=\"below-image-slide\">\n\t\t\t\t\t\t\t\t<p class=\"wp-caption caption\">ALB-Teamkolleginnen Ayla Warncke und Natacha Lamounier bereiten Tarah Rhodas Arbeit <em>Ourglass<\/em> vor, Art Laboratory Berlin, August 2020, Foto: Art Laboratory Berlin<\/p>\n\t\t\t\t\t\t\t\t<\/div>\n\t\t\t                <\/div>\t\t\t\t\t\t\n\t\t\t            \t\t\t    <\/div>\n\t\t\t\t\t\t<\/div>\n\t\n\t\t\n\n\n<p>In Margherita Peveres <em>Wombs<\/em> pr\u00e4sentiert lebende Bakterienkolonien, die in wissenschaftlichen Glaswaren einen fleisch\u00e4hnlichen Biofilm produzieren und in einer fl\u00fcssigen Umgebung wachsen, die mit den Hormonen der K\u00fcnstlerin durchtr\u00e4nkt ist; und eine Fotoreihe. Ai Hasegawa reflektiert in ihrer Arbeit <em>I Wanna Deliver a Dolphin&#8230;<\/em> \u00fcber einen arten\u00fcbergreifenden Akt der Mutterschaft. Nicole Cloustons Arbeit <em>Mud (Berlin)<\/em> stellt in zw\u00f6lf rechteckigen Acrylprismen Schlamm aus Berliner Seen und Fl\u00fcssen vor. F\u00fcr die Arbeit <em>Haem<\/em> hat Cecilia Jonsson einen Kompass aus Eisen geschaffen, das sie aus dem Blutprotein H\u00e4moglobin gespendeter menschlicher Plazenten generiert hat. Tarah Rhodas <em>Ourglass<\/em> wiederum versteht sich als Hommage an die bemerkenswerte Allianz zwischen Pflanzen und Tieren durch Photosynthese und Atmung.<br><br>Das 1-t\u00e4gige Symposium wird die ausgestellten K\u00fcnstlerinnen mit Forscher:innen aus den Geistes- und Naturwissenschaften in einen kritischen Dialog bringen. Anhand der ausgestellten Arbeiten werden wir \u00fcber Konzepte des &#8222;Collective Survival&#8220; und &#8222;Arts of Noticing&#8220; (A. Tsing), &#8222;Staying with the Trouble&#8220; (D. Haraway) und &#8222;Bodies of Water&#8220; in Verbindung zum Hydrofeminismus (A. Neimanis) diskutieren.<\/p>\n\n\n\n<p>Regine Rapp &amp; Christian de Lutz<br><\/p>\n\n\n\n<p style=\"font-size:15px\"><br><br><em><em>Das Projekt THE CAMILLE DIARIES entstand aus einer freundlichen Einladung zur Teilnahme am internationalen kuratorischen Schwarm f\u00fcr den Open Call &#8222;M\/others and Future Humans&#8220;, der von Ida Bencke (LABAE, Kopenhagen, DK) und Eben Kirksey (Princetons Institute for Advanced Study, USA) initiiert wurde.<\/em><\/em><\/p>\n\n\n\n<p style=\"font-size:14px\"><br>Das komplette Portfolio aller ausgestellten Arbeiten mit Bildern und Texten ist hier einsehbar: <a href=\"https:\/\/artlaboratory-berlin.org\/wp-content\/uploads\/2021\/04\/CAMILLE-DIARIES__2020-Exhibition-Expose\u0301__including-Keywords-Pics.pdf\">here (pdf file)<\/a><\/p>\n\n\n\n<h3 class=\"wp-block-heading\"><br><br><br>Presse Feedback<\/h3>\n\n\n\n<p><br><a rel=\"noreferrer noopener\" href=\"https:\/\/www.art-in-berlin.de\/incbmeld.php?id=5482&amp;-\" target=\"_blank\">Alle Spezies sind gleich, in Art-in-Berlin.de von Urszula Usakowska-Wolff (03.09.2020)<\/a><br><br><a rel=\"noreferrer noopener\" href=\"https:\/\/lmoussakova.wordpress.com\/2020\/09\/17\/bio-art-au-art-laboratory-de-berlin\/\" target=\"_blank\">Bio-Art au Art Laboratory de Berlin, von Irina Moussakova, in lmoussakova.wordpress.com (17.09.2020)<\/a><br><br><a rel=\"noreferrer noopener\" href=\"http:\/\/www.berlinartlink.com\/2020\/09\/24\/a-scientific-motherhood-the-camille-diaries-at-art-laboratory-berlin\/\" target=\"_blank\">A Scientific Motherhood: \u2018The Camille Diaries\u2019 at Art Laboratory Berlin, in berlinartlink.com, von Judith Vallette (24.09.2020)<\/a><br><br><a rel=\"noreferrer noopener\" href=\"https:\/\/www.clotmag.com\/news\/insight-the-camille-diaries-finding-kin-and-m-othering-life\" target=\"_blank\">Insight: \u2018THE CAMILLE DIARIES\u2019, finding kin and \u2018m\/othering\u2019 life, in CLOT von Lyndsey Walsh (26.10.2020)<\/a><br><br><a rel=\"noreferrer noopener\" href=\"https:\/\/arthist.net\/reviews\/24220\/mode=conferences\" target=\"_blank\">ArtHist.net (08.01.2021), <em>The Camille Diaries<\/em><\/a> (\u00fcber das Symposium)<\/p>\n<\/div>\n\n\n\n<div class=\"wp-block-column info-sidebar is-layout-flow wp-block-column-is-layout-flow\">\n<!-- Simple Share Buttons Adder (8.5.3) simplesharebuttons.com --><div class=\"ssba-modern-2 ssba ssbp-wrap alignleft ssbp--theme-2\"><div style=\"text-align:left\"><span class=\"ssba-share-text\">Share<\/span><br\/><ul class=\"ssbp-list\"><li class='ssbp-li--facebook'><a data-site=\"facebook\" class=\"ssba_facebook_share ssba_share_link ssbp-facebook ssbp-btn\" href=\"https:\/\/www.facebook.com\/sharer.php?t=The Camille Diaries&u=https:\/\/artlaboratory-berlin.org\/de\/wp-json\/wp\/v2\/exhibition\/3371\"  target=_blank  style=\"color:#4267B2; background-color: #4267B2; height: 24px; width: 24px; background: #000000;\" ><span><svg xmlns=\"http:\/\/www.w3.org\/2000\/svg\" fill=\"#fff\" preserveAspectRatio=\"xMidYMid meet\" height=\"1em\" width=\"1em\" viewBox=\"0 0 40 40\">\n  <g>\n    <path d=\"m21.7 16.7h5v5h-5v11.6h-5v-11.6h-5v-5h5v-2.1c0-2 0.6-4.5 1.8-5.9 1.3-1.3 2.8-2 4.7-2h3.5v5h-3.5c-0.9 0-1.5 0.6-1.5 1.5v3.5z\"><\/path>\n  <\/g>\n<\/svg>\n\n<\/span><span class=\"color-icon\"><svg xmlns=\"http:\/\/www.w3.org\/2000\/svg\" width=\"16\" height=\"28\" viewBox=\"0 0 16 28\">\n  <path fill=\"#3B5998\" d=\"M10.7,10.7 L15.7,10.7 L15.7,15.7 L10.7,15.7 L10.7,27.3 L5.7,27.3 L5.7,15.7 L0.7,15.7 L0.7,10.7 L5.7,10.7 L5.7,8.6 C5.7,6.6 6.3,4.1 7.5,2.7 C8.8,1.4 10.3,0.7 12.2,0.7 L15.7,0.7 L15.7,5.7 L12.2,5.7 C11.3,5.7 10.7,6.3 10.7,7.2 L10.7,10.7 Z\"\/>\n<\/svg>\n<\/span><div title=\"Facebook\" class=\"ssbp-text\">Facebook<\/div><\/a><\/li><li class='ssbp-li--email'><a data-site=\"email\" class=\"ssba_email_share ssba_share_link ssbp-email ssbp-btn\" href=\"mailto:?subject=The Camille Diaries&body=https:\/\/artlaboratory-berlin.org\/de\/wp-json\/wp\/v2\/exhibition\/3371\"  target=_blank  style=\"color:#7d7d7d; background-color: #7d7d7d; height: 24px; width: 24px; background: #000000;\" ><span><svg xmlns=\"http:\/\/www.w3.org\/2000\/svg\" fill=\"#fff\" preserveAspectRatio=\"xMidYMid meet\" height=\"1em\" width=\"1em\" viewBox=\"0 0 40 40\">\n  <g>\n    <path d=\"m33.4 13.4v-3.4l-13.4 8.4-13.4-8.4v3.4l13.4 8.2z m0-6.8q1.3 0 2.3 1.1t0.9 2.3v20q0 1.3-0.9 2.3t-2.3 1.1h-26.8q-1.3 0-2.3-1.1t-0.9-2.3v-20q0-1.3 0.9-2.3t2.3-1.1h26.8z\"><\/path>\n  <\/g>\n<\/svg>\n\n<\/span><span class=\"color-icon\"><svg xmlns=\"http:\/\/www.w3.org\/2000\/svg\" width=\"34\" height=\"28\" viewBox=\"0 0 34 28\">\n  <path fill=\"#7D7D7D\" d=\"M30.4,7.4 L30.4,4 L17,12.4 L3.6,4 L3.6,7.4 L17,15.6 L30.4,7.4 Z M30.4,0.6 C31.2666667,0.6 32.0333333,0.966666667 32.7,1.7 C33.3666667,2.43333333 33.6666667,3.2 33.6,4 L33.6,24 C33.6,24.8666667 33.3,25.6333333 32.7,26.3 C32.1,26.9666667 31.3333333,27.3333333 30.4,27.4 L3.6,27.4 C2.73333333,27.4 1.96666667,27.0333333 1.3,26.3 C0.633333333,25.5666667 0.333333333,24.8 0.4,24 L0.4,4 C0.4,3.13333333 0.7,2.36666667 1.3,1.7 C1.9,1.03333333 2.66666667,0.666666667 3.6,0.6 L30.4,0.6 Z\"\/>\n<\/svg>\n<\/span><div title=\"Email\" class=\"ssbp-text\">Email<\/div><\/a><\/li><\/ul><\/div><\/div>\n\n\n\n<h4 class=\"wp-block-heading\">OrtE<\/h4>\n\n\n\n<p>Art Laboratory Berlin<br>Prinzenallee 34, 13359 Berlin<br>OKK<br>Prinzenallee 29, 13359 Berlin<\/p>\n\n\n\n<h4 class=\"wp-block-heading\">Datum und \u00d6ffnungszeiten<\/h4>\n\n\n\n<p>Vernissage: 27. August 2020<br>28. August &#8211; 4. Oktober 2020<br>Do &#8211; So, 14 &#8211; 18 Uhr oder nach Vereinbarung<\/p>\n\n\n\n<h4 class=\"wp-block-heading\">Kuratiert von<\/h4>\n\n\n\n<p>Regine Rapp &amp; Christian de Lutz<\/p>\n\n\n\n<h4 class=\"wp-block-heading\">Team<\/h4>\n\n\n\n<p>Regine Rapp, Christian de Lutz, Tu\u00e7e Erel, <br>Palooka Frank, Natacha Lamounier Ribeiro, <br>Sarah Hermanutz, Ayla Warncke<\/p>\n\n\n\n<h4 class=\"wp-block-heading\">MEDIenPARTNERinnen<\/h4>\n\n\n\n<p>art-in.berlin.de<br>Aviva-Berlin<\/p>\n\n\n\n<h4 class=\"wp-block-heading\">FotoDokumentation<\/h4>\n\n\n\n<p>Tim Deussen<\/p>\n\n\n\n<h4 class=\"wp-block-heading\">Graphikdesign \/ Poster<\/h4>\n\n\n\n<p>Eva-Maria Bolz<\/p>\n\n\n\n<h4 class=\"wp-block-heading\">Kooperationspartner:innen<\/h4>\n\n\n\n<p>OKK, Berlin<br>PA58, Berlin<br>Fachgebiet f\u00fcr Angewandte und Molekulare Mikrobiologie, TU Berlin<\/p>\n\n\n\n<h4 class=\"wp-block-heading\">Unterst\u00fctzt von<\/h4>\n\n\n\n<p><\/p>\n\n\n<div class=\"wp-block-image\">\n<figure class=\"alignleft size-large is-resized\"><img loading=\"lazy\" decoding=\"async\" src=\"https:\/\/artlaboratory-berlin.org\/wp-content\/uploads\/2021\/03\/Screenshot-2021-02-09-at-22.30.08.png\" alt=\"\" class=\"wp-image-82\" width=\"77\" height=\"140\"\/><\/figure><\/div>\n\n\n<figure class=\"wp-block-image size-large is-resized\"><img loading=\"lazy\" decoding=\"async\" src=\"https:\/\/artlaboratory-berlin.org\/wp-content\/uploads\/2021\/04\/B_SEN_KuEu_Logo_DE_V_P_1C.jpg\" alt=\"\" class=\"wp-image-1102\" width=\"153\" height=\"88\" srcset=\"https:\/\/artlaboratory-berlin.org\/wp-content\/uploads\/2021\/04\/B_SEN_KuEu_Logo_DE_V_P_1C.jpg 500w, https:\/\/artlaboratory-berlin.org\/wp-content\/uploads\/2021\/04\/B_SEN_KuEu_Logo_DE_V_P_1C-300x175.jpg 300w\" sizes=\"auto, (max-width: 153px) 100vw, 153px\" \/><\/figure>\n<\/div>\n<\/div>\n\n\n\n<div class=\"wp-block-columns related bg-black is-layout-flex wp-container-core-columns-is-layout-9d6595d7 wp-block-columns-is-layout-flex\">\n<div class=\"wp-block-column container is-layout-flow wp-block-column-is-layout-flow\">\n<h2 class=\"wp-block-heading\">Im Kontext<\/h2>\n\n\n\n<div class=\"wp-block-columns is-layout-flex wp-container-core-columns-is-layout-9d6595d7 wp-block-columns-is-layout-flex\">\n<div class=\"wp-block-column is-layout-flow wp-block-column-is-layout-flow\">            <div class=\"post-block\">\n                <a href=\"https:\/\/artlaboratory-berlin.org\/de\/veranstaltungen\/the-camille-diaries-symposium\/\" rel=\"bookmark\" class=\"img-box h-100\" title=\"The Camille Diaries\">\n                <img loading=\"lazy\" decoding=\"async\" width=\"551\" height=\"358\" src=\"https:\/\/artlaboratory-berlin.org\/wp-content\/uploads\/2021\/03\/SLIDER__-Image__Camille-Diaries-Levy-551x358.jpg\" class=\"img-fluid wp-post-image\" alt=\"\" \/>  <img decoding=\"async\" src=\"https:\/\/artlaboratory-berlin.org\/wp-content\/uploads\/2021\/03\/SL_1-551x358.jpg\" alt=\"\" class=\"img-fluid second-thumb\">\n<\/a>\t\t\n<header class=\"entry-header article-header\">\n              <a class=\"meta-info event\" href=\"https:\/\/artlaboratory-berlin.org\/de\/veranstaltungen\/\">\n                                Veranstaltung                                <\/a><span class=\"cat\"> \n    Konferenz<\/span>\n\n                   <h3 class=\"h2 entry-title mt-2\">\n                       <a href=\"https:\/\/artlaboratory-berlin.org\/de\/veranstaltungen\/the-camille-diaries-symposium\/\">The Camille Diaries Symposium<\/a>\n                    <\/h3> \n                    <ol class=\"post-subheadings\"><li class=\"heading-level-3\">Current Artistic Positions on M\/otherhood, Life and Care<\/li><\/ol>\t                <span class=\"info-line-preview\">26. September 2020<\/span>\n                  <\/header>  \n                    <p>Das Symposium diskutiert aktuelle Bedingungen unserer Welt (Umweltver\u00e4nderungen, Genderaspekte, Biopolitik), eine \u201a\u00c4sthetik der F\u00fcrsorge\u2018 als Grundlage f\u00fcr das Zusammenleben zwischen den Arten. Die Konferenz bringt die ausstellenden K\u00fcnstlerinnen mit Forschenden aus den Geistes- und Naturwissenschaften zusammen.<\/p>\n                    <a href=\"https:\/\/artlaboratory-berlin.org\/de\/veranstaltungen\/the-camille-diaries-symposium\/\" class=\"read-more\" rel=\"bookmark\" title=\"The Camille Diaries\">\n                    Mehr lesen<\/a>\n<\/div><\/div>\n\n\n\n<div class=\"wp-block-column is-layout-flow wp-block-column-is-layout-flow\">            <div class=\"post-block\">\n                <a href=\"https:\/\/artlaboratory-berlin.org\/de\/veranstaltungen\/feminist-sf\/\" rel=\"bookmark\" class=\"img-box h-100\" title=\"The Camille Diaries\">\n                <img loading=\"lazy\" decoding=\"async\" width=\"551\" height=\"358\" src=\"https:\/\/artlaboratory-berlin.org\/wp-content\/uploads\/2021\/04\/SL_DSC_4341-551x358.jpg\" class=\"img-fluid wp-post-image\" alt=\"\" \/>  <img decoding=\"async\" src=\"https:\/\/artlaboratory-berlin.org\/wp-content\/uploads\/2021\/04\/SL_Bildschirmfoto-2a-551x358.jpg\" alt=\"\" class=\"img-fluid second-thumb\">\n<\/a>\t\t\n<header class=\"entry-header article-header\">\n              <a class=\"meta-info event\" href=\"https:\/\/artlaboratory-berlin.org\/de\/veranstaltungen\/\">\n                                Veranstaltung                                <\/a><span class=\"cat\"> \n    Talkshow<\/span>\n\n                   <h3 class=\"h2 entry-title mt-2\">\n                       <a href=\"https:\/\/artlaboratory-berlin.org\/de\/veranstaltungen\/feminist-sf\/\">Feminist SF<\/a>\n                    <\/h3> \n                    <ol class=\"post-subheadings\"><li class=\"heading-level-2\">Visions of M\/otherhood &amp; Reproduction<\/li><li class=\"heading-level-3\">Isabel de Sena<\/li><\/ol>\t                <span class=\"info-line-preview\">August &#8211; Oktober 2020<\/span>\n                  <\/header>  \n                    <p>Diese Veranstaltungsreihe w\u00fcrdigt die starken alternativen Vorstellungen von Mutterschaft, die wir durch die Pionierarbeit feministischer Sci-Fi-Autorinnen geerbt haben, vor allem in Bezug auf ihre Ablehnung der Konventionen \u00fcber (technologische) Reproduktion.<\/p>\n                    <a href=\"https:\/\/artlaboratory-berlin.org\/de\/veranstaltungen\/feminist-sf\/\" class=\"read-more\" rel=\"bookmark\" title=\"The Camille Diaries\">\n                    Mehr lesen<\/a>\n<\/div><\/div>\n<\/div>\n<\/div>\n<\/div>\n","protected":false},"excerpt":{"rendered":"<p>Die Ausstellung pr\u00e4sentiert neue k\u00fcnstlerische Arbeiten von elf internationalen weiblichen und nicht-bin\u00e4ren K\u00fcnstlerinnen. Sie reflektieren die aktuellen Bedingungen unserer Welt (Umweltver\u00e4nderungen, Genderaspekte, Biopolitik) und schlagen eine &#8218;\u00c4sthetik der F\u00fcrsorge&#8216; als Grundlage f\u00fcr ein Zusammenleben zwischen den Arten vor.<\/p>\n","protected":false},"featured_media":412,"template":"","meta":{"_acf_changed":false,"_links_to":"","_links_to_target":""},"tags":[226,130,113,202],"class_list":["post-3371","exhibition","type-exhibition","status-publish","has-post-thumbnail","hentry","tag-algen","tag-botanik","tag-kunst-und-wissenschaft","tag-m-others-and-future-humans"],"acf":[],"yoast_head":"<!-- This site is optimized with the Yoast SEO plugin v26.2 - https:\/\/yoast.com\/wordpress\/plugins\/seo\/ -->\n<title>The Camille Diaries - Art Laboratory Berlin<\/title>\n<meta name=\"robots\" content=\"index, follow, max-snippet:-1, max-image-preview:large, max-video-preview:-1\" \/>\n<link rel=\"canonical\" href=\"https:\/\/artlaboratory-berlin.org\/de\/ausstellungen\/the-camille-diaries\/\" \/>\n<meta property=\"og:locale\" content=\"de_DE\" \/>\n<meta property=\"og:type\" content=\"article\" \/>\n<meta property=\"og:title\" content=\"The Camille Diaries - Art Laboratory Berlin\" \/>\n<meta property=\"og:description\" content=\"Die Ausstellung pr\u00e4sentiert neue k\u00fcnstlerische Arbeiten von elf internationalen weiblichen und nicht-bin\u00e4ren K\u00fcnstlerinnen. Sie reflektieren die aktuellen Bedingungen unserer Welt (Umweltver\u00e4nderungen, Genderaspekte, Biopolitik) und schlagen eine &#039;\u00c4sthetik der F\u00fcrsorge&#039; als Grundlage f\u00fcr ein Zusammenleben zwischen den Arten vor.\" \/>\n<meta property=\"og:url\" content=\"https:\/\/artlaboratory-berlin.org\/de\/ausstellungen\/the-camille-diaries\/\" \/>\n<meta property=\"og:site_name\" content=\"Art Laboratory Berlin\" \/>\n<meta property=\"article:publisher\" content=\"https:\/\/www.facebook.com\/ArtLaboratoryBerlin\/\" \/>\n<meta property=\"article:modified_time\" content=\"2022-11-07T09:43:37+00:00\" \/>\n<meta property=\"og:image\" content=\"https:\/\/artlaboratory-berlin.org\/wp-content\/uploads\/2021\/03\/SLIDER___Maggic-2.jpg\" \/>\n\t<meta property=\"og:image:width\" content=\"2000\" \/>\n\t<meta property=\"og:image:height\" content=\"1333\" \/>\n\t<meta property=\"og:image:type\" content=\"image\/jpeg\" \/>\n<meta name=\"twitter:card\" content=\"summary_large_image\" \/>\n<meta name=\"twitter:image\" content=\"https:\/\/artlaboratory-berlin.org\/wp-content\/uploads\/2021\/03\/SL_20200831_ArtLab_Camille_Diaries__0581_D.jpg\" \/>\n<meta name=\"twitter:site\" content=\"@artlaboratoryb\" \/>\n<meta name=\"twitter:label1\" content=\"Gesch\u00e4tzte Lesezeit\" \/>\n\t<meta name=\"twitter:data1\" content=\"4\u00a0Minuten\" \/>\n<!-- \/ Yoast SEO plugin. -->","yoast_head_json":{"title":"The Camille Diaries - Art Laboratory Berlin","robots":{"index":"index","follow":"follow","max-snippet":"max-snippet:-1","max-image-preview":"max-image-preview:large","max-video-preview":"max-video-preview:-1"},"canonical":"https:\/\/artlaboratory-berlin.org\/de\/ausstellungen\/the-camille-diaries\/","og_locale":"de_DE","og_type":"article","og_title":"The Camille Diaries - Art Laboratory Berlin","og_description":"Die Ausstellung pr\u00e4sentiert neue k\u00fcnstlerische Arbeiten von elf internationalen weiblichen und nicht-bin\u00e4ren K\u00fcnstlerinnen. Sie reflektieren die aktuellen Bedingungen unserer Welt (Umweltver\u00e4nderungen, Genderaspekte, Biopolitik) und schlagen eine '\u00c4sthetik der F\u00fcrsorge' als Grundlage f\u00fcr ein Zusammenleben zwischen den Arten vor.","og_url":"https:\/\/artlaboratory-berlin.org\/de\/ausstellungen\/the-camille-diaries\/","og_site_name":"Art Laboratory Berlin","article_publisher":"https:\/\/www.facebook.com\/ArtLaboratoryBerlin\/","article_modified_time":"2022-11-07T09:43:37+00:00","og_image":[{"width":2000,"height":1333,"url":"https:\/\/artlaboratory-berlin.org\/wp-content\/uploads\/2021\/03\/SLIDER___Maggic-2.jpg","type":"image\/jpeg"}],"twitter_card":"summary_large_image","twitter_image":"https:\/\/artlaboratory-berlin.org\/wp-content\/uploads\/2021\/03\/SL_20200831_ArtLab_Camille_Diaries__0581_D.jpg","twitter_site":"@artlaboratoryb","twitter_misc":{"Gesch\u00e4tzte Lesezeit":"4\u00a0Minuten"},"schema":{"@context":"https:\/\/schema.org","@graph":[{"@type":"WebPage","@id":"https:\/\/artlaboratory-berlin.org\/de\/ausstellungen\/the-camille-diaries\/","url":"https:\/\/artlaboratory-berlin.org\/de\/ausstellungen\/the-camille-diaries\/","name":"The Camille Diaries - Art Laboratory Berlin","isPartOf":{"@id":"https:\/\/artlaboratory-berlin.org\/#website"},"primaryImageOfPage":{"@id":"https:\/\/artlaboratory-berlin.org\/de\/ausstellungen\/the-camille-diaries\/#primaryimage"},"image":{"@id":"https:\/\/artlaboratory-berlin.org\/de\/ausstellungen\/the-camille-diaries\/#primaryimage"},"thumbnailUrl":"https:\/\/artlaboratory-berlin.org\/wp-content\/uploads\/2021\/03\/SL_20200831_ArtLab_Camille_Diaries__0581_D.jpg","datePublished":"2021-05-04T09:43:53+00:00","dateModified":"2022-11-07T09:43:37+00:00","breadcrumb":{"@id":"https:\/\/artlaboratory-berlin.org\/de\/ausstellungen\/the-camille-diaries\/#breadcrumb"},"inLanguage":"de","potentialAction":[{"@type":"ReadAction","target":["https:\/\/artlaboratory-berlin.org\/de\/ausstellungen\/the-camille-diaries\/"]}]},{"@type":"ImageObject","inLanguage":"de","@id":"https:\/\/artlaboratory-berlin.org\/de\/ausstellungen\/the-camille-diaries\/#primaryimage","url":"https:\/\/artlaboratory-berlin.org\/wp-content\/uploads\/2021\/03\/SL_20200831_ArtLab_Camille_Diaries__0581_D.jpg","contentUrl":"https:\/\/artlaboratory-berlin.org\/wp-content\/uploads\/2021\/03\/SL_20200831_ArtLab_Camille_Diaries__0581_D.jpg","width":2000,"height":1333,"caption":"\u0160pela Petri\u010d: Phytoteratology, 2016, Detail der Installation, Art Laboratory Berlin, 2020, Foto: Tim Deussen"},{"@type":"BreadcrumbList","@id":"https:\/\/artlaboratory-berlin.org\/de\/ausstellungen\/the-camille-diaries\/#breadcrumb","itemListElement":[{"@type":"ListItem","position":1,"name":"Home","item":"https:\/\/artlaboratory-berlin.org\/de\/"},{"@type":"ListItem","position":2,"name":"Exhibitions","item":"https:\/\/artlaboratory-berlin.org\/exhibitions\/"},{"@type":"ListItem","position":3,"name":"The Camille Diaries"}]},{"@type":"WebSite","@id":"https:\/\/artlaboratory-berlin.org\/#website","url":"https:\/\/artlaboratory-berlin.org\/","name":"Art Laboratory Berlin","description":"","publisher":{"@id":"https:\/\/artlaboratory-berlin.org\/#organization"},"potentialAction":[{"@type":"SearchAction","target":{"@type":"EntryPoint","urlTemplate":"https:\/\/artlaboratory-berlin.org\/?s={search_term_string}"},"query-input":{"@type":"PropertyValueSpecification","valueRequired":true,"valueName":"search_term_string"}}],"inLanguage":"de"},{"@type":"Organization","@id":"https:\/\/artlaboratory-berlin.org\/#organization","name":"Art Laboratory Berlin","url":"https:\/\/artlaboratory-berlin.org\/","logo":{"@type":"ImageObject","inLanguage":"de","@id":"https:\/\/artlaboratory-berlin.org\/#\/schema\/logo\/image\/","url":"https:\/\/artlaboratory-berlin.org\/wp-content\/uploads\/2021\/05\/logo-alb.png","contentUrl":"https:\/\/artlaboratory-berlin.org\/wp-content\/uploads\/2021\/05\/logo-alb.png","width":800,"height":515,"caption":"Art Laboratory Berlin"},"image":{"@id":"https:\/\/artlaboratory-berlin.org\/#\/schema\/logo\/image\/"},"sameAs":["https:\/\/www.facebook.com\/ArtLaboratoryBerlin\/","https:\/\/x.com\/artlaboratoryb","https:\/\/www.instagram.com\/artlaboratoryberlin","https:\/\/www.youtube.com\/c\/ArtLaboratoryBerlin\/videos"]}]}},"_links":{"self":[{"href":"https:\/\/artlaboratory-berlin.org\/de\/wp-json\/wp\/v2\/exhibition\/3371","targetHints":{"allow":["GET"]}}],"collection":[{"href":"https:\/\/artlaboratory-berlin.org\/de\/wp-json\/wp\/v2\/exhibition"}],"about":[{"href":"https:\/\/artlaboratory-berlin.org\/de\/wp-json\/wp\/v2\/types\/exhibition"}],"version-history":[{"count":5,"href":"https:\/\/artlaboratory-berlin.org\/de\/wp-json\/wp\/v2\/exhibition\/3371\/revisions"}],"predecessor-version":[{"id":9530,"href":"https:\/\/artlaboratory-berlin.org\/de\/wp-json\/wp\/v2\/exhibition\/3371\/revisions\/9530"}],"wp:featuredmedia":[{"embeddable":true,"href":"https:\/\/artlaboratory-berlin.org\/de\/wp-json\/wp\/v2\/media\/412"}],"wp:attachment":[{"href":"https:\/\/artlaboratory-berlin.org\/de\/wp-json\/wp\/v2\/media?parent=3371"}],"wp:term":[{"taxonomy":"post_tag","embeddable":true,"href":"https:\/\/artlaboratory-berlin.org\/de\/wp-json\/wp\/v2\/tags?post=3371"}],"curies":[{"name":"wp","href":"https:\/\/api.w.org\/{rel}","templated":true}]}}