{"id":20304,"date":"2025-10-19T14:15:20","date_gmt":"2025-10-19T14:15:20","guid":{"rendered":"https:\/\/artlaboratory-berlin.org\/?post_type=exhibition&#038;p=20304"},"modified":"2025-11-04T12:23:32","modified_gmt":"2025-11-04T12:23:32","slug":"planting-futures","status":"publish","type":"exhibition","link":"https:\/\/artlaboratory-berlin.org\/de\/ausstellungen\/planting-futures\/","title":{"rendered":"Planting Futures, Sharing the Harvest"},"content":{"rendered":"\n<h2 class=\"wp-block-heading subheading\">Eine Ausstellung des Weltacker Jugendrates bei Art Laboratory Berlin<\/h2>\n\n\n\n<h3 class=\"wp-block-heading names\"><\/h3>\n\n\n\t\t<div class=\"media-box\">\n\t\t\t\t\t\t    <div id=\"head-slider\" class=\"head-slider\">\n\t\t\t            \t\t\t\t\t\t<div class=\"slide\">\n\t\t\t\t\t\t<div class=\"img-box\" style=\"background-image: url(https:\/\/artlaboratory-berlin.org\/wp-content\/uploads\/2025\/10\/Weltacker-Jungendrat_02-LOW-RES.jpeg\" alt=\");\" >\n\t\t\t\t\t\t<\/div>\n\t\t\t\t\t\t<p class=\"wp-caption caption\"><\/p>\n\t\t\t             <\/div>\t\t\t\t\t\t\t\n\t\t\t            \t\t\t\t\t\t<div class=\"slide\">\n\t\t\t\t\t\t<div class=\"img-box\" style=\"background-image: url(https:\/\/artlaboratory-berlin.org\/wp-content\/uploads\/2025\/10\/Weltacker-Jugendrat-05.jpg\" alt=\");\" >\n\t\t\t\t\t\t<\/div>\n\t\t\t\t\t\t<p class=\"wp-caption caption\"><\/p>\n\t\t\t             <\/div>\t\t\t\t\t\t\t\n\t\t\t            \t\t\t\t\t\t<div class=\"slide\">\n\t\t\t\t\t\t<div class=\"img-box\" style=\"background-image: url(https:\/\/artlaboratory-berlin.org\/wp-content\/uploads\/2025\/10\/Weltacker-Jungendrat-03_LOW-RES.jpeg\" alt=\");\" >\n\t\t\t\t\t\t<\/div>\n\t\t\t\t\t\t<p class=\"wp-caption caption\"><\/p>\n\t\t\t             <\/div>\t\t\t\t\t\t\t\n\t\t\t            \t\t\t\t\t\t<div class=\"slide\">\n\t\t\t\t\t\t<div class=\"img-box\" style=\"background-image: url(https:\/\/artlaboratory-berlin.org\/wp-content\/uploads\/2025\/10\/Weltacker-Jungendrat-04.jpg\" alt=\");\" >\n\t\t\t\t\t\t<\/div>\n\t\t\t\t\t\t<p class=\"wp-caption caption\"><\/p>\n\t\t\t             <\/div>\t\t\t\t\t\t\t\n\t\t\t            \t\t\t\t\t\t<div class=\"slide\">\n\t\t\t\t\t\t<div class=\"img-box\" style=\"background-image: url(https:\/\/artlaboratory-berlin.org\/wp-content\/uploads\/2025\/10\/Weltacker-Jugendrat-06.jpg\" alt=\");\" >\n\t\t\t\t\t\t<\/div>\n\t\t\t\t\t\t<p class=\"wp-caption caption\"><\/p>\n\t\t\t             <\/div>\t\t\t\t\t\t\t\n\t\t\t            \t\t\t    <\/div>\n\t\t<\/div>\n\t\t\t\t\n\n\n<div class=\"wp-block-columns main-post-content is-layout-flex wp-container-core-columns-is-layout-9d6595d7 wp-block-columns-is-layout-flex\">\n<div class=\"wp-block-column content-column is-layout-flow wp-block-column-is-layout-flow\">\n<p>Ern\u00e4hrung ist politisch. Was wir essen und anbauen, wer daf\u00fcr arbeitet und wer pro\ufb01tiert \u2013 all das zeigt, wie eng unsere Ern\u00e4hrung mit Fragen von Gerechtigkeit, Klima und Gemeinschaft verwoben ist. Mit <em>Planting Futures, Sharing the Harvest<\/em> zeigen wir, der <a href=\"https:\/\/www.weltacker-berlin.de\/ueber-uns\/jugendrat\/\" target=\"_blank\" rel=\"noreferrer noopener\">Weltacker Jugendrat<\/a>, junge Perspektiven auf Ern\u00e4hrungsgerechtigkeit \u2013 und wie gemeinsames Handeln neue Formen des Teilens schaffen kann. Vom 5. bis 9. November stellen wir k\u00fcnstlerische Arbeiten zu nachhaltiger Ern\u00e4hrung und globalen Ern\u00e4hrungssystemen aus. Von Cyanotypien und Drucken, \u00fcber eine interaktive Tischdecke bis hin zum gemeinsamen Kochen dreht sich alles um die Fragen: Wie k\u00f6nnen wir eine sozial gerechte, inklusive und nachhaltige Ern\u00e4hrungswende erreichen? Wie s\u00e4he eine Welt aus, in der Nahrung und Saatgut gerecht verteilt sind und nicht Besitz, sondern Gemeinschaft z\u00e4hlt? Wie ern\u00e4hren wir uns in Zukunft \u2013 und was sind Deine Forderungen f\u00fcr ein anderes, umweltvertr\u00e4glicheres Ern\u00e4hrungssystem?<\/p>\n\n\n\n<p>Der <a href=\"https:\/\/www.weltacker-berlin.de\/der-weltacker\/\" target=\"_blank\" rel=\"noreferrer noopener\">Weltacker Berlin e.V.<\/a> baut in Pankow auf 2000 m\u00b2 Acker\ufb02\u00e4che die Kulturen an, die weltweit auf den Feldern wachsen \u2013 im gleichen Verh\u00e4ltnis wie im globalen Durchschnitt. So wird sichtbar, wie ungleich Ressourcen verteilt sind. Aus dieser Idee heraus ist 2022 der Jugendrat entstanden: eine Gruppe junger Menschen, die einen kritischen Blick auf die aktuelle Lebensmittelwertsch\u00f6pfung wirft und mittels Kunst- und Kochaktionen Menschen in den Austausch bringt. In dieser Ausstellung k\u00f6nnt Ihr uns und unsere Arbeit kennenlernen.<\/p>\n\n\n\n<p><em>Planting Futures, Sharing the Harvest<\/em> untersucht, wie Kunst, Kochen und kollektives Handeln zu N\u00e4hrboden f\u00fcr Ver\u00e4nderung werden k\u00f6nnen. Wir wollen Kunst genie\u00dfbar machen, zum Nachdenken anregen und Bewusstsein schaffen. Begleitet wird die Ausstellung von einem Rahmenprogramm mit Gespr\u00e4chen, gemeinsamem Kochen und kostenlosen Workshops, die gegen\u00fcber von Art Laboratory Berlin bei PA58 stattfinden. Kommt gern vorbei!<br><\/p>\n\n\n\n<figure class=\"wp-block-image size-large\"><img loading=\"lazy\" decoding=\"async\" width=\"1024\" height=\"570\" src=\"https:\/\/artlaboratory-berlin.org\/wp-content\/uploads\/2025\/10\/Weltacker-Jugendrat_01_LOW-RES-1024x570.jpeg\" alt=\"\" class=\"wp-image-20285\" srcset=\"https:\/\/artlaboratory-berlin.org\/wp-content\/uploads\/2025\/10\/Weltacker-Jugendrat_01_LOW-RES-1024x570.jpeg 1024w, https:\/\/artlaboratory-berlin.org\/wp-content\/uploads\/2025\/10\/Weltacker-Jugendrat_01_LOW-RES-300x167.jpeg 300w, https:\/\/artlaboratory-berlin.org\/wp-content\/uploads\/2025\/10\/Weltacker-Jugendrat_01_LOW-RES-768x427.jpeg 768w, https:\/\/artlaboratory-berlin.org\/wp-content\/uploads\/2025\/10\/Weltacker-Jugendrat_01_LOW-RES-1536x855.jpeg 1536w, https:\/\/artlaboratory-berlin.org\/wp-content\/uploads\/2025\/10\/Weltacker-Jugendrat_01_LOW-RES-580x323.jpeg 580w, https:\/\/artlaboratory-berlin.org\/wp-content\/uploads\/2025\/10\/Weltacker-Jugendrat_01_LOW-RES.jpeg 2000w\" sizes=\"auto, (max-width: 1024px) 100vw, 1024px\" \/><\/figure>\n\n\n\n<h3 class=\"wp-block-heading\">Workshops<\/h3>\n\n\n\n<p><br><em>Ort: Prinzenallee 58 (gegen\u00fcber vom ALB)<\/em><br><em>Freier Eintritt und f\u00fcr alle Altersgruppen<\/em><\/p>\n\n\n\n<p><br>Freitag, 7. November 2025, 17 \u2013 19 Uhr<br><strong>Koloniale Kartoffelgeschichte(n)<\/strong><br>Workshop mit Daniela Zambrano Almid\u00f3n (@ PA58)<br>In Kooperation mit BUNDjugend<br>In englischer Sprache<br>Bitte anmelden: jugendrat@weltacker-berlin.de<\/p>\n\n\n\n<p><em>Koloniale Kartoffelgeschichte(n)<\/em> ist ein interdisziplin\u00e4res Kunstwerk von Daniela Zambrano Almid\u00f3n, das Essen, eine Lecture-Performance und Bilder miteinander verbindet, um die tiefgreifenden Ver\u00e4nderungen in der Nahrungsmittelproduktion und im Konsum zu erforschen, die mit der \u201eEntdeckung Amerikas\u201c einhergingen. Im Zentrum steht ein Gericht und ein historisches Zeugnis, die gemeinsam die Schnittstellen zwischen Geschichte, Kultur und Nahrung untersuchen. <br>Die Kartoffel, heute allgegenw\u00e4rtig in Europa, war urspr\u00fcnglich in den Anden beheimatet und gelangte \u00fcber koloniale Handelsrouten nach Europa. Heute reist sie in die entgegengesetzte Richtung und wird zu einem Symbol eines (post)kolonialen und extraktivistischen Lebensmittelsystems. Durch die Geschichte der Kartoffel beleuchtet das Kunstwerk die komplexe Beziehung zwischen Kolonialisierung und Nahrung und l\u00e4dt uns ein, unsere eigenen Konsumgewohnheiten zu hinterfragen: Wissen wir wirklich, woher die Kartoffeln kommen, die wir essen? Dieses Kunstwerk zollt dem nationalen Agrarstreik in Peru im Jahr 2018 Tribut und hebt die Widerstandskraft und die Forderungen der Landwirt*innen gegen\u00fcber einem ausbeuterischen System hervor.<br><br><br>Sonntag, 9. November 2025, 12 \u2013 14 Uhr<br><strong>Wo Freiheit w\u00e4chst<\/strong><br>Workshop mit Celine Hoffmann (@ PA58)<br>Drucktechniken zwischen Poesie, Utopie und Politik<br>In deutscher und englischer Sprache<br>Keine Anmeldung erforderlich<\/p>\n\n\n\n<p>Wie sieht eine Welt aus, in der Freiheit und Gerechtigkeit wachsen k\u00f6nnen, auf unseren \u00c4ckern, in unserer Ern\u00e4hrung, in uns selbst? In diesem zweist\u00fcndigen Workshop mit Celine Hoffmann verbinden sich k\u00fcnstlerische Drucktechniken mit Fragen nach Nahrung, Verantwortung und Zukunft. Entstehen d\u00fcrfen poetisch-politische Drucke, kleine Real-Utopien aus Farbe, Papier und Fantasie.<br><br><br>Sonntag, 9. November 2025, 14 \u2013 16 Uhr<br><strong>Mosaik der Pflanzenwelten<\/strong><br>Workshop mit Khaoula Zakaria (@ PA58)<br>In deutscher und englischer Sprache<br>Keine Anmeldung erforderlich<br><br>Entdecke die Kunst der Mosaike! In diesem Workshop gestalten wir gemeinsam farbenfrohe Mosaike, inspiriert von Pflanzen und der Vielfalt unserer Ern\u00e4hrung. W\u00e4hrend wir kleine Steine und St\u00fccke zusammenf\u00fcgen, denken und sprechen wir \u00fcber das, was uns n\u00e4hrt \u2013 \u00fcber Pflanzen, Erde, F\u00fcrsorge und Gemeinschaft. Am Ende des Workshops nehmt ihr euer eigenes Mosaikst\u00fcck mit nach Hause. Vorkenntnisse sind nicht n\u00f6tig \u2013 alle sind willkommen!<\/p>\n\n\n<div class=\"slider-box\">\n\t\t\t\t\t\t    <div class=\"content-slider\">\n\t\t\t            \t\t\t                <div class=\"slide\">\n\t\t\t                \t<div class=\"img-box\">\n\t\t\t                    <img decoding=\"async\" src=\"https:\/\/artlaboratory-berlin.org\/wp-content\/uploads\/2025\/10\/BiennaleFR3-StadtLAndFluss_Photo_Doradzillo\u00a9BiennalefurFreiburg3_0648_low-res-scaled.jpeg\" alt=\"\" \/>\n\t\t\t                    <\/div>\n\t\t\t\t\t\t\t\t<div class=\"below-image-slide\">\n\t\t\t\t\t\t\t\t<p class=\"wp-caption caption\">Biennale fu\u0308r Freiburg, Foto: Doradzillo<\/p>\n\t\t\t\t\t\t\t\t<\/div>\n\t\t\t                <\/div>\t\t\t\t\t\t\n\t\t\t            \t\t\t                <div class=\"slide\">\n\t\t\t                \t<div class=\"img-box\">\n\t\t\t                    <img decoding=\"async\" src=\"https:\/\/artlaboratory-berlin.org\/wp-content\/uploads\/2025\/10\/BiennaleFR3-StadtLandFluss_Photo_Doradzillo\u00a9BiennalefurFreiburg3_1119web_low-res.jpeg\" alt=\"\" \/>\n\t\t\t                    <\/div>\n\t\t\t\t\t\t\t\t<div class=\"below-image-slide\">\n\t\t\t\t\t\t\t\t<p class=\"wp-caption caption\">Biennale fu\u0308r Freiburg, Foto: Doradzillo<\/p>\n\t\t\t\t\t\t\t\t<\/div>\n\t\t\t                <\/div>\t\t\t\t\t\t\n\t\t\t            \t\t\t                <div class=\"slide\">\n\t\t\t                \t<div class=\"img-box\">\n\t\t\t                    <img decoding=\"async\" src=\"https:\/\/artlaboratory-berlin.org\/wp-content\/uploads\/2025\/10\/BiennaleFR3-StadtLandFluss_Photo_Doradzillo\u00a9BiennalefurFreiburg3_1139web_low-res.jpeg\" alt=\"\" \/>\n\t\t\t                    <\/div>\n\t\t\t\t\t\t\t\t<div class=\"below-image-slide\">\n\t\t\t\t\t\t\t\t<p class=\"wp-caption caption\">Biennale fu\u0308r Freiburg, Foto: Doradzillo<\/p>\n\t\t\t\t\t\t\t\t<\/div>\n\t\t\t                <\/div>\t\t\t\t\t\t\n\t\t\t            \t\t\t                <div class=\"slide\">\n\t\t\t                \t<div class=\"img-box\">\n\t\t\t                    <img decoding=\"async\" src=\"https:\/\/artlaboratory-berlin.org\/wp-content\/uploads\/2025\/10\/Mosaik-Workshop-01.jpeg\" alt=\"\" \/>\n\t\t\t                    <\/div>\n\t\t\t\t\t\t\t\t<div class=\"below-image-slide\">\n\t\t\t\t\t\t\t\t<p class=\"wp-caption caption\"><\/p>\n\t\t\t\t\t\t\t\t<\/div>\n\t\t\t                <\/div>\t\t\t\t\t\t\n\t\t\t            \t\t\t                <div class=\"slide\">\n\t\t\t                \t<div class=\"img-box\">\n\t\t\t                    <img decoding=\"async\" src=\"https:\/\/artlaboratory-berlin.org\/wp-content\/uploads\/2025\/10\/Mosaik-Workshop-02.jpeg\" alt=\"\" \/>\n\t\t\t                    <\/div>\n\t\t\t\t\t\t\t\t<div class=\"below-image-slide\">\n\t\t\t\t\t\t\t\t<p class=\"wp-caption caption\"><\/p>\n\t\t\t\t\t\t\t\t<\/div>\n\t\t\t                <\/div>\t\t\t\t\t\t\n\t\t\t            \t\t\t    <\/div>\n\t\t\t\t\t\t<\/div>\n\t\n\t\t<\/div>\n\n\n\n<div class=\"wp-block-column info-sidebar is-layout-flow wp-block-column-is-layout-flow\">\n<!-- Simple Share Buttons Adder (8.5.3) simplesharebuttons.com --><div class=\"ssba-modern-2 ssba ssbp-wrap alignleft ssbp--theme-2\"><div style=\"text-align:left\"><span class=\"ssba-share-text\">Share<\/span><br\/><ul class=\"ssbp-list\"><li class='ssbp-li--facebook'><a data-site=\"facebook\" class=\"ssba_facebook_share ssba_share_link ssbp-facebook ssbp-btn\" href=\"https:\/\/www.facebook.com\/sharer.php?t=Planting Futures, Sharing the Harvest&u=https:\/\/artlaboratory-berlin.org\/de\/wp-json\/wp\/v2\/exhibition\/20304\"  target=_blank  style=\"color:#4267B2; background-color: #4267B2; height: 24px; width: 24px; background: #000000;\" ><span><svg xmlns=\"http:\/\/www.w3.org\/2000\/svg\" fill=\"#fff\" preserveAspectRatio=\"xMidYMid meet\" height=\"1em\" width=\"1em\" viewBox=\"0 0 40 40\">\n  <g>\n    <path d=\"m21.7 16.7h5v5h-5v11.6h-5v-11.6h-5v-5h5v-2.1c0-2 0.6-4.5 1.8-5.9 1.3-1.3 2.8-2 4.7-2h3.5v5h-3.5c-0.9 0-1.5 0.6-1.5 1.5v3.5z\"><\/path>\n  <\/g>\n<\/svg>\n\n<\/span><span class=\"color-icon\"><svg xmlns=\"http:\/\/www.w3.org\/2000\/svg\" width=\"16\" height=\"28\" viewBox=\"0 0 16 28\">\n  <path fill=\"#3B5998\" d=\"M10.7,10.7 L15.7,10.7 L15.7,15.7 L10.7,15.7 L10.7,27.3 L5.7,27.3 L5.7,15.7 L0.7,15.7 L0.7,10.7 L5.7,10.7 L5.7,8.6 C5.7,6.6 6.3,4.1 7.5,2.7 C8.8,1.4 10.3,0.7 12.2,0.7 L15.7,0.7 L15.7,5.7 L12.2,5.7 C11.3,5.7 10.7,6.3 10.7,7.2 L10.7,10.7 Z\"\/>\n<\/svg>\n<\/span><div title=\"Facebook\" class=\"ssbp-text\">Facebook<\/div><\/a><\/li><li class='ssbp-li--email'><a data-site=\"email\" class=\"ssba_email_share ssba_share_link ssbp-email ssbp-btn\" href=\"mailto:?subject=Planting Futures, Sharing the Harvest&body=https:\/\/artlaboratory-berlin.org\/de\/wp-json\/wp\/v2\/exhibition\/20304\"  target=_blank  style=\"color:#7d7d7d; background-color: #7d7d7d; height: 24px; width: 24px; background: #000000;\" ><span><svg xmlns=\"http:\/\/www.w3.org\/2000\/svg\" fill=\"#fff\" preserveAspectRatio=\"xMidYMid meet\" height=\"1em\" width=\"1em\" viewBox=\"0 0 40 40\">\n  <g>\n    <path d=\"m33.4 13.4v-3.4l-13.4 8.4-13.4-8.4v3.4l13.4 8.2z m0-6.8q1.3 0 2.3 1.1t0.9 2.3v20q0 1.3-0.9 2.3t-2.3 1.1h-26.8q-1.3 0-2.3-1.1t-0.9-2.3v-20q0-1.3 0.9-2.3t2.3-1.1h26.8z\"><\/path>\n  <\/g>\n<\/svg>\n\n<\/span><span class=\"color-icon\"><svg xmlns=\"http:\/\/www.w3.org\/2000\/svg\" width=\"34\" height=\"28\" viewBox=\"0 0 34 28\">\n  <path fill=\"#7D7D7D\" d=\"M30.4,7.4 L30.4,4 L17,12.4 L3.6,4 L3.6,7.4 L17,15.6 L30.4,7.4 Z M30.4,0.6 C31.2666667,0.6 32.0333333,0.966666667 32.7,1.7 C33.3666667,2.43333333 33.6666667,3.2 33.6,4 L33.6,24 C33.6,24.8666667 33.3,25.6333333 32.7,26.3 C32.1,26.9666667 31.3333333,27.3333333 30.4,27.4 L3.6,27.4 C2.73333333,27.4 1.96666667,27.0333333 1.3,26.3 C0.633333333,25.5666667 0.333333333,24.8 0.4,24 L0.4,4 C0.4,3.13333333 0.7,2.36666667 1.3,1.7 C1.9,1.03333333 2.66666667,0.666666667 3.6,0.6 L30.4,0.6 Z\"\/>\n<\/svg>\n<\/span><div title=\"Email\" class=\"ssbp-text\">Email<\/div><\/a><\/li><\/ul><\/div><\/div>\n\n\n\n<h4 class=\"wp-block-heading\">ORTE<\/h4>\n\n\n\n<p>Art Laboratory Berlin<br>Prinzenallee 34, 13359 Berlin<br>(Workshops bei PA58, Prinzenallee 58, HH \/ gegen\u00fcber von ALB)<\/p>\n\n\n\n<h4 class=\"wp-block-heading\">DateN UND \u00d6FFNUNGSZEITEN<\/h4>\n\n\n\n<p>Vernissage: Mittwoch, 5. November 2025, 17 Uhr, mit <em>K\u00fcfa<\/em> \u2013 es gibt kostenloses veganes Chili, frisches Brot und Snacks<br>Laufzeit: 5. \u2013 9. November 2025<br>\u00d6ffnungszeiten:<br>Donnerstag, 6. November: 15:30 \u2013 19:30 Uhr<br>Freitag, 7. November: 14 \u2013 16 Uhr (17 \u2013 19 Uhr: Workshop bei PA58)<br>Samstag, 8. November: 14 \u2013 19:30 Uhr<br>Sonntag, 9. November: 12 \u2013 14 Uhr und 16 \u2013 19 Uhr (12- 14 und 14-16 Uhr Workshops bei PA58)<\/p>\n\n\n\n<h4 class=\"wp-block-heading\">WORKSHOPS<\/h4>\n\n\n\n<p>Freitag, 7. November 2025, 17 \u2013 19 Uhr<br><strong>KOLONIALE GESCHICHTE DER KARTOFFEL(N)<\/strong><br>Workshop von Daniela Zambrano Almid\u00f3n @ PA58<br>Bitte anmelden unter: jugendrat@weltacker-berlin.de<br><br>Sonntag, 9. November 2025, 12 \u2013 14 Uhr<br><strong>WO FREIHEIT W\u00c4CHST<\/strong><br>Workshop von Celine Hoffmann @ PA58<br>Keine Anmeldung erforderlich<br><br>Sonntag, 14 \u2013 16 Uhr<br><strong>MOSAIK DER PFLANZENWELTEN<\/strong><br>Workshop von Khaoula Zakaria @ PA58<br>Keine Anmeldung erforderlich<\/p>\n\n\n\n<p>Alle Workshops sind kostenlos und f\u00fcr alle Altersgruppen zug\u00e4nglich.<\/p>\n\n\n\n<h4 class=\"wp-block-heading\">VERANSTALTUNGSTeam<\/h4>\n\n\n\n<p>Louisa Kalkbrenner, Ella Krone, Pia M\u00fchlisch, Parima Parsi-Pour (Weltacker), Judith Pfister (G\u00e4rtnerische Leitung Weltacker), Jamaine Schulz, Clara Wahrheit, Sophie Weinhold<\/p>\n\n\n\n<h4 class=\"wp-block-heading\">KURATORISCHE ZUSAMMENARBEIT <\/h4>\n\n\n\n<p>Lena Flie\u00dfbach<\/p>\n\n\n\n<h4 class=\"wp-block-heading\">K\u00dcNSTLERISCHE ZUSAMMENARBEIT <\/h4>\n\n\n\n<p>Eva-Fiore Kovacovsky<br>Daniela Zambrano Almid\u00f3n<\/p>\n\n\n\n<h4 class=\"wp-block-heading\">KooperationSpartner:INNEN<\/h4>\n\n\n\n<p>Weltacker Berlin e.V.<br>BUNDjugend<br>Ern\u00e4hrungsrat Berlin<\/p>\n\n\n\n<h4 class=\"wp-block-heading\">UNTERST\u00dcTZT VON<\/h4>\n\n\n\n<p>Jugend-Demokratiefonds Berlin <\/p>\n\n\n\n<figure class=\"wp-block-image size-large is-resized\"><img loading=\"lazy\" decoding=\"async\" width=\"1024\" height=\"1024\" src=\"https:\/\/artlaboratory-berlin.org\/wp-content\/uploads\/2025\/10\/StarkGemacht-Logo_RGB-1024x1024.jpeg\" alt=\"\" class=\"wp-image-20338\" style=\"width:165px;height:165px\" srcset=\"https:\/\/artlaboratory-berlin.org\/wp-content\/uploads\/2025\/10\/StarkGemacht-Logo_RGB-1024x1024.jpeg 1024w, https:\/\/artlaboratory-berlin.org\/wp-content\/uploads\/2025\/10\/StarkGemacht-Logo_RGB-300x300.jpeg 300w, https:\/\/artlaboratory-berlin.org\/wp-content\/uploads\/2025\/10\/StarkGemacht-Logo_RGB-150x150.jpeg 150w, https:\/\/artlaboratory-berlin.org\/wp-content\/uploads\/2025\/10\/StarkGemacht-Logo_RGB-768x768.jpeg 768w, https:\/\/artlaboratory-berlin.org\/wp-content\/uploads\/2025\/10\/StarkGemacht-Logo_RGB-1536x1536.jpeg 1536w, https:\/\/artlaboratory-berlin.org\/wp-content\/uploads\/2025\/10\/StarkGemacht-Logo_RGB-2048x2048.jpeg 2048w, https:\/\/artlaboratory-berlin.org\/wp-content\/uploads\/2025\/10\/StarkGemacht-Logo_RGB-580x580.jpeg 580w, https:\/\/artlaboratory-berlin.org\/wp-content\/uploads\/2025\/10\/StarkGemacht-Logo_RGB-125x125.jpeg 125w\" sizes=\"auto, (max-width: 1024px) 100vw, 1024px\" \/><\/figure>\n\n\n<\/div>\n<\/div>\n\n\n\n<div class=\"wp-block-columns related bg-black is-layout-flex wp-container-core-columns-is-layout-9d6595d7 wp-block-columns-is-layout-flex\">\n<div class=\"wp-block-column container is-layout-flow wp-block-column-is-layout-flow\">\n<h2 class=\"wp-block-heading\">Im Kontext<\/h2>\n\n\n\n<div class=\"wp-block-columns is-layout-flex wp-container-core-columns-is-layout-9d6595d7 wp-block-columns-is-layout-flex\">\n<div class=\"wp-block-column is-layout-flow wp-block-column-is-layout-flow\">            <div class=\"post-block\">\n                <a href=\"https:\/\/artlaboratory-berlin.org\/de\/veranstaltungen\/matter-of-flux-festival-programm\/\" rel=\"bookmark\" class=\"img-box h-100\" title=\"Planting Futures, Sharing the Harvest\">\n                <img loading=\"lazy\" decoding=\"async\" width=\"551\" height=\"358\" src=\"https:\/\/artlaboratory-berlin.org\/wp-content\/uploads\/2023\/05\/MoF-Website-Images-551x358.jpg\" class=\"img-fluid wp-post-image\" alt=\"\" srcset=\"https:\/\/artlaboratory-berlin.org\/wp-content\/uploads\/2023\/05\/MoF-Website-Images-551x358.jpg 551w, https:\/\/artlaboratory-berlin.org\/wp-content\/uploads\/2023\/05\/MoF-Website-Images-300x195.jpg 300w, https:\/\/artlaboratory-berlin.org\/wp-content\/uploads\/2023\/05\/MoF-Website-Images-1024x666.jpg 1024w, https:\/\/artlaboratory-berlin.org\/wp-content\/uploads\/2023\/05\/MoF-Website-Images-768x499.jpg 768w, https:\/\/artlaboratory-berlin.org\/wp-content\/uploads\/2023\/05\/MoF-Website-Images-1536x998.jpg 1536w, https:\/\/artlaboratory-berlin.org\/wp-content\/uploads\/2023\/05\/MoF-Website-Images-580x377.jpg 580w, https:\/\/artlaboratory-berlin.org\/wp-content\/uploads\/2023\/05\/MoF-Website-Images.jpg 2000w\" sizes=\"auto, (max-width: 551px) 100vw, 551px\" \/>  <img decoding=\"async\" src=\"https:\/\/artlaboratory-berlin.org\/wp-content\/uploads\/2023\/05\/MoF-Website-Images2-551x358.jpg\" alt=\"\" class=\"img-fluid second-thumb\">\n<\/a>\t\t\n<header class=\"entry-header article-header\">\n              <a class=\"meta-info event\" href=\"https:\/\/artlaboratory-berlin.org\/de\/veranstaltungen\/\">\n                                Veranstaltung                                <\/a><span class=\"cat\"> \n    Festival<\/span>\n\n                   <h3 class=\"h2 entry-title mt-2\">\n                       <a href=\"https:\/\/artlaboratory-berlin.org\/de\/veranstaltungen\/matter-of-flux-festival-programm\/\">MATTER OF FLUX<\/a>\n                    <\/h3> \n                    <ol class=\"post-subheadings\"><li class=\"heading-level-2\">Festival<\/li><li class=\"heading-level-3\">Frauen\/ FLINTA* in Kunst, Wissenschaft und Technologie<\/li><\/ol>\t                <span class=\"info-line-preview\">15. &#8211; 18. Juni 2023<\/span>\n                  <\/header>  \n                    <p>Das viert\u00e4gige Festival MATTER OF FLUX pr\u00e4sentiert ein reichhaltiges und abwechslungsreiches Programm von und f\u00fcr Frauen\/ FLINTA* in Kunst, Wissenschaft und Technologie mit Podiumsdiskussionen, Lecture Performances, zahlreichen Workshops, Lesegruppen und anderen Aktivit\u00e4ten, darunter auch Besuche in Ausstellungen, K\u00fcnstlerinnenateliers und Labore.<\/p>\n                    <a href=\"https:\/\/artlaboratory-berlin.org\/de\/veranstaltungen\/matter-of-flux-festival-programm\/\" class=\"read-more\" rel=\"bookmark\" title=\"Planting Futures, Sharing the Harvest\">\n                    Mehr lesen<\/a>\n<\/div><\/div>\n\n\n\n<div class=\"wp-block-column is-layout-flow wp-block-column-is-layout-flow\">            <div class=\"post-block\">\n                <a href=\"https:\/\/artlaboratory-berlin.org\/de\/veranstaltungen\/panke-interventions-soydivision\/\" rel=\"bookmark\" class=\"img-box h-100\" title=\"Planting Futures, Sharing the Harvest\">\n                <img loading=\"lazy\" decoding=\"async\" width=\"551\" height=\"358\" src=\"https:\/\/artlaboratory-berlin.org\/wp-content\/uploads\/2022\/09\/Kentanggung-551x358.jpg\" class=\"img-fluid wp-post-image\" alt=\"\" \/>  <img decoding=\"async\" src=\"https:\/\/artlaboratory-berlin.org\/wp-content\/uploads\/2023\/04\/DSC00859lowres-551x358.jpg\" alt=\"\" class=\"img-fluid second-thumb\">\n<\/a>\t\t\n<header class=\"entry-header article-header\">\n              <a class=\"meta-info event\" href=\"https:\/\/artlaboratory-berlin.org\/de\/veranstaltungen\/\">\n                                Veranstaltung                                <\/a><span class=\"cat\"> \n    Workshop<\/span>\n\n                   <h3 class=\"h2 entry-title mt-2\">\n                       <a href=\"https:\/\/artlaboratory-berlin.org\/de\/veranstaltungen\/panke-interventions-soydivision\/\">PANKE INTERVENTIONS<\/a>\n                    <\/h3> \n                    <ol class=\"post-subheadings\"><li class=\"heading-level-2\">Kentanggung<\/li><li class=\"heading-level-3\">Workshop &amp; Lecture | Ariel Orah und Michelle Lai (Soydivision)<\/li><\/ol>\t                <span class=\"info-line-preview\">23. September 2022<\/span>\n                  <\/header>  \n                    <p>In diesem partizipatorischen Workshop erkunden wir das Spektrum der Geschichten und Vorstellungen, die die Kartoffel als Samen der Sehnsucht und des Vergn\u00fcgens in sich birgt, indem wir die historischen und migratorischen Wege der Kartoffel nachzeichnen.<\/p>\n                    <a href=\"https:\/\/artlaboratory-berlin.org\/de\/veranstaltungen\/panke-interventions-soydivision\/\" class=\"read-more\" rel=\"bookmark\" title=\"Planting Futures, Sharing the Harvest\">\n                    Mehr lesen<\/a>\n<\/div><\/div>\n\n\n\n<div class=\"wp-block-column is-layout-flow wp-block-column-is-layout-flow\">            <div class=\"post-block\">\n                <a href=\"https:\/\/artlaboratory-berlin.org\/de\/veranstaltungen\/a-future-for-food\/\" rel=\"bookmark\" class=\"img-box h-100\" title=\"Planting Futures, Sharing the Harvest\">\n                <img loading=\"lazy\" decoding=\"async\" width=\"551\" height=\"358\" src=\"https:\/\/artlaboratory-berlin.org\/wp-content\/uploads\/2021\/04\/FutureofFood-551x358.jpg\" class=\"img-fluid wp-post-image\" alt=\"\" \/>  <img decoding=\"async\" src=\"https:\/\/artlaboratory-berlin.org\/wp-content\/uploads\/2021\/05\/farmfount01-551x358.jpg\" alt=\"\" class=\"img-fluid second-thumb\">\n<\/a>\t\t\n<header class=\"entry-header article-header\">\n              <a class=\"meta-info event\" href=\"https:\/\/artlaboratory-berlin.org\/de\/veranstaltungen\/\">\n                                Veranstaltung                                <\/a><span class=\"cat\"> \n    Talk<\/span>\n\n                   <h3 class=\"h2 entry-title mt-2\">\n                       <a href=\"https:\/\/artlaboratory-berlin.org\/de\/veranstaltungen\/a-future-for-food\/\">A Future for Food<\/a>\n                    <\/h3> \n                    <ol class=\"post-subheadings\"><li class=\"heading-level-2\">Diskussion und Livestream<\/li><li class=\"heading-level-3\">Amy Youngs | Ken Rinaldo | Anna Paltseva | Daniel Lammel | Regine Rapp | Christian de Lutz<\/li><\/ol>\t                <span class=\"info-line-preview\">4. Juni 2020<\/span>\n                  <\/header>  \n                    <p>K\u00f6nnen wir uns von landwirtschaftlichen Praktiken l\u00f6sen, die eng mit W\u00fcstenbildung, Wasser- und Bodenverschmutzung, Antibiotikaresistenz, Klimawandel und sozialen und wirtschaftlichen Ungleichheiten verbunden sind? Diese Diskussion betrachtet eine nachhaltige, arten\u00fcbergreifende Perspektive f\u00fcr die Landwirtschaft.<\/p>\n                    <a href=\"https:\/\/artlaboratory-berlin.org\/de\/veranstaltungen\/a-future-for-food\/\" class=\"read-more\" rel=\"bookmark\" title=\"Planting Futures, Sharing the Harvest\">\n                    Mehr lesen<\/a>\n<\/div><\/div>\n<\/div>\n<\/div>\n<\/div>\n","protected":false},"excerpt":{"rendered":"<p>Die Ausstellung untersucht, wie Kunst, Kochen und kollektives Handeln zu N\u00e4hrboden f\u00fcr Ver\u00e4nderung werden k\u00f6nnen. Wir wollen Kunst genie\u00dfbar machen, zum Nachdenken anregen und Bewusstsein schaffen. Das Projekt zeigt k\u00fcnstlerische Arbeiten zu nachhaltiger Ern\u00e4hrung und globalen Ern\u00e4hrungssystemen &#8211; von Cyanotypien und Drucken, \u00fcber eine interaktive Tischdecke bis hin zum gemeinsamen Kochen. Rahmenprogramm mit Gespr\u00e4chen, gemeinsamem Kochen und kostenlosen Workshops. <\/p>\n","protected":false},"featured_media":20284,"template":"","meta":{"_acf_changed":false,"_links_to":"","_links_to_target":""},"tags":[373,53],"class_list":["post-20304","exhibition","type-exhibition","status-publish","has-post-thumbnail","hentry","tag-art-and-science-de","tag-diybio"],"acf":[],"yoast_head":"<!-- This site is optimized with the Yoast SEO plugin v26.2 - https:\/\/yoast.com\/wordpress\/plugins\/seo\/ -->\n<title>Planting Futures, Sharing the Harvest - Art Laboratory Berlin<\/title>\n<meta name=\"robots\" content=\"index, follow, max-snippet:-1, max-image-preview:large, max-video-preview:-1\" \/>\n<link rel=\"canonical\" href=\"https:\/\/artlaboratory-berlin.org\/de\/ausstellungen\/planting-futures\/\" \/>\n<meta property=\"og:locale\" content=\"de_DE\" \/>\n<meta property=\"og:type\" content=\"article\" \/>\n<meta property=\"og:title\" content=\"Planting Futures, Sharing the Harvest - Art Laboratory Berlin\" \/>\n<meta property=\"og:description\" content=\"Die Ausstellung untersucht, wie Kunst, Kochen und kollektives Handeln zu N\u00e4hrboden f\u00fcr Ver\u00e4nderung werden k\u00f6nnen. Wir wollen Kunst genie\u00dfbar machen, zum Nachdenken anregen und Bewusstsein schaffen. Das Projekt zeigt k\u00fcnstlerische Arbeiten zu nachhaltiger Ern\u00e4hrung und globalen Ern\u00e4hrungssystemen - von Cyanotypien und Drucken, \u00fcber eine interaktive Tischdecke bis hin zum gemeinsamen Kochen. Rahmenprogramm mit Gespr\u00e4chen, gemeinsamem Kochen und kostenlosen Workshops.\" \/>\n<meta property=\"og:url\" content=\"https:\/\/artlaboratory-berlin.org\/de\/ausstellungen\/planting-futures\/\" \/>\n<meta property=\"og:site_name\" content=\"Art Laboratory Berlin\" \/>\n<meta property=\"article:publisher\" content=\"https:\/\/www.facebook.com\/ArtLaboratoryBerlin\/\" \/>\n<meta property=\"article:modified_time\" content=\"2025-11-04T12:23:32+00:00\" \/>\n<meta property=\"og:image\" content=\"https:\/\/artlaboratory-berlin.org\/wp-content\/uploads\/2025\/10\/Weltacker-Jungendrat_02-LOW-RES.jpeg\" \/>\n\t<meta property=\"og:image:width\" content=\"2000\" \/>\n\t<meta property=\"og:image:height\" content=\"1499\" \/>\n\t<meta property=\"og:image:type\" content=\"image\/jpeg\" \/>\n<meta name=\"twitter:card\" content=\"summary_large_image\" \/>\n<meta name=\"twitter:site\" content=\"@artlaboratoryb\" \/>\n<meta name=\"twitter:label1\" content=\"Gesch\u00e4tzte Lesezeit\" \/>\n\t<meta name=\"twitter:data1\" content=\"5\u00a0Minuten\" \/>\n<!-- \/ Yoast SEO plugin. -->","yoast_head_json":{"title":"Planting Futures, Sharing the Harvest - Art Laboratory Berlin","robots":{"index":"index","follow":"follow","max-snippet":"max-snippet:-1","max-image-preview":"max-image-preview:large","max-video-preview":"max-video-preview:-1"},"canonical":"https:\/\/artlaboratory-berlin.org\/de\/ausstellungen\/planting-futures\/","og_locale":"de_DE","og_type":"article","og_title":"Planting Futures, Sharing the Harvest - Art Laboratory Berlin","og_description":"Die Ausstellung untersucht, wie Kunst, Kochen und kollektives Handeln zu N\u00e4hrboden f\u00fcr Ver\u00e4nderung werden k\u00f6nnen. Wir wollen Kunst genie\u00dfbar machen, zum Nachdenken anregen und Bewusstsein schaffen. Das Projekt zeigt k\u00fcnstlerische Arbeiten zu nachhaltiger Ern\u00e4hrung und globalen Ern\u00e4hrungssystemen - von Cyanotypien und Drucken, \u00fcber eine interaktive Tischdecke bis hin zum gemeinsamen Kochen. Rahmenprogramm mit Gespr\u00e4chen, gemeinsamem Kochen und kostenlosen Workshops.","og_url":"https:\/\/artlaboratory-berlin.org\/de\/ausstellungen\/planting-futures\/","og_site_name":"Art Laboratory Berlin","article_publisher":"https:\/\/www.facebook.com\/ArtLaboratoryBerlin\/","article_modified_time":"2025-11-04T12:23:32+00:00","og_image":[{"width":2000,"height":1499,"url":"https:\/\/artlaboratory-berlin.org\/wp-content\/uploads\/2025\/10\/Weltacker-Jungendrat_02-LOW-RES.jpeg","type":"image\/jpeg"}],"twitter_card":"summary_large_image","twitter_site":"@artlaboratoryb","twitter_misc":{"Gesch\u00e4tzte Lesezeit":"5\u00a0Minuten"},"schema":{"@context":"https:\/\/schema.org","@graph":[{"@type":"WebPage","@id":"https:\/\/artlaboratory-berlin.org\/de\/ausstellungen\/planting-futures\/","url":"https:\/\/artlaboratory-berlin.org\/de\/ausstellungen\/planting-futures\/","name":"Planting Futures, Sharing the Harvest - Art Laboratory Berlin","isPartOf":{"@id":"https:\/\/artlaboratory-berlin.org\/#website"},"primaryImageOfPage":{"@id":"https:\/\/artlaboratory-berlin.org\/de\/ausstellungen\/planting-futures\/#primaryimage"},"image":{"@id":"https:\/\/artlaboratory-berlin.org\/de\/ausstellungen\/planting-futures\/#primaryimage"},"thumbnailUrl":"https:\/\/artlaboratory-berlin.org\/wp-content\/uploads\/2025\/10\/Weltacker-Jungendrat_02-LOW-RES.jpeg","datePublished":"2025-10-19T14:15:20+00:00","dateModified":"2025-11-04T12:23:32+00:00","breadcrumb":{"@id":"https:\/\/artlaboratory-berlin.org\/de\/ausstellungen\/planting-futures\/#breadcrumb"},"inLanguage":"de","potentialAction":[{"@type":"ReadAction","target":["https:\/\/artlaboratory-berlin.org\/de\/ausstellungen\/planting-futures\/"]}]},{"@type":"ImageObject","inLanguage":"de","@id":"https:\/\/artlaboratory-berlin.org\/de\/ausstellungen\/planting-futures\/#primaryimage","url":"https:\/\/artlaboratory-berlin.org\/wp-content\/uploads\/2025\/10\/Weltacker-Jungendrat_02-LOW-RES.jpeg","contentUrl":"https:\/\/artlaboratory-berlin.org\/wp-content\/uploads\/2025\/10\/Weltacker-Jungendrat_02-LOW-RES.jpeg","width":2000,"height":1499},{"@type":"BreadcrumbList","@id":"https:\/\/artlaboratory-berlin.org\/de\/ausstellungen\/planting-futures\/#breadcrumb","itemListElement":[{"@type":"ListItem","position":1,"name":"Home","item":"https:\/\/artlaboratory-berlin.org\/de\/"},{"@type":"ListItem","position":2,"name":"Exhibitions","item":"https:\/\/artlaboratory-berlin.org\/exhibitions\/"},{"@type":"ListItem","position":3,"name":"Planting Futures, Sharing the Harvest"}]},{"@type":"WebSite","@id":"https:\/\/artlaboratory-berlin.org\/#website","url":"https:\/\/artlaboratory-berlin.org\/","name":"Art Laboratory Berlin","description":"","publisher":{"@id":"https:\/\/artlaboratory-berlin.org\/#organization"},"potentialAction":[{"@type":"SearchAction","target":{"@type":"EntryPoint","urlTemplate":"https:\/\/artlaboratory-berlin.org\/?s={search_term_string}"},"query-input":{"@type":"PropertyValueSpecification","valueRequired":true,"valueName":"search_term_string"}}],"inLanguage":"de"},{"@type":"Organization","@id":"https:\/\/artlaboratory-berlin.org\/#organization","name":"Art Laboratory Berlin","url":"https:\/\/artlaboratory-berlin.org\/","logo":{"@type":"ImageObject","inLanguage":"de","@id":"https:\/\/artlaboratory-berlin.org\/#\/schema\/logo\/image\/","url":"https:\/\/artlaboratory-berlin.org\/wp-content\/uploads\/2021\/05\/logo-alb.png","contentUrl":"https:\/\/artlaboratory-berlin.org\/wp-content\/uploads\/2021\/05\/logo-alb.png","width":800,"height":515,"caption":"Art Laboratory Berlin"},"image":{"@id":"https:\/\/artlaboratory-berlin.org\/#\/schema\/logo\/image\/"},"sameAs":["https:\/\/www.facebook.com\/ArtLaboratoryBerlin\/","https:\/\/x.com\/artlaboratoryb","https:\/\/www.instagram.com\/artlaboratoryberlin","https:\/\/www.youtube.com\/c\/ArtLaboratoryBerlin\/videos"]}]}},"_links":{"self":[{"href":"https:\/\/artlaboratory-berlin.org\/de\/wp-json\/wp\/v2\/exhibition\/20304","targetHints":{"allow":["GET"]}}],"collection":[{"href":"https:\/\/artlaboratory-berlin.org\/de\/wp-json\/wp\/v2\/exhibition"}],"about":[{"href":"https:\/\/artlaboratory-berlin.org\/de\/wp-json\/wp\/v2\/types\/exhibition"}],"version-history":[{"count":24,"href":"https:\/\/artlaboratory-berlin.org\/de\/wp-json\/wp\/v2\/exhibition\/20304\/revisions"}],"predecessor-version":[{"id":20385,"href":"https:\/\/artlaboratory-berlin.org\/de\/wp-json\/wp\/v2\/exhibition\/20304\/revisions\/20385"}],"wp:featuredmedia":[{"embeddable":true,"href":"https:\/\/artlaboratory-berlin.org\/de\/wp-json\/wp\/v2\/media\/20284"}],"wp:attachment":[{"href":"https:\/\/artlaboratory-berlin.org\/de\/wp-json\/wp\/v2\/media?parent=20304"}],"wp:term":[{"taxonomy":"post_tag","embeddable":true,"href":"https:\/\/artlaboratory-berlin.org\/de\/wp-json\/wp\/v2\/tags?post=20304"}],"curies":[{"name":"wp","href":"https:\/\/api.w.org\/{rel}","templated":true}]}}