{"id":13312,"date":"2023-09-02T14:59:16","date_gmt":"2023-09-02T14:59:16","guid":{"rendered":"https:\/\/artlaboratory-berlin.org\/?post_type=exhibition&#038;p=13312"},"modified":"2025-08-12T12:46:14","modified_gmt":"2025-08-12T12:46:14","slug":"terra-xenobiotica","status":"publish","type":"exhibition","link":"https:\/\/artlaboratory-berlin.org\/de\/ausstellungen\/terra-xenobiotica\/","title":{"rendered":"TERRA XENOBIOTICA"},"content":{"rendered":"\n<h2 class=\"wp-block-heading subheading\">Artistic Research<\/h2>\n\n\n\n<h3 class=\"wp-block-heading names\">Sa\u0161a Spa\u010dal<\/h3>\n\n\n\t\t<div class=\"media-box\">\n\t\t\t\t\t\t    <div id=\"head-slider\" class=\"head-slider\">\n\t\t\t            \t\t\t\t\t\t<div class=\"slide\">\n\t\t\t\t\t\t<div class=\"img-box\" style=\"background-image: url(https:\/\/artlaboratory-berlin.org\/wp-content\/uploads\/2023\/11\/20231110_Art-Labatory_TERRA-XENOBIOTICA_0017-Art-Labatory-Artifical_Consciousness-high-res-scaled.jpg\" alt=\"85 round disks with brown and beige circular forms on a grey wall);\" >\n\t\t\t\t\t\t<\/div>\n\t\t\t\t\t\t<p class=\"wp-caption caption\">Sa\u0161a Spa\u010dal: <em>TERRA XENOBIOTICA. Gradients of Eternity<\/em>, 2023, exhibition view, Art Laboratory Berlin, photograph: Tim Deussen<\/p>\n\t\t\t             <\/div>\t\t\t\t\t\t\t\n\t\t\t            \t\t\t\t\t\t<div class=\"slide\">\n\t\t\t\t\t\t<div class=\"img-box\" style=\"background-image: url(https:\/\/artlaboratory-berlin.org\/wp-content\/uploads\/2023\/11\/20231110_Art-Labatory_TERRA-XENOBIOTICA_0069-Art-Labatory-Artifical_Consciousness-high-res-scaled.jpg\" alt=\"Close up of artwork discs on a grey wall, a person with white gloves removing one of the discs);\" >\n\t\t\t\t\t\t<\/div>\n\t\t\t\t\t\t<p class=\"wp-caption caption\">Sa\u0161a Spa\u010dal: <em>TERRA XENOBIOTICA. Gradients of Eternity<\/em>, 2023, exhibition view, Art Laboratory Berlin, photograph: Tim Deussen<\/p>\n\t\t\t             <\/div>\t\t\t\t\t\t\t\n\t\t\t            \t\t\t\t\t\t<div class=\"slide\">\n\t\t\t\t\t\t<div class=\"img-box\" style=\"background-image: url(https:\/\/artlaboratory-berlin.org\/wp-content\/uploads\/2023\/11\/20231110_Art-Labatory_TERRA-XENOBIOTICA_0065-Art-Labatory-Artifical_Consciousness-high-res.jpg\" alt=\"A woman wearing white gloves placing a disc with brown circular forms on a scanner that resembles a turntable);\" >\n\t\t\t\t\t\t<\/div>\n\t\t\t\t\t\t<p class=\"wp-caption caption\">Sa\u0161a Spa\u010dal: <em>TERRA XENOBIOTICA. Eternity Scanner<\/em> with soil chromatogram, 2023, exhibition view, Art Laboratory Berlin, photograph: Tim Deussen<\/p>\n\t\t\t             <\/div>\t\t\t\t\t\t\t\n\t\t\t            \t\t\t\t\t\t<div class=\"slide\">\n\t\t\t\t\t\t<div class=\"img-box\" style=\"background-image: url(https:\/\/artlaboratory-berlin.org\/wp-content\/uploads\/2023\/11\/20231110_Art-Labatory_TERRA-XENOBIOTICA_0102-Art-Labatory-Artifical_Consciousness-high-res.jpg\" alt=\"six white architectural models of airports on a grey wall. a table with arm and scanner that looks like a turntable in the foreground);\" >\n\t\t\t\t\t\t<\/div>\n\t\t\t\t\t\t<p class=\"wp-caption caption\">Sa\u0161a Spa\u010dal: <em>TERRA XENOBIOTICA. Eternity Scanner<\/em> (in front) and <em>Aeroglyphs\/ Selected Airports<\/em> (on the wall), 2023, exhibition view, Art Laboratory Berlin, photograph: Tim Deussen<\/p>\n\t\t\t             <\/div>\t\t\t\t\t\t\t\n\t\t\t            \t\t\t\t\t\t<div class=\"slide\">\n\t\t\t\t\t\t<div class=\"img-box\" style=\"background-image: url(https:\/\/artlaboratory-berlin.org\/wp-content\/uploads\/2023\/10\/Holding-Patterns-PR14-copy-WEB-scaled.jpg\" alt=\");\" >\n\t\t\t\t\t\t<\/div>\n\t\t\t\t\t\t<p class=\"wp-caption caption\">Sa\u0161a Spa\u010dal: <em>TERRA XENOBIOTICA\/ Holding Patterns<\/em>, Filmstill, 2023<\/p>\n\t\t\t             <\/div>\t\t\t\t\t\t\t\n\t\t\t            \t\t\t\t\t\t<div class=\"slide\">\n\t\t\t\t\t\t<div class=\"img-box\" style=\"background-image: url(https:\/\/artlaboratory-berlin.org\/wp-content\/uploads\/2023\/10\/A_Full-image_Front-page-FLYER___Holding-Patterns-PR16-WEB-scaled.jpg\" alt=\"The flower);\" >\n\t\t\t\t\t\t<\/div>\n\t\t\t\t\t\t<p class=\"wp-caption caption\">Sa\u0161a Spa\u010dal: <em>TERRA XENOBIOTICA\/ Holding Patterns<\/em>, Filmstill, 2023<\/p>\n\t\t\t             <\/div>\t\t\t\t\t\t\t\n\t\t\t            \t\t\t    <\/div>\n\t\t<\/div>\n\t\t\t\t\n\n\n<div class=\"wp-block-columns main-post-content is-layout-flex wp-container-core-columns-is-layout-9d6595d7 wp-block-columns-is-layout-flex\">\n<div class=\"wp-block-column content-column is-layout-flow wp-block-column-is-layout-flow\">\n<p><em>Art Laboratory Berlin freut sich, die Einzelausstellung der Bio Medien-K\u00fcnstlerin Sa\u0161a Spa\u010dal mit der neu produzierten k\u00fcnstlerischen Arbeit <\/em>TERRA XENOBIOTICA<em> (2023)<\/em> <em>anzuk\u00fcndigen, das auf ihrer aktuellen k\u00fcnstlerischen Forschung basiert.<\/em><br><br>Die Menschen haben eine zwiesp\u00e4ltige Beziehung zum Boden, identifizieren und personifizieren sich oft mit dem Boden als ihrer &#8222;Heimat&#8220; und sind auf seine Fruchtbarkeit angewiesen, um zu \u00fcberleben &#8211; und behandeln ihn doch allzu oft als blo\u00dfen Schmutz. Diese Vernachl\u00e4ssigung ist in technologischen Zonen noch extremer, nicht nur in Industriegebieten, sondern auch in Kommunikations- und Transportr\u00e4umen. In ihrem neuen Kunstprojekt <em>TERRA XENOBIOTICA<\/em> erforscht Sa\u0161a Spa\u010dal das Leben des Bodens an Flugh\u00e4fen. &#8222;Giftstoffe sickern in den Boden und schaffen ungewohnte Landschaften, die nach anderen Verwalter:innen verlangen &#8211; nach solchen, die navigieren und pflegen, anstatt zu bewachen oder zu extrahieren&#8220;, erkl\u00e4rt Spa\u010dal. &#8222;Da die Menschheit in einem fortlaufenden Zyklus gefangen bleibt, einem Warteschleifenmuster aus Starts und Landungen, lauert die Vorstellung einer endg\u00fcltigen Landung in einer unvorstellbaren fernen Zukunft.&#8220;<br><\/p>\n\n\n<div class=\"slider-box\">\n\t\t\t\t\t\t    <div class=\"content-slider\">\n\t\t\t            \t\t\t                <div class=\"slide\">\n\t\t\t                \t<div class=\"img-box\">\n\t\t\t                    <img decoding=\"async\" src=\"https:\/\/artlaboratory-berlin.org\/wp-content\/uploads\/2023\/11\/20231110_Art-Labatory_TERRA-XENOBIOTICA_0017-Art-Labatory-Artifical_Consciousness-high-res-scaled.jpg\" alt=\"85 round disks with brown and beige circular forms on a grey wall\" \/>\n\t\t\t                    <\/div>\n\t\t\t\t\t\t\t\t<div class=\"below-image-slide\">\n\t\t\t\t\t\t\t\t<p class=\"wp-caption caption\">Sa\u0161a Spa\u010dal: <em>TERRA XENOBIOTICA. Gradients of Eternity<\/em>, 2023, exhibition view, Art Laboratory Berlin, photograph: Tim Deussen<\/p>\n\t\t\t\t\t\t\t\t<\/div>\n\t\t\t                <\/div>\t\t\t\t\t\t\n\t\t\t            \t\t\t                <div class=\"slide\">\n\t\t\t                \t<div class=\"img-box\">\n\t\t\t                    <img decoding=\"async\" src=\"https:\/\/artlaboratory-berlin.org\/wp-content\/uploads\/2023\/11\/20231110_Art-Labatory_TERRA-XENOBIOTICA_0053-Art-Labatory-Artifical_Consciousness-high-res-scaled.jpg\" alt=\"Close up of artwork discs on a grey wall\" \/>\n\t\t\t                    <\/div>\n\t\t\t\t\t\t\t\t<div class=\"below-image-slide\">\n\t\t\t\t\t\t\t\t<p class=\"wp-caption caption\">Sa\u0161a Spa\u010dal: <em>TERRA XENOBIOTICA. Gradients of Eternity<\/em>, 2023, exhibition view, Art Laboratory Berlin, photograph: Tim Deussen<\/p>\n\t\t\t\t\t\t\t\t<\/div>\n\t\t\t                <\/div>\t\t\t\t\t\t\n\t\t\t            \t\t\t                <div class=\"slide\">\n\t\t\t                \t<div class=\"img-box\">\n\t\t\t                    <img decoding=\"async\" src=\"https:\/\/artlaboratory-berlin.org\/wp-content\/uploads\/2023\/11\/20231110_Art-Labatory_TERRA-XENOBIOTICA_0054-Art-Labatory-Artifical_Consciousness-high-res-scaled.jpg\" alt=\"Close up of artwork discs on a grey wall\" \/>\n\t\t\t                    <\/div>\n\t\t\t\t\t\t\t\t<div class=\"below-image-slide\">\n\t\t\t\t\t\t\t\t<p class=\"wp-caption caption\">Sa\u0161a Spa\u010dal: <em>TERRA XENOBIOTICA. Gradients of Eternity<\/em>, 2023, exhibition view, Art Laboratory Berlin, photograph: Tim Deussen<\/p>\n\t\t\t\t\t\t\t\t<\/div>\n\t\t\t                <\/div>\t\t\t\t\t\t\n\t\t\t            \t\t\t                <div class=\"slide\">\n\t\t\t                \t<div class=\"img-box\">\n\t\t\t                    <img decoding=\"async\" src=\"https:\/\/artlaboratory-berlin.org\/wp-content\/uploads\/2023\/11\/20231110_Art-Labatory_TERRA-XENOBIOTICA_0069-Art-Labatory-Artifical_Consciousness-high-res-scaled.jpg\" alt=\"Close up of artwork discs on a grey wall, a person with white gloves removing one of the discs\" \/>\n\t\t\t                    <\/div>\n\t\t\t\t\t\t\t\t<div class=\"below-image-slide\">\n\t\t\t\t\t\t\t\t<p class=\"wp-caption caption\">Sa\u0161a Spa\u010dal: <em>TERRA XENOBIOTICA. Gradients of Eternity<\/em>, 2023, exhibition view, Art Laboratory Berlin, photograph: Tim Deussen<\/p>\n\t\t\t\t\t\t\t\t<\/div>\n\t\t\t                <\/div>\t\t\t\t\t\t\n\t\t\t            \t\t\t                <div class=\"slide\">\n\t\t\t                \t<div class=\"img-box\">\n\t\t\t                    <img decoding=\"async\" src=\"https:\/\/artlaboratory-berlin.org\/wp-content\/uploads\/2023\/11\/20231110_Art-Labatory_TERRA-XENOBIOTICA_0071-Art-Labatory-Artifical_Consciousness-high-res-scaled.jpg\" alt=\"Close up of artwork discs on a grey wall, a person with white gloves removing one of the discs\" \/>\n\t\t\t                    <\/div>\n\t\t\t\t\t\t\t\t<div class=\"below-image-slide\">\n\t\t\t\t\t\t\t\t<p class=\"wp-caption caption\">Sa\u0161a Spa\u010dal: <em>TERRA XENOBIOTICA. Gradients of Eternity<\/em>, 2023, exhibition view, Art Laboratory Berlin, photograph: Tim Deussen<\/p>\n\t\t\t\t\t\t\t\t<\/div>\n\t\t\t                <\/div>\t\t\t\t\t\t\n\t\t\t            \t\t\t                <div class=\"slide\">\n\t\t\t                \t<div class=\"img-box\">\n\t\t\t                    <img decoding=\"async\" src=\"https:\/\/artlaboratory-berlin.org\/wp-content\/uploads\/2023\/11\/20231110_Art-Labatory_TERRA-XENOBIOTICA_0065-Art-Labatory-Artifical_Consciousness-high-res.jpg\" alt=\"A woman wearing white gloves placing a disc with brown circular forms on a scanner that resembles a turntable\" \/>\n\t\t\t                    <\/div>\n\t\t\t\t\t\t\t\t<div class=\"below-image-slide\">\n\t\t\t\t\t\t\t\t<p class=\"wp-caption caption\">Sa\u0161a Spa\u010dal: <em>TERRA XENOBIOTICA. Eternity Scanner<\/em> with soil chromatogram, 2023, exhibition view, Art Laboratory Berlin, photograph: Tim Deussen<\/p>\n\t\t\t\t\t\t\t\t<\/div>\n\t\t\t                <\/div>\t\t\t\t\t\t\n\t\t\t            \t\t\t                <div class=\"slide\">\n\t\t\t                \t<div class=\"img-box\">\n\t\t\t                    <img decoding=\"async\" src=\"https:\/\/artlaboratory-berlin.org\/wp-content\/uploads\/2023\/11\/20231110_Art-Labatory_TERRA-XENOBIOTICA_0074-Art-Labatory-Artifical_Consciousness-high-res.jpg\" alt=\"two hands in white gloves placing a disc with brown circular forms on a scanner that resembles a turntable\" \/>\n\t\t\t                    <\/div>\n\t\t\t\t\t\t\t\t<div class=\"below-image-slide\">\n\t\t\t\t\t\t\t\t<p class=\"wp-caption caption\">Sa\u0161a Spa\u010dal: <em>TERRA XENOBIOTICA. Eternity Scanner<\/em> with soil chromatogram, 2023, exhibition view, Art Laboratory Berlin, photograph: Tim Deussen<\/p>\n\t\t\t\t\t\t\t\t<\/div>\n\t\t\t                <\/div>\t\t\t\t\t\t\n\t\t\t            \t\t\t                <div class=\"slide\">\n\t\t\t                \t<div class=\"img-box\">\n\t\t\t                    <img decoding=\"async\" src=\"https:\/\/artlaboratory-berlin.org\/wp-content\/uploads\/2023\/11\/20231110_Art-Labatory_TERRA-XENOBIOTICA_0091-Art-Labatory-Artifical_Consciousness-high-res.jpg\" alt=\"a disc with brown circular forms on a scanner that resembles a turntable\" \/>\n\t\t\t                    <\/div>\n\t\t\t\t\t\t\t\t<div class=\"below-image-slide\">\n\t\t\t\t\t\t\t\t<p class=\"wp-caption caption\">Sa\u0161a Spa\u010dal: <em>TERRA XENOBIOTICA. Eternity Scanner<\/em>, 2023, exhibition view, Art Laboratory Berlin, photograph: Tim Deussen<\/p>\n\t\t\t\t\t\t\t\t<\/div>\n\t\t\t                <\/div>\t\t\t\t\t\t\n\t\t\t            \t\t\t                <div class=\"slide\">\n\t\t\t                \t<div class=\"img-box\">\n\t\t\t                    <img decoding=\"async\" src=\"https:\/\/artlaboratory-berlin.org\/wp-content\/uploads\/2023\/11\/20231110_Art-Labatory_TERRA-XENOBIOTICA_0102-Art-Labatory-Artifical_Consciousness-high-res.jpg\" alt=\"six white architectural models of airports on a grey wall. a table with arm and scanner that looks like a turntable in the foreground\" \/>\n\t\t\t                    <\/div>\n\t\t\t\t\t\t\t\t<div class=\"below-image-slide\">\n\t\t\t\t\t\t\t\t<p class=\"wp-caption caption\">Sa\u0161a Spa\u010dal: <em>TERRA XENOBIOTICA. Eternity Scanner<\/em> (in front) and <em>Aeroglyphs\/ Selected Airports<\/em> (on the wall), 2023, exhibition view, Art Laboratory Berlin, photograph: Tim Deussen<\/p>\n\t\t\t\t\t\t\t\t<\/div>\n\t\t\t                <\/div>\t\t\t\t\t\t\n\t\t\t            \t\t\t                <div class=\"slide\">\n\t\t\t                \t<div class=\"img-box\">\n\t\t\t                    <img decoding=\"async\" src=\"https:\/\/artlaboratory-berlin.org\/wp-content\/uploads\/2023\/11\/20231110_Art-Labatory_TERRA-XENOBIOTICA_0009-Art-Labatory-Artifical_Consciousness-high-res.jpg\" alt=\"Six Aeroglyphs, white architectural models of airports on a grey wall\" \/>\n\t\t\t                    <\/div>\n\t\t\t\t\t\t\t\t<div class=\"below-image-slide\">\n\t\t\t\t\t\t\t\t<p class=\"wp-caption caption\">Sa\u0161a Spa\u010dal: <em>TERRA XENOBIOTICA. Eternity Scanner<\/em>, detail of a spinning Aeroglyph (Airport), 2023, exhibition view, Art Laboratory Berlin, photograph: Tim Deussen<\/p>\n\t\t\t\t\t\t\t\t<\/div>\n\t\t\t                <\/div>\t\t\t\t\t\t\n\t\t\t            \t\t\t                <div class=\"slide\">\n\t\t\t                \t<div class=\"img-box\">\n\t\t\t                    <img decoding=\"async\" src=\"https:\/\/artlaboratory-berlin.org\/wp-content\/uploads\/2023\/11\/20231110_Art-Labatory_TERRA-XENOBIOTICA_0034-Art-Labatory-Artifical_Consciousness-high-res.jpg\" alt=\"a blurry turn of a white architectural model turning on a grey wall\" \/>\n\t\t\t                    <\/div>\n\t\t\t\t\t\t\t\t<div class=\"below-image-slide\">\n\t\t\t\t\t\t\t\t<p class=\"wp-caption caption\">Sa\u0161a Spa\u010dal: <em>TERRA XENOBIOTICA. Eternity Scanner<\/em>, detail of a spinning Aeroglyph (Airport), 2023, exhibition view, Art Laboratory Berlin, photograph: Tim Deussen<\/p>\n\t\t\t\t\t\t\t\t<\/div>\n\t\t\t                <\/div>\t\t\t\t\t\t\n\t\t\t            \t\t\t                <div class=\"slide\">\n\t\t\t                \t<div class=\"img-box\">\n\t\t\t                    <img decoding=\"async\" src=\"https:\/\/artlaboratory-berlin.org\/wp-content\/uploads\/2023\/11\/20231110_Art-Labatory_TERRA-XENOBIOTICA_0021-Art-Labatory-Artifical_Consciousness-high-res.jpg\" alt=\"Above a blurry turn of a white architectural model turning on a grey wall. Below a stationary model\" \/>\n\t\t\t                    <\/div>\n\t\t\t\t\t\t\t\t<div class=\"below-image-slide\">\n\t\t\t\t\t\t\t\t<p class=\"wp-caption caption\">Sa\u0161a Spa\u010dal: <em>TERRA XENOBIOTICA. Eternity Scanner<\/em>, detail of a spinning Aeroglyph (Airport), 2023, exhibition view, Art Laboratory Berlin, photograph: Tim Deussen<\/p>\n\t\t\t\t\t\t\t\t<\/div>\n\t\t\t                <\/div>\t\t\t\t\t\t\n\t\t\t            \t\t\t                <div class=\"slide\">\n\t\t\t                \t<div class=\"img-box\">\n\t\t\t                    <img decoding=\"async\" src=\"https:\/\/artlaboratory-berlin.org\/wp-content\/uploads\/2023\/11\/20231110_Art-Labatory_TERRA-XENOBIOTICA_0154-Art-Labatory-Artifical_Consciousness-high-res.jpg\" alt=\"people sitting watching the film &#039;Holding Patterns&#039; table with red darkroom lights in the foregraound\" \/>\n\t\t\t                    <\/div>\n\t\t\t\t\t\t\t\t<div class=\"below-image-slide\">\n\t\t\t\t\t\t\t\t<p class=\"wp-caption caption\">Sa\u0161a Spa\u010dal: <em>TERRA XENOBIOTICA\/ Holding Patterns<\/em>, film, exhibition view, Art Laboratory Berlin, 2023, photo: Tim Deussen<\/p>\n\t\t\t\t\t\t\t\t<\/div>\n\t\t\t                <\/div>\t\t\t\t\t\t\n\t\t\t            \t\t\t                <div class=\"slide\">\n\t\t\t                \t<div class=\"img-box\">\n\t\t\t                    <img decoding=\"async\" src=\"https:\/\/artlaboratory-berlin.org\/wp-content\/uploads\/2023\/10\/Holding-Patterns-PR15-copy-WEB-scaled.jpg\" alt=\"\" \/>\n\t\t\t                    <\/div>\n\t\t\t\t\t\t\t\t<div class=\"below-image-slide\">\n\t\t\t\t\t\t\t\t<p class=\"wp-caption caption\">Sa\u0161a Spa\u010dal: <em>TERRA XENOBIOTICA\/ Holding Patterns<\/em>, Filmstill, 2023<\/p>\n\t\t\t\t\t\t\t\t<\/div>\n\t\t\t                <\/div>\t\t\t\t\t\t\n\t\t\t            \t\t\t    <\/div>\n\t\t\t\t\t\t<\/div>\n\t\n\t\t\n\n\n<p><br>Die Installation <em>Eternity Scanner<\/em>, die auf einem Aufenthalt im Rillig-Labor f\u00fcr Pflanzen\u00f6kologie an der Freien Universit\u00e4t Berlin basiert, l\u00e4dt die \u00d6ffentlichkeit ein, zu erforschen, wie Schadstoffe, insbesondere PFAS wie Teflon, so genannte &#8218;forever chemicals&#8216;, in die B\u00f6den von Flugh\u00e4fen eindringen. Sie bilden <em>Gradients of Eternity<\/em>, eine Datenbank, die als erste von vielen geschaffen wurde, um ein neuronales KI-Netz zu trainieren, das PFAS-Verschmutzungen auf Bodenchromas erkennen kann, und die metaphorisch die 85 Jahre seit der ersten zuf\u00e4lligen Entdeckung von PFAS symbolisiert. Die Besucher:innen werden eingeladen, ein Bodenchroma auszuw\u00e4hlen und es auf den <em>Eternity Scanner<\/em> zu legen, der wie ein zeitgen\u00f6ssisches Orakel wirkt. &#8222;Die Anweisung ist klar und \u00fcberzeugend; unsere einzige erforderliche Handlung besteht darin, uns auf die fortw\u00e4hrenden Klanglandschaften des Scanners einzustellen&#8220;, bemerkt die K\u00fcnstlerin. Angetrieben von einer k\u00fcnstlichen Intelligenz liest der Scanner das Chroma und erzeugt eine Sonifikation der darin enthaltenen Informationen, die wie ein klarer Ruf an eine neue Generation ergeht, die das Land nicht als Herrschaft, sondern als Verwandtschaft (kinship) betrachtet.<br><br>Der von Sa\u0161a Spa\u010dal und der Kulturtheoretikerin Alison Sperling geschriebene Film <em>Holding Patterns<\/em> entwirft ein dystopisches Szenario einer nahen Zukunft, in dem Flugh\u00e4fen zwar noch existieren, aber ohne Funktion sind, und besch\u00e4ftigt sich mit der Verschmutzung von Boden und Erde. Entscheidend f\u00fcr Spa\u010dal ist die &#8222;Frage des Erdens, des Geerdet-Seins und der Erdung im einzigartigen Raum des ikonischen, stillgelegten Berliner Flughafens Tempelhofer Feld&#8220;. Der Film untersucht die komplexen und vielf\u00e4ltigen Epistemologien, die mit modernen Konzepten des Reisens und der Identit\u00e4t verbunden sind, und schl\u00e4gt ein neues Modell der Verantwortung, der F\u00fcrsorge und des Verwaltens vor.<br><br>Art Laboratory Berlin hat bereits mehrfach mit Sa\u0161a Spa\u010dal zusammengearbeitet: Die K\u00fcnstlerin war mit mehreren Arbeiten bei den Ausstellungen <em>The Other Selves. On the Phenomenon of the Microbiome<\/em> (2016) und <em>Nonhuman Networks<\/em> (2017) zu sehen, pr\u00e4sentierte ihre k\u00fcnstlerische Forschung auf der internationalen Konferenz <em>Nohuman Agents<\/em> (2017). 2019 und 2022 hatte die K\u00fcnstlerin mehrmonatige Art-Residency-Aufenthalte bei Art Laboratory Berlin und am Rillig Lab | Pflanzen\u00f6kologie, Institut f\u00fcr Biologie, Freie Universit\u00e4t Berlin, die schlie\u00dflich zur aktuellen Arbeit <em>TERRA XENOBIOTICA<\/em> f\u00fchrten.<br><br>Regine Rapp &amp; Christian de Lutz<br><br><br><\/p>\n\n\n<div class=\"slider-box\">\n\t\t\t\t\t\t    <div class=\"content-slider\">\n\t\t\t            \t\t\t                <div class=\"slide\">\n\t\t\t                \t<div class=\"img-box\">\n\t\t\t                    <img decoding=\"async\" src=\"https:\/\/artlaboratory-berlin.org\/wp-content\/uploads\/2023\/10\/Terra-Xenobiotica_Aeroglyphs_Schiphol_Amsterdam_AMS.png\" alt=\"\" \/>\n\t\t\t                    <\/div>\n\t\t\t\t\t\t\t\t<div class=\"below-image-slide\">\n\t\t\t\t\t\t\t\t<p class=\"wp-caption caption\">Sa\u0161a Spa\u010dal: <em>TERRA XENOBIOTICA: Eternity Scanner\/ Amsterdam Airport Schiphol (AMS)<\/em>, aeroglyphs, 2023<\/p>\n\t\t\t\t\t\t\t\t<\/div>\n\t\t\t                <\/div>\t\t\t\t\t\t\n\t\t\t            \t\t\t                <div class=\"slide\">\n\t\t\t                \t<div class=\"img-box\">\n\t\t\t                    <img decoding=\"async\" src=\"https:\/\/artlaboratory-berlin.org\/wp-content\/uploads\/2023\/10\/Terra-Xenobiotica_Aeroglyphs_Orly_Paris_ORY.png\" alt=\"\" \/>\n\t\t\t                    <\/div>\n\t\t\t\t\t\t\t\t<div class=\"below-image-slide\">\n\t\t\t\t\t\t\t\t<p class=\"wp-caption caption\">Sa\u0161a Spa\u010dal: <em>TERRA XENOBIOTICA: Eternity Scanner\/ Paris Orly Airport (ORY)<\/em>, aeroglyphs, 2023<\/p>\n\t\t\t\t\t\t\t\t<\/div>\n\t\t\t                <\/div>\t\t\t\t\t\t\n\t\t\t            \t\t\t                <div class=\"slide\">\n\t\t\t                \t<div class=\"img-box\">\n\t\t\t                    <img decoding=\"async\" src=\"https:\/\/artlaboratory-berlin.org\/wp-content\/uploads\/2023\/10\/Terra-Xenobiotica_Aeroglyphs_Frankfurt_Germany_FRA1.png\" alt=\"\" \/>\n\t\t\t                    <\/div>\n\t\t\t\t\t\t\t\t<div class=\"below-image-slide\">\n\t\t\t\t\t\t\t\t<p class=\"wp-caption caption\">Sa\u0161a Spa\u010dal: <em>TERRA XENOBIOTICA: Eternity Scanner\/ Frankfurt Airport (FRA)<\/em>, aeroglyphs, 2023<\/p>\n\t\t\t\t\t\t\t\t<\/div>\n\t\t\t                <\/div>\t\t\t\t\t\t\n\t\t\t            \t\t\t                <div class=\"slide\">\n\t\t\t                \t<div class=\"img-box\">\n\t\t\t                    <img decoding=\"async\" src=\"https:\/\/artlaboratory-berlin.org\/wp-content\/uploads\/2023\/10\/Terra-Xenobiotica_Aeroglyphs_GRID.png\" alt=\"\" \/>\n\t\t\t                    <\/div>\n\t\t\t\t\t\t\t\t<div class=\"below-image-slide\">\n\t\t\t\t\t\t\t\t<p class=\"wp-caption caption\">Sa\u0161a Spa\u010dal: <em>TERRA XENOBIOTICA: Eternity Scanner\/ Airports<\/em>, aeroglyphs, 2023<\/p>\n\t\t\t\t\t\t\t\t<\/div>\n\t\t\t                <\/div>\t\t\t\t\t\t\n\t\t\t            \t\t\t                <div class=\"slide\">\n\t\t\t                \t<div class=\"img-box\">\n\t\t\t                    <img decoding=\"async\" src=\"https:\/\/artlaboratory-berlin.org\/wp-content\/uploads\/2023\/10\/Holding-Patterns-PR15-copy-WEB-scaled.jpg\" alt=\"\" \/>\n\t\t\t                    <\/div>\n\t\t\t\t\t\t\t\t<div class=\"below-image-slide\">\n\t\t\t\t\t\t\t\t<p class=\"wp-caption caption\">Sa\u0161a Spa\u010dal: <em>TERRA XENOBIOTICA\/ Holding Patterns<\/em>, Filmstill, 2023<\/p>\n\t\t\t\t\t\t\t\t<\/div>\n\t\t\t                <\/div>\t\t\t\t\t\t\n\t\t\t            \t\t\t                <div class=\"slide\">\n\t\t\t                \t<div class=\"img-box\">\n\t\t\t                    <img decoding=\"async\" src=\"https:\/\/artlaboratory-berlin.org\/wp-content\/uploads\/2023\/10\/Holding-Patterns-PR14-copy-WEB-scaled.jpg\" alt=\"\" \/>\n\t\t\t                    <\/div>\n\t\t\t\t\t\t\t\t<div class=\"below-image-slide\">\n\t\t\t\t\t\t\t\t<p class=\"wp-caption caption\">Sa\u0161a Spa\u010dal: <em>TERRA XENOBIOTICA\/ Holding Patterns<\/em>, Filmstill, 2023<\/p>\n\t\t\t\t\t\t\t\t<\/div>\n\t\t\t                <\/div>\t\t\t\t\t\t\n\t\t\t            \t\t\t                <div class=\"slide\">\n\t\t\t                \t<div class=\"img-box\">\n\t\t\t                    <img decoding=\"async\" src=\"https:\/\/artlaboratory-berlin.org\/wp-content\/uploads\/2023\/10\/Holding-Patterns-PR7-copy-WEB-scaled.jpg\" alt=\"\" \/>\n\t\t\t                    <\/div>\n\t\t\t\t\t\t\t\t<div class=\"below-image-slide\">\n\t\t\t\t\t\t\t\t<p class=\"wp-caption caption\">Sa\u0161a Spa\u010dal: <em>TERRA XENOBIOTICA\/ Holding Patterns<\/em>, Filmstill, 2023<\/p>\n\t\t\t\t\t\t\t\t<\/div>\n\t\t\t                <\/div>\t\t\t\t\t\t\n\t\t\t            \t\t\t                <div class=\"slide\">\n\t\t\t                \t<div class=\"img-box\">\n\t\t\t                    <img decoding=\"async\" src=\"https:\/\/artlaboratory-berlin.org\/wp-content\/uploads\/2023\/10\/A_Full-image_Front-page-FLYER___Holding-Patterns-PR16-WEB-scaled.jpg\" alt=\"The flower\" \/>\n\t\t\t                    <\/div>\n\t\t\t\t\t\t\t\t<div class=\"below-image-slide\">\n\t\t\t\t\t\t\t\t<p class=\"wp-caption caption\">Sa\u0161a Spa\u010dal: <em>TERRA XENOBIOTICA\/ Holding Patterns<\/em>, Filmstill, 2023<\/p>\n\t\t\t\t\t\t\t\t<\/div>\n\t\t\t                <\/div>\t\t\t\t\t\t\n\t\t\t            \t\t\t    <\/div>\n\t\t\t\t\t\t<\/div>\n\t\n\t\t\n\n\n<p><br><em><strong>Sa\u0161a Spa\u010dal<\/strong> (<a href=\"http:\/\/www.agapea.si\" target=\"_blank\" rel=\"noreferrer noopener\">www.agapea.si<\/a>) ist eine K\u00fcnstlerin, die an der Schnittstelle von lebender Systemforschung, zeitgen\u00f6ssischer Kunst und Klangkunst arbeitet. Ihre k\u00fcnstlerische Forschung konzentriert sich auf die Entwicklung technologischer Schnittstellen und Beziehungen zu organischen und mineralischen Bodenwirkstoffen, w\u00e4hrend sie versucht, die posthumanen Verh\u00e4ltnisse zu adressieren, die mechanische, digitale und organische Logik innerhalb der gegenw\u00e4rtigen Biopolitik und Nekropolitik beinhalten.<br>Ihre Arbeiten wurden international ausgestellt und aufgef\u00fchrt: Ars Electronica Festival (AT), Prix Cube (FR), Transmediale Festival (DE), Athens Digital Arts Festival (GR), Perm Museum f\u00fcr zeitgen\u00f6ssische Kunst (RUS); Onassis Cultural Center Athen (GR), Chronos Art Center (CHN), Cynetart Festival (DE), Nationales Kunstmuseum von China (CHN), DaVinci Festival (KR), Museum f\u00fcr zeitgen\u00f6ssische Kunst Metelkova (SI), Kapelica Gallery (SI), Device_art Festival (CRO), Festival der extravaganten K\u00f6rper (CRO), Art Laboratory Berlin (DE), Museum f\u00fcr zeitgen\u00f6ssische Kunst Vojvodina (SRB), Lisboa Soa Festival (PT), Sonica Festival (SI). Sie wurde mit dem Prix Ars Electronica Honorary Mention ausgezeichnet und war nominiert f\u00fcr den Prix Cube und den New Technological Art Award.<\/em><br><br><\/p>\n\n\n\n<figure class=\"wp-block-image size-large\"><img loading=\"lazy\" decoding=\"async\" width=\"1024\" height=\"682\" src=\"https:\/\/artlaboratory-berlin.org\/wp-content\/uploads\/2021\/05\/05-Sas\u030ca-Spac\u030cal-Photo-Tadej-C\u030caus\u030cevic\u030c-WEB-1024x682.jpg\" alt=\"\" class=\"wp-image-3709\" srcset=\"https:\/\/artlaboratory-berlin.org\/wp-content\/uploads\/2021\/05\/05-Sas\u030ca-Spac\u030cal-Photo-Tadej-C\u030caus\u030cevic\u030c-WEB-1024x682.jpg 1024w, https:\/\/artlaboratory-berlin.org\/wp-content\/uploads\/2021\/05\/05-Sas\u030ca-Spac\u030cal-Photo-Tadej-C\u030caus\u030cevic\u030c-WEB-300x200.jpg 300w, https:\/\/artlaboratory-berlin.org\/wp-content\/uploads\/2021\/05\/05-Sas\u030ca-Spac\u030cal-Photo-Tadej-C\u030caus\u030cevic\u030c-WEB-768x512.jpg 768w, https:\/\/artlaboratory-berlin.org\/wp-content\/uploads\/2021\/05\/05-Sas\u030ca-Spac\u030cal-Photo-Tadej-C\u030caus\u030cevic\u030c-WEB-1536x1024.jpg 1536w, https:\/\/artlaboratory-berlin.org\/wp-content\/uploads\/2021\/05\/05-Sas\u030ca-Spac\u030cal-Photo-Tadej-C\u030caus\u030cevic\u030c-WEB-580x387.jpg 580w, https:\/\/artlaboratory-berlin.org\/wp-content\/uploads\/2021\/05\/05-Sas\u030ca-Spac\u030cal-Photo-Tadej-C\u030caus\u030cevic\u030c-WEB.jpg 2000w\" sizes=\"auto, (max-width: 1024px) 100vw, 1024px\" \/><figcaption class=\"wp-element-caption\">Sa\u0161a Spa\u010dal, Foto: Tadej \u010cau\u0161evi\u010d<\/figcaption><\/figure>\n\n\n\n<p><br><\/p>\n\n\n\n<h2 class=\"wp-block-heading\"><br>Tag der Er\u00f6ffnung, 10. November 2023<\/h2>\n\n\n<div class=\"slider-box\">\n\t\t\t\t\t\t    <div class=\"content-slider\">\n\t\t\t            \t\t\t                <div class=\"slide\">\n\t\t\t                \t<div class=\"img-box\">\n\t\t\t                    <img decoding=\"async\" src=\"https:\/\/artlaboratory-berlin.org\/wp-content\/uploads\/2023\/11\/20231110_Art-Labatory_TERRA-XENOBIOTICA_0336-Art-Labatory-Artifical_Consciousness-high-res.jpg\" alt=\"People listening to a curator speak at the opening of the exhibition\" \/>\n\t\t\t                    <\/div>\n\t\t\t\t\t\t\t\t<div class=\"below-image-slide\">\n\t\t\t\t\t\t\t\t<p class=\"wp-caption caption\">Sa\u0161a Spa\u010dal: <em>TERRA XENOBIOTICA<\/em>, opening of the exhibition, Art Laboratory Berlin, 10 November 2023, photo: Tim Deussen<\/p>\n\t\t\t\t\t\t\t\t<\/div>\n\t\t\t                <\/div>\t\t\t\t\t\t\n\t\t\t            \t\t\t                <div class=\"slide\">\n\t\t\t                \t<div class=\"img-box\">\n\t\t\t                    <img decoding=\"async\" src=\"https:\/\/artlaboratory-berlin.org\/wp-content\/uploads\/2023\/11\/20231110_Art-Labatory_TERRA-XENOBIOTICA_0327-Art-Labatory-Artifical_Consciousness-high-res.jpg\" alt=\"People listening to the artist speak at the opening of the exhibition\" \/>\n\t\t\t                    <\/div>\n\t\t\t\t\t\t\t\t<div class=\"below-image-slide\">\n\t\t\t\t\t\t\t\t<p class=\"wp-caption caption\">Sa\u0161a Spa\u010dal: <em>TERRA XENOBIOTICA<\/em>, opening of the exhibition, Art Laboratory Berlin, 10 November 2023, photo: Tim Deussen<\/p>\n\t\t\t\t\t\t\t\t<\/div>\n\t\t\t                <\/div>\t\t\t\t\t\t\n\t\t\t            \t\t\t                <div class=\"slide\">\n\t\t\t                \t<div class=\"img-box\">\n\t\t\t                    <img decoding=\"async\" src=\"https:\/\/artlaboratory-berlin.org\/wp-content\/uploads\/2023\/11\/20231110_Art-Labatory_TERRA-XENOBIOTICA_0309-Art-Labatory-Artifical_Consciousness-high-res.jpg\" alt=\"People listening to a person speaking at the opening of the exhibition\" \/>\n\t\t\t                    <\/div>\n\t\t\t\t\t\t\t\t<div class=\"below-image-slide\">\n\t\t\t\t\t\t\t\t<p class=\"wp-caption caption\">Sa\u0161a Spa\u010dal: <em>TERRA XENOBIOTICA<\/em>, opening of the exhibition, Art Laboratory Berlin, 10 November 2023, photo: Tim Deussen<\/p>\n\t\t\t\t\t\t\t\t<\/div>\n\t\t\t                <\/div>\t\t\t\t\t\t\n\t\t\t            \t\t\t                <div class=\"slide\">\n\t\t\t                \t<div class=\"img-box\">\n\t\t\t                    <img decoding=\"async\" src=\"https:\/\/artlaboratory-berlin.org\/wp-content\/uploads\/2023\/11\/20231110_Art-Labatory_TERRA-XENOBIOTICA_0268-Art-Labatory-Artifical_Consciousness-high-res.jpg\" alt=\"Three people standing in front of artwork\" \/>\n\t\t\t                    <\/div>\n\t\t\t\t\t\t\t\t<div class=\"below-image-slide\">\n\t\t\t\t\t\t\t\t<p class=\"wp-caption caption\">Sa\u0161a Spa\u010dal: <em>TERRA XENOBIOTICA<\/em>, opening of the exhibition, from left to right: Sa\u0161a \u0160avel-Burkart (SKICA), Sa\u0161a Spa\u010dal, Regine Rapp, 10 November 2023, Art Laboratory Berlin, photo: Tim Deussen<\/p>\n\t\t\t\t\t\t\t\t<\/div>\n\t\t\t                <\/div>\t\t\t\t\t\t\n\t\t\t            \t\t\t                <div class=\"slide\">\n\t\t\t                \t<div class=\"img-box\">\n\t\t\t                    <img decoding=\"async\" src=\"https:\/\/artlaboratory-berlin.org\/wp-content\/uploads\/2023\/11\/20231110_Art-Labatory_TERRA-XENOBIOTICA_0242-Art-Labatory-Artifical_Consciousness-high-res.jpg\" alt=\"a group of people standing in front of artwork\" \/>\n\t\t\t                    <\/div>\n\t\t\t\t\t\t\t\t<div class=\"below-image-slide\">\n\t\t\t\t\t\t\t\t<p class=\"wp-caption caption\">Sa\u0161a Spa\u010dal: <em>TERRA XENOBIOTICA<\/em>, Tag der Er\u00f6ffnung der Ausstellung, v.l.n.r.: Regine Rapp, Sueli Marsella, Sa\u0161a Spa\u010dal, Alessia Sforza, Eva Papanikolaou, Christian de Lutz, Tuce Erel, Art Laboratory Berlin, 10. November 2023, Foto: Tim Deussen<\/p>\n\t\t\t\t\t\t\t\t<\/div>\n\t\t\t                <\/div>\t\t\t\t\t\t\n\t\t\t            \t\t\t                <div class=\"slide\">\n\t\t\t                \t<div class=\"img-box\">\n\t\t\t                    <img decoding=\"async\" src=\"https:\/\/artlaboratory-berlin.org\/wp-content\/uploads\/2023\/11\/20231110_Art-Labatory_TERRA-XENOBIOTICA_0232-Art-Labatory-Artifical_Consciousness-high-res.jpg\" alt=\"Three people standing in front of artwork\" \/>\n\t\t\t                    <\/div>\n\t\t\t\t\t\t\t\t<div class=\"below-image-slide\">\n\t\t\t\t\t\t\t\t<p class=\"wp-caption caption\">Sa\u0161a Spa\u010dal: <em>TERRA XENOBIOTICA<\/em>, opening of the exhibition, from left to right: Regine Rapp, Sa\u0161a Spa\u010dal, Christian de Lutz, Art Laboratory Berlin, 10 November 2023, photo: Tim Deussen<\/p>\n\t\t\t\t\t\t\t\t<\/div>\n\t\t\t                <\/div>\t\t\t\t\t\t\n\t\t\t            \t\t\t                <div class=\"slide\">\n\t\t\t                \t<div class=\"img-box\">\n\t\t\t                    <img decoding=\"async\" src=\"https:\/\/artlaboratory-berlin.org\/wp-content\/uploads\/2023\/11\/20231110_Art-Labatory_TERRA-XENOBIOTICA_0255-Art-Labatory-Artifical_Consciousness-high-res-scaled.jpg\" alt=\"two people standing in front of the artwork, 85 discs on a grey wall\" \/>\n\t\t\t                    <\/div>\n\t\t\t\t\t\t\t\t<div class=\"below-image-slide\">\n\t\t\t\t\t\t\t\t<p class=\"wp-caption caption\">Sa\u0161a Spa\u010dal: <em>TERRA XENOBIOTICA. Gradients of Eternity<\/em>, 2023, exhibition view, Art Laboratory Berlin, photograph: Tim Deussen<\/p>\n\t\t\t\t\t\t\t\t<\/div>\n\t\t\t                <\/div>\t\t\t\t\t\t\n\t\t\t            \t\t\t    <\/div>\n\t\t\t\t\t\t<\/div>\n\t\n\t\t\n\n\n<h2 class=\"wp-block-heading\"><br>Presse Feedback<\/h2>\n\n\n\n<p><a href=\"https:\/\/www.tagesspiegel.de\/wissen\/was-von-uns-bleibt-vom-gift-in-himmel-und-erde-10784755.html\" target=\"_blank\" rel=\"noreferrer noopener\">Kunstprojekt \u00fcber kontaminierte B\u00f6den: Vom Gift in Himmel und Erde<\/a>, im Tagesspiegel von Martin Ballaschk (16. November 2023)<br><br><a href=\"https:\/\/www.art-in-berlin.de\/incbmeld.php?id=6474\" target=\"_blank\" rel=\"noreferrer noopener\">Sound of Soil \u2013 Was aus dem Boden spricht. Sa\u0161a Spa\u010dal bei Art Laboratory Berlin<\/a>, in art-in-berlin von Katja Hock (26. November 2023)<br><a href=\"https:\/\/clotmag.com\/news\/insight-sasa-spacals-terra-xenobiotica-delving-into-the-soil-life-hidden-beneath-the-ceaseless-traffic-of-airports\" target=\"_blank\" rel=\"noreferrer noopener\"><br>Insight: Sa\u0161a Spa\u010dal\u2019s TERRA XENOBIOTICA, delving into the soil life hidden beneath the ceaseless traffic of airports<\/a>, im CLOT Magazine von Annique Cockerill (30. November 2024)<br><br><\/p>\n<\/div>\n\n\n\n<div class=\"wp-block-column info-sidebar is-layout-flow wp-block-column-is-layout-flow\">\n<!-- Simple Share Buttons Adder (8.5.3) simplesharebuttons.com --><div class=\"ssba-modern-2 ssba ssbp-wrap alignleft ssbp--theme-2\"><div style=\"text-align:left\"><span class=\"ssba-share-text\">Share<\/span><br\/><ul class=\"ssbp-list\"><li class='ssbp-li--facebook'><a data-site=\"facebook\" class=\"ssba_facebook_share ssba_share_link ssbp-facebook ssbp-btn\" href=\"https:\/\/www.facebook.com\/sharer.php?t=TERRA XENOBIOTICA&u=https:\/\/artlaboratory-berlin.org\/de\/wp-json\/wp\/v2\/exhibition\/13312\"  target=_blank  style=\"color:#4267B2; background-color: #4267B2; height: 24px; width: 24px; background: #000000;\" ><span><svg xmlns=\"http:\/\/www.w3.org\/2000\/svg\" fill=\"#fff\" preserveAspectRatio=\"xMidYMid meet\" height=\"1em\" width=\"1em\" viewBox=\"0 0 40 40\">\n  <g>\n    <path d=\"m21.7 16.7h5v5h-5v11.6h-5v-11.6h-5v-5h5v-2.1c0-2 0.6-4.5 1.8-5.9 1.3-1.3 2.8-2 4.7-2h3.5v5h-3.5c-0.9 0-1.5 0.6-1.5 1.5v3.5z\"><\/path>\n  <\/g>\n<\/svg>\n\n<\/span><span class=\"color-icon\"><svg xmlns=\"http:\/\/www.w3.org\/2000\/svg\" width=\"16\" height=\"28\" viewBox=\"0 0 16 28\">\n  <path fill=\"#3B5998\" d=\"M10.7,10.7 L15.7,10.7 L15.7,15.7 L10.7,15.7 L10.7,27.3 L5.7,27.3 L5.7,15.7 L0.7,15.7 L0.7,10.7 L5.7,10.7 L5.7,8.6 C5.7,6.6 6.3,4.1 7.5,2.7 C8.8,1.4 10.3,0.7 12.2,0.7 L15.7,0.7 L15.7,5.7 L12.2,5.7 C11.3,5.7 10.7,6.3 10.7,7.2 L10.7,10.7 Z\"\/>\n<\/svg>\n<\/span><div title=\"Facebook\" class=\"ssbp-text\">Facebook<\/div><\/a><\/li><li class='ssbp-li--email'><a data-site=\"email\" class=\"ssba_email_share ssba_share_link ssbp-email ssbp-btn\" href=\"mailto:?subject=TERRA XENOBIOTICA&body=https:\/\/artlaboratory-berlin.org\/de\/wp-json\/wp\/v2\/exhibition\/13312\"  target=_blank  style=\"color:#7d7d7d; background-color: #7d7d7d; height: 24px; width: 24px; background: #000000;\" ><span><svg xmlns=\"http:\/\/www.w3.org\/2000\/svg\" fill=\"#fff\" preserveAspectRatio=\"xMidYMid meet\" height=\"1em\" width=\"1em\" viewBox=\"0 0 40 40\">\n  <g>\n    <path d=\"m33.4 13.4v-3.4l-13.4 8.4-13.4-8.4v3.4l13.4 8.2z m0-6.8q1.3 0 2.3 1.1t0.9 2.3v20q0 1.3-0.9 2.3t-2.3 1.1h-26.8q-1.3 0-2.3-1.1t-0.9-2.3v-20q0-1.3 0.9-2.3t2.3-1.1h26.8z\"><\/path>\n  <\/g>\n<\/svg>\n\n<\/span><span class=\"color-icon\"><svg xmlns=\"http:\/\/www.w3.org\/2000\/svg\" width=\"34\" height=\"28\" viewBox=\"0 0 34 28\">\n  <path fill=\"#7D7D7D\" d=\"M30.4,7.4 L30.4,4 L17,12.4 L3.6,4 L3.6,7.4 L17,15.6 L30.4,7.4 Z M30.4,0.6 C31.2666667,0.6 32.0333333,0.966666667 32.7,1.7 C33.3666667,2.43333333 33.6666667,3.2 33.6,4 L33.6,24 C33.6,24.8666667 33.3,25.6333333 32.7,26.3 C32.1,26.9666667 31.3333333,27.3333333 30.4,27.4 L3.6,27.4 C2.73333333,27.4 1.96666667,27.0333333 1.3,26.3 C0.633333333,25.5666667 0.333333333,24.8 0.4,24 L0.4,4 C0.4,3.13333333 0.7,2.36666667 1.3,1.7 C1.9,1.03333333 2.66666667,0.666666667 3.6,0.6 L30.4,0.6 Z\"\/>\n<\/svg>\n<\/span><div title=\"Email\" class=\"ssbp-text\">Email<\/div><\/a><\/li><\/ul><\/div><\/div>\n\n\n\n<h4 class=\"wp-block-heading\">ORT<\/h4>\n\n\n\n<p>Art Laboratory Berlin<br>Prinzenallee 34, 13359 Berlin<\/p>\n\n\n\n<h4 class=\"wp-block-heading\">DatEN UND \u00d6FFNUNGSZEITEN<\/h4>\n\n\n\n<p>Vernissage: 10. November 2023, 20 Uhr<br>Laufzeit: 11. November &#8211; 4. Februar 2024 <br>(Geschlossen 21. &#8211; 31. December 2023)<br>Do \u2013 So, 14 &#8211; 18 Uhr<\/p>\n\n\n\n<h4 class=\"wp-block-heading\">ARTIST TALK | Berlin science week<\/h4>\n\n\n\n<p>Im Rahmen der BERLIN SCIENCE WEEK wird Sa\u0161a Spa\u010dal eine Einf\u00fchrung in ihr neues k\u00fcnstlerisches Projekt <em>TERRA XENOBIOTICA<\/em> geben.<br>Moderiert von Regine Rapp<br>10. November 2023, 18 Uhr <br>In Kooperation mit SKICA Berlin<br>Anmeldung erforderlich: <br>register@artlaboratory-berlin.org<\/p>\n\n\n\n<h4 class=\"wp-block-heading\"><br><br>KuratIERT UND PRODUZIERT VON<\/h4>\n\n\n\n<p>Regine Rapp &amp; Christian de Lutz<\/p>\n\n\n\n<h4 class=\"wp-block-heading\">ALB Team<\/h4>\n\n\n\n<p>Regine Rapp, Christian de Lutz, Tu\u00e7e Erel, <br>Alessia Sforza, Julie Krej\u010d\u00ed, Eva Papanikolaou, Sueli Marsella<\/p>\n\n\n\n<h4 class=\"wp-block-heading\">TERRA XENOBIOTICA | CREDITS<\/h4>\n\n\n\n<p>Wissenschaftliche Beratung: India Mansour<br>Storytelling: Alison Sperling<br>Film-Montage: Maja Andlovic <br>Installation: Dmitry Morozov<br>Assistenz: Flore Wormskamp<\/p>\n\n\n\n<h4 class=\"wp-block-heading\">Kooperationspartner:innen<\/h4>\n\n\n\n<p>Slowenisches Kulturzentrum \u2013 SKICA Berlin<br>Rillig Lab | Plant Ecologies, Institut f\u00fcr Biologie, Freie Universit\u00e4t Berlin<br>Technische Universit\u00e4t Berlin<br>Berlin Science Week<\/p>\n\n\n\n<h4 class=\"wp-block-heading\">Medienpartner:innen<\/h4>\n\n\n\n<p>CLOT Magazine<br>art-in-berlin<\/p>\n\n\n\n<h4 class=\"wp-block-heading\">UNterst\u00fctzt von<\/h4>\n\n\n\n<p> <\/p>\n\n\n\n<figure class=\"wp-block-image size-large is-resized\"><img loading=\"lazy\" decoding=\"async\" src=\"https:\/\/artlaboratory-berlin.org\/wp-content\/uploads\/2023\/10\/rgb-SKICA-BERLIN-LOGO-slo-de.cleaned_CUT_A-1024x382.jpg\" alt=\"\" class=\"wp-image-14706\" width=\"172\" height=\"64\" srcset=\"https:\/\/artlaboratory-berlin.org\/wp-content\/uploads\/2023\/10\/rgb-SKICA-BERLIN-LOGO-slo-de.cleaned_CUT_A-1024x382.jpg 1024w, https:\/\/artlaboratory-berlin.org\/wp-content\/uploads\/2023\/10\/rgb-SKICA-BERLIN-LOGO-slo-de.cleaned_CUT_A-300x112.jpg 300w, https:\/\/artlaboratory-berlin.org\/wp-content\/uploads\/2023\/10\/rgb-SKICA-BERLIN-LOGO-slo-de.cleaned_CUT_A-768x286.jpg 768w, https:\/\/artlaboratory-berlin.org\/wp-content\/uploads\/2023\/10\/rgb-SKICA-BERLIN-LOGO-slo-de.cleaned_CUT_A-580x216.jpg 580w, https:\/\/artlaboratory-berlin.org\/wp-content\/uploads\/2023\/10\/rgb-SKICA-BERLIN-LOGO-slo-de.cleaned_CUT_A.jpg 1170w\" sizes=\"auto, (max-width: 172px) 100vw, 172px\" \/><\/figure>\n\n\n\n<p> <\/p>\n\n\n\n<figure class=\"wp-block-image size-large is-resized\"><img loading=\"lazy\" decoding=\"async\" src=\"https:\/\/artlaboratory-berlin.org\/wp-content\/uploads\/2023\/10\/Rillig-Lab_Wort-Bild-Marke_CMYK-LOW-RES-1024x291.jpg\" alt=\"\" class=\"wp-image-14830\" width=\"164\" height=\"46\" srcset=\"https:\/\/artlaboratory-berlin.org\/wp-content\/uploads\/2023\/10\/Rillig-Lab_Wort-Bild-Marke_CMYK-LOW-RES-1024x291.jpg 1024w, https:\/\/artlaboratory-berlin.org\/wp-content\/uploads\/2023\/10\/Rillig-Lab_Wort-Bild-Marke_CMYK-LOW-RES-300x85.jpg 300w, https:\/\/artlaboratory-berlin.org\/wp-content\/uploads\/2023\/10\/Rillig-Lab_Wort-Bild-Marke_CMYK-LOW-RES-768x218.jpg 768w, https:\/\/artlaboratory-berlin.org\/wp-content\/uploads\/2023\/10\/Rillig-Lab_Wort-Bild-Marke_CMYK-LOW-RES-1536x437.jpg 1536w, https:\/\/artlaboratory-berlin.org\/wp-content\/uploads\/2023\/10\/Rillig-Lab_Wort-Bild-Marke_CMYK-LOW-RES-2048x582.jpg 2048w, https:\/\/artlaboratory-berlin.org\/wp-content\/uploads\/2023\/10\/Rillig-Lab_Wort-Bild-Marke_CMYK-LOW-RES-580x165.jpg 580w\" sizes=\"auto, (max-width: 164px) 100vw, 164px\" \/><\/figure>\n\n\n\n<p> <\/p>\n\n\n\n<figure class=\"wp-block-image size-full is-resized\"><img loading=\"lazy\" decoding=\"async\" src=\"https:\/\/artlaboratory-berlin.org\/wp-content\/uploads\/2021\/04\/B_SEN_KuEu_Logo_DE_V_P_1C.jpg\" alt=\"\" class=\"wp-image-1101\" width=\"135\" height=\"78\" srcset=\"https:\/\/artlaboratory-berlin.org\/wp-content\/uploads\/2021\/04\/B_SEN_KuEu_Logo_DE_V_P_1C.jpg 500w, https:\/\/artlaboratory-berlin.org\/wp-content\/uploads\/2021\/04\/B_SEN_KuEu_Logo_DE_V_P_1C-300x175.jpg 300w\" sizes=\"auto, (max-width: 135px) 100vw, 135px\" \/><\/figure>\n\n\n<h4 class=\"related-sidebar-heading\">Teil des Forschungsprojekts:<\/h4>\n    <p><a href=\"https:\/\/artlaboratory-berlin.org\/de\/forschung\/terra-xenobiotica-or-how-to-belong\/\">Terra Xenobiotica or How to Belong<\/a><\/p>\n    <\/div>\n<\/div>\n\n\n\n<div class=\"wp-block-columns related bg-black is-layout-flex wp-container-core-columns-is-layout-9d6595d7 wp-block-columns-is-layout-flex\">\n<div class=\"wp-block-column container is-layout-flow wp-block-column-is-layout-flow\">\n<h2 class=\"wp-block-heading\">Im Kontext<\/h2>\n\n\n\n<div class=\"wp-block-columns is-layout-flex wp-container-core-columns-is-layout-9d6595d7 wp-block-columns-is-layout-flex\">\n<div class=\"wp-block-column is-layout-flow wp-block-column-is-layout-flow\">            <div class=\"post-block\">\n                <a href=\"https:\/\/artlaboratory-berlin.org\/de\/forschung\/terra-xenobiotica-or-how-to-belong\/\" rel=\"bookmark\" class=\"img-box h-100\" title=\"TERRA XENOBIOTICA\">\n                <img loading=\"lazy\" decoding=\"async\" width=\"551\" height=\"358\" src=\"https:\/\/artlaboratory-berlin.org\/wp-content\/uploads\/2022\/10\/Terra-Xenobiotica-Residency-Sas\u030ca-Spac\u030cal1-551x358.jpg\" class=\"img-fluid wp-post-image\" alt=\"\" \/>  <img decoding=\"async\" src=\"https:\/\/artlaboratory-berlin.org\/wp-content\/uploads\/2021\/05\/05-Sas\u030ca-Spac\u030cal-Photo-Tadej-C\u030caus\u030cevic\u030c-WEB-551x358.jpg\" alt=\"\" class=\"img-fluid second-thumb\">\n<\/a>\t\t\n<header class=\"entry-header article-header\">\n              <a class=\"meta-info research\" href=\"https:\/\/artlaboratory-berlin.org\/de\/forschung\/\">\n                                Forschung                                <\/a><span class=\"cat\"> \n    <\/span>\n\n                   <h3 class=\"h2 entry-title mt-2\">\n                       <a href=\"https:\/\/artlaboratory-berlin.org\/de\/forschung\/terra-xenobiotica-or-how-to-belong\/\">Terra Xenobiotica or How to Belong<\/a>\n                    <\/h3> \n                    <ol class=\"post-subheadings\"><li class=\"heading-level-2\">Artistic Research<\/li><li class=\"heading-level-3\">Sa\u0161a Spa\u010dal<\/li><\/ol>\t                <span class=\"info-line-preview\">Herbst 2022 + Herbst 2023<\/span>\n                  <\/header>  \n                    <p>In den Monaten Oktober und November 2022 betreibt die Bio-Medienk\u00fcnstlerin Sa\u0161a Spa\u010dal k\u00fcnstlerische Forschung f\u00fcr ihr neues Projekt &#8222;Terra Xenobiotica or How to Belong&#8220; im Labor der Rillig-Gruppe | \u00d6kologie der Pflanzen, Institut f\u00fcr Biologie, FU Berlin und bei Art Laboratory Berlin. In ihrem Projekt erkundet Spa\u010dal k\u00fcnstlerisch die \u00d6kologie des Bodens.<\/p>\n                    <a href=\"https:\/\/artlaboratory-berlin.org\/de\/forschung\/terra-xenobiotica-or-how-to-belong\/\" class=\"read-more\" rel=\"bookmark\" title=\"TERRA XENOBIOTICA\">\n                    Mehr lesen<\/a>\n<\/div><\/div>\n\n\n\n<div class=\"wp-block-column is-layout-flow wp-block-column-is-layout-flow\">            <div class=\"post-block\">\n                <a href=\"https:\/\/artlaboratory-berlin.org\/de\/veranstaltungen\/terra-xenobiotica-or-how-to-belong-artist-talk\/\" rel=\"bookmark\" class=\"img-box h-100\" title=\"TERRA XENOBIOTICA\">\n                <img loading=\"lazy\" decoding=\"async\" width=\"551\" height=\"358\" src=\"https:\/\/artlaboratory-berlin.org\/wp-content\/uploads\/2022\/10\/Terra-Xenobiotica-Residency-Sas\u030ca-Spac\u030cal-02-Event-Photo_web-551x358.jpg\" class=\"img-fluid wp-post-image\" alt=\"\" \/>  <img decoding=\"async\" src=\"https:\/\/artlaboratory-berlin.org\/wp-content\/uploads\/2022\/10\/Terra-Xenobiotica-Residency-Sas\u030ca-Spac\u030cal-03-Event-Photo_web-551x358.jpg\" alt=\"\" class=\"img-fluid second-thumb\">\n<\/a>\t\t\n<header class=\"entry-header article-header\">\n              <a class=\"meta-info event\" href=\"https:\/\/artlaboratory-berlin.org\/de\/veranstaltungen\/\">\n                                Veranstaltung                                <\/a><span class=\"cat\"> \n    Talk<\/span>\n\n                   <h3 class=\"h2 entry-title mt-2\">\n                       <a href=\"https:\/\/artlaboratory-berlin.org\/de\/veranstaltungen\/terra-xenobiotica-or-how-to-belong-artist-talk\/\">TERRA XENOBIOTICA OR HOW TO BELONG<\/a>\n                    <\/h3> \n                    <ol class=\"post-subheadings\"><li class=\"heading-level-3\">Artist Talk |&nbsp;Sa\u0161a Spa\u010dal<\/li><\/ol>\t                <span class=\"info-line-preview\">25. November 2022<\/span>\n                  <\/header>  \n                    <p>Die Bio-Medien-K\u00fcnstlerin Sa\u0161a Spa\u010dal wird \u00fcber ihr neues k\u00fcnstlerisches Forschungsprojekt sprechen, das sich derzeit entwickelt. Von Oktober bis November 2022 forscht die K\u00fcnstlerin f\u00fcr ihr neues Projekt &#8222;Terra Xenobiotica oder How to Belong&#8220; im Labor der Rillig-Gruppe | \u00d6kologie der Pflanzen, Institut f\u00fcr Biologie, Freie Universit\u00e4t Berlin und im Art Laboratory Berlin.<\/p>\n                    <a href=\"https:\/\/artlaboratory-berlin.org\/de\/veranstaltungen\/terra-xenobiotica-or-how-to-belong-artist-talk\/\" class=\"read-more\" rel=\"bookmark\" title=\"TERRA XENOBIOTICA\">\n                    Mehr lesen<\/a>\n<\/div><\/div>\n\n\n\n<div class=\"wp-block-column is-layout-flow wp-block-column-is-layout-flow\">            <div class=\"post-block\">\n                <a href=\"https:\/\/artlaboratory-berlin.org\/de\/ausstellungen\/nonhuman-agents-nonhuman-networks\/\" rel=\"bookmark\" class=\"img-box h-100\" title=\"TERRA XENOBIOTICA\">\n                <img loading=\"lazy\" decoding=\"async\" width=\"551\" height=\"358\" src=\"https:\/\/artlaboratory-berlin.org\/wp-content\/uploads\/2021\/05\/SL_20171013_NonhumanN_0018-551x358.jpg\" class=\"img-fluid wp-post-image\" alt=\"\" \/>  <img decoding=\"async\" src=\"https:\/\/artlaboratory-berlin.org\/wp-content\/uploads\/2021\/05\/HB-RESILIENT-TOPOGRAPHIES-VIDEO-STILL-551x358.jpg\" alt=\"\" class=\"img-fluid second-thumb\">\n<\/a>\t\t\n<header class=\"entry-header article-header\">\n              <a class=\"meta-info exhibition\" href=\"https:\/\/artlaboratory-berlin.org\/de\/ausstellungen\/\">\n                                Ausstellung                                <\/a><span class=\"cat\"> \n    <\/span>\n\n                   <h3 class=\"h2 entry-title mt-2\">\n                       <a href=\"https:\/\/artlaboratory-berlin.org\/de\/ausstellungen\/nonhuman-agents-nonhuman-networks\/\">Nonhuman Agents<\/a>\n                    <\/h3> \n                    <ol class=\"post-subheadings\"><li class=\"heading-level-2\">Nonhuman Networks<\/li><li class=\"heading-level-3\">Heather Barnett | Sa\u0161a Spa\u010dal, Mirjan \u0160vagelj &amp; Anil Podgornik<\/li><\/ol>\t                <span class=\"info-line-preview\">30. September &#8211; 26. November 2017<\/span>\n                  <\/header>  \n                    <p>Wie funktioniert das gr\u00f6\u00dfte einzellige Lebewesen der Welt als Computer? K\u00f6nnen wir das sogenannte &#8222;Internet der B\u00e4ume&#8220; anzapfen? Performative Arbeiten erm\u00f6glichen dem Publikum nichtsprachliche Formen der Wahrnehmung und des Kontakts mit mehreren t\u00e4uschend einfachen Lebensformen.<\/p>\n                    <a href=\"https:\/\/artlaboratory-berlin.org\/de\/ausstellungen\/nonhuman-agents-nonhuman-networks\/\" class=\"read-more\" rel=\"bookmark\" title=\"TERRA XENOBIOTICA\">\n                    Mehr lesen<\/a>\n<\/div><\/div>\n<\/div>\n<\/div>\n<\/div>\n","protected":false},"excerpt":{"rendered":"<p>Art Laboratory Berlin freut sich, die Einzelausstellung der Bio Medien-K\u00fcnstlerin Sa\u0161a Spa\u010dal mit der neu produzierten k\u00fcnstlerischen Arbeit &#8222;Terra Xenobiotica&#8220;. Das Projekt wurde in Zusammenarbeit mit der Kulturtheoretikerin Ali Sperling realisiert und von Art Laboratory Berlin unterst\u00fctzt und produziert. Weitere Unterst\u00fctzer:innen sind das Rillig Lab | Plant Ecologies, Institut f\u00fcr Biologie, die Freie Universit\u00e4t Berlin, die Technische Universit\u00e4t Berlin und das Slowenische Kulturzentrum Berlin &#8211; SKICA Berlin.<\/p>\n","protected":false},"featured_media":14710,"template":"","meta":{"_acf_changed":false,"_links_to":"","_links_to_target":""},"tags":[373,113,258],"class_list":["post-13312","exhibition","type-exhibition","status-publish","has-post-thumbnail","hentry","tag-art-and-science-de","tag-kunst-und-wissenschaft","tag-posthumanism-2"],"acf":[],"yoast_head":"<!-- This site is optimized with the Yoast SEO plugin v26.2 - https:\/\/yoast.com\/wordpress\/plugins\/seo\/ -->\n<title>TERRA XENOBIOTICA - Art Laboratory Berlin<\/title>\n<meta name=\"robots\" content=\"index, follow, max-snippet:-1, max-image-preview:large, max-video-preview:-1\" \/>\n<link rel=\"canonical\" href=\"https:\/\/artlaboratory-berlin.org\/de\/ausstellungen\/terra-xenobiotica\/\" \/>\n<meta property=\"og:locale\" content=\"de_DE\" \/>\n<meta property=\"og:type\" content=\"article\" \/>\n<meta property=\"og:title\" content=\"TERRA XENOBIOTICA - Art Laboratory Berlin\" \/>\n<meta property=\"og:description\" content=\"Art Laboratory Berlin freut sich, die Einzelausstellung der Bio Medien-K\u00fcnstlerin Sa\u0161a Spa\u010dal mit der neu produzierten k\u00fcnstlerischen Arbeit &quot;Terra Xenobiotica&quot;. Das Projekt wurde in Zusammenarbeit mit der Kulturtheoretikerin Ali Sperling realisiert und von Art Laboratory Berlin unterst\u00fctzt und produziert. Weitere Unterst\u00fctzer:innen sind das Rillig Lab | Plant Ecologies, Institut f\u00fcr Biologie, die Freie Universit\u00e4t Berlin, die Technische Universit\u00e4t Berlin und das Slowenische Kulturzentrum Berlin - SKICA Berlin.\" \/>\n<meta property=\"og:url\" content=\"https:\/\/artlaboratory-berlin.org\/de\/ausstellungen\/terra-xenobiotica\/\" \/>\n<meta property=\"og:site_name\" content=\"Art Laboratory Berlin\" \/>\n<meta property=\"article:publisher\" content=\"https:\/\/www.facebook.com\/ArtLaboratoryBerlin\/\" \/>\n<meta property=\"article:modified_time\" content=\"2025-08-12T12:46:14+00:00\" \/>\n<meta property=\"og:image\" content=\"https:\/\/artlaboratory-berlin.org\/wp-content\/uploads\/2023\/10\/A_Full-image_Front-page-FLYER___Holding-Patterns-PR16-WEB-scaled.jpg\" \/>\n\t<meta property=\"og:image:width\" content=\"2560\" \/>\n\t<meta property=\"og:image:height\" content=\"1485\" \/>\n\t<meta property=\"og:image:type\" content=\"image\/jpeg\" \/>\n<meta name=\"twitter:card\" content=\"summary_large_image\" \/>\n<meta name=\"twitter:site\" content=\"@artlaboratoryb\" \/>\n<meta name=\"twitter:label1\" content=\"Gesch\u00e4tzte Lesezeit\" \/>\n\t<meta name=\"twitter:data1\" content=\"5\u00a0Minuten\" \/>\n<!-- \/ Yoast SEO plugin. -->","yoast_head_json":{"title":"TERRA XENOBIOTICA - Art Laboratory Berlin","robots":{"index":"index","follow":"follow","max-snippet":"max-snippet:-1","max-image-preview":"max-image-preview:large","max-video-preview":"max-video-preview:-1"},"canonical":"https:\/\/artlaboratory-berlin.org\/de\/ausstellungen\/terra-xenobiotica\/","og_locale":"de_DE","og_type":"article","og_title":"TERRA XENOBIOTICA - Art Laboratory Berlin","og_description":"Art Laboratory Berlin freut sich, die Einzelausstellung der Bio Medien-K\u00fcnstlerin Sa\u0161a Spa\u010dal mit der neu produzierten k\u00fcnstlerischen Arbeit \"Terra Xenobiotica\". Das Projekt wurde in Zusammenarbeit mit der Kulturtheoretikerin Ali Sperling realisiert und von Art Laboratory Berlin unterst\u00fctzt und produziert. Weitere Unterst\u00fctzer:innen sind das Rillig Lab | Plant Ecologies, Institut f\u00fcr Biologie, die Freie Universit\u00e4t Berlin, die Technische Universit\u00e4t Berlin und das Slowenische Kulturzentrum Berlin - SKICA Berlin.","og_url":"https:\/\/artlaboratory-berlin.org\/de\/ausstellungen\/terra-xenobiotica\/","og_site_name":"Art Laboratory Berlin","article_publisher":"https:\/\/www.facebook.com\/ArtLaboratoryBerlin\/","article_modified_time":"2025-08-12T12:46:14+00:00","og_image":[{"width":2560,"height":1485,"url":"https:\/\/artlaboratory-berlin.org\/wp-content\/uploads\/2023\/10\/A_Full-image_Front-page-FLYER___Holding-Patterns-PR16-WEB-scaled.jpg","type":"image\/jpeg"}],"twitter_card":"summary_large_image","twitter_site":"@artlaboratoryb","twitter_misc":{"Gesch\u00e4tzte Lesezeit":"5\u00a0Minuten"},"schema":{"@context":"https:\/\/schema.org","@graph":[{"@type":"WebPage","@id":"https:\/\/artlaboratory-berlin.org\/de\/ausstellungen\/terra-xenobiotica\/","url":"https:\/\/artlaboratory-berlin.org\/de\/ausstellungen\/terra-xenobiotica\/","name":"TERRA XENOBIOTICA - Art Laboratory Berlin","isPartOf":{"@id":"https:\/\/artlaboratory-berlin.org\/#website"},"primaryImageOfPage":{"@id":"https:\/\/artlaboratory-berlin.org\/de\/ausstellungen\/terra-xenobiotica\/#primaryimage"},"image":{"@id":"https:\/\/artlaboratory-berlin.org\/de\/ausstellungen\/terra-xenobiotica\/#primaryimage"},"thumbnailUrl":"https:\/\/artlaboratory-berlin.org\/wp-content\/uploads\/2023\/10\/A_Full-image_Front-page-FLYER___Holding-Patterns-PR16-WEB-scaled.jpg","datePublished":"2023-09-02T14:59:16+00:00","dateModified":"2025-08-12T12:46:14+00:00","breadcrumb":{"@id":"https:\/\/artlaboratory-berlin.org\/de\/ausstellungen\/terra-xenobiotica\/#breadcrumb"},"inLanguage":"de","potentialAction":[{"@type":"ReadAction","target":["https:\/\/artlaboratory-berlin.org\/de\/ausstellungen\/terra-xenobiotica\/"]}]},{"@type":"ImageObject","inLanguage":"de","@id":"https:\/\/artlaboratory-berlin.org\/de\/ausstellungen\/terra-xenobiotica\/#primaryimage","url":"https:\/\/artlaboratory-berlin.org\/wp-content\/uploads\/2023\/10\/A_Full-image_Front-page-FLYER___Holding-Patterns-PR16-WEB-scaled.jpg","contentUrl":"https:\/\/artlaboratory-berlin.org\/wp-content\/uploads\/2023\/10\/A_Full-image_Front-page-FLYER___Holding-Patterns-PR16-WEB-scaled.jpg","width":2560,"height":1485,"caption":"Sa\u0161a Spa\u010dal: TERRA XENOBIOTICA\/ Holding Patterns, Filmstill, 2023"},{"@type":"BreadcrumbList","@id":"https:\/\/artlaboratory-berlin.org\/de\/ausstellungen\/terra-xenobiotica\/#breadcrumb","itemListElement":[{"@type":"ListItem","position":1,"name":"Home","item":"https:\/\/artlaboratory-berlin.org\/de\/"},{"@type":"ListItem","position":2,"name":"Exhibitions","item":"https:\/\/artlaboratory-berlin.org\/exhibitions\/"},{"@type":"ListItem","position":3,"name":"TERRA XENOBIOTICA"}]},{"@type":"WebSite","@id":"https:\/\/artlaboratory-berlin.org\/#website","url":"https:\/\/artlaboratory-berlin.org\/","name":"Art Laboratory Berlin","description":"","publisher":{"@id":"https:\/\/artlaboratory-berlin.org\/#organization"},"potentialAction":[{"@type":"SearchAction","target":{"@type":"EntryPoint","urlTemplate":"https:\/\/artlaboratory-berlin.org\/?s={search_term_string}"},"query-input":{"@type":"PropertyValueSpecification","valueRequired":true,"valueName":"search_term_string"}}],"inLanguage":"de"},{"@type":"Organization","@id":"https:\/\/artlaboratory-berlin.org\/#organization","name":"Art Laboratory Berlin","url":"https:\/\/artlaboratory-berlin.org\/","logo":{"@type":"ImageObject","inLanguage":"de","@id":"https:\/\/artlaboratory-berlin.org\/#\/schema\/logo\/image\/","url":"https:\/\/artlaboratory-berlin.org\/wp-content\/uploads\/2021\/05\/logo-alb.png","contentUrl":"https:\/\/artlaboratory-berlin.org\/wp-content\/uploads\/2021\/05\/logo-alb.png","width":800,"height":515,"caption":"Art Laboratory Berlin"},"image":{"@id":"https:\/\/artlaboratory-berlin.org\/#\/schema\/logo\/image\/"},"sameAs":["https:\/\/www.facebook.com\/ArtLaboratoryBerlin\/","https:\/\/x.com\/artlaboratoryb","https:\/\/www.instagram.com\/artlaboratoryberlin","https:\/\/www.youtube.com\/c\/ArtLaboratoryBerlin\/videos"]}]}},"_links":{"self":[{"href":"https:\/\/artlaboratory-berlin.org\/de\/wp-json\/wp\/v2\/exhibition\/13312","targetHints":{"allow":["GET"]}}],"collection":[{"href":"https:\/\/artlaboratory-berlin.org\/de\/wp-json\/wp\/v2\/exhibition"}],"about":[{"href":"https:\/\/artlaboratory-berlin.org\/de\/wp-json\/wp\/v2\/types\/exhibition"}],"version-history":[{"count":85,"href":"https:\/\/artlaboratory-berlin.org\/de\/wp-json\/wp\/v2\/exhibition\/13312\/revisions"}],"predecessor-version":[{"id":19623,"href":"https:\/\/artlaboratory-berlin.org\/de\/wp-json\/wp\/v2\/exhibition\/13312\/revisions\/19623"}],"wp:featuredmedia":[{"embeddable":true,"href":"https:\/\/artlaboratory-berlin.org\/de\/wp-json\/wp\/v2\/media\/14710"}],"wp:attachment":[{"href":"https:\/\/artlaboratory-berlin.org\/de\/wp-json\/wp\/v2\/media?parent=13312"}],"wp:term":[{"taxonomy":"post_tag","embeddable":true,"href":"https:\/\/artlaboratory-berlin.org\/de\/wp-json\/wp\/v2\/tags?post=13312"}],"curies":[{"name":"wp","href":"https:\/\/api.w.org\/{rel}","templated":true}]}}