{"id":9660,"date":"2022-11-09T19:46:38","date_gmt":"2022-11-09T19:46:38","guid":{"rendered":"https:\/\/artlaboratory-berlin.org\/?post_type=event&#038;p=9660"},"modified":"2023-06-23T13:50:28","modified_gmt":"2023-06-23T13:50:28","slug":"panke-interventionen-ermitano","status":"publish","type":"event","link":"https:\/\/artlaboratory-berlin.org\/de\/veranstaltungen\/panke-interventionen-ermitano\/","title":{"rendered":"PANKE INTERVENTIONEN"},"content":{"rendered":"\n<h2 class=\"wp-block-heading subheading\">Notes on Somatodelia<\/h2>\n\n\n\n<h3 class=\"wp-block-heading names\">Artist Talk | Tad Ermita\u00f1o <\/h3>\n\n\n\t\t<div class=\"media-box\">\n\t\t\t\t\t\t<div class=\"img-box full\">\n\t\t\t    <img decoding=\"async\" src=\"https:\/\/artlaboratory-berlin.org\/wp-content\/uploads\/2022\/11\/20220904_RADYO-SOMATODELIA_0015-ro_10.jpg\" alt=\"\" \/>\n\t\t\t<\/div>\n\t\t\t<p class=\"wp-caption caption\">Tad Ermita\u00f1o: <em>Radio Somatodelia<\/em>, Installation, Art Laboratory Berlin, 2022, Foto: Tim Deussen<\/p>\n\t\t\t\t\t<\/div>\n\t\t\n\n\n<div class=\"wp-block-columns main-post-content is-layout-flex wp-container-core-columns-is-layout-9d6595d7 wp-block-columns-is-layout-flex\">\n<div class=\"wp-block-column content-column is-layout-flow wp-block-column-is-layout-flow\">\n<p><em>Art Laboratory Berlin begr\u00fc\u00dft Sie zu unserer Herbstreihe PANKE INTERVENTIONS mit verschiedenen Veranstaltungen von K\u00fcnstlern und Wissenschaftlern rund um den Fluss Panke.<\/em><\/p>\n\n\n\n<p><\/p>\n\n\n\n<figure class=\"wp-block-embed is-type-video is-provider-youtube wp-block-embed-youtube wp-embed-aspect-16-9 wp-has-aspect-ratio\"><div class=\"wp-block-embed__wrapper\">\n<iframe loading=\"lazy\" title=\"Notes on Somatodelia | Artist Talk | Tad Ermita\u00f1o\" width=\"680\" height=\"383\" src=\"https:\/\/www.youtube.com\/embed\/Ri7uvN_lTGs?feature=oembed\" frameborder=\"0\" allow=\"accelerometer; autoplay; clipboard-write; encrypted-media; gyroscope; picture-in-picture; web-share\" allowfullscreen><\/iframe>\n<\/div><figcaption class=\"wp-element-caption\">Komplette Videoaufzeichnung des K\u00fcnstlergespr\u00e4chs mit Tad Ermita\u00f1o, 22. November 2022.<\/figcaption><\/figure>\n\n\n\n<p><br>Als selbst bezeichneter &#8222;Wissenschaftsfl\u00fcchtling&#8220; schafft der K\u00fcnstler Ermita\u00f1o in seinen Filmen und Kunstwerken ein unruhige Atmosph\u00e4re, in der eine Leichtigkeit im Umgang mit Technologie mit einer Art postkolonialer Schuld kollidiert, die gegen die Grenzen des Empirismus st\u00f6\u00dft. <em>Radyo Somatodelia: Experiments in Sonic Animism<\/em> (Tagalog f\u00fcr &#8222;Radio&#8220;) stellt den Akt des Schauens und Zuh\u00f6rens als Mittel zur Rekonstruktion einer animistischen Orientierung gegen\u00fcber der Welt neu dar. W\u00e4hrend viele der \u00f6kologischen Missst\u00e4nde des Planeten der Technologie zugeschrieben werden k\u00f6nnen, ist Ermita\u00f1o der Ansicht, dass der unterschiedslose Einsatz dieser Technologie in einer exzeptionalistischen Metaphysik verwurzelt ist, die zwischen der biblischen Sicht des Menschen als Meister der Sch\u00f6pfung und der wissenschaftlichen Sichtweise, dass das Bewusstsein ein Epiph\u00e4nomen physikalischer Prozesse ist, schwankt.<br><br>Obwohl sie sich in vielen Punkten widersprechen, behauptet Ermita\u00f1o, dass beide Standpunkte darin \u00fcbereinstimmen, dass sie den Menschen als einen radikal Anderen in der Welt betrachten, und fordert die Rekonstruktion einer animistischen Metaphysik, die von der bescheideneren Annahme ausgeht, dass der Mensch eine Art von Wesen unter vielen anderen Wesen ist, das seinen Weg in der Gesellschaft von, wie der Autor Henry Beston es ausdr\u00fcckte, &#8222;anderen Nationen, die mit uns selbst im Netz des Lebens und der Zeit gefangen sind, Mitgefangene der Pracht und M\u00fchsal der Erde&#8220;, findet und findet. <br><\/p>\n\n\n\n<figure class=\"wp-block-image size-large is-resized\"><img loading=\"lazy\" decoding=\"async\" src=\"https:\/\/artlaboratory-berlin.org\/wp-content\/uploads\/2022\/11\/20220904_RADYO-SOMATODELIA_0101-ro_40-1024x682.jpg\" alt=\"\" class=\"wp-image-9640\" width=\"566\" height=\"376\" srcset=\"https:\/\/artlaboratory-berlin.org\/wp-content\/uploads\/2022\/11\/20220904_RADYO-SOMATODELIA_0101-ro_40-1024x682.jpg 1024w, https:\/\/artlaboratory-berlin.org\/wp-content\/uploads\/2022\/11\/20220904_RADYO-SOMATODELIA_0101-ro_40-300x200.jpg 300w, https:\/\/artlaboratory-berlin.org\/wp-content\/uploads\/2022\/11\/20220904_RADYO-SOMATODELIA_0101-ro_40-768x512.jpg 768w, https:\/\/artlaboratory-berlin.org\/wp-content\/uploads\/2022\/11\/20220904_RADYO-SOMATODELIA_0101-ro_40-580x386.jpg 580w, https:\/\/artlaboratory-berlin.org\/wp-content\/uploads\/2022\/11\/20220904_RADYO-SOMATODELIA_0101-ro_40.jpg 1100w\" sizes=\"auto, (max-width: 566px) 100vw, 566px\" \/><figcaption class=\"wp-element-caption\">Tad Ermita\u00f1o, Photo: Tim Deussen, 2022<\/figcaption><\/figure>\n\n\n\n<p><br><em>Tad Ermita\u00f1o ist eine Schl\u00fcsselfigur der neuen Medienkunst auf den Philippinen und in S\u00fcdostasien. Seine Geschichte reicht bis in die sp\u00e4ten 1980er Jahre zur\u00fcck, als er das Medienkollektiv Children of Cathode Ray mitbegr\u00fcndete. Er gilt als einer der bahnbrechenden Pioniere der Klangkunst auf den Philippinen und als Erforscher des Experimentalfilms. Seitdem hat sich seine k\u00fcnstlerische Praxis zu einer Untersuchung der Prozesse, der Semiotik und der Strukturen entwickelt, die die Beziehung des Menschen zu Maschinen umgeben. Bei seinen Projekten geht es h\u00e4ufig um die Manipulation von Ton und Bild im Zusammenspiel mit r\u00e4umlichen Strukturen. Ermita\u00f1o arbeitet mit einer Reihe von Technologien, von digitalen Videos (Sex2Speech, 2017) und mechanischen Instrumenten (Hasa, 2015) bis hin zu analogen Schaltkreisen (Bell, 2011), elektromechanischen Mechanismen (Orasyonador, 2022) und Computerprogrammierung (Sammy and the Sandworms, 2013).<br><br>Ermita\u00f1o hat keine formale Ausbildung in den K\u00fcnsten oder in der Musik genossen. Er besuchte die Philippine Science High School und studierte Biologie an der japanischen Universit\u00e4t von Hiroshima und Philosophie an der Universit\u00e4t der Philippinen. Er absolvierte eine Film- und Videoausbildung am Mowelfund Film Institute und unterrichtet derzeit den ersten akademischen Klangkunstkurs der Philippinen am College of Fine Arts der Universit\u00e4t der Philippinen. Ermita\u00f1o hat an zahlreichen Gruppenausstellungen teilgenommen, unter anderem im Laforet Museum in Japan, im Palazzo Mora in Italien und im Singapore Art Museum. Im Jahr 2016 war sein Werk Gillages Teil von Muhon, der Ausstellung des philippinischen Pavillons auf der 15. Architekturbiennale von Venedig.<\/em><\/p>\n<\/div>\n\n\n\n<div class=\"wp-block-column info-sidebar is-layout-flow wp-block-column-is-layout-flow\">\n<!-- Simple Share Buttons Adder (8.5.3) simplesharebuttons.com --><div class=\"ssba-modern-2 ssba ssbp-wrap alignleft ssbp--theme-2\"><div style=\"text-align:left\"><span class=\"ssba-share-text\">Share<\/span><br\/><ul class=\"ssbp-list\"><li class='ssbp-li--facebook'><a data-site=\"facebook\" class=\"ssba_facebook_share ssba_share_link ssbp-facebook ssbp-btn\" href=\"https:\/\/www.facebook.com\/sharer.php?t=PANKE INTERVENTIONEN&u=https:\/\/artlaboratory-berlin.org\/de\/wp-json\/wp\/v2\/event\/9660\"  target=_blank  style=\"color:#4267B2; background-color: #4267B2; height: 24px; width: 24px; background: #000000;\" ><span><svg xmlns=\"http:\/\/www.w3.org\/2000\/svg\" fill=\"#fff\" preserveAspectRatio=\"xMidYMid meet\" height=\"1em\" width=\"1em\" viewBox=\"0 0 40 40\">\n  <g>\n    <path d=\"m21.7 16.7h5v5h-5v11.6h-5v-11.6h-5v-5h5v-2.1c0-2 0.6-4.5 1.8-5.9 1.3-1.3 2.8-2 4.7-2h3.5v5h-3.5c-0.9 0-1.5 0.6-1.5 1.5v3.5z\"><\/path>\n  <\/g>\n<\/svg>\n\n<\/span><span class=\"color-icon\"><svg xmlns=\"http:\/\/www.w3.org\/2000\/svg\" width=\"16\" height=\"28\" viewBox=\"0 0 16 28\">\n  <path fill=\"#3B5998\" d=\"M10.7,10.7 L15.7,10.7 L15.7,15.7 L10.7,15.7 L10.7,27.3 L5.7,27.3 L5.7,15.7 L0.7,15.7 L0.7,10.7 L5.7,10.7 L5.7,8.6 C5.7,6.6 6.3,4.1 7.5,2.7 C8.8,1.4 10.3,0.7 12.2,0.7 L15.7,0.7 L15.7,5.7 L12.2,5.7 C11.3,5.7 10.7,6.3 10.7,7.2 L10.7,10.7 Z\"\/>\n<\/svg>\n<\/span><div title=\"Facebook\" class=\"ssbp-text\">Facebook<\/div><\/a><\/li><li class='ssbp-li--email'><a data-site=\"email\" class=\"ssba_email_share ssba_share_link ssbp-email ssbp-btn\" href=\"mailto:?subject=PANKE INTERVENTIONEN&body=https:\/\/artlaboratory-berlin.org\/de\/wp-json\/wp\/v2\/event\/9660\"  target=_blank  style=\"color:#7d7d7d; background-color: #7d7d7d; height: 24px; width: 24px; background: #000000;\" ><span><svg xmlns=\"http:\/\/www.w3.org\/2000\/svg\" fill=\"#fff\" preserveAspectRatio=\"xMidYMid meet\" height=\"1em\" width=\"1em\" viewBox=\"0 0 40 40\">\n  <g>\n    <path d=\"m33.4 13.4v-3.4l-13.4 8.4-13.4-8.4v3.4l13.4 8.2z m0-6.8q1.3 0 2.3 1.1t0.9 2.3v20q0 1.3-0.9 2.3t-2.3 1.1h-26.8q-1.3 0-2.3-1.1t-0.9-2.3v-20q0-1.3 0.9-2.3t2.3-1.1h26.8z\"><\/path>\n  <\/g>\n<\/svg>\n\n<\/span><span class=\"color-icon\"><svg xmlns=\"http:\/\/www.w3.org\/2000\/svg\" width=\"34\" height=\"28\" viewBox=\"0 0 34 28\">\n  <path fill=\"#7D7D7D\" d=\"M30.4,7.4 L30.4,4 L17,12.4 L3.6,4 L3.6,7.4 L17,15.6 L30.4,7.4 Z M30.4,0.6 C31.2666667,0.6 32.0333333,0.966666667 32.7,1.7 C33.3666667,2.43333333 33.6666667,3.2 33.6,4 L33.6,24 C33.6,24.8666667 33.3,25.6333333 32.7,26.3 C32.1,26.9666667 31.3333333,27.3333333 30.4,27.4 L3.6,27.4 C2.73333333,27.4 1.96666667,27.0333333 1.3,26.3 C0.633333333,25.5666667 0.333333333,24.8 0.4,24 L0.4,4 C0.4,3.13333333 0.7,2.36666667 1.3,1.7 C1.9,1.03333333 2.66666667,0.666666667 3.6,0.6 L30.4,0.6 Z\"\/>\n<\/svg>\n<\/span><div title=\"Email\" class=\"ssbp-text\">Email<\/div><\/a><\/li><\/ul><\/div><\/div>\n\n\n\n<h4 class=\"wp-block-heading\">ORT<\/h4>\n\n\n\n<p>Online Talk<\/p>\n\n\n\n<h4 class=\"wp-block-heading\">DatUM Und UHRZEIT<\/h4>\n\n\n\n<p>20. November 2022<br>12 Uhr mittags MEZ<\/p>\n\n\n\n<h4 class=\"wp-block-heading\">GEB\u00dcHR UND ANMELDUNG <\/h4>\n\n\n\n<p>Freier Eintritt<br><strong><em><a href=\"https:\/\/pretix.eu\/artlaboratoryberlin\/Notes-on-Somatodelia\/\" target=\"_blank\" rel=\"noreferrer noopener\">Bitte hier anmelden!<\/a><\/em><\/strong><\/p>\n\n\n\n<h4 class=\"wp-block-heading\">MODERIERT VON<\/h4>\n\n\n\n<p>Tengal Drilon<\/p>\n\n\n\n<h4 class=\"wp-block-heading\">KURTORISCHES Team<\/h4>\n\n\n\n<p>Regine Rapp, Tu\u00e7e Erel, Christian de Lutz<\/p>\n\n\n\n<h4 class=\"wp-block-heading\">MediENpartnerIN<\/h4>\n\n\n\n<figure class=\"wp-block-image size-full is-resized\"><img loading=\"lazy\" decoding=\"async\" src=\"https:\/\/artlaboratory-berlin.org\/wp-content\/uploads\/2021\/03\/art-in-berlin-2.jpg\" alt=\"\" class=\"wp-image-471\" width=\"137\" height=\"43\"\/><\/figure>\n\n\n\n<h4 class=\"wp-block-heading\">UNTERST\u00dcTZT VON<\/h4>\n\n\n\n<figure class=\"wp-block-image size-full is-resized\"><img loading=\"lazy\" decoding=\"async\" src=\"https:\/\/artlaboratory-berlin.org\/wp-content\/uploads\/2021\/04\/BZA-Mitte-Invisible.jpg\" alt=\"\" class=\"wp-image-1193\" width=\"227\" height=\"23\" srcset=\"https:\/\/artlaboratory-berlin.org\/wp-content\/uploads\/2021\/04\/BZA-Mitte-Invisible.jpg 448w, https:\/\/artlaboratory-berlin.org\/wp-content\/uploads\/2021\/04\/BZA-Mitte-Invisible-300x31.jpg 300w\" sizes=\"auto, (max-width: 227px) 100vw, 227px\" \/><\/figure>\n\n\n\n<figure class=\"wp-block-image size-full is-resized\"><img loading=\"lazy\" decoding=\"async\" src=\"https:\/\/artlaboratory-berlin.org\/wp-content\/uploads\/2021\/04\/Kultur-Mitte.jpg\" alt=\"\" class=\"wp-image-1191\" width=\"127\" height=\"31\" srcset=\"https:\/\/artlaboratory-berlin.org\/wp-content\/uploads\/2021\/04\/Kultur-Mitte.jpg 400w, https:\/\/artlaboratory-berlin.org\/wp-content\/uploads\/2021\/04\/Kultur-Mitte-300x75.jpg 300w\" sizes=\"auto, (max-width: 127px) 100vw, 127px\" \/><\/figure>\n\n\n\n<figure class=\"wp-block-image size-full is-resized\"><img loading=\"lazy\" decoding=\"async\" src=\"https:\/\/artlaboratory-berlin.org\/wp-content\/uploads\/2021\/04\/B_SEN_KuEu_Logo_DE_V_P_1C.jpg\" alt=\"\" class=\"wp-image-1101\" width=\"119\" height=\"69\" srcset=\"https:\/\/artlaboratory-berlin.org\/wp-content\/uploads\/2021\/04\/B_SEN_KuEu_Logo_DE_V_P_1C.jpg 500w, https:\/\/artlaboratory-berlin.org\/wp-content\/uploads\/2021\/04\/B_SEN_KuEu_Logo_DE_V_P_1C-300x175.jpg 300w\" sizes=\"auto, (max-width: 119px) 100vw, 119px\" \/><\/figure>\n\n\n<h4 class=\"related-sidebar-heading\">Teil des Forschungsprojekts:<\/h4>\n    <p><a href=\"https:\/\/artlaboratory-berlin.org\/de\/forschung\/diy-hack-the-panke\/\">DIY Hack the Panke<\/a><\/p>\n    <\/div>\n<\/div>\n\n\n\n<div class=\"wp-block-columns related bg-black is-layout-flex wp-container-core-columns-is-layout-9d6595d7 wp-block-columns-is-layout-flex\">\n<div class=\"wp-block-column container is-layout-flow wp-block-column-is-layout-flow\">\n<h2 class=\"wp-block-heading\">Related<\/h2>\n\n\n\n<div class=\"wp-block-columns is-layout-flex wp-container-core-columns-is-layout-9d6595d7 wp-block-columns-is-layout-flex\">\n<div class=\"wp-block-column is-layout-flow wp-block-column-is-layout-flow\">            <div class=\"post-block\">\n                <a href=\"https:\/\/artlaboratory-berlin.org\/de\/ausstellungen\/radyo-somatodelia\/\" rel=\"bookmark\" class=\"img-box h-100\" title=\"PANKE INTERVENTIONEN\">\n                <img loading=\"lazy\" decoding=\"async\" width=\"551\" height=\"358\" src=\"https:\/\/artlaboratory-berlin.org\/wp-content\/uploads\/2022\/08\/prayer-clock-551x358.jpg\" class=\"img-fluid wp-post-image\" alt=\"\" \/>  <img decoding=\"async\" src=\"https:\/\/artlaboratory-berlin.org\/wp-content\/uploads\/2022\/08\/mung-bean-shoots-551x358.jpg\" alt=\"\" class=\"img-fluid second-thumb\">\n<\/a>\t\t\n<header class=\"entry-header article-header\">\n              <a class=\"meta-info exhibition\" href=\"https:\/\/artlaboratory-berlin.org\/de\/ausstellungen\/\">\n                                Ausstellung                                <\/a><span class=\"cat\"> \n    <\/span>\n\n                   <h3 class=\"h2 entry-title mt-2\">\n                       <a href=\"https:\/\/artlaboratory-berlin.org\/de\/ausstellungen\/radyo-somatodelia\/\">Radyo Somatodelia<\/a>\n                    <\/h3> \n                    <ol class=\"post-subheadings\"><li class=\"heading-level-2\">Experiments in Sonic Animism<\/li><li class=\"heading-level-3\">Tad Ermita\u00f1o<\/li><\/ol>\t                <span class=\"info-line-preview\">26. August &#8211; 9. Oktober 2022<\/span>\n                  <\/header>  \n                    <p>Experiments in Sonic Animism Tad Ermita\u00f1o &#8222;Somatodelia ist ein Versuch, den Dualismus zwischen K\u00f6rper und Geist aufzul\u00f6sen, indem ich zu zeigen versuche, dass die Vorstellung, der Geist sei ein unsichtbares, nicht-materielles, &#8222;spirituelles&#8220;, unabh\u00e4ngiges Ding, ein Trugschluss ist, der all die Wege unter den Teppich kehrt, auf denen er vom K\u00f6rperlichen abh\u00e4ngt, aus ihm entsteht und&#8230;  <p><a class=\"excerpt-read-more\" href=\"https:\/\/artlaboratory-berlin.org\/de\/veranstaltungen\/panke-interventionen-ermitano\/\" title=\"Read PANKE INTERVENTIONEN\">Lesen Sie weiter<\/a><\/p><\/p>\n                    <a href=\"https:\/\/artlaboratory-berlin.org\/de\/ausstellungen\/radyo-somatodelia\/\" class=\"read-more\" rel=\"bookmark\" title=\"PANKE INTERVENTIONEN\">\n                    Mehr lesen<\/a>\n<\/div><\/div>\n\n\n\n<div class=\"wp-block-column is-layout-flow wp-block-column-is-layout-flow\">            <div class=\"post-block\">\n                <a href=\"https:\/\/artlaboratory-berlin.org\/de\/veranstaltungen\/hack-the-panke-festival-film-screening-ermitano\/\" rel=\"bookmark\" class=\"img-box h-100\" title=\"PANKE INTERVENTIONEN\">\n                <img loading=\"lazy\" decoding=\"async\" width=\"551\" height=\"358\" src=\"https:\/\/artlaboratory-berlin.org\/wp-content\/uploads\/2022\/08\/Local-Unit-Brain_lower-res-551x358.jpg\" class=\"img-fluid wp-post-image\" alt=\"\" \/>  <img decoding=\"async\" src=\"https:\/\/artlaboratory-berlin.org\/wp-content\/uploads\/2022\/08\/Retro-Lens__high-res-551x358.jpg\" alt=\"\" class=\"img-fluid second-thumb\">\n<\/a>\t\t\n<header class=\"entry-header article-header\">\n              <a class=\"meta-info event\" href=\"https:\/\/artlaboratory-berlin.org\/de\/veranstaltungen\/\">\n                                Veranstaltung                                <\/a><span class=\"cat\"> \n    Film Screening<\/span>\n\n                   <h3 class=\"h2 entry-title mt-2\">\n                       <a href=\"https:\/\/artlaboratory-berlin.org\/de\/veranstaltungen\/hack-the-panke-festival-film-screening-ermitano\/\">HACK THE PANKE Festival<\/a>\n                    <\/h3> \n                    <ol class=\"post-subheadings\"><li class=\"heading-level-2\">Tales of Weird Science and Cosmic Covenants<\/li><li class=\"heading-level-3\">Film Screening | Tad Ermita\u00f1o<\/li><\/ol>\t                <span class=\"info-line-preview\">3. September 2022<\/span>\n                  <\/header>  \n                    <p>Tad Ermita\u00f1o wird einige seiner Film- und Videoarbeiten zeigen, die ein unruhiges Feld skizzieren, in dem eine Leichtigkeit im Umgang mit Technologie mit einer Art postkolonialer Schuld kollidiert, die mit dem Kopf gegen die Grenzen des Empirismus st\u00f6\u00dft.<\/p>\n                    <a href=\"https:\/\/artlaboratory-berlin.org\/de\/veranstaltungen\/hack-the-panke-festival-film-screening-ermitano\/\" class=\"read-more\" rel=\"bookmark\" title=\"PANKE INTERVENTIONEN\">\n                    Mehr lesen<\/a>\n<\/div><\/div>\n\n\n\n<div class=\"wp-block-column is-layout-flow wp-block-column-is-layout-flow\">            <div class=\"post-block\">\n                <a href=\"https:\/\/artlaboratory-berlin.org\/de\/veranstaltungen\/hack-the-panke-festival-workshop-ermitano\/\" rel=\"bookmark\" class=\"img-box h-100\" title=\"PANKE INTERVENTIONEN\">\n                <img loading=\"lazy\" decoding=\"async\" width=\"551\" height=\"358\" src=\"https:\/\/artlaboratory-berlin.org\/wp-content\/uploads\/2023\/04\/DSC00083lowres-551x358.jpg\" class=\"img-fluid wp-post-image\" alt=\"\" \/>  <img decoding=\"async\" src=\"https:\/\/artlaboratory-berlin.org\/wp-content\/uploads\/2023\/04\/DSC00142lowres-551x358.jpg\" alt=\"\" class=\"img-fluid second-thumb\">\n<\/a>\t\t\n<header class=\"entry-header article-header\">\n              <a class=\"meta-info event\" href=\"https:\/\/artlaboratory-berlin.org\/de\/veranstaltungen\/\">\n                                Veranstaltung                                <\/a><span class=\"cat\"> \n    Workshop<\/span>\n\n                   <h3 class=\"h2 entry-title mt-2\">\n                       <a href=\"https:\/\/artlaboratory-berlin.org\/de\/veranstaltungen\/hack-the-panke-festival-workshop-ermitano\/\">HACK THE PANKE Festival<\/a>\n                    <\/h3> \n                    <ol class=\"post-subheadings\"><li class=\"heading-level-2\">From Here to Ear: Sound Exploration<\/li><li class=\"heading-level-3\">Workshop | Tad Ermita\u00f1o<\/li><\/ol>\t                <span class=\"info-line-preview\">4. September 2022<\/span>\n                  <\/header>  \n                    <p>Der Workshop ist eine klangk\u00fcnstlerische Aktivit\u00e4t, die die Teilnehmenden einl\u00e4dt, ihrer Umgebung bewusst zuzuh\u00f6ren. Das Zuh\u00f6ren wird als eine Art des Denkens zu einem Akt der Reflexion umgestaltet. Sonifikation ist eine M\u00f6glichkeit, Daten und die Welt neu zu erleben.<\/p>\n                    <a href=\"https:\/\/artlaboratory-berlin.org\/de\/veranstaltungen\/hack-the-panke-festival-workshop-ermitano\/\" class=\"read-more\" rel=\"bookmark\" title=\"PANKE INTERVENTIONEN\">\n                    Mehr lesen<\/a>\n<\/div><\/div>\n<\/div>\n<\/div>\n<\/div>\n","protected":false},"excerpt":{"rendered":"<p>In seinen Filmen und Kunstwerken schafft Tad Ermita\u00f1o ein unruhiges Feld, in dem eine Leichtigkeit im Umgang mit Technologie mit einer Art postkolonialer Schuld kollidiert, die mit dem Kopf gegen die Grenzen des Empirismus st\u00f6\u00dft. In diesem K\u00fcnstlergespr\u00e4ch mit der Kuratorin Tengal Drilon wird Ermita\u00f1o \u00fcber die Methodik seiner j\u00fcngsten Arbeiten sprechen, die Anfang des Jahres im Art Laboratory Berlin gezeigt wurden.<\/p>\n","protected":false},"featured_media":9641,"template":"","meta":{"_acf_changed":false,"_links_to":"","_links_to_target":""},"categories":[82],"tags":[49],"class_list":["post-9660","event","type-event","status-publish","has-post-thumbnail","hentry","category-talk-de","tag-art-and-science"],"acf":[],"yoast_head":"<!-- This site is optimized with the Yoast SEO plugin v26.2 - https:\/\/yoast.com\/wordpress\/plugins\/seo\/ -->\n<title>PANKE INTERVENTIONEN - Art Laboratory Berlin<\/title>\n<meta name=\"robots\" content=\"index, follow, max-snippet:-1, max-image-preview:large, max-video-preview:-1\" \/>\n<link rel=\"canonical\" href=\"https:\/\/artlaboratory-berlin.org\/de\/veranstaltungen\/panke-interventionen-ermitano\/\" \/>\n<meta property=\"og:locale\" content=\"de_DE\" \/>\n<meta property=\"og:type\" content=\"article\" \/>\n<meta property=\"og:title\" content=\"PANKE INTERVENTIONEN - Art Laboratory Berlin\" \/>\n<meta property=\"og:description\" content=\"In seinen Filmen und Kunstwerken schafft Tad Ermita\u00f1o ein unruhiges Feld, in dem eine Leichtigkeit im Umgang mit Technologie mit einer Art postkolonialer Schuld kollidiert, die mit dem Kopf gegen die Grenzen des Empirismus st\u00f6\u00dft. In diesem K\u00fcnstlergespr\u00e4ch mit der Kuratorin Tengal Drilon wird Ermita\u00f1o \u00fcber die Methodik seiner j\u00fcngsten Arbeiten sprechen, die Anfang des Jahres im Art Laboratory Berlin gezeigt wurden.\" \/>\n<meta property=\"og:url\" content=\"https:\/\/artlaboratory-berlin.org\/de\/veranstaltungen\/panke-interventionen-ermitano\/\" \/>\n<meta property=\"og:site_name\" content=\"Art Laboratory Berlin\" \/>\n<meta property=\"article:publisher\" content=\"https:\/\/www.facebook.com\/ArtLaboratoryBerlin\/\" \/>\n<meta property=\"article:modified_time\" content=\"2023-06-23T13:50:28+00:00\" \/>\n<meta property=\"og:image\" content=\"https:\/\/artlaboratory-berlin.org\/wp-content\/uploads\/2022\/11\/20220904_RADYO-SOMATODELIA_0015-ro_10.jpg\" \/>\n\t<meta property=\"og:image:width\" content=\"1100\" \/>\n\t<meta property=\"og:image:height\" content=\"733\" \/>\n\t<meta property=\"og:image:type\" content=\"image\/jpeg\" \/>\n<meta name=\"twitter:card\" content=\"summary_large_image\" \/>\n<meta name=\"twitter:site\" content=\"@artlaboratoryb\" \/>\n<meta name=\"twitter:label1\" content=\"Gesch\u00e4tzte Lesezeit\" \/>\n\t<meta name=\"twitter:data1\" content=\"4\u00a0Minuten\" \/>\n<!-- \/ Yoast SEO plugin. -->","yoast_head_json":{"title":"PANKE INTERVENTIONEN - Art Laboratory Berlin","robots":{"index":"index","follow":"follow","max-snippet":"max-snippet:-1","max-image-preview":"max-image-preview:large","max-video-preview":"max-video-preview:-1"},"canonical":"https:\/\/artlaboratory-berlin.org\/de\/veranstaltungen\/panke-interventionen-ermitano\/","og_locale":"de_DE","og_type":"article","og_title":"PANKE INTERVENTIONEN - Art Laboratory Berlin","og_description":"In seinen Filmen und Kunstwerken schafft Tad Ermita\u00f1o ein unruhiges Feld, in dem eine Leichtigkeit im Umgang mit Technologie mit einer Art postkolonialer Schuld kollidiert, die mit dem Kopf gegen die Grenzen des Empirismus st\u00f6\u00dft. In diesem K\u00fcnstlergespr\u00e4ch mit der Kuratorin Tengal Drilon wird Ermita\u00f1o \u00fcber die Methodik seiner j\u00fcngsten Arbeiten sprechen, die Anfang des Jahres im Art Laboratory Berlin gezeigt wurden.","og_url":"https:\/\/artlaboratory-berlin.org\/de\/veranstaltungen\/panke-interventionen-ermitano\/","og_site_name":"Art Laboratory Berlin","article_publisher":"https:\/\/www.facebook.com\/ArtLaboratoryBerlin\/","article_modified_time":"2023-06-23T13:50:28+00:00","og_image":[{"width":1100,"height":733,"url":"https:\/\/artlaboratory-berlin.org\/wp-content\/uploads\/2022\/11\/20220904_RADYO-SOMATODELIA_0015-ro_10.jpg","type":"image\/jpeg"}],"twitter_card":"summary_large_image","twitter_site":"@artlaboratoryb","twitter_misc":{"Gesch\u00e4tzte Lesezeit":"4\u00a0Minuten"},"schema":{"@context":"https:\/\/schema.org","@graph":[{"@type":"WebPage","@id":"https:\/\/artlaboratory-berlin.org\/de\/veranstaltungen\/panke-interventionen-ermitano\/","url":"https:\/\/artlaboratory-berlin.org\/de\/veranstaltungen\/panke-interventionen-ermitano\/","name":"PANKE INTERVENTIONEN - Art Laboratory Berlin","isPartOf":{"@id":"https:\/\/artlaboratory-berlin.org\/#website"},"primaryImageOfPage":{"@id":"https:\/\/artlaboratory-berlin.org\/de\/veranstaltungen\/panke-interventionen-ermitano\/#primaryimage"},"image":{"@id":"https:\/\/artlaboratory-berlin.org\/de\/veranstaltungen\/panke-interventionen-ermitano\/#primaryimage"},"thumbnailUrl":"https:\/\/artlaboratory-berlin.org\/wp-content\/uploads\/2022\/11\/20220904_RADYO-SOMATODELIA_0015-ro_10.jpg","datePublished":"2022-11-09T19:46:38+00:00","dateModified":"2023-06-23T13:50:28+00:00","breadcrumb":{"@id":"https:\/\/artlaboratory-berlin.org\/de\/veranstaltungen\/panke-interventionen-ermitano\/#breadcrumb"},"inLanguage":"de","potentialAction":[{"@type":"ReadAction","target":["https:\/\/artlaboratory-berlin.org\/de\/veranstaltungen\/panke-interventionen-ermitano\/"]}]},{"@type":"ImageObject","inLanguage":"de","@id":"https:\/\/artlaboratory-berlin.org\/de\/veranstaltungen\/panke-interventionen-ermitano\/#primaryimage","url":"https:\/\/artlaboratory-berlin.org\/wp-content\/uploads\/2022\/11\/20220904_RADYO-SOMATODELIA_0015-ro_10.jpg","contentUrl":"https:\/\/artlaboratory-berlin.org\/wp-content\/uploads\/2022\/11\/20220904_RADYO-SOMATODELIA_0015-ro_10.jpg","width":1100,"height":733,"caption":"Tad Ermita\u00f1o: Radio Somatodelia, Installation, Art Laboratory Berlin, 2022, Foto: Tim Deussen"},{"@type":"BreadcrumbList","@id":"https:\/\/artlaboratory-berlin.org\/de\/veranstaltungen\/panke-interventionen-ermitano\/#breadcrumb","itemListElement":[{"@type":"ListItem","position":1,"name":"Home","item":"https:\/\/artlaboratory-berlin.org\/de\/"},{"@type":"ListItem","position":2,"name":"Events","item":"https:\/\/artlaboratory-berlin.org\/events\/"},{"@type":"ListItem","position":3,"name":"PANKE INTERVENTIONEN"}]},{"@type":"WebSite","@id":"https:\/\/artlaboratory-berlin.org\/#website","url":"https:\/\/artlaboratory-berlin.org\/","name":"Art Laboratory Berlin","description":"","publisher":{"@id":"https:\/\/artlaboratory-berlin.org\/#organization"},"potentialAction":[{"@type":"SearchAction","target":{"@type":"EntryPoint","urlTemplate":"https:\/\/artlaboratory-berlin.org\/?s={search_term_string}"},"query-input":{"@type":"PropertyValueSpecification","valueRequired":true,"valueName":"search_term_string"}}],"inLanguage":"de"},{"@type":"Organization","@id":"https:\/\/artlaboratory-berlin.org\/#organization","name":"Art Laboratory Berlin","url":"https:\/\/artlaboratory-berlin.org\/","logo":{"@type":"ImageObject","inLanguage":"de","@id":"https:\/\/artlaboratory-berlin.org\/#\/schema\/logo\/image\/","url":"https:\/\/artlaboratory-berlin.org\/wp-content\/uploads\/2021\/05\/logo-alb.png","contentUrl":"https:\/\/artlaboratory-berlin.org\/wp-content\/uploads\/2021\/05\/logo-alb.png","width":800,"height":515,"caption":"Art Laboratory Berlin"},"image":{"@id":"https:\/\/artlaboratory-berlin.org\/#\/schema\/logo\/image\/"},"sameAs":["https:\/\/www.facebook.com\/ArtLaboratoryBerlin\/","https:\/\/x.com\/artlaboratoryb","https:\/\/www.instagram.com\/artlaboratoryberlin","https:\/\/www.youtube.com\/c\/ArtLaboratoryBerlin\/videos"]}]}},"_links":{"self":[{"href":"https:\/\/artlaboratory-berlin.org\/de\/wp-json\/wp\/v2\/event\/9660","targetHints":{"allow":["GET"]}}],"collection":[{"href":"https:\/\/artlaboratory-berlin.org\/de\/wp-json\/wp\/v2\/event"}],"about":[{"href":"https:\/\/artlaboratory-berlin.org\/de\/wp-json\/wp\/v2\/types\/event"}],"version-history":[{"count":14,"href":"https:\/\/artlaboratory-berlin.org\/de\/wp-json\/wp\/v2\/event\/9660\/revisions"}],"predecessor-version":[{"id":12365,"href":"https:\/\/artlaboratory-berlin.org\/de\/wp-json\/wp\/v2\/event\/9660\/revisions\/12365"}],"wp:featuredmedia":[{"embeddable":true,"href":"https:\/\/artlaboratory-berlin.org\/de\/wp-json\/wp\/v2\/media\/9641"}],"wp:attachment":[{"href":"https:\/\/artlaboratory-berlin.org\/de\/wp-json\/wp\/v2\/media?parent=9660"}],"wp:term":[{"taxonomy":"category","embeddable":true,"href":"https:\/\/artlaboratory-berlin.org\/de\/wp-json\/wp\/v2\/categories?post=9660"},{"taxonomy":"post_tag","embeddable":true,"href":"https:\/\/artlaboratory-berlin.org\/de\/wp-json\/wp\/v2\/tags?post=9660"}],"curies":[{"name":"wp","href":"https:\/\/api.w.org\/{rel}","templated":true}]}}