{"id":9067,"date":"2022-09-25T13:13:01","date_gmt":"2022-09-25T13:13:01","guid":{"rendered":"https:\/\/artlaboratory-berlin.org\/?post_type=event&#038;p=9067"},"modified":"2023-04-21T08:18:45","modified_gmt":"2023-04-21T08:18:45","slug":"hack-the-panke-festival-spacal-rillig","status":"publish","type":"event","link":"https:\/\/artlaboratory-berlin.org\/de\/veranstaltungen\/hack-the-panke-festival-spacal-rillig\/","title":{"rendered":"HACK THE PANKE Festival"},"content":{"rendered":"\n<h2 class=\"subheading wp-block-heading\">Reflecting Symbiosis<\/h2>\n\n\n\n<h3 class=\"names wp-block-heading\">Walk &amp; Talk | Sa\u0161a Spa\u010dal und Matthias Rillig<\/h3>\n\n\n\t\t<div class=\"media-box\">\n\t\t\t\t\t\t    <div id=\"head-slider\" class=\"head-slider\">\n\t\t\t            \t\t\t\t\t\t<div class=\"slide\">\n\t\t\t\t\t\t<div class=\"img-box\" style=\"background-image: url(https:\/\/artlaboratory-berlin.org\/wp-content\/uploads\/2022\/09\/soil-profile-tenerife.webp\" alt=\");\" >\n\t\t\t\t\t\t<\/div>\n\t\t\t\t\t\t<p class=\"wp-caption caption\">Bodenprofil, Rillig Lab, Freie Universit\u00e4t Berlin<\/p>\n\t\t\t             <\/div>\t\t\t\t\t\t\t\n\t\t\t            \t\t\t\t\t\t<div class=\"slide\">\n\t\t\t\t\t\t<div class=\"img-box\" style=\"background-image: url(https:\/\/artlaboratory-berlin.org\/wp-content\/uploads\/2022\/09\/20160413_111205.webp\" alt=\");\" >\n\t\t\t\t\t\t<\/div>\n\t\t\t\t\t\t<p class=\"wp-caption caption\">Arbeiten mit B\u00f6den, Rillig Lab, Freie Universit\u00e4t Berlin<\/p>\n\t\t\t             <\/div>\t\t\t\t\t\t\t\n\t\t\t            \t\t\t\t\t\t<div class=\"slide\">\n\t\t\t\t\t\t<div class=\"img-box\" style=\"background-image: url(https:\/\/artlaboratory-berlin.org\/wp-content\/uploads\/2022\/08\/8__Spacal-Rillig__low-res-scaled.jpg\" alt=\");\" >\n\t\t\t\t\t\t<\/div>\n\t\t\t\t\t\t<p class=\"wp-caption caption\">Sa\u0161a Spa\u010dal: <em>Mycomythologies. Patterning<\/em>, biotechnological installation, 2021<\/p>\n\t\t\t             <\/div>\t\t\t\t\t\t\t\n\t\t\t            \t\t\t\t\t\t<div class=\"slide\">\n\t\t\t\t\t\t<div class=\"img-box\" style=\"background-image: url(https:\/\/artlaboratory-berlin.org\/wp-content\/uploads\/2021\/05\/01-WEB.jpg\" alt=\");\" >\n\t\t\t\t\t\t<\/div>\n\t\t\t\t\t\t<p class=\"wp-caption caption\">Z\u00fcchten von Mykorrhizen mit Karottenwurzeln, Rillig Lab, Freie Universit\u00e4t Berlin, 2019, Foto: Sa\u0161a Spa\u010dal. <\/p>\n\t\t\t             <\/div>\t\t\t\t\t\t\t\n\t\t\t            \t\t\t    <\/div>\n\t\t<\/div>\n\t\t\t\t\n\n\n<div class=\"wp-block-columns main-post-content is-layout-flex wp-container-core-columns-is-layout-9d6595d7 wp-block-columns-is-layout-flex\">\n<div class=\"wp-block-column content-column is-layout-flow wp-block-column-is-layout-flow\">\n<p><em>Art Laboratory Berlin hei\u00dft Sie herzlich willkommen, am HACK THE PANKE Festival mit verschiedenen Veranstaltungen wie Workshops, Filmvorf\u00fchrungen und Spazierg\u00e4ngen zu Kunst, Wissenschaft und Sound in Berlin-Wedding teilzunehmen.<\/em><\/p>\n\n\n\n<p><br>In unserer letzten Veranstaltung des Festivals, einem Gespr\u00e4chsspaziergang entlang der Panke, werden wir uns auf die k\u00fcnstlerische und naturwissenschaftliche Erforschung von Symbiose konzentrieren. Die K\u00fcnstlerin Sa\u0161a Spa\u010dal wird uns in ihre k\u00fcnstlerische Forschung \u00fcber Symbiosen und Verflechtungen zwischen den Arten einf\u00fchren. Sie hat technologische Schnittstellen und Beziehungen zu organischen und mineralischen Bodensubstanzen entwickelt und sich mit der posthumanen Bedingung auseinandergesetzt, die mechanische, digitale und organische Logik innerhalb der Biopolitik und Nekropolitik unserer Zeit beinhaltet. Der \u00d6kologe Matthias Rillig wird uns einen Einblick in seine Forschungen \u00fcber Boden- und Pflanzen\u00f6kologie geben, insbesondere \u00fcber die Symbiose von arbuskul\u00e4ren Mykorrhizapilzen mit Pflanzen und deren Auswirkungen auf die Bodenaggregation. Im Oktober und November 2022 wird Spa\u010dal eine Art Residence im Rillig Lab an der Freien Universit\u00e4t Berlin realisieren, kuratorisch begleitet von Art Laboratory Berlin.<br><\/p>\n\n\n<div class=\"slider-box\">\n\t\t\t\t\t\t    <div class=\"content-slider\">\n\t\t\t            \t\t\t                <div class=\"slide\">\n\t\t\t                \t<div class=\"img-box\">\n\t\t\t                    <img decoding=\"async\" src=\"https:\/\/artlaboratory-berlin.org\/wp-content\/uploads\/2021\/05\/05-Sas\u030ca-Spac\u030cal-Photo-Tadej-C\u030caus\u030cevic\u030c-WEB.jpg\" alt=\"\" \/>\n\t\t\t                    <\/div>\n\t\t\t\t\t\t\t\t<div class=\"below-image-slide\">\n\t\t\t\t\t\t\t\t<p class=\"wp-caption caption\">Sa\u0161a Spa\u010dal, Foto: Tadej \u010cau\u0161evi\u010d<\/p>\n\t\t\t\t\t\t\t\t<\/div>\n\t\t\t                <\/div>\t\t\t\t\t\t\n\t\t\t            \t\t\t                <div class=\"slide\">\n\t\t\t                \t<div class=\"img-box\">\n\t\t\t                    <img decoding=\"async\" src=\"https:\/\/artlaboratory-berlin.org\/wp-content\/uploads\/2021\/05\/07-T1A9606_Photo_Miha_Godec-WEB.jpg\" alt=\"\" \/>\n\t\t\t                    <\/div>\n\t\t\t\t\t\t\t\t<div class=\"below-image-slide\">\n\t\t\t\t\t\t\t\t<p class=\"wp-caption caption\">Sa\u0161a Spa\u010dal: <em>Symbiome<\/em>, biotechnologische Installation, Foto: Miha Godec<\/p>\n\t\t\t\t\t\t\t\t<\/div>\n\t\t\t                <\/div>\t\t\t\t\t\t\n\t\t\t            \t\t\t                <div class=\"slide\">\n\t\t\t                \t<div class=\"img-box\">\n\t\t\t                    <img decoding=\"async\" src=\"https:\/\/artlaboratory-berlin.org\/wp-content\/uploads\/2021\/05\/02-Greenhouse-WEB.jpg\" alt=\"\" \/>\n\t\t\t                    <\/div>\n\t\t\t\t\t\t\t\t<div class=\"below-image-slide\">\n\t\t\t\t\t\t\t\t<p class=\"wp-caption caption\">Botanische G\u00e4rten erforschen, Gew\u00e4chshaustageb\u00fccher abbilden, Foto: Sa\u0161a Spa\u010dal<\/p>\n\t\t\t\t\t\t\t\t<\/div>\n\t\t\t                <\/div>\t\t\t\t\t\t\n\t\t\t            \t\t\t                <div class=\"slide\">\n\t\t\t                \t<div class=\"img-box\">\n\t\t\t                    <img decoding=\"async\" src=\"https:\/\/artlaboratory-berlin.org\/wp-content\/uploads\/2022\/09\/Portrait_Rillig-20210713_100844.jpg\" alt=\"\" \/>\n\t\t\t                    <\/div>\n\t\t\t\t\t\t\t\t<div class=\"below-image-slide\">\n\t\t\t\t\t\t\t\t<p class=\"wp-caption caption\">Matthias Rillig, Professor f\u00fcr Pflanzen\u00f6kologie, Freie Universit\u00e4t  Berlin<\/p>\n\t\t\t\t\t\t\t\t<\/div>\n\t\t\t                <\/div>\t\t\t\t\t\t\n\t\t\t            \t\t\t                <div class=\"slide\">\n\t\t\t                \t<div class=\"img-box\">\n\t\t\t                    <img decoding=\"async\" src=\"https:\/\/artlaboratory-berlin.org\/wp-content\/uploads\/2022\/09\/Matthias__30-fungi_kontrast-farbverlauf.webp\" alt=\"\" \/>\n\t\t\t                    <\/div>\n\t\t\t\t\t\t\t\t<div class=\"below-image-slide\">\n\t\t\t\t\t\t\t\t<p class=\"wp-caption caption\">Rillig Lab, Freie Universit\u00e4t Berlin<\/p>\n\t\t\t\t\t\t\t\t<\/div>\n\t\t\t                <\/div>\t\t\t\t\t\t\n\t\t\t            \t\t\t                <div class=\"slide\">\n\t\t\t                \t<div class=\"img-box\">\n\t\t\t                    <img decoding=\"async\" src=\"https:\/\/artlaboratory-berlin.org\/wp-content\/uploads\/2022\/09\/p1010143.webp\" alt=\"\" \/>\n\t\t\t                    <\/div>\n\t\t\t\t\t\t\t\t<div class=\"below-image-slide\">\n\t\t\t\t\t\t\t\t<p class=\"wp-caption caption\">Rillig Lab, Freie Universit\u00e4t Berlin<\/p>\n\t\t\t\t\t\t\t\t<\/div>\n\t\t\t                <\/div>\t\t\t\t\t\t\n\t\t\t            \t\t\t    <\/div>\n\t\t\t\t\t\t<\/div>\n\t\n\t\t\n\n\n<p><br><em>Die K\u00fcnstlerin Sa\u0161a Spa\u010dal arbeitet an der Schnittstelle zwischen der Erforschung lebender Systeme, zeitgen\u00f6ssischer Kunst und Klangkunst. Ihre k\u00fcnstlerische Forschung konzentriert sich auf die Entwicklung technologischer Schnittstellen und Beziehungen zu organischen und mineralischen Bodensubstanzen, wobei sie posthumane Kontexte, Biopolitik und Nekropolitik miteinbezieht. Ihre Arbeiten wurden international ausgestellt, ausgezeichnet und aufgef\u00fchrt, u. a. bei Ars Electronica Festival (AT), Transmediale Festival (DE), Perm Museum of Contemporary Art (RUS), Onassis Cultural Center Athens (GR), Chronos Art Center (CHN), Kapelica Gallery (SI), Art Laboratory Berlin (D), um nur einige zu nennen. Im Oktober und November 2022 wird Spa\u010dal an der Freien Universit\u00e4t Berlin im Rillig Lab k\u00fcnstlerische Forschung betreiben, kuratorisch begleitet von Art Laboratory Berlin.<br><a href=\"https:\/\/www.agapea.si\" target=\"_blank\" rel=\"noreferrer noopener\">www.agapea.si<\/a><br><br>Matthias Rillig ist Professor f\u00fcr \u00d6kologie an der Freien Universit\u00e4t Berlin, wo er das Labor f\u00fcr Pflanzen\u00f6kologie leitet. Seine Forschung besch\u00e4ftigt sich mit terrestrischen \u00d6kosystemen, insbesondere mit der Biodiversit\u00e4t des Bodens und den Auswirkungen des globalen Wandels auf die B\u00f6den. Die meisten seiner Arbeiten befassen sich mit Pilzen, einschlie\u00dflich saprobieller Pilze und arbuskul\u00e4rer Mykorrhizapilze (die mit Pflanzenwurzeln symbiotisch leben).<br><a href=\"\nhttps:\/\/rilliglab.org\/\">https:\/\/rilliglab.org\/<\/a><\/em><br><br><\/p>\n<\/div>\n\n\n\n<div class=\"wp-block-column info-sidebar is-layout-flow wp-block-column-is-layout-flow\">\n<!-- Simple Share Buttons Adder (8.5.3) simplesharebuttons.com --><div class=\"ssba-modern-2 ssba ssbp-wrap alignleft ssbp--theme-2\"><div style=\"text-align:left\"><span class=\"ssba-share-text\">Share<\/span><br\/><ul class=\"ssbp-list\"><li class='ssbp-li--facebook'><a data-site=\"facebook\" class=\"ssba_facebook_share ssba_share_link ssbp-facebook ssbp-btn\" href=\"https:\/\/www.facebook.com\/sharer.php?t=HACK THE PANKE Festival&u=https:\/\/artlaboratory-berlin.org\/de\/wp-json\/wp\/v2\/event\/9067\"  target=_blank  style=\"color:#4267B2; background-color: #4267B2; height: 24px; width: 24px; background: #000000;\" ><span><svg xmlns=\"http:\/\/www.w3.org\/2000\/svg\" fill=\"#fff\" preserveAspectRatio=\"xMidYMid meet\" height=\"1em\" width=\"1em\" viewBox=\"0 0 40 40\">\n  <g>\n    <path d=\"m21.7 16.7h5v5h-5v11.6h-5v-11.6h-5v-5h5v-2.1c0-2 0.6-4.5 1.8-5.9 1.3-1.3 2.8-2 4.7-2h3.5v5h-3.5c-0.9 0-1.5 0.6-1.5 1.5v3.5z\"><\/path>\n  <\/g>\n<\/svg>\n\n<\/span><span class=\"color-icon\"><svg xmlns=\"http:\/\/www.w3.org\/2000\/svg\" width=\"16\" height=\"28\" viewBox=\"0 0 16 28\">\n  <path fill=\"#3B5998\" d=\"M10.7,10.7 L15.7,10.7 L15.7,15.7 L10.7,15.7 L10.7,27.3 L5.7,27.3 L5.7,15.7 L0.7,15.7 L0.7,10.7 L5.7,10.7 L5.7,8.6 C5.7,6.6 6.3,4.1 7.5,2.7 C8.8,1.4 10.3,0.7 12.2,0.7 L15.7,0.7 L15.7,5.7 L12.2,5.7 C11.3,5.7 10.7,6.3 10.7,7.2 L10.7,10.7 Z\"\/>\n<\/svg>\n<\/span><div title=\"Facebook\" class=\"ssbp-text\">Facebook<\/div><\/a><\/li><li class='ssbp-li--email'><a data-site=\"email\" class=\"ssba_email_share ssba_share_link ssbp-email ssbp-btn\" href=\"mailto:?subject=HACK THE PANKE Festival&body=https:\/\/artlaboratory-berlin.org\/de\/wp-json\/wp\/v2\/event\/9067\"  target=_blank  style=\"color:#7d7d7d; background-color: #7d7d7d; height: 24px; width: 24px; background: #000000;\" ><span><svg xmlns=\"http:\/\/www.w3.org\/2000\/svg\" fill=\"#fff\" preserveAspectRatio=\"xMidYMid meet\" height=\"1em\" width=\"1em\" viewBox=\"0 0 40 40\">\n  <g>\n    <path d=\"m33.4 13.4v-3.4l-13.4 8.4-13.4-8.4v3.4l13.4 8.2z m0-6.8q1.3 0 2.3 1.1t0.9 2.3v20q0 1.3-0.9 2.3t-2.3 1.1h-26.8q-1.3 0-2.3-1.1t-0.9-2.3v-20q0-1.3 0.9-2.3t2.3-1.1h26.8z\"><\/path>\n  <\/g>\n<\/svg>\n\n<\/span><span class=\"color-icon\"><svg xmlns=\"http:\/\/www.w3.org\/2000\/svg\" width=\"34\" height=\"28\" viewBox=\"0 0 34 28\">\n  <path fill=\"#7D7D7D\" d=\"M30.4,7.4 L30.4,4 L17,12.4 L3.6,4 L3.6,7.4 L17,15.6 L30.4,7.4 Z M30.4,0.6 C31.2666667,0.6 32.0333333,0.966666667 32.7,1.7 C33.3666667,2.43333333 33.6666667,3.2 33.6,4 L33.6,24 C33.6,24.8666667 33.3,25.6333333 32.7,26.3 C32.1,26.9666667 31.3333333,27.3333333 30.4,27.4 L3.6,27.4 C2.73333333,27.4 1.96666667,27.0333333 1.3,26.3 C0.633333333,25.5666667 0.333333333,24.8 0.4,24 L0.4,4 C0.4,3.13333333 0.7,2.36666667 1.3,1.7 C1.9,1.03333333 2.66666667,0.666666667 3.6,0.6 L30.4,0.6 Z\"\/>\n<\/svg>\n<\/span><div title=\"Email\" class=\"ssbp-text\">Email<\/div><\/a><\/li><\/ul><\/div><\/div>\n\n\n\n<h4 class=\"wp-block-heading\">ORT<\/h4>\n\n\n\n<p>Art Laboratory Berlin<br>Prinzenallee 34, 13359 Berlin<br>Panke Fluss <\/p>\n\n\n\n<h4 class=\"wp-block-heading\">DatUM Und UHRZEIT<\/h4>\n\n\n\n<p>3. Oktober 2022<br>14 &#8211; 16:30 Uhr<\/p>\n\n\n\n<h4 class=\"wp-block-heading\">AUSGEF\u00dcHRT VON<\/h4>\n\n\n\n<p>Sa\u0161a Spa\u010dal und Matthias Rillig<\/p>\n\n\n\n<h4 class=\"wp-block-heading\">GEB\u00dcHREN UND ANMELDUNG<\/h4>\n\n\n\n<p>Spenden sind willkommen!<br><strong><em><a href=\"https:\/\/pretix.eu\/artlaboratoryberlin\/Reflecting-Symbiosis\/?fbclid=IwAR2MA6CNJItjBQnSVwVsLiFip6rX4oUHDdKOhY9zplKy3u2v-Z3q2YXJRPA\" target=\"_blank\" rel=\"noreferrer noopener\">Bitte hier anmelden!<\/a><\/em><\/strong><\/p>\n\n\n\n<h4 class=\"wp-block-heading\">KuratorISCHES TEAM<\/h4>\n\n\n\n<p>Regine Rapp, Tu\u00e7e Erel, Christian de Lutz<\/p>\n\n\n\n<h4 class=\"wp-block-heading\">MediENpartnerIN<\/h4>\n\n\n\n<figure class=\"wp-block-image size-full is-resized\"><img loading=\"lazy\" decoding=\"async\" src=\"https:\/\/artlaboratory-berlin.org\/wp-content\/uploads\/2021\/04\/art-in-berlin.jpg\" alt=\"\" class=\"wp-image-2430\" width=\"150\" height=\"48\"\/><\/figure>\n\n\n\n<h4 class=\"wp-block-heading\">UNTERST\u00dcTZ VON<br><\/h4>\n\n\n\n<figure class=\"wp-block-image size-full is-resized\"><img loading=\"lazy\" decoding=\"async\" src=\"https:\/\/artlaboratory-berlin.org\/wp-content\/uploads\/2022\/08\/draussenstadt_logo_cmyk_schwarz.png\" alt=\"\" class=\"wp-image-8063\" width=\"152\" height=\"46\" srcset=\"https:\/\/artlaboratory-berlin.org\/wp-content\/uploads\/2022\/08\/draussenstadt_logo_cmyk_schwarz.png 800w, https:\/\/artlaboratory-berlin.org\/wp-content\/uploads\/2022\/08\/draussenstadt_logo_cmyk_schwarz-300x92.png 300w, https:\/\/artlaboratory-berlin.org\/wp-content\/uploads\/2022\/08\/draussenstadt_logo_cmyk_schwarz-768x234.png 768w, https:\/\/artlaboratory-berlin.org\/wp-content\/uploads\/2022\/08\/draussenstadt_logo_cmyk_schwarz-580x177.png 580w\" sizes=\"auto, (max-width: 152px) 100vw, 152px\" \/><\/figure>\n\n\n\n<figure class=\"wp-block-image size-full is-resized\"><img loading=\"lazy\" decoding=\"async\" src=\"https:\/\/artlaboratory-berlin.org\/wp-content\/uploads\/2022\/08\/2019-swb-logo_3zeilig.png\" alt=\"\" class=\"wp-image-8067\" width=\"223\" height=\"61\" srcset=\"https:\/\/artlaboratory-berlin.org\/wp-content\/uploads\/2022\/08\/2019-swb-logo_3zeilig.png 1000w, https:\/\/artlaboratory-berlin.org\/wp-content\/uploads\/2022\/08\/2019-swb-logo_3zeilig-300x83.png 300w, https:\/\/artlaboratory-berlin.org\/wp-content\/uploads\/2022\/08\/2019-swb-logo_3zeilig-768x212.png 768w, https:\/\/artlaboratory-berlin.org\/wp-content\/uploads\/2022\/08\/2019-swb-logo_3zeilig-580x160.png 580w\" sizes=\"auto, (max-width: 223px) 100vw, 223px\" \/><\/figure>\n\n\n\n<figure class=\"wp-block-image size-full is-resized\"><img loading=\"lazy\" decoding=\"async\" src=\"https:\/\/artlaboratory-berlin.org\/wp-content\/uploads\/2021\/04\/B_SEN_KuEu_Logo_DE_V_P_1C.jpg\" alt=\"\" class=\"wp-image-1102\" width=\"117\" height=\"68\" srcset=\"https:\/\/artlaboratory-berlin.org\/wp-content\/uploads\/2021\/04\/B_SEN_KuEu_Logo_DE_V_P_1C.jpg 500w, https:\/\/artlaboratory-berlin.org\/wp-content\/uploads\/2021\/04\/B_SEN_KuEu_Logo_DE_V_P_1C-300x175.jpg 300w\" sizes=\"auto, (max-width: 117px) 100vw, 117px\" \/><\/figure>\n\n\n<h4 class=\"related-sidebar-heading\">Teil des Forschungsprojekts:<\/h4>\n    <p><a href=\"https:\/\/artlaboratory-berlin.org\/de\/forschung\/symbiosis-in-intra-flux-of-the-anthropocene\/\">Symbiosis in intra-flux of the Anthropocene<\/a><\/p>\n    <\/div>\n<\/div>\n\n\n\n<div class=\"wp-block-columns related bg-black is-layout-flex wp-container-core-columns-is-layout-9d6595d7 wp-block-columns-is-layout-flex\">\n<div class=\"wp-block-column container is-layout-flow wp-block-column-is-layout-flow\">\n<h2 class=\"wp-block-heading\">Related<\/h2>\n\n\n\n<div class=\"wp-block-columns is-layout-flex wp-container-core-columns-is-layout-9d6595d7 wp-block-columns-is-layout-flex\">\n<div class=\"wp-block-column is-layout-flow wp-block-column-is-layout-flow\">            <div class=\"post-block\">\n                <a href=\"https:\/\/artlaboratory-berlin.org\/de\/forschung\/symbiosis-in-intra-flux-of-the-anthropocene\/\" rel=\"bookmark\" class=\"img-box h-100\" title=\"HACK THE PANKE Festival\">\n                <img loading=\"lazy\" decoding=\"async\" width=\"551\" height=\"358\" src=\"https:\/\/artlaboratory-berlin.org\/wp-content\/uploads\/2021\/05\/06-Sanicula-Root-551x358.jpg\" class=\"img-fluid wp-post-image\" alt=\"\" \/>  <img decoding=\"async\" src=\"https:\/\/artlaboratory-berlin.org\/wp-content\/uploads\/2021\/05\/01-WEB-551x358.jpg\" alt=\"\" class=\"img-fluid second-thumb\">\n<\/a>\t\t\n<header class=\"entry-header article-header\">\n              <a class=\"meta-info research\" href=\"https:\/\/artlaboratory-berlin.org\/de\/forschung\/\">\n                                Forschung                                <\/a><span class=\"cat\"> \n    <\/span>\n\n                   <h3 class=\"h2 entry-title mt-2\">\n                       <a href=\"https:\/\/artlaboratory-berlin.org\/de\/forschung\/symbiosis-in-intra-flux-of-the-anthropocene\/\">Symbiosis in intra-flux of the Anthropocene<\/a>\n                    <\/h3> \n                    <ol class=\"post-subheadings\"><li class=\"heading-level-2\">Artistic Research<\/li><li class=\"heading-level-3\">Sa\u0161a Spa\u010dal<\/li><\/ol>\t                <span class=\"info-line-preview\">2019<\/span>\n                  <\/header>  \n                    <p>Artistic Research Sa\u0161a Spa\u010dal Im Jahr 2019 und wieder 2022 weilt die Biomedienk\u00fcnstlerin Sa\u0161a Spa\u010dal f\u00fcr ihr neues Projekt Symbiosis in intra-flux of the Anthropocene bei der Rillig-Gruppe, Abteilung \u201e\u00d6kologie der Pflanzen\u201c am Institut f\u00fcr Biologie der Freien Universit\u00e4t Berlin und betreibt dort k\u00fcnstlerische Forschung. Sie befasst sich mit aktuellen gesellschaftlichen und \u00f6kologischen Problemen wie&#8230;  <p><a class=\"excerpt-read-more\" href=\"https:\/\/artlaboratory-berlin.org\/de\/veranstaltungen\/hack-the-panke-festival-spacal-rillig\/\" title=\"Read HACK THE PANKE Festival\">Lesen Sie weiter<\/a><\/p><\/p>\n                    <a href=\"https:\/\/artlaboratory-berlin.org\/de\/forschung\/symbiosis-in-intra-flux-of-the-anthropocene\/\" class=\"read-more\" rel=\"bookmark\" title=\"HACK THE PANKE Festival\">\n                    Mehr lesen<\/a>\n<\/div><\/div>\n\n\n\n<div class=\"wp-block-column is-layout-flow wp-block-column-is-layout-flow\">            <div class=\"post-block\">\n                <a href=\"https:\/\/artlaboratory-berlin.org\/de\/ausstellungen\/nonhuman-agents-nonhuman-networks\/\" rel=\"bookmark\" class=\"img-box h-100\" title=\"HACK THE PANKE Festival\">\n                <img loading=\"lazy\" decoding=\"async\" width=\"551\" height=\"358\" src=\"https:\/\/artlaboratory-berlin.org\/wp-content\/uploads\/2021\/05\/SL_20171013_NonhumanN_0018-551x358.jpg\" class=\"img-fluid wp-post-image\" alt=\"\" \/>  <img decoding=\"async\" src=\"https:\/\/artlaboratory-berlin.org\/wp-content\/uploads\/2021\/05\/HB-RESILIENT-TOPOGRAPHIES-VIDEO-STILL-551x358.jpg\" alt=\"\" class=\"img-fluid second-thumb\">\n<\/a>\t\t\n<header class=\"entry-header article-header\">\n              <a class=\"meta-info exhibition\" href=\"https:\/\/artlaboratory-berlin.org\/de\/ausstellungen\/\">\n                                Ausstellung                                <\/a><span class=\"cat\"> \n    <\/span>\n\n                   <h3 class=\"h2 entry-title mt-2\">\n                       <a href=\"https:\/\/artlaboratory-berlin.org\/de\/ausstellungen\/nonhuman-agents-nonhuman-networks\/\">Nonhuman Agents<\/a>\n                    <\/h3> \n                    <ol class=\"post-subheadings\"><li class=\"heading-level-2\">Nonhuman Networks<\/li><li class=\"heading-level-3\">Heather Barnett | Sa\u0161a Spa\u010dal, Mirjan \u0160vagelj &amp; Anil Podgornik<\/li><\/ol>\t                <span class=\"info-line-preview\">30. September &#8211; 26. November 2017<\/span>\n                  <\/header>  \n                    <p>Wie funktioniert das gr\u00f6\u00dfte einzellige Lebewesen der Welt als Computer? K\u00f6nnen wir das sogenannte &#8222;Internet der B\u00e4ume&#8220; anzapfen? Performative Arbeiten erm\u00f6glichen dem Publikum nichtsprachliche Formen der Wahrnehmung und des Kontakts mit mehreren t\u00e4uschend einfachen Lebensformen.<\/p>\n                    <a href=\"https:\/\/artlaboratory-berlin.org\/de\/ausstellungen\/nonhuman-agents-nonhuman-networks\/\" class=\"read-more\" rel=\"bookmark\" title=\"HACK THE PANKE Festival\">\n                    Mehr lesen<\/a>\n<\/div><\/div>\n\n\n\n<div class=\"wp-block-column is-layout-flow wp-block-column-is-layout-flow\">            <div class=\"post-block\">\n                <a href=\"https:\/\/artlaboratory-berlin.org\/de\/forschung\/diy-hack-the-panke\/\" rel=\"bookmark\" class=\"img-box h-100\" title=\"HACK THE PANKE Festival\">\n                <img loading=\"lazy\" decoding=\"async\" width=\"551\" height=\"358\" src=\"https:\/\/artlaboratory-berlin.org\/wp-content\/uploads\/2021\/04\/SL_DSC_0117-551x358.jpg\" class=\"img-fluid wp-post-image\" alt=\"\" \/>  <img decoding=\"async\" src=\"https:\/\/artlaboratory-berlin.org\/wp-content\/uploads\/2021\/04\/SL_S20190414_0041-551x358.jpg\" alt=\"\" class=\"img-fluid second-thumb\">\n<\/a>\t\t\n<header class=\"entry-header article-header\">\n              <a class=\"meta-info research\" href=\"https:\/\/artlaboratory-berlin.org\/de\/forschung\/\">\n                                Forschung                                <\/a><span class=\"cat\"> \n    <\/span>\n\n                   <h3 class=\"h2 entry-title mt-2\">\n                       <a href=\"https:\/\/artlaboratory-berlin.org\/de\/forschung\/diy-hack-the-panke\/\">DIY Hack the Panke<\/a>\n                    <\/h3> \n                    <ol class=\"post-subheadings\"><li class=\"heading-level-2\">Art + Science-Forschungsgruppe<\/li><li class=\"heading-level-3\"><\/li><\/ol>\t                <span class=\"info-line-preview\">2018 &#8211; laufend<\/span>\n                  <\/header>  \n                    <p>Die Art Science Gruppe <em>DIY Hack the Panke<\/em> hat sich zum Ziel gesetzt, den Fluss Panke auf lebende Organismen zu untersuchen und seine komplexe Geschichte der menschlichen Nutzung kritisch zu beleuchten. Wir bieten \u00f6ffentliche Workshops zu Themen wie Flussflora, -fauna und Mikrobiologie; Biomaterial und k\u00fcnstlerische Forschung; Mikroplastik und mehr.<\/p>\n                    <a href=\"https:\/\/artlaboratory-berlin.org\/de\/forschung\/diy-hack-the-panke\/\" class=\"read-more\" rel=\"bookmark\" title=\"HACK THE PANKE Festival\">\n                    Mehr lesen<\/a>\n<\/div><\/div>\n<\/div>\n<\/div>\n<\/div>\n","protected":false},"excerpt":{"rendered":"<p>In unserer letzten Veranstaltung des Festivals wird uns die K\u00fcnstlerin Sa\u0161a Spa\u010dal in ihre k\u00fcnstlerische Forschung \u00fcber Symbiose und Verflechtungen zwischen den Arten einf\u00fchren. Der \u00d6kologe Matthias Rillig wird uns einen Einblick in seine Forschung \u00fcber die Symbiose von arbuskul\u00e4ren Mykorrhizapilzen mit Pflanzen.<\/p>\n","protected":false},"featured_media":9054,"template":"","meta":{"_acf_changed":false,"_links_to":"","_links_to_target":""},"categories":[35,77],"tags":[49,203,113,178,68],"class_list":["post-9067","event","type-event","status-publish","has-post-thumbnail","hentry","category-walk-talk","category-walk-talk-de","tag-art-and-science","tag-fungi","tag-kunst-und-wissenschaft","tag-panke","tag-performance"],"acf":[],"yoast_head":"<!-- This site is optimized with the Yoast SEO plugin v26.2 - https:\/\/yoast.com\/wordpress\/plugins\/seo\/ -->\n<title>HACK THE PANKE Festival - Art Laboratory Berlin<\/title>\n<meta name=\"robots\" content=\"index, follow, max-snippet:-1, max-image-preview:large, max-video-preview:-1\" \/>\n<link rel=\"canonical\" href=\"https:\/\/artlaboratory-berlin.org\/de\/veranstaltungen\/hack-the-panke-festival-spacal-rillig\/\" \/>\n<meta property=\"og:locale\" content=\"de_DE\" \/>\n<meta property=\"og:type\" content=\"article\" \/>\n<meta property=\"og:title\" content=\"HACK THE PANKE Festival - Art Laboratory Berlin\" \/>\n<meta property=\"og:description\" content=\"In unserer letzten Veranstaltung des Festivals wird uns die K\u00fcnstlerin Sa\u0161a Spa\u010dal in ihre k\u00fcnstlerische Forschung \u00fcber Symbiose und Verflechtungen zwischen den Arten einf\u00fchren. Der \u00d6kologe Matthias Rillig wird uns einen Einblick in seine Forschung \u00fcber die Symbiose von arbuskul\u00e4ren Mykorrhizapilzen mit Pflanzen.\" \/>\n<meta property=\"og:url\" content=\"https:\/\/artlaboratory-berlin.org\/de\/veranstaltungen\/hack-the-panke-festival-spacal-rillig\/\" \/>\n<meta property=\"og:site_name\" content=\"Art Laboratory Berlin\" \/>\n<meta property=\"article:publisher\" content=\"https:\/\/www.facebook.com\/ArtLaboratoryBerlin\/\" \/>\n<meta property=\"article:modified_time\" content=\"2023-04-21T08:18:45+00:00\" \/>\n<meta property=\"og:image\" content=\"https:\/\/artlaboratory-berlin.org\/wp-content\/uploads\/2022\/09\/soil-profile-tenerife.webp\" \/>\n\t<meta property=\"og:image:width\" content=\"768\" \/>\n\t<meta property=\"og:image:height\" content=\"1024\" \/>\n\t<meta property=\"og:image:type\" content=\"image\/webp\" \/>\n<meta name=\"twitter:card\" content=\"summary_large_image\" \/>\n<meta name=\"twitter:site\" content=\"@artlaboratoryb\" \/>\n<meta name=\"twitter:label1\" content=\"Gesch\u00e4tzte Lesezeit\" \/>\n\t<meta name=\"twitter:data1\" content=\"3\u00a0Minuten\" \/>\n<!-- \/ Yoast SEO plugin. -->","yoast_head_json":{"title":"HACK THE PANKE Festival - Art Laboratory Berlin","robots":{"index":"index","follow":"follow","max-snippet":"max-snippet:-1","max-image-preview":"max-image-preview:large","max-video-preview":"max-video-preview:-1"},"canonical":"https:\/\/artlaboratory-berlin.org\/de\/veranstaltungen\/hack-the-panke-festival-spacal-rillig\/","og_locale":"de_DE","og_type":"article","og_title":"HACK THE PANKE Festival - Art Laboratory Berlin","og_description":"In unserer letzten Veranstaltung des Festivals wird uns die K\u00fcnstlerin Sa\u0161a Spa\u010dal in ihre k\u00fcnstlerische Forschung \u00fcber Symbiose und Verflechtungen zwischen den Arten einf\u00fchren. Der \u00d6kologe Matthias Rillig wird uns einen Einblick in seine Forschung \u00fcber die Symbiose von arbuskul\u00e4ren Mykorrhizapilzen mit Pflanzen.","og_url":"https:\/\/artlaboratory-berlin.org\/de\/veranstaltungen\/hack-the-panke-festival-spacal-rillig\/","og_site_name":"Art Laboratory Berlin","article_publisher":"https:\/\/www.facebook.com\/ArtLaboratoryBerlin\/","article_modified_time":"2023-04-21T08:18:45+00:00","og_image":[{"width":768,"height":1024,"url":"https:\/\/artlaboratory-berlin.org\/wp-content\/uploads\/2022\/09\/soil-profile-tenerife.webp","type":"image\/webp"}],"twitter_card":"summary_large_image","twitter_site":"@artlaboratoryb","twitter_misc":{"Gesch\u00e4tzte Lesezeit":"3\u00a0Minuten"},"schema":{"@context":"https:\/\/schema.org","@graph":[{"@type":"WebPage","@id":"https:\/\/artlaboratory-berlin.org\/de\/veranstaltungen\/hack-the-panke-festival-spacal-rillig\/","url":"https:\/\/artlaboratory-berlin.org\/de\/veranstaltungen\/hack-the-panke-festival-spacal-rillig\/","name":"HACK THE PANKE Festival - Art Laboratory Berlin","isPartOf":{"@id":"https:\/\/artlaboratory-berlin.org\/#website"},"primaryImageOfPage":{"@id":"https:\/\/artlaboratory-berlin.org\/de\/veranstaltungen\/hack-the-panke-festival-spacal-rillig\/#primaryimage"},"image":{"@id":"https:\/\/artlaboratory-berlin.org\/de\/veranstaltungen\/hack-the-panke-festival-spacal-rillig\/#primaryimage"},"thumbnailUrl":"https:\/\/artlaboratory-berlin.org\/wp-content\/uploads\/2022\/09\/soil-profile-tenerife.webp","datePublished":"2022-09-25T13:13:01+00:00","dateModified":"2023-04-21T08:18:45+00:00","breadcrumb":{"@id":"https:\/\/artlaboratory-berlin.org\/de\/veranstaltungen\/hack-the-panke-festival-spacal-rillig\/#breadcrumb"},"inLanguage":"de","potentialAction":[{"@type":"ReadAction","target":["https:\/\/artlaboratory-berlin.org\/de\/veranstaltungen\/hack-the-panke-festival-spacal-rillig\/"]}]},{"@type":"ImageObject","inLanguage":"de","@id":"https:\/\/artlaboratory-berlin.org\/de\/veranstaltungen\/hack-the-panke-festival-spacal-rillig\/#primaryimage","url":"https:\/\/artlaboratory-berlin.org\/wp-content\/uploads\/2022\/09\/soil-profile-tenerife.webp","contentUrl":"https:\/\/artlaboratory-berlin.org\/wp-content\/uploads\/2022\/09\/soil-profile-tenerife.webp","width":768,"height":1024,"caption":"Bodenprofil, Rillig Lab, Freie Universit\u00e4t Berlin"},{"@type":"BreadcrumbList","@id":"https:\/\/artlaboratory-berlin.org\/de\/veranstaltungen\/hack-the-panke-festival-spacal-rillig\/#breadcrumb","itemListElement":[{"@type":"ListItem","position":1,"name":"Home","item":"https:\/\/artlaboratory-berlin.org\/de\/"},{"@type":"ListItem","position":2,"name":"Events","item":"https:\/\/artlaboratory-berlin.org\/events\/"},{"@type":"ListItem","position":3,"name":"HACK THE PANKE Festival"}]},{"@type":"WebSite","@id":"https:\/\/artlaboratory-berlin.org\/#website","url":"https:\/\/artlaboratory-berlin.org\/","name":"Art Laboratory Berlin","description":"","publisher":{"@id":"https:\/\/artlaboratory-berlin.org\/#organization"},"potentialAction":[{"@type":"SearchAction","target":{"@type":"EntryPoint","urlTemplate":"https:\/\/artlaboratory-berlin.org\/?s={search_term_string}"},"query-input":{"@type":"PropertyValueSpecification","valueRequired":true,"valueName":"search_term_string"}}],"inLanguage":"de"},{"@type":"Organization","@id":"https:\/\/artlaboratory-berlin.org\/#organization","name":"Art Laboratory Berlin","url":"https:\/\/artlaboratory-berlin.org\/","logo":{"@type":"ImageObject","inLanguage":"de","@id":"https:\/\/artlaboratory-berlin.org\/#\/schema\/logo\/image\/","url":"https:\/\/artlaboratory-berlin.org\/wp-content\/uploads\/2021\/05\/logo-alb.png","contentUrl":"https:\/\/artlaboratory-berlin.org\/wp-content\/uploads\/2021\/05\/logo-alb.png","width":800,"height":515,"caption":"Art Laboratory Berlin"},"image":{"@id":"https:\/\/artlaboratory-berlin.org\/#\/schema\/logo\/image\/"},"sameAs":["https:\/\/www.facebook.com\/ArtLaboratoryBerlin\/","https:\/\/x.com\/artlaboratoryb","https:\/\/www.instagram.com\/artlaboratoryberlin","https:\/\/www.youtube.com\/c\/ArtLaboratoryBerlin\/videos"]}]}},"_links":{"self":[{"href":"https:\/\/artlaboratory-berlin.org\/de\/wp-json\/wp\/v2\/event\/9067","targetHints":{"allow":["GET"]}}],"collection":[{"href":"https:\/\/artlaboratory-berlin.org\/de\/wp-json\/wp\/v2\/event"}],"about":[{"href":"https:\/\/artlaboratory-berlin.org\/de\/wp-json\/wp\/v2\/types\/event"}],"version-history":[{"count":19,"href":"https:\/\/artlaboratory-berlin.org\/de\/wp-json\/wp\/v2\/event\/9067\/revisions"}],"predecessor-version":[{"id":10900,"href":"https:\/\/artlaboratory-berlin.org\/de\/wp-json\/wp\/v2\/event\/9067\/revisions\/10900"}],"wp:featuredmedia":[{"embeddable":true,"href":"https:\/\/artlaboratory-berlin.org\/de\/wp-json\/wp\/v2\/media\/9054"}],"wp:attachment":[{"href":"https:\/\/artlaboratory-berlin.org\/de\/wp-json\/wp\/v2\/media?parent=9067"}],"wp:term":[{"taxonomy":"category","embeddable":true,"href":"https:\/\/artlaboratory-berlin.org\/de\/wp-json\/wp\/v2\/categories?post=9067"},{"taxonomy":"post_tag","embeddable":true,"href":"https:\/\/artlaboratory-berlin.org\/de\/wp-json\/wp\/v2\/tags?post=9067"}],"curies":[{"name":"wp","href":"https:\/\/api.w.org\/{rel}","templated":true}]}}