{"id":8707,"date":"2022-09-06T20:33:34","date_gmt":"2022-09-06T20:33:34","guid":{"rendered":"https:\/\/artlaboratory-berlin.org\/?post_type=event&#038;p=8707"},"modified":"2023-04-26T19:37:46","modified_gmt":"2023-04-26T19:37:46","slug":"hack-the-panke-festival-popov-whitehead","status":"publish","type":"event","link":"https:\/\/artlaboratory-berlin.org\/de\/veranstaltungen\/hack-the-panke-festival-popov-whitehead\/","title":{"rendered":"HACK THE PANKE Festival"},"content":{"rendered":"\n<h2 class=\"wp-block-heading subheading\">Rituals and Reflections<\/h2>\n\n\n\n<h3 class=\"wp-block-heading names\">Walk &amp; Talk | Nenad Popov &amp; James Whitehead<\/h3>\n\n\n\t\t<div class=\"media-box\">\n\t\t\t\t\t\t    <div id=\"head-slider\" class=\"head-slider\">\n\t\t\t            \t\t\t\t\t\t<div class=\"slide\">\n\t\t\t\t\t\t<div class=\"img-box\" style=\"background-image: url(https:\/\/artlaboratory-berlin.org\/wp-content\/uploads\/2023\/04\/IMG_20220918_150605.jpg\" alt=\");\" >\n\t\t\t\t\t\t<\/div>\n\t\t\t\t\t\t<p class=\"wp-caption caption\"><i>Rituals and Reflections,<\/i> Walk &#038; Talk mit Nenad Popov &#038; James Whitehead, 2022<\/p>\n\t\t\t             <\/div>\t\t\t\t\t\t\t\n\t\t\t            \t\t\t\t\t\t<div class=\"slide\">\n\t\t\t\t\t\t<div class=\"img-box\" style=\"background-image: url(https:\/\/artlaboratory-berlin.org\/wp-content\/uploads\/2023\/04\/IMG_20220918_164230.jpg\" alt=\");\" >\n\t\t\t\t\t\t<\/div>\n\t\t\t\t\t\t<p class=\"wp-caption caption\"><i>Rituals and Reflections,<\/i> Walk &#038; Talk mit Nenad Popov &#038; James Whitehead, 2022<\/p>\n\t\t\t             <\/div>\t\t\t\t\t\t\t\n\t\t\t            \t\t\t\t\t\t<div class=\"slide\">\n\t\t\t\t\t\t<div class=\"img-box\" style=\"background-image: url(https:\/\/artlaboratory-berlin.org\/wp-content\/uploads\/2023\/04\/IMG_20220918_162745.jpg\" alt=\");\" >\n\t\t\t\t\t\t<\/div>\n\t\t\t\t\t\t<p class=\"wp-caption caption\"><i>Rituals and Reflections,<\/i> Walk &#038; Talk mit Nenad Popov &#038; James Whitehead, 2022<\/p>\n\t\t\t             <\/div>\t\t\t\t\t\t\t\n\t\t\t            \t\t\t    <\/div>\n\t\t<\/div>\n\t\t\t\t\n\n\n<div class=\"wp-block-columns main-post-content is-layout-flex wp-container-core-columns-is-layout-9d6595d7 wp-block-columns-is-layout-flex\">\n<div class=\"wp-block-column content-column is-layout-flow wp-block-column-is-layout-flow\">\n<p><em><em><em>Art Laboratory Berlin hei\u00dft herzlich willkommen zum HACK THE PANKE Festival mit verschiedenen Veranstaltungen wie Workshops, F<\/em>ilmvorf\u00fchrungen und Walks zu Kunst, Wissenschaft und Sound in Berlin-Wedding.<\/em><\/em><\/p>\n\n\n\n<p><br>Gemeinsam mit dem Medien- und Klangk\u00fcnstler Nenad Popov und dem Biologen James Whitehead werden die Teilnehmenden die Auswirkungen von D\u00fcrre und Klimastress auf den Fluss Panke untersuchen. Wie hat sich der niedrige Wasserstand auf die nahe gelegenen B\u00f6den und die Vegetation ausgewirkt? Welche Spuren der st\u00e4dtischen Zivilisation \u2013 wie M\u00fcll, aber auch Flussbau \u2013 werden freigelegt?<br><br>Der K\u00fcnstler und der Naturwissenschaftler, die beide Teil der laufenden Forschungsgruppe <em><a href=\"https:\/\/artlaboratory-berlin.org\/de\/forschung\/diy-hack-the-panke\/\" target=\"_blank\" rel=\"noreferrer noopener\">DIY Hack the Panke<\/a><\/em> sind, laden die Teilnehmenden ein, sich an Experimenten und an der Schaffung subtiler Klanglandschaften zu beteiligen, um die Reibung zwischen Gesellschaft und Natur entlang dieses st\u00e4dtischen Wasserwegs zu untersuchen.<br><\/p>\n\n\n<div class=\"slider-box\">\n\t\t\t\t\t\t    <div class=\"content-slider\">\n\t\t\t            \t\t\t                <div class=\"slide\">\n\t\t\t                \t<div class=\"img-box\">\n\t\t\t                    <img decoding=\"async\" src=\"https:\/\/artlaboratory-berlin.org\/wp-content\/uploads\/2023\/04\/IMG_20220918_162538.jpg\" alt=\"\" \/>\n\t\t\t                    <\/div>\n\t\t\t\t\t\t\t\t<div class=\"below-image-slide\">\n\t\t\t\t\t\t\t\t<p class=\"wp-caption caption\"><i>Rituals and Reflections,<\/i> Walk &#038; Talk mit Nenad Popov &#038; James Whitehead, 2022<\/p>\n\t\t\t\t\t\t\t\t<\/div>\n\t\t\t                <\/div>\t\t\t\t\t\t\n\t\t\t            \t\t\t                <div class=\"slide\">\n\t\t\t                \t<div class=\"img-box\">\n\t\t\t                    <img decoding=\"async\" src=\"https:\/\/artlaboratory-berlin.org\/wp-content\/uploads\/2023\/04\/IMG_20220918_163031.jpg\" alt=\"\" \/>\n\t\t\t                    <\/div>\n\t\t\t\t\t\t\t\t<div class=\"below-image-slide\">\n\t\t\t\t\t\t\t\t<p class=\"wp-caption caption\"><i>Rituals and Reflections,<\/i> Walk &#038; Talk mit Nenad Popov &#038; James Whitehead, 2022<\/p>\n\t\t\t\t\t\t\t\t<\/div>\n\t\t\t                <\/div>\t\t\t\t\t\t\n\t\t\t            \t\t\t                <div class=\"slide\">\n\t\t\t                \t<div class=\"img-box\">\n\t\t\t                    <img decoding=\"async\" src=\"https:\/\/artlaboratory-berlin.org\/wp-content\/uploads\/2023\/04\/20220918_144702-scaled.jpg\" alt=\"\" \/>\n\t\t\t                    <\/div>\n\t\t\t\t\t\t\t\t<div class=\"below-image-slide\">\n\t\t\t\t\t\t\t\t<p class=\"wp-caption caption\"><i>Rituals and Reflections,<\/i> Walk &#038; Talk mit Nenad Popov &#038; James Whitehead, 2022<\/p>\n\t\t\t\t\t\t\t\t<\/div>\n\t\t\t                <\/div>\t\t\t\t\t\t\n\t\t\t            \t\t\t                <div class=\"slide\">\n\t\t\t                \t<div class=\"img-box\">\n\t\t\t                    <img decoding=\"async\" src=\"https:\/\/artlaboratory-berlin.org\/wp-content\/uploads\/2023\/04\/20220918_163050-scaled.jpg\" alt=\"\" \/>\n\t\t\t                    <\/div>\n\t\t\t\t\t\t\t\t<div class=\"below-image-slide\">\n\t\t\t\t\t\t\t\t<p class=\"wp-caption caption\"><i>Rituals and Reflections,<\/i> Walk &#038; Talk mit Nenad Popov &#038; James Whitehead, 2022<\/p>\n\t\t\t\t\t\t\t\t<\/div>\n\t\t\t                <\/div>\t\t\t\t\t\t\n\t\t\t            \t\t\t                <div class=\"slide\">\n\t\t\t                \t<div class=\"img-box\">\n\t\t\t                    <img decoding=\"async\" src=\"https:\/\/artlaboratory-berlin.org\/wp-content\/uploads\/2023\/04\/IMG_20220918_162741.jpg\" alt=\"\" \/>\n\t\t\t                    <\/div>\n\t\t\t\t\t\t\t\t<div class=\"below-image-slide\">\n\t\t\t\t\t\t\t\t<p class=\"wp-caption caption\"><i>Rituals and Reflections,<\/i> Walk &#038; Talk mit Nenad Popov &#038; James Whitehead, 2022<\/p>\n\t\t\t\t\t\t\t\t<\/div>\n\t\t\t                <\/div>\t\t\t\t\t\t\n\t\t\t            \t\t\t    <\/div>\n\t\t\t\t\t\t<\/div>\n\t\n\t\t\n\n\n<p><br><em>Nenad Popov ist ein interdisziplin\u00e4rer K\u00fcnstler, dessen Arbeit stark von wissenschaftlichen Konzepten und Methoden inspiriert ist. Er hat sich auf Live-Performances und filmische Installationen spezialisiert, die h\u00e4ufig lebende Organismen einbeziehen. Er erhielt seinen Master-Abschluss an der Abteilung f\u00fcr Kunstwissenschaften des K\u00f6niglichen Konservatoriums in Den Haag, Niederlande. Seit 2013 lebt und arbeitet er in Berlin. Er zeigte seine Arbeiten auf Festivals wie der Ars Electronica in Linz und STATE experience science in Berlin. Er ist Mitglied des Berliner Art-Science-Forschungskollektivs <em><a href=\"https:\/\/artlaboratory-berlin.org\/de\/forschung\/diy-hack-the-panke\/\" target=\"_blank\" rel=\"noreferrer noopener\">DIY Hack the Panke<\/a><\/em>.<\/em><br><br><em>James Whitehead ist \u00d6kologe und erforscht die mikrobiellen Bodengemeinschaften im Berliner Gr\u00fcnland. Derzeit arbeitet er als Doktorand an der Freien Universit\u00e4t Berlin (Rillig Lab | Plant Ecologies) und nutzt eine Vielzahl von Techniken, um die Zusammensetzung mikrobieller Gemeinschaften und deren Auswirkungen auf die Bodeneigenschaften zu untersuchen. Diese Techniken reichen von der Molekularanalyse bis hin zur Messung von Eigenschaften wie der Stabilit\u00e4t von Aggregaten, den Bausteinen von B\u00f6den. <\/em>Er ist Mitglied des Berliner Art-Science-Forschungskollektivs <em><a href=\"https:\/\/artlaboratory-berlin.org\/de\/forschung\/diy-hack-the-panke\/\" target=\"_blank\" rel=\"noreferrer noopener\">DIY Hack the Panke<\/a><\/em>.<\/p>\n<\/div>\n\n\n\n<div class=\"wp-block-column info-sidebar is-layout-flow wp-block-column-is-layout-flow\">\n<!-- Simple Share Buttons Adder (8.5.3) simplesharebuttons.com --><div class=\"ssba-modern-2 ssba ssbp-wrap alignleft ssbp--theme-2\"><div style=\"text-align:left\"><span class=\"ssba-share-text\">Share<\/span><br\/><ul class=\"ssbp-list\"><li class='ssbp-li--facebook'><a data-site=\"facebook\" class=\"ssba_facebook_share ssba_share_link ssbp-facebook ssbp-btn\" href=\"https:\/\/www.facebook.com\/sharer.php?t=HACK THE PANKE Festival&u=https:\/\/artlaboratory-berlin.org\/de\/wp-json\/wp\/v2\/event\/8707\"  target=_blank  style=\"color:#4267B2; background-color: #4267B2; height: 24px; width: 24px; background: #000000;\" ><span><svg xmlns=\"http:\/\/www.w3.org\/2000\/svg\" fill=\"#fff\" preserveAspectRatio=\"xMidYMid meet\" height=\"1em\" width=\"1em\" viewBox=\"0 0 40 40\">\n  <g>\n    <path d=\"m21.7 16.7h5v5h-5v11.6h-5v-11.6h-5v-5h5v-2.1c0-2 0.6-4.5 1.8-5.9 1.3-1.3 2.8-2 4.7-2h3.5v5h-3.5c-0.9 0-1.5 0.6-1.5 1.5v3.5z\"><\/path>\n  <\/g>\n<\/svg>\n\n<\/span><span class=\"color-icon\"><svg xmlns=\"http:\/\/www.w3.org\/2000\/svg\" width=\"16\" height=\"28\" viewBox=\"0 0 16 28\">\n  <path fill=\"#3B5998\" d=\"M10.7,10.7 L15.7,10.7 L15.7,15.7 L10.7,15.7 L10.7,27.3 L5.7,27.3 L5.7,15.7 L0.7,15.7 L0.7,10.7 L5.7,10.7 L5.7,8.6 C5.7,6.6 6.3,4.1 7.5,2.7 C8.8,1.4 10.3,0.7 12.2,0.7 L15.7,0.7 L15.7,5.7 L12.2,5.7 C11.3,5.7 10.7,6.3 10.7,7.2 L10.7,10.7 Z\"\/>\n<\/svg>\n<\/span><div title=\"Facebook\" class=\"ssbp-text\">Facebook<\/div><\/a><\/li><li class='ssbp-li--email'><a data-site=\"email\" class=\"ssba_email_share ssba_share_link ssbp-email ssbp-btn\" href=\"mailto:?subject=HACK THE PANKE Festival&body=https:\/\/artlaboratory-berlin.org\/de\/wp-json\/wp\/v2\/event\/8707\"  target=_blank  style=\"color:#7d7d7d; background-color: #7d7d7d; height: 24px; width: 24px; background: #000000;\" ><span><svg xmlns=\"http:\/\/www.w3.org\/2000\/svg\" fill=\"#fff\" preserveAspectRatio=\"xMidYMid meet\" height=\"1em\" width=\"1em\" viewBox=\"0 0 40 40\">\n  <g>\n    <path d=\"m33.4 13.4v-3.4l-13.4 8.4-13.4-8.4v3.4l13.4 8.2z m0-6.8q1.3 0 2.3 1.1t0.9 2.3v20q0 1.3-0.9 2.3t-2.3 1.1h-26.8q-1.3 0-2.3-1.1t-0.9-2.3v-20q0-1.3 0.9-2.3t2.3-1.1h26.8z\"><\/path>\n  <\/g>\n<\/svg>\n\n<\/span><span class=\"color-icon\"><svg xmlns=\"http:\/\/www.w3.org\/2000\/svg\" width=\"34\" height=\"28\" viewBox=\"0 0 34 28\">\n  <path fill=\"#7D7D7D\" d=\"M30.4,7.4 L30.4,4 L17,12.4 L3.6,4 L3.6,7.4 L17,15.6 L30.4,7.4 Z M30.4,0.6 C31.2666667,0.6 32.0333333,0.966666667 32.7,1.7 C33.3666667,2.43333333 33.6666667,3.2 33.6,4 L33.6,24 C33.6,24.8666667 33.3,25.6333333 32.7,26.3 C32.1,26.9666667 31.3333333,27.3333333 30.4,27.4 L3.6,27.4 C2.73333333,27.4 1.96666667,27.0333333 1.3,26.3 C0.633333333,25.5666667 0.333333333,24.8 0.4,24 L0.4,4 C0.4,3.13333333 0.7,2.36666667 1.3,1.7 C1.9,1.03333333 2.66666667,0.666666667 3.6,0.6 L30.4,0.6 Z\"\/>\n<\/svg>\n<\/span><div title=\"Email\" class=\"ssbp-text\">Email<\/div><\/a><\/li><\/ul><\/div><\/div>\n\n\n\n<h4 class=\"wp-block-heading\">ORT<\/h4>\n\n\n\n<p>Art Laboratory Berlin<br>Prinzenallee 34, 13359 Berlin<br>Panke River <\/p>\n\n\n\n<h4 class=\"wp-block-heading\">DATUM UND UHRZEIT<\/h4>\n\n\n\n<p>18. September 20222<br>14 &#8211; 16:30 Uhr<\/p>\n\n\n\n<h4 class=\"wp-block-heading\">AUSGEF\u00dcHRT VON<\/h4>\n\n\n\n<p>Nenad Popov and James Whitehead<\/p>\n\n\n\n<h4 class=\"wp-block-heading\">KURATORISCHES TEAM<\/h4>\n\n\n\n<p>Regine Rapp, Tu\u00e7e Erel, Christian de Lutz<\/p>\n\n\n\n<h4 class=\"wp-block-heading\">MediENpartnerIN<\/h4>\n\n\n\n<figure class=\"wp-block-image size-full is-resized\"><img loading=\"lazy\" decoding=\"async\" src=\"https:\/\/artlaboratory-berlin.org\/wp-content\/uploads\/2021\/04\/art-in-berlin.jpg\" alt=\"\" class=\"wp-image-2430\" width=\"150\" height=\"48\"\/><\/figure>\n\n\n\n<h4 class=\"wp-block-heading\">UNTERST\u00dcTZT VON<br><\/h4>\n\n\n\n<figure class=\"wp-block-image size-full is-resized\"><img loading=\"lazy\" decoding=\"async\" src=\"https:\/\/artlaboratory-berlin.org\/wp-content\/uploads\/2022\/08\/draussenstadt_logo_cmyk_schwarz.png\" alt=\"\" class=\"wp-image-8063\" width=\"152\" height=\"46\" srcset=\"https:\/\/artlaboratory-berlin.org\/wp-content\/uploads\/2022\/08\/draussenstadt_logo_cmyk_schwarz.png 800w, https:\/\/artlaboratory-berlin.org\/wp-content\/uploads\/2022\/08\/draussenstadt_logo_cmyk_schwarz-300x92.png 300w, https:\/\/artlaboratory-berlin.org\/wp-content\/uploads\/2022\/08\/draussenstadt_logo_cmyk_schwarz-768x234.png 768w, https:\/\/artlaboratory-berlin.org\/wp-content\/uploads\/2022\/08\/draussenstadt_logo_cmyk_schwarz-580x177.png 580w\" sizes=\"auto, (max-width: 152px) 100vw, 152px\" \/><\/figure>\n\n\n\n<figure class=\"wp-block-image size-full is-resized\"><img loading=\"lazy\" decoding=\"async\" src=\"https:\/\/artlaboratory-berlin.org\/wp-content\/uploads\/2022\/08\/2019-swb-logo_3zeilig.png\" alt=\"\" class=\"wp-image-8067\" width=\"223\" height=\"61\" srcset=\"https:\/\/artlaboratory-berlin.org\/wp-content\/uploads\/2022\/08\/2019-swb-logo_3zeilig.png 1000w, https:\/\/artlaboratory-berlin.org\/wp-content\/uploads\/2022\/08\/2019-swb-logo_3zeilig-300x83.png 300w, https:\/\/artlaboratory-berlin.org\/wp-content\/uploads\/2022\/08\/2019-swb-logo_3zeilig-768x212.png 768w, https:\/\/artlaboratory-berlin.org\/wp-content\/uploads\/2022\/08\/2019-swb-logo_3zeilig-580x160.png 580w\" sizes=\"auto, (max-width: 223px) 100vw, 223px\" \/><\/figure>\n\n\n\n<figure class=\"wp-block-image size-full is-resized\"><img loading=\"lazy\" decoding=\"async\" src=\"https:\/\/artlaboratory-berlin.org\/wp-content\/uploads\/2021\/04\/B_SEN_KuEu_Logo_DE_V_P_1C.jpg\" alt=\"\" class=\"wp-image-1102\" width=\"117\" height=\"68\" srcset=\"https:\/\/artlaboratory-berlin.org\/wp-content\/uploads\/2021\/04\/B_SEN_KuEu_Logo_DE_V_P_1C.jpg 500w, https:\/\/artlaboratory-berlin.org\/wp-content\/uploads\/2021\/04\/B_SEN_KuEu_Logo_DE_V_P_1C-300x175.jpg 300w\" sizes=\"auto, (max-width: 117px) 100vw, 117px\" \/><\/figure>\n\n\n<\/div>\n<\/div>\n\n\n\n<div class=\"wp-block-columns related bg-black is-layout-flex wp-container-core-columns-is-layout-9d6595d7 wp-block-columns-is-layout-flex\">\n<div class=\"wp-block-column container is-layout-flow wp-block-column-is-layout-flow\">\n<h2 class=\"wp-block-heading\">Im Kontext<\/h2>\n\n\n\n<div class=\"wp-block-columns is-layout-flex wp-container-core-columns-is-layout-9d6595d7 wp-block-columns-is-layout-flex\">\n<div class=\"wp-block-column is-layout-flow wp-block-column-is-layout-flow\">            <div class=\"post-block\">\n                <a href=\"https:\/\/artlaboratory-berlin.org\/de\/ausstellungen\/diy-hack-the-panke-ausstellung22\/\" rel=\"bookmark\" class=\"img-box h-100\" title=\"HACK THE PANKE Festival\">\n                <img loading=\"lazy\" decoding=\"async\" width=\"551\" height=\"358\" src=\"https:\/\/artlaboratory-berlin.org\/wp-content\/uploads\/2022\/03\/LOW-RES-0004-551x358.jpg\" class=\"img-fluid wp-post-image\" alt=\"\" \/>  <img decoding=\"async\" src=\"https:\/\/artlaboratory-berlin.org\/wp-content\/uploads\/2023\/08\/IMG_20220323_174409_low-res-551x358.jpg\" alt=\"\" class=\"img-fluid second-thumb\">\n<\/a>\t\t\n<header class=\"entry-header article-header\">\n              <a class=\"meta-info exhibition\" href=\"https:\/\/artlaboratory-berlin.org\/de\/ausstellungen\/\">\n                                Ausstellung                                <\/a><span class=\"cat\"> \n    <\/span>\n\n                   <h3 class=\"h2 entry-title mt-2\">\n                       <a href=\"https:\/\/artlaboratory-berlin.org\/de\/ausstellungen\/diy-hack-the-panke-ausstellung22\/\">DIY Hack the Panke<\/a>\n                    <\/h3> \n                    <ol class=\"post-subheadings\"><li class=\"heading-level-2\">Learning from the River<\/li><li class=\"heading-level-3\">Dokumentarische Ausstellung des Kunst-Naturwissenschafts-Kollektivs<\/li><\/ol>\t                <span class=\"info-line-preview\">26. M\u00e4rz &#8211; 30. April 2022<\/span>\n                  <\/header>  \n                    <p>Das Kunst-Wissenschafts-Kollektiv arbeitet zum Fluss Panke und zu Themen der urbanen Hydro\u00f6kologie. Die Ausstellung dokumentiert ausf\u00fchrlich die interdisziplin\u00e4ren Forschungsprojekte, zeigt neue Kunstwerke und l\u00e4dt ein, \u00fcber Hybrid Art in einer posthumanen \u00c4ra zu lesen.<\/p>\n                    <a href=\"https:\/\/artlaboratory-berlin.org\/de\/ausstellungen\/diy-hack-the-panke-ausstellung22\/\" class=\"read-more\" rel=\"bookmark\" title=\"HACK THE PANKE Festival\">\n                    Mehr lesen<\/a>\n<\/div><\/div>\n\n\n\n<div class=\"wp-block-column is-layout-flow wp-block-column-is-layout-flow\">            <div class=\"post-block\">\n                <a href=\"https:\/\/artlaboratory-berlin.org\/de\/veranstaltungen\/diy-hack-the-panke-summer-walk-talk-nr2\/\" rel=\"bookmark\" class=\"img-box h-100\" title=\"HACK THE PANKE Festival\">\n                <img loading=\"lazy\" decoding=\"async\" width=\"551\" height=\"358\" src=\"https:\/\/artlaboratory-berlin.org\/wp-content\/uploads\/2021\/04\/SL_IMG_20190922_162732-1-551x358.jpg\" class=\"img-fluid wp-post-image\" alt=\"\" \/>  <img decoding=\"async\" src=\"https:\/\/artlaboratory-berlin.org\/wp-content\/uploads\/2021\/04\/SL_IMG_20190922_161445-1-551x358.jpg\" alt=\"\" class=\"img-fluid second-thumb\">\n<\/a>\t\t\n<header class=\"entry-header article-header\">\n              <a class=\"meta-info event\" href=\"https:\/\/artlaboratory-berlin.org\/de\/veranstaltungen\/\">\n                                Veranstaltung                                <\/a><span class=\"cat\"> \n    Walk &amp; Talk<\/span>\n\n                   <h3 class=\"h2 entry-title mt-2\">\n                       <a href=\"https:\/\/artlaboratory-berlin.org\/de\/veranstaltungen\/diy-hack-the-panke-summer-walk-talk-nr2\/\">DIY Hack the Panke<\/a>\n                    <\/h3> \n                    <ol class=\"post-subheadings\"><li class=\"heading-level-2\">Summer Walk &amp; Talk #2<\/li><li class=\"heading-level-3\">India Mansour | Nenad Popov | James Whitehead<\/li><\/ol>\t                <span class=\"info-line-preview\">22. September 2019<\/span>\n                  <\/header>  \n                    <p>Am letzten Tag dieses Sommers werden der Sound- und Medienk\u00fcnstler Nenad Popov und die Biologen India Mansour und James Whitehead eine Reihe von Kurzvortr\u00e4gen  halten, in denen partizipative Aktionen und Wechselwirkungen zwischen sichtbaren und unsichtbaren \u00f6kologischen Schichten behandelt werden. <\/p>\n                    <a href=\"https:\/\/artlaboratory-berlin.org\/de\/veranstaltungen\/diy-hack-the-panke-summer-walk-talk-nr2\/\" class=\"read-more\" rel=\"bookmark\" title=\"HACK THE PANKE Festival\">\n                    Mehr lesen<\/a>\n<\/div><\/div>\n\n\n\n<div class=\"wp-block-column is-layout-flow wp-block-column-is-layout-flow\">            <div class=\"post-block\">\n                <a href=\"https:\/\/artlaboratory-berlin.org\/de\/veranstaltungen\/hack-the-panke-festival-programm\/\" rel=\"bookmark\" class=\"img-box h-100\" title=\"HACK THE PANKE Festival\">\n                <img loading=\"lazy\" decoding=\"async\" width=\"551\" height=\"358\" src=\"https:\/\/artlaboratory-berlin.org\/wp-content\/uploads\/2022\/08\/1__Leftover_Klangwerk__-greenish-B-W__-LOW-RES-551x358.jpg\" class=\"img-fluid wp-post-image\" alt=\"\" \/>  <img decoding=\"async\" src=\"https:\/\/artlaboratory-berlin.org\/wp-content\/uploads\/2023\/04\/IMG_20220918_162538-551x358.jpg\" alt=\"\" class=\"img-fluid second-thumb\">\n<\/a>\t\t\n<header class=\"entry-header article-header\">\n              <a class=\"meta-info event\" href=\"https:\/\/artlaboratory-berlin.org\/de\/veranstaltungen\/\">\n                                Veranstaltung                                <\/a><span class=\"cat\"> \n    Festival, Uncategorized<\/span>\n\n                   <h3 class=\"h2 entry-title mt-2\">\n                       <a href=\"https:\/\/artlaboratory-berlin.org\/de\/veranstaltungen\/hack-the-panke-festival-programm\/\">HACK THE PANKE Festival<\/a>\n                    <\/h3> \n                    <ol class=\"post-subheadings\"><li class=\"heading-level-2\">Programm\u00fcbersicht<\/li><li class=\"heading-level-3\">Festival mit K\u00fcnstler:innen und Naturwissenschaftler:innen<\/li><\/ol>\t                <span class=\"info-line-preview\">August &#8211; Oktober 2022<\/span>\n                  <\/header>  \n                    <p>Herzlich willkommen zum HACK THE PANKE Festival \u00fcber Kunst, Wissenschaft und Sound in Berlin Wedding im Sommer 2022. Das Festival findet im Rahmen des Programms Draussenstadt Call for Action statt; alle Veranstaltungen sind kostenlos. F\u00fcr die Teilnahme an den Workshops bitte anmelden.<\/p>\n                    <a href=\"https:\/\/artlaboratory-berlin.org\/de\/veranstaltungen\/hack-the-panke-festival-programm\/\" class=\"read-more\" rel=\"bookmark\" title=\"HACK THE PANKE Festival\">\n                    Mehr lesen<\/a>\n<\/div><\/div>\n<\/div>\n<\/div>\n<\/div>\n","protected":false},"excerpt":{"rendered":"<p>Mit dem Medien- und Klangk\u00fcnstler und dem Biologen werden wir die Auswirkungen von D\u00fcrre und Klimastress auf den Fluss Panke untersuchen. Wie hat sich der niedrige Wasserstand auf die nahe gelegenen B\u00f6den und die Vegetation ausgewirkt? Welche Spuren der st\u00e4dtischen Zivilisation \u2013 wie M\u00fcll, aber auch Flussbau \u2013 werden freigelegt?<\/p>\n","protected":false},"featured_media":11272,"template":"","meta":{"_acf_changed":false,"_links_to":"","_links_to_target":""},"categories":[77],"tags":[],"class_list":["post-8707","event","type-event","status-publish","has-post-thumbnail","hentry","category-walk-talk-de"],"acf":[],"yoast_head":"<!-- This site is optimized with the Yoast SEO plugin v26.2 - https:\/\/yoast.com\/wordpress\/plugins\/seo\/ -->\n<title>HACK THE PANKE Festival - Art Laboratory Berlin<\/title>\n<meta name=\"robots\" content=\"index, follow, max-snippet:-1, max-image-preview:large, max-video-preview:-1\" \/>\n<link rel=\"canonical\" href=\"https:\/\/artlaboratory-berlin.org\/de\/veranstaltungen\/hack-the-panke-festival-popov-whitehead\/\" \/>\n<meta property=\"og:locale\" content=\"de_DE\" \/>\n<meta property=\"og:type\" content=\"article\" \/>\n<meta property=\"og:title\" content=\"HACK THE PANKE Festival - Art Laboratory Berlin\" \/>\n<meta property=\"og:description\" content=\"Mit dem Medien- und Klangk\u00fcnstler und dem Biologen werden wir die Auswirkungen von D\u00fcrre und Klimastress auf den Fluss Panke untersuchen. Wie hat sich der niedrige Wasserstand auf die nahe gelegenen B\u00f6den und die Vegetation ausgewirkt? Welche Spuren der st\u00e4dtischen Zivilisation \u2013 wie M\u00fcll, aber auch Flussbau \u2013 werden freigelegt?\" \/>\n<meta property=\"og:url\" content=\"https:\/\/artlaboratory-berlin.org\/de\/veranstaltungen\/hack-the-panke-festival-popov-whitehead\/\" \/>\n<meta property=\"og:site_name\" content=\"Art Laboratory Berlin\" \/>\n<meta property=\"article:publisher\" content=\"https:\/\/www.facebook.com\/ArtLaboratoryBerlin\/\" \/>\n<meta property=\"article:modified_time\" content=\"2023-04-26T19:37:46+00:00\" \/>\n<meta property=\"og:image\" content=\"https:\/\/artlaboratory-berlin.org\/wp-content\/uploads\/2023\/04\/IMG_20220918_150605.jpg\" \/>\n\t<meta property=\"og:image:width\" content=\"2000\" \/>\n\t<meta property=\"og:image:height\" content=\"1500\" \/>\n\t<meta property=\"og:image:type\" content=\"image\/jpeg\" \/>\n<meta name=\"twitter:card\" content=\"summary_large_image\" \/>\n<meta name=\"twitter:site\" content=\"@artlaboratoryb\" \/>\n<meta name=\"twitter:label1\" content=\"Gesch\u00e4tzte Lesezeit\" \/>\n\t<meta name=\"twitter:data1\" content=\"3\u00a0Minuten\" \/>\n<!-- \/ Yoast SEO plugin. -->","yoast_head_json":{"title":"HACK THE PANKE Festival - Art Laboratory Berlin","robots":{"index":"index","follow":"follow","max-snippet":"max-snippet:-1","max-image-preview":"max-image-preview:large","max-video-preview":"max-video-preview:-1"},"canonical":"https:\/\/artlaboratory-berlin.org\/de\/veranstaltungen\/hack-the-panke-festival-popov-whitehead\/","og_locale":"de_DE","og_type":"article","og_title":"HACK THE PANKE Festival - Art Laboratory Berlin","og_description":"Mit dem Medien- und Klangk\u00fcnstler und dem Biologen werden wir die Auswirkungen von D\u00fcrre und Klimastress auf den Fluss Panke untersuchen. Wie hat sich der niedrige Wasserstand auf die nahe gelegenen B\u00f6den und die Vegetation ausgewirkt? Welche Spuren der st\u00e4dtischen Zivilisation \u2013 wie M\u00fcll, aber auch Flussbau \u2013 werden freigelegt?","og_url":"https:\/\/artlaboratory-berlin.org\/de\/veranstaltungen\/hack-the-panke-festival-popov-whitehead\/","og_site_name":"Art Laboratory Berlin","article_publisher":"https:\/\/www.facebook.com\/ArtLaboratoryBerlin\/","article_modified_time":"2023-04-26T19:37:46+00:00","og_image":[{"width":2000,"height":1500,"url":"https:\/\/artlaboratory-berlin.org\/wp-content\/uploads\/2023\/04\/IMG_20220918_150605.jpg","type":"image\/jpeg"}],"twitter_card":"summary_large_image","twitter_site":"@artlaboratoryb","twitter_misc":{"Gesch\u00e4tzte Lesezeit":"3\u00a0Minuten"},"schema":{"@context":"https:\/\/schema.org","@graph":[{"@type":"WebPage","@id":"https:\/\/artlaboratory-berlin.org\/de\/veranstaltungen\/hack-the-panke-festival-popov-whitehead\/","url":"https:\/\/artlaboratory-berlin.org\/de\/veranstaltungen\/hack-the-panke-festival-popov-whitehead\/","name":"HACK THE PANKE Festival - Art Laboratory Berlin","isPartOf":{"@id":"https:\/\/artlaboratory-berlin.org\/#website"},"primaryImageOfPage":{"@id":"https:\/\/artlaboratory-berlin.org\/de\/veranstaltungen\/hack-the-panke-festival-popov-whitehead\/#primaryimage"},"image":{"@id":"https:\/\/artlaboratory-berlin.org\/de\/veranstaltungen\/hack-the-panke-festival-popov-whitehead\/#primaryimage"},"thumbnailUrl":"https:\/\/artlaboratory-berlin.org\/wp-content\/uploads\/2023\/04\/IMG_20220918_150605.jpg","datePublished":"2022-09-06T20:33:34+00:00","dateModified":"2023-04-26T19:37:46+00:00","breadcrumb":{"@id":"https:\/\/artlaboratory-berlin.org\/de\/veranstaltungen\/hack-the-panke-festival-popov-whitehead\/#breadcrumb"},"inLanguage":"de","potentialAction":[{"@type":"ReadAction","target":["https:\/\/artlaboratory-berlin.org\/de\/veranstaltungen\/hack-the-panke-festival-popov-whitehead\/"]}]},{"@type":"ImageObject","inLanguage":"de","@id":"https:\/\/artlaboratory-berlin.org\/de\/veranstaltungen\/hack-the-panke-festival-popov-whitehead\/#primaryimage","url":"https:\/\/artlaboratory-berlin.org\/wp-content\/uploads\/2023\/04\/IMG_20220918_150605.jpg","contentUrl":"https:\/\/artlaboratory-berlin.org\/wp-content\/uploads\/2023\/04\/IMG_20220918_150605.jpg","width":2000,"height":1500,"caption":"Rituals and Reflections, Walk & Talk mit Nenad Popov & James Whitehead, 2022"},{"@type":"BreadcrumbList","@id":"https:\/\/artlaboratory-berlin.org\/de\/veranstaltungen\/hack-the-panke-festival-popov-whitehead\/#breadcrumb","itemListElement":[{"@type":"ListItem","position":1,"name":"Home","item":"https:\/\/artlaboratory-berlin.org\/de\/"},{"@type":"ListItem","position":2,"name":"Events","item":"https:\/\/artlaboratory-berlin.org\/events\/"},{"@type":"ListItem","position":3,"name":"HACK THE PANKE Festival"}]},{"@type":"WebSite","@id":"https:\/\/artlaboratory-berlin.org\/#website","url":"https:\/\/artlaboratory-berlin.org\/","name":"Art Laboratory Berlin","description":"","publisher":{"@id":"https:\/\/artlaboratory-berlin.org\/#organization"},"potentialAction":[{"@type":"SearchAction","target":{"@type":"EntryPoint","urlTemplate":"https:\/\/artlaboratory-berlin.org\/?s={search_term_string}"},"query-input":{"@type":"PropertyValueSpecification","valueRequired":true,"valueName":"search_term_string"}}],"inLanguage":"de"},{"@type":"Organization","@id":"https:\/\/artlaboratory-berlin.org\/#organization","name":"Art Laboratory Berlin","url":"https:\/\/artlaboratory-berlin.org\/","logo":{"@type":"ImageObject","inLanguage":"de","@id":"https:\/\/artlaboratory-berlin.org\/#\/schema\/logo\/image\/","url":"https:\/\/artlaboratory-berlin.org\/wp-content\/uploads\/2021\/05\/logo-alb.png","contentUrl":"https:\/\/artlaboratory-berlin.org\/wp-content\/uploads\/2021\/05\/logo-alb.png","width":800,"height":515,"caption":"Art Laboratory Berlin"},"image":{"@id":"https:\/\/artlaboratory-berlin.org\/#\/schema\/logo\/image\/"},"sameAs":["https:\/\/www.facebook.com\/ArtLaboratoryBerlin\/","https:\/\/x.com\/artlaboratoryb","https:\/\/www.instagram.com\/artlaboratoryberlin","https:\/\/www.youtube.com\/c\/ArtLaboratoryBerlin\/videos"]}]}},"_links":{"self":[{"href":"https:\/\/artlaboratory-berlin.org\/de\/wp-json\/wp\/v2\/event\/8707","targetHints":{"allow":["GET"]}}],"collection":[{"href":"https:\/\/artlaboratory-berlin.org\/de\/wp-json\/wp\/v2\/event"}],"about":[{"href":"https:\/\/artlaboratory-berlin.org\/de\/wp-json\/wp\/v2\/types\/event"}],"version-history":[{"count":32,"href":"https:\/\/artlaboratory-berlin.org\/de\/wp-json\/wp\/v2\/event\/8707\/revisions"}],"predecessor-version":[{"id":11293,"href":"https:\/\/artlaboratory-berlin.org\/de\/wp-json\/wp\/v2\/event\/8707\/revisions\/11293"}],"wp:featuredmedia":[{"embeddable":true,"href":"https:\/\/artlaboratory-berlin.org\/de\/wp-json\/wp\/v2\/media\/11272"}],"wp:attachment":[{"href":"https:\/\/artlaboratory-berlin.org\/de\/wp-json\/wp\/v2\/media?parent=8707"}],"wp:term":[{"taxonomy":"category","embeddable":true,"href":"https:\/\/artlaboratory-berlin.org\/de\/wp-json\/wp\/v2\/categories?post=8707"},{"taxonomy":"post_tag","embeddable":true,"href":"https:\/\/artlaboratory-berlin.org\/de\/wp-json\/wp\/v2\/tags?post=8707"}],"curies":[{"name":"wp","href":"https:\/\/api.w.org\/{rel}","templated":true}]}}