{"id":5524,"date":"2021-11-06T16:30:37","date_gmt":"2021-11-06T16:30:37","guid":{"rendered":"https:\/\/artlaboratory-berlin.org\/?post_type=event&#038;p=5524"},"modified":"2022-04-03T19:58:11","modified_gmt":"2022-04-03T19:58:11","slug":"under-the-viral-shadow-viral-geographies","status":"publish","type":"event","link":"https:\/\/artlaboratory-berlin.org\/de\/veranstaltungen\/under-the-viral-shadow-viral-geographies\/","title":{"rendered":"Under the viral shadow"},"content":{"rendered":"\n<h2 class=\"subheading wp-block-heading\">Viral Geographies<\/h2>\n\n\n\n<h3 class=\"names wp-block-heading\">Online Talk | Sybille Neumeyer, Karolina \u017byniewicz<\/h3>\n\n\n\t\t<div class=\"media-box\">\n\t\t\t\t\t\t    <div id=\"head-slider\" class=\"head-slider\">\n\t\t\t            \t\t\t\t\t\t<div class=\"slide\">\n\t\t\t\t\t\t<div class=\"img-box\" style=\"background-image: url(https:\/\/artlaboratory-berlin.org\/wp-content\/uploads\/2021\/11\/SN_voicing-encounters_03.jpeg\" alt=\");\" >\n\t\t\t\t\t\t<\/div>\n\t\t\t\t\t\t<p class=\"wp-caption caption\">Sybille Neumeyer: <em>Voicing encounters \u2013 a narrative cartography of virus<\/em>, 2019, in Zusammenarbeit mit dem Museum f\u00fcr Naturkunde Berlin, dem Institut f\u00fcr Virologie der Charit\u00e9 Berlin, und dem Berliner Medizinhistorischen Museum an der Charit\u00e9, Robert-Koch-Institut<\/p>\n\t\t\t             <\/div>\t\t\t\t\t\t\t\n\t\t\t            \t\t\t\t\t\t<div class=\"slide\">\n\t\t\t\t\t\t<div class=\"img-box\" style=\"background-image: url(https:\/\/artlaboratory-berlin.org\/wp-content\/uploads\/2021\/11\/IMG_20210524_155215.jpeg\" alt=\");\" >\n\t\t\t\t\t\t<\/div>\n\t\t\t\t\t\t<p class=\"wp-caption caption\">Karolina \u017byniewicz: <em>Signs of the times<\/em>, 2020-laufend<\/p>\n\t\t\t             <\/div>\t\t\t\t\t\t\t\n\t\t\t            \t\t\t    <\/div>\n\t\t<\/div>\n\t\t\t\t\n\n\n<div class=\"wp-block-columns main-post-content is-layout-flex wp-container-core-columns-is-layout-9d6595d7 wp-block-columns-is-layout-flex\">\n<div class=\"wp-block-column content-column is-layout-flow wp-block-column-is-layout-flow\">\n<p><strong>Sie k\u00f6nnen dem Livestream hier folgen: <a rel=\"noreferrer noopener\" target=\"_blank\" href=\"https:\/\/youtu.be\/Z0RxMeUvq5M\">https:\/\/youtu.be\/Z0RxMeUvq5M<\/a><\/strong><br><br><em>Die Veranstaltung findet im Rahmen unseres aktuellen Projekts <\/em>Under the Viral Shadow<em> statt und stellt Fragen zur Biopolitik unseres gegenw\u00e4rtigen Pandemie-Zeitalters. Wir haben die beiden K\u00fcnstlerinnen Sybille Neumeyer und Karolina \u017byniewicz eingeladen, um \u00fcber ihre k\u00fcnstlerische Forschung zum Thema Virus im Allgemeinen sowie \u00fcber die Auswirkungen der aktuellen Pandemie auf ihre k\u00fcnstlerische Praxis zu sprechen.<\/em><br><br>Sybille Neumeyer wird \u00fcber <em>Voicing encounters &#8211; a narrative cartography of virus<\/em> reflektieren, das im Dialog mit Expert:innen und Wissenschaftler:innen f\u00fcr &#8222;KOEXISTENZ&#8220;, Museum f\u00fcr Naturkunde Berlin, 2019, im Rahmen von &#8222;Contagious Cities&#8220; des Wellcome Trust entwickelt wurde. Der k\u00fcnstlerische Spaziergang kombiniert kollektives Lesen, nicht-lineares Erz\u00e4hlen und psychogeografische Erkundungen der Stadt. Durch die Einf\u00fchrung des Konzepts des polyphonen (Hi)Storytelling ergr\u00fcndet die K\u00fcnstlerin transformative Erz\u00e4hlungen, antizipatorische Erinnerung und spekulative Welterkundung. Die nicht-lineare Kartierung von Ereignissen und Symbiosen, Interdependenzen, Kontaktzonen und Koexistenz wirft eine \u00f6ko-logische Perspektive auf Viren und stellt vorherrschende Paradigmen von Krankheitserregern und Pandemien in Frage. Durch die Erweiterung der Perspektiven unterdr\u00fcckter Minderheiten, die in der westlichen Geschichtsschreibung unterdr\u00fcckt werden, sowie durch das Aufsp\u00fcren der Rolle nicht-menschlicher Akteur:innen im Pandemiegeschehen wurden die Teilnehmer:innen zu einer kritischen &#8222;Lekt\u00fcre&#8220; und einer differenzierten Reflexion historischer, kultureller, medizinischer und sozialer Ereignisse eingeladen: Welche (Hi)stories sickern in die Zukunft? Wer erz\u00e4hlt, und was bleibt unerz\u00e4hlt? Wie weit hallt unser Ged\u00e4chtnis nach? Wer ist &#8222;wir&#8220;? Und wo endet eine Karte?<br><br>Karolina \u017byniewicz wird dar\u00fcber sprechen, wie sich ihre Praxis und die Coronavirus-Pandemie in dieser Zeit entwickelt haben. Es scheint derzeit fast schon unangebracht, das Thema der Pandemie und des Coronavirus noch zu diskutieren. Jede:r scheint m\u00fcde davon und will vergessen, dass ein winziger, f\u00fcr unser blo\u00dfes Auge unsichtbarer Erreger \u2013 ein Virus \u2013 uns an unsere gegenseitige Abh\u00e4ngigkeit, K\u00f6rperlichkeit, Verk\u00f6rperung und Verletzlichkeit erinnert hat. Wie viele Wissenschaftler:innen und K\u00fcnstler:innen hatte auch Karolina \u017byniewicz Zweifel an einer sofortigen Reaktion auf das Coronavirus. W\u00e4hrend der Pandemie war sie eine der Teilnehmerinnen des <em>Biofriction<\/em>-Projekts, das ihr die M\u00f6glichkeit bot, mit Sci-Fi-Ethnographie zu arbeiten. Au\u00dferdem inspirierte sie die Teilnahme an den Treffen von <em>Viral Culture. Bio Art and Society<\/em> zu einem Text mit dem Titel &#8222;Living in The Panopticon &#8211; who\/what is watching you while you think you are alone?&#8220;. Bei dieser Veranstaltung wird Karolina auch ihr aktuelles bio-soziologisches Experiment <em>Signs of the times<\/em> vorstellen, das auf dem Sammeln von biologischen Spuren und Erinnerungen und individuellen Geschichten basiert und in Zukunft analysiert und pr\u00e4sentiert werden wird.<\/p>\n\n\n<div class=\"slider-box\">\n\t\t\t\t\t\t    <div class=\"content-slider\">\n\t\t\t            \t\t\t                <div class=\"slide\">\n\t\t\t                \t<div class=\"img-box\">\n\t\t\t                    <img decoding=\"async\" src=\"https:\/\/artlaboratory-berlin.org\/wp-content\/uploads\/2021\/11\/SN_voicing-encounters_01.jpeg\" alt=\"\" \/>\n\t\t\t                    <\/div>\n\t\t\t\t\t\t\t\t<div class=\"below-image-slide\">\n\t\t\t\t\t\t\t\t<p class=\"wp-caption caption\">Sybille Neumeyer: <em>Voicing encounters \u2013 a narrative cartography of virus<\/em>, 2019, in Zusammenarbeit mit dem Museum f\u00fcr Naturkunde Berlin, dem Institut f\u00fcr Virologie der Charit\u00e9 Berlin, und dem Berliner Medizinhistorischen Museum an der Charit\u00e9, Robert-Koch-Institut<\/p>\n\t\t\t\t\t\t\t\t<\/div>\n\t\t\t                <\/div>\t\t\t\t\t\t\n\t\t\t            \t\t\t                <div class=\"slide\">\n\t\t\t                \t<div class=\"img-box\">\n\t\t\t                    <img decoding=\"async\" src=\"https:\/\/artlaboratory-berlin.org\/wp-content\/uploads\/2021\/11\/IMG_20210805_191909.jpeg\" alt=\"\" \/>\n\t\t\t                    <\/div>\n\t\t\t\t\t\t\t\t<div class=\"below-image-slide\">\n\t\t\t\t\t\t\t\t<p class=\"wp-caption caption\">Karolina \u017byniewicz: <em>Signs of the times<\/em>, 2020-laufend<\/p>\n\t\t\t\t\t\t\t\t<\/div>\n\t\t\t                <\/div>\t\t\t\t\t\t\n\t\t\t            \t\t\t    <\/div>\n\t\t\t\t\t\t<\/div>\n\t\n\t\t\n\n\n<p><br><strong><em>Sybille Neumeyer<\/em><\/strong><em> ist eine unabh\u00e4ngige K\u00fcnstlerin mit Schwerpunkt auf nichtmenschlichen \u00d6kologien und Umweltfragen. Ihre Projekte basieren auf Kollaborationen und Dialogen mit einer Vielzahl von Wissenstr\u00e4ger:innen. Sybille Neumeyer verleiht nicht-menschlichen Akteur:innen eine Stimme und verst\u00e4rkt stumme Themen, w\u00e4hrend sie die Zusammenh\u00e4nge zwischen dem Verlust der biokulturellen Vielfalt, der Klimakrise und der Gesundheit des Planeten durch Arbeiten in verschiedenen Medien, Installationen und partizipativen Formaten untersucht. Ihre Projekte werden von Institutionen und K\u00fcnstler:innenresidenzen wie der Akademie Schloss Solitude, HIAP, ARCUS Project, Wellcome Trust, ZKM, IASS Potsdam u.a. unterst\u00fctzt und ihre Arbeiten in internationalen Ausstellungen gezeigt. Sybille ist Mitglied von interdisziplin\u00e4ren Forschungskollektiven wie &#8222;text\u00eeles&#8220; und &#8222;collection &lt;&gt; ecologies&#8220; und derzeit Stipendiatin an der Jan van Eyck Akademie, NL.<\/em><br><em><a href=\"http:\/\/www.sybilleneumeyer.com\">www.sybilleneumeyer.com<\/a><\/em><br><br><strong>Karolina \u017byniewicz<\/strong> ist K\u00fcnstlerin (2009 Abschluss an der Akademie der Sch\u00f6nen K\u00fcnste in \u0141\u00f3d\u017a, Fachbereich Bildende Kunst) und Forscherin, Doktorandin (Transdisziplin\u00e4res Doktorand:innenprogramm Natur-Kultur an der Fakult\u00e4t Artes Liberales der Universit\u00e4t Warschau). Durch ihre Arbeit im Labor (haupts. am Institut f\u00fcr Genetik und Biotechnologie der Fakult\u00e4t f\u00fcr Biologie der Universit\u00e4t Warschau) verortet \u017byniewicz ihre Werke im Bereich der Biokunst, obwohl sie versucht, diesen Begriff zu vermeiden. Sie sieht ihre grenz\u00fcberschreitende T\u00e4tigkeit als situierte Wissensproduktion. Sie besch\u00e4ftigt sich haupts\u00e4chlich mit dem Leben in seinem weiten Verst\u00e4ndnis (seiner biologischen und kulturellen Bedeutung). Ihre Projekte haben meist konzeptionellen, kritischen Charakter. Das Hauptaugenmerk ihrer Doktorarbeit liegt auf den vielschichtigen Beziehungen, die bei der Durchf\u00fchrung von Grenzprojekten entstehen. Ihre Beobachtungen als K\u00fcnstlerin und Forscherin (als liminales Wesen) stehen im Kontext der Wissenschafts- und Technologiestudien (STS), der Akteur-Netzwerk-Theorie von Bruno Latour und der feministischen Geisteswissenschaften.<br><a href=\"http:\/\/www.karolinazyniewicz.com\">www.karolinazyniewicz.com<\/a><br><\/p>\n<\/div>\n\n\n\n<div class=\"wp-block-column info-sidebar is-layout-flow wp-block-column-is-layout-flow\">\n<!-- Simple Share Buttons Adder (8.5.3) simplesharebuttons.com --><div class=\"ssba-modern-2 ssba ssbp-wrap alignleft ssbp--theme-2\"><div style=\"text-align:left\"><span class=\"ssba-share-text\">Share<\/span><br\/><ul class=\"ssbp-list\"><li class='ssbp-li--facebook'><a data-site=\"facebook\" class=\"ssba_facebook_share ssba_share_link ssbp-facebook ssbp-btn\" href=\"https:\/\/www.facebook.com\/sharer.php?t=Under the viral shadow&u=https:\/\/artlaboratory-berlin.org\/de\/wp-json\/wp\/v2\/event\/5524\"  target=_blank  style=\"color:#4267B2; background-color: #4267B2; height: 24px; width: 24px; background: #000000;\" ><span><svg xmlns=\"http:\/\/www.w3.org\/2000\/svg\" fill=\"#fff\" preserveAspectRatio=\"xMidYMid meet\" height=\"1em\" width=\"1em\" viewBox=\"0 0 40 40\">\n  <g>\n    <path d=\"m21.7 16.7h5v5h-5v11.6h-5v-11.6h-5v-5h5v-2.1c0-2 0.6-4.5 1.8-5.9 1.3-1.3 2.8-2 4.7-2h3.5v5h-3.5c-0.9 0-1.5 0.6-1.5 1.5v3.5z\"><\/path>\n  <\/g>\n<\/svg>\n\n<\/span><span class=\"color-icon\"><svg xmlns=\"http:\/\/www.w3.org\/2000\/svg\" width=\"16\" height=\"28\" viewBox=\"0 0 16 28\">\n  <path fill=\"#3B5998\" d=\"M10.7,10.7 L15.7,10.7 L15.7,15.7 L10.7,15.7 L10.7,27.3 L5.7,27.3 L5.7,15.7 L0.7,15.7 L0.7,10.7 L5.7,10.7 L5.7,8.6 C5.7,6.6 6.3,4.1 7.5,2.7 C8.8,1.4 10.3,0.7 12.2,0.7 L15.7,0.7 L15.7,5.7 L12.2,5.7 C11.3,5.7 10.7,6.3 10.7,7.2 L10.7,10.7 Z\"\/>\n<\/svg>\n<\/span><div title=\"Facebook\" class=\"ssbp-text\">Facebook<\/div><\/a><\/li><li class='ssbp-li--email'><a data-site=\"email\" class=\"ssba_email_share ssba_share_link ssbp-email ssbp-btn\" href=\"mailto:?subject=Under the viral shadow&body=https:\/\/artlaboratory-berlin.org\/de\/wp-json\/wp\/v2\/event\/5524\"  target=_blank  style=\"color:#7d7d7d; background-color: #7d7d7d; height: 24px; width: 24px; background: #000000;\" ><span><svg xmlns=\"http:\/\/www.w3.org\/2000\/svg\" fill=\"#fff\" preserveAspectRatio=\"xMidYMid meet\" height=\"1em\" width=\"1em\" viewBox=\"0 0 40 40\">\n  <g>\n    <path d=\"m33.4 13.4v-3.4l-13.4 8.4-13.4-8.4v3.4l13.4 8.2z m0-6.8q1.3 0 2.3 1.1t0.9 2.3v20q0 1.3-0.9 2.3t-2.3 1.1h-26.8q-1.3 0-2.3-1.1t-0.9-2.3v-20q0-1.3 0.9-2.3t2.3-1.1h26.8z\"><\/path>\n  <\/g>\n<\/svg>\n\n<\/span><span class=\"color-icon\"><svg xmlns=\"http:\/\/www.w3.org\/2000\/svg\" width=\"34\" height=\"28\" viewBox=\"0 0 34 28\">\n  <path fill=\"#7D7D7D\" d=\"M30.4,7.4 L30.4,4 L17,12.4 L3.6,4 L3.6,7.4 L17,15.6 L30.4,7.4 Z M30.4,0.6 C31.2666667,0.6 32.0333333,0.966666667 32.7,1.7 C33.3666667,2.43333333 33.6666667,3.2 33.6,4 L33.6,24 C33.6,24.8666667 33.3,25.6333333 32.7,26.3 C32.1,26.9666667 31.3333333,27.3333333 30.4,27.4 L3.6,27.4 C2.73333333,27.4 1.96666667,27.0333333 1.3,26.3 C0.633333333,25.5666667 0.333333333,24.8 0.4,24 L0.4,4 C0.4,3.13333333 0.7,2.36666667 1.3,1.7 C1.9,1.03333333 2.66666667,0.666666667 3.6,0.6 L30.4,0.6 Z\"\/>\n<\/svg>\n<\/span><div title=\"Email\" class=\"ssbp-text\">Email<\/div><\/a><\/li><\/ul><\/div><\/div>\n\n\n\n<h4 class=\"wp-block-heading\">ORT<\/h4>\n\n\n\n<p>Art Laboratory Berlin<br><a href=\"https:\/\/youtu.be\/Z0RxMeUvq5M\" target=\"_blank\" rel=\"noreferrer noopener\">Online \/ Youtube Livestream TBA<\/a><\/p>\n\n\n\n<h4 class=\"wp-block-heading\">DATUM UND ZEIT<\/h4>\n\n\n\n<p>25. November 2021, 20 Uhr MEZKeine Anmeldung erforderlich<br><\/p>\n\n\n\n<h4 class=\"wp-block-heading\">Kuratiert von<\/h4>\n\n\n\n<p>Regine Rapp, Christian de Lutz,  Tu\u00e7e Erel<\/p>\n\n\n\n<h4 class=\"wp-block-heading\">MODERATORIN<\/h4>\n\n\n\n<p>Tu\u00e7e Erel<\/p>\n\n\n\n<h4 class=\"wp-block-heading\">Team<\/h4>\n\n\n\n<p>Regine Rapp, Christian de Lutz, Tu\u00e7e Erel,<br>Jana Piotrowski, Madeleine Hammer<\/p>\n\n\n\n<h4 class=\"wp-block-heading\">MediENpartnerinnen<\/h4>\n\n\n\n<figure class=\"wp-block-image size-full is-resized\"><img loading=\"lazy\" decoding=\"async\" src=\"https:\/\/artlaboratory-berlin.org\/wp-content\/uploads\/2021\/03\/art-in-berlin-2.jpg\" alt=\"\" class=\"wp-image-472\" width=\"136\" height=\"43\"\/><\/figure>\n\n\n\n<figure class=\"wp-block-image size-full is-resized\"><img loading=\"lazy\" decoding=\"async\" src=\"https:\/\/artlaboratory-berlin.org\/wp-content\/uploads\/2021\/09\/CLOT-MEDIA-BLACK-web.jpg\" alt=\"\" class=\"wp-image-4868\" width=\"102\" height=\"72\" srcset=\"https:\/\/artlaboratory-berlin.org\/wp-content\/uploads\/2021\/09\/CLOT-MEDIA-BLACK-web.jpg 692w, https:\/\/artlaboratory-berlin.org\/wp-content\/uploads\/2021\/09\/CLOT-MEDIA-BLACK-web-300x215.jpg 300w, https:\/\/artlaboratory-berlin.org\/wp-content\/uploads\/2021\/09\/CLOT-MEDIA-BLACK-web-580x416.jpg 580w\" sizes=\"auto, (max-width: 102px) 100vw, 102px\" \/><\/figure>\n\n\n\n<h4 class=\"wp-block-heading\">Unterst\u00fctzt von<\/h4>\n\n\n\n<figure class=\"wp-block-image size-full is-resized\"><img loading=\"lazy\" decoding=\"async\" src=\"https:\/\/artlaboratory-berlin.org\/wp-content\/uploads\/2021\/04\/HKF.png\" alt=\"\" class=\"wp-image-1550\" width=\"88\" height=\"158\"\/><\/figure>\n\n\n\n<figure class=\"wp-block-image size-full is-resized\"><img loading=\"lazy\" decoding=\"async\" src=\"https:\/\/artlaboratory-berlin.org\/wp-content\/uploads\/2021\/03\/B_SEN_KuEu_Logo_DE_Square-1.jpg\" alt=\"\" class=\"wp-image-474\" width=\"116\" height=\"67\" srcset=\"https:\/\/artlaboratory-berlin.org\/wp-content\/uploads\/2021\/03\/B_SEN_KuEu_Logo_DE_Square-1.jpg 400w, https:\/\/artlaboratory-berlin.org\/wp-content\/uploads\/2021\/03\/B_SEN_KuEu_Logo_DE_Square-1-300x175.jpg 300w\" sizes=\"auto, (max-width: 116px) 100vw, 116px\" \/><\/figure>\n\n\n<\/div>\n<\/div>\n\n\n\n<div class=\"wp-block-columns related bg-black is-layout-flex wp-container-core-columns-is-layout-9d6595d7 wp-block-columns-is-layout-flex\">\n<div class=\"wp-block-column container is-layout-flow wp-block-column-is-layout-flow\">\n<h2 class=\"wp-block-heading\">Related<\/h2>\n\n\n\n<div class=\"wp-block-columns is-layout-flex wp-container-core-columns-is-layout-9d6595d7 wp-block-columns-is-layout-flex\">\n<div class=\"wp-block-column is-layout-flow wp-block-column-is-layout-flow\">            <div class=\"post-block\">\n                <a href=\"https:\/\/artlaboratory-berlin.org\/de\/veranstaltungen\/under-the-viral-shadow-konferenz\/\" rel=\"bookmark\" class=\"img-box h-100\" title=\"Under the viral shadow\">\n                <img loading=\"lazy\" decoding=\"async\" width=\"551\" height=\"358\" src=\"https:\/\/artlaboratory-berlin.org\/wp-content\/uploads\/2021\/09\/62B1256_ArtLab-viral-shadow-On__FOR-WEBSITE-551x358.jpg\" class=\"img-fluid wp-post-image\" alt=\"\" \/>  <img decoding=\"async\" src=\"https:\/\/artlaboratory-berlin.org\/wp-content\/uploads\/2021\/09\/62B1257_ArtLab-viral-shadow-On__FOR-WEBSITE-551x358.jpg\" alt=\"\" class=\"img-fluid second-thumb\">\n<\/a>\t\t\n<header class=\"entry-header article-header\">\n              <a class=\"meta-info event\" href=\"https:\/\/artlaboratory-berlin.org\/de\/veranstaltungen\/\">\n                                Veranstaltung                                <\/a><span class=\"cat\"> \n    Konferenz<\/span>\n\n                   <h3 class=\"h2 entry-title mt-2\">\n                       <a href=\"https:\/\/artlaboratory-berlin.org\/de\/veranstaltungen\/under-the-viral-shadow-konferenz\/\">UNDER THE VIRAL SHADOW<\/a>\n                    <\/h3> \n                    <ol class=\"post-subheadings\"><li class=\"heading-level-2\">Networks in the Age of Technoscience and Infection<\/li><li class=\"heading-level-3\">Internationale Konferenz (online\/ mit Livestream)<\/li><\/ol>\t                <span class=\"info-line-preview\">9. Oktober 2021<\/span>\n                  <\/header>  \n                    <p>Die Online-Konferenz untersucht verschiedene Netzwerke &#8211; biologische, kybernetische und soziale (die komplette Videoaufzeichnung ist einsehbar!). Es gibt Pr\u00e4sentationen von K\u00fcnstler:innen, derzeit bei ALB ausgestellt, sowie von Gastwissenschaftler:innen aus den Bereichen Kunst- und Medientheorie, Biophysik, Informatik, Design und Kulturwissenschaften.<\/p>\n                    <a href=\"https:\/\/artlaboratory-berlin.org\/de\/veranstaltungen\/under-the-viral-shadow-konferenz\/\" class=\"read-more\" rel=\"bookmark\" title=\"Under the viral shadow\">\n                    Mehr lesen<\/a>\n<\/div><\/div>\n\n\n\n<div class=\"wp-block-column is-layout-flow wp-block-column-is-layout-flow\">            <div class=\"post-block\">\n                <a href=\"https:\/\/artlaboratory-berlin.org\/de\/ausstellungen\/under-the-viral-shadow\/\" rel=\"bookmark\" class=\"img-box h-100\" title=\"Under the viral shadow\">\n                <img loading=\"lazy\" decoding=\"async\" width=\"551\" height=\"358\" src=\"https:\/\/artlaboratory-berlin.org\/wp-content\/uploads\/2021\/09\/Archeabot_untilted_Pic-Tuce-551x358.jpg\" class=\"img-fluid wp-post-image\" alt=\"\" \/>  <img decoding=\"async\" src=\"https:\/\/artlaboratory-berlin.org\/wp-content\/uploads\/2021\/05\/Xu-Electronic-skin-551x358.jpg\" alt=\"\" class=\"img-fluid second-thumb\">\n<\/a>\t\t\n<header class=\"entry-header article-header\">\n              <a class=\"meta-info exhibition\" href=\"https:\/\/artlaboratory-berlin.org\/de\/ausstellungen\/\">\n                                Ausstellung                                <\/a><span class=\"cat\"> \n    <\/span>\n\n                   <h3 class=\"h2 entry-title mt-2\">\n                       <a href=\"https:\/\/artlaboratory-berlin.org\/de\/ausstellungen\/under-the-viral-shadow\/\">Under the Viral Shadow<\/a>\n                    <\/h3> \n                    <ol class=\"post-subheadings\"><li class=\"heading-level-2\">Networks in the Age of Technoscience and Infection<\/li><li class=\"heading-level-3\">Anna Dumitriu | Alex May | Benjamin Bacon | Gene Kogan | Sarah Grant | Vivian Xu<\/li><\/ol>\t                <span class=\"info-line-preview\">28. August &#8211; 10. Oktober 2021<\/span>\n                  <\/header>  \n                    <p>In der Gruppenausstellung sind international renommierte K\u00fcnstler:innen wie Anna Dumitriu, Alex May, Benjamin Bacon, Gene Kogan, Sarah Grant und Vivian Xu vertreten. Die Arbeiten verstehen sich als k\u00fcnstlerische Recherche an der Schnittstelle des Biologischen und Technologischen&#8230; <\/p>\n                    <a href=\"https:\/\/artlaboratory-berlin.org\/de\/ausstellungen\/under-the-viral-shadow\/\" class=\"read-more\" rel=\"bookmark\" title=\"Under the viral shadow\">\n                    Mehr lesen<\/a>\n<\/div><\/div>\n\n\n\n<div class=\"wp-block-column is-layout-flow wp-block-column-is-layout-flow\">            <div class=\"post-block\">\n                <a href=\"https:\/\/artlaboratory-berlin.org\/de\/veranstaltungen\/under-the-viral-shadow-living-with-the-virus\/\" rel=\"bookmark\" class=\"img-box h-100\" title=\"Under the viral shadow\">\n                <img loading=\"lazy\" decoding=\"async\" width=\"551\" height=\"358\" src=\"https:\/\/artlaboratory-berlin.org\/wp-content\/uploads\/2021\/11\/BIOART-COVEN-RITUAL-2-names-removed-551x358.jpg\" class=\"img-fluid wp-post-image\" alt=\"\" \/>  <img decoding=\"async\" src=\"https:\/\/artlaboratory-berlin.org\/wp-content\/uploads\/2021\/11\/transfers_duo_Berrigan-551x358.jpg\" alt=\"\" class=\"img-fluid second-thumb\">\n<\/a>\t\t\n<header class=\"entry-header article-header\">\n              <a class=\"meta-info event\" href=\"https:\/\/artlaboratory-berlin.org\/de\/veranstaltungen\/\">\n                                Veranstaltung                                <\/a><span class=\"cat\"> \n    Talk<\/span>\n\n                   <h3 class=\"h2 entry-title mt-2\">\n                       <a href=\"https:\/\/artlaboratory-berlin.org\/de\/veranstaltungen\/under-the-viral-shadow-living-with-the-virus\/\">Under the viral shadow<\/a>\n                    <\/h3> \n                    <ol class=\"post-subheadings\"><li class=\"heading-level-2\">Living with the Virus<\/li><li class=\"heading-level-3\">Online Talk | Caitlin Berrigan, WhiteFeather Hunter, Sebastian Cocioba<\/li><\/ol>\t                <span class=\"info-line-preview\">18. November 2021<\/span>\n                  <\/header>  \n                    <p>Angesichts der Aussicht, dass das SarsCov-2-Virus in absehbarer Zukunft endemisch wird, fragen wir uns, was das &#8222;Leben mit dem Virus&#8220; f\u00fcr uns, f\u00fcr die und den Einzelnen und f\u00fcr die Gesellschaft bedeutet. Wir haben drei K\u00fcnstler:innen, die an der Grenze zwischen Kunst und Biowissenschaften arbeiten, eingeladen, dar\u00fcber zu sprechen, wie die Virusinfektion, die Ansteckung und die m\u00f6gliche Heilung ihr Leben und ihre Arbeit beeinflusst haben.<\/p>\n                    <a href=\"https:\/\/artlaboratory-berlin.org\/de\/veranstaltungen\/under-the-viral-shadow-living-with-the-virus\/\" class=\"read-more\" rel=\"bookmark\" title=\"Under the viral shadow\">\n                    Mehr lesen<\/a>\n<\/div><\/div>\n<\/div>\n<\/div>\n<\/div>\n","protected":false},"excerpt":{"rendered":"<p>Die Veranstaltung findet im Rahmen unseres aktuellen Projekts Under the Viral Shadow statt und stellt Fragen zur Biopolitik unseres gegenw\u00e4rtigen Pandemie-Zeitalters. Die beiden K\u00fcnstlerinnen Sybille Neumeyer und Karolina \u017byniewicz sprechen \u00fcber ihre k\u00fcnstlerische Forschung zum Thema Virus im Allgemeinen sowie \u00fcber die Auswirkungen der aktuellen Pandemie auf ihre k\u00fcnstlerische Praxis.<\/p>\n","protected":false},"featured_media":5512,"template":"","meta":{"_acf_changed":false,"_links_to":"","_links_to_target":""},"categories":[82],"tags":[],"class_list":["post-5524","event","type-event","status-publish","has-post-thumbnail","hentry","category-talk-de"],"acf":[],"yoast_head":"<!-- This site is optimized with the Yoast SEO plugin v26.2 - https:\/\/yoast.com\/wordpress\/plugins\/seo\/ -->\n<title>Under the viral shadow - Art Laboratory Berlin<\/title>\n<meta name=\"robots\" content=\"index, follow, max-snippet:-1, max-image-preview:large, max-video-preview:-1\" \/>\n<link rel=\"canonical\" href=\"https:\/\/artlaboratory-berlin.org\/de\/veranstaltungen\/under-the-viral-shadow-viral-geographies\/\" \/>\n<meta property=\"og:locale\" content=\"de_DE\" \/>\n<meta property=\"og:type\" content=\"article\" \/>\n<meta property=\"og:title\" content=\"Under the viral shadow - Art Laboratory Berlin\" \/>\n<meta property=\"og:description\" content=\"Die Veranstaltung findet im Rahmen unseres aktuellen Projekts Under the Viral Shadow statt und stellt Fragen zur Biopolitik unseres gegenw\u00e4rtigen Pandemie-Zeitalters. Die beiden K\u00fcnstlerinnen Sybille Neumeyer und Karolina \u017byniewicz sprechen \u00fcber ihre k\u00fcnstlerische Forschung zum Thema Virus im Allgemeinen sowie \u00fcber die Auswirkungen der aktuellen Pandemie auf ihre k\u00fcnstlerische Praxis.\" \/>\n<meta property=\"og:url\" content=\"https:\/\/artlaboratory-berlin.org\/de\/veranstaltungen\/under-the-viral-shadow-viral-geographies\/\" \/>\n<meta property=\"og:site_name\" content=\"Art Laboratory Berlin\" \/>\n<meta property=\"article:publisher\" content=\"https:\/\/www.facebook.com\/ArtLaboratoryBerlin\/\" \/>\n<meta property=\"article:modified_time\" content=\"2022-04-03T19:58:11+00:00\" \/>\n<meta property=\"og:image\" content=\"https:\/\/artlaboratory-berlin.org\/wp-content\/uploads\/2021\/11\/SN_voicing-encounters_03.jpeg\" \/>\n\t<meta property=\"og:image:width\" content=\"1280\" \/>\n\t<meta property=\"og:image:height\" content=\"694\" \/>\n\t<meta property=\"og:image:type\" content=\"image\/jpeg\" \/>\n<meta name=\"twitter:card\" content=\"summary_large_image\" \/>\n<meta name=\"twitter:site\" content=\"@artlaboratoryb\" \/>\n<meta name=\"twitter:label1\" content=\"Gesch\u00e4tzte Lesezeit\" \/>\n\t<meta name=\"twitter:data1\" content=\"4\u00a0Minuten\" \/>\n<!-- \/ Yoast SEO plugin. -->","yoast_head_json":{"title":"Under the viral shadow - Art Laboratory Berlin","robots":{"index":"index","follow":"follow","max-snippet":"max-snippet:-1","max-image-preview":"max-image-preview:large","max-video-preview":"max-video-preview:-1"},"canonical":"https:\/\/artlaboratory-berlin.org\/de\/veranstaltungen\/under-the-viral-shadow-viral-geographies\/","og_locale":"de_DE","og_type":"article","og_title":"Under the viral shadow - Art Laboratory Berlin","og_description":"Die Veranstaltung findet im Rahmen unseres aktuellen Projekts Under the Viral Shadow statt und stellt Fragen zur Biopolitik unseres gegenw\u00e4rtigen Pandemie-Zeitalters. Die beiden K\u00fcnstlerinnen Sybille Neumeyer und Karolina \u017byniewicz sprechen \u00fcber ihre k\u00fcnstlerische Forschung zum Thema Virus im Allgemeinen sowie \u00fcber die Auswirkungen der aktuellen Pandemie auf ihre k\u00fcnstlerische Praxis.","og_url":"https:\/\/artlaboratory-berlin.org\/de\/veranstaltungen\/under-the-viral-shadow-viral-geographies\/","og_site_name":"Art Laboratory Berlin","article_publisher":"https:\/\/www.facebook.com\/ArtLaboratoryBerlin\/","article_modified_time":"2022-04-03T19:58:11+00:00","og_image":[{"width":1280,"height":694,"url":"https:\/\/artlaboratory-berlin.org\/wp-content\/uploads\/2021\/11\/SN_voicing-encounters_03.jpeg","type":"image\/jpeg"}],"twitter_card":"summary_large_image","twitter_site":"@artlaboratoryb","twitter_misc":{"Gesch\u00e4tzte Lesezeit":"4\u00a0Minuten"},"schema":{"@context":"https:\/\/schema.org","@graph":[{"@type":"WebPage","@id":"https:\/\/artlaboratory-berlin.org\/de\/veranstaltungen\/under-the-viral-shadow-viral-geographies\/","url":"https:\/\/artlaboratory-berlin.org\/de\/veranstaltungen\/under-the-viral-shadow-viral-geographies\/","name":"Under the viral shadow - Art Laboratory Berlin","isPartOf":{"@id":"https:\/\/artlaboratory-berlin.org\/#website"},"primaryImageOfPage":{"@id":"https:\/\/artlaboratory-berlin.org\/de\/veranstaltungen\/under-the-viral-shadow-viral-geographies\/#primaryimage"},"image":{"@id":"https:\/\/artlaboratory-berlin.org\/de\/veranstaltungen\/under-the-viral-shadow-viral-geographies\/#primaryimage"},"thumbnailUrl":"https:\/\/artlaboratory-berlin.org\/wp-content\/uploads\/2021\/11\/SN_voicing-encounters_03.jpeg","datePublished":"2021-11-06T16:30:37+00:00","dateModified":"2022-04-03T19:58:11+00:00","breadcrumb":{"@id":"https:\/\/artlaboratory-berlin.org\/de\/veranstaltungen\/under-the-viral-shadow-viral-geographies\/#breadcrumb"},"inLanguage":"de","potentialAction":[{"@type":"ReadAction","target":["https:\/\/artlaboratory-berlin.org\/de\/veranstaltungen\/under-the-viral-shadow-viral-geographies\/"]}]},{"@type":"ImageObject","inLanguage":"de","@id":"https:\/\/artlaboratory-berlin.org\/de\/veranstaltungen\/under-the-viral-shadow-viral-geographies\/#primaryimage","url":"https:\/\/artlaboratory-berlin.org\/wp-content\/uploads\/2021\/11\/SN_voicing-encounters_03.jpeg","contentUrl":"https:\/\/artlaboratory-berlin.org\/wp-content\/uploads\/2021\/11\/SN_voicing-encounters_03.jpeg","width":1280,"height":694,"caption":"Sybille Neumeyer: Voicing encounters \u2013 a narrative cartography of virus, 2019, in Zusammenarbeit mit dem Museum f\u00fcr Naturkunde Berlin, dem Institut f\u00fcr Virologie der Charit\u00e9 Berlin, und dem Berliner Medizinhistorischen Museum an der Charit\u00e9, Robert-Koch-Institut"},{"@type":"BreadcrumbList","@id":"https:\/\/artlaboratory-berlin.org\/de\/veranstaltungen\/under-the-viral-shadow-viral-geographies\/#breadcrumb","itemListElement":[{"@type":"ListItem","position":1,"name":"Home","item":"https:\/\/artlaboratory-berlin.org\/de\/"},{"@type":"ListItem","position":2,"name":"Events","item":"https:\/\/artlaboratory-berlin.org\/events\/"},{"@type":"ListItem","position":3,"name":"Under the viral shadow"}]},{"@type":"WebSite","@id":"https:\/\/artlaboratory-berlin.org\/#website","url":"https:\/\/artlaboratory-berlin.org\/","name":"Art Laboratory Berlin","description":"","publisher":{"@id":"https:\/\/artlaboratory-berlin.org\/#organization"},"potentialAction":[{"@type":"SearchAction","target":{"@type":"EntryPoint","urlTemplate":"https:\/\/artlaboratory-berlin.org\/?s={search_term_string}"},"query-input":{"@type":"PropertyValueSpecification","valueRequired":true,"valueName":"search_term_string"}}],"inLanguage":"de"},{"@type":"Organization","@id":"https:\/\/artlaboratory-berlin.org\/#organization","name":"Art Laboratory Berlin","url":"https:\/\/artlaboratory-berlin.org\/","logo":{"@type":"ImageObject","inLanguage":"de","@id":"https:\/\/artlaboratory-berlin.org\/#\/schema\/logo\/image\/","url":"https:\/\/artlaboratory-berlin.org\/wp-content\/uploads\/2021\/05\/logo-alb.png","contentUrl":"https:\/\/artlaboratory-berlin.org\/wp-content\/uploads\/2021\/05\/logo-alb.png","width":800,"height":515,"caption":"Art Laboratory Berlin"},"image":{"@id":"https:\/\/artlaboratory-berlin.org\/#\/schema\/logo\/image\/"},"sameAs":["https:\/\/www.facebook.com\/ArtLaboratoryBerlin\/","https:\/\/x.com\/artlaboratoryb","https:\/\/www.instagram.com\/artlaboratoryberlin","https:\/\/www.youtube.com\/c\/ArtLaboratoryBerlin\/videos"]}]}},"_links":{"self":[{"href":"https:\/\/artlaboratory-berlin.org\/de\/wp-json\/wp\/v2\/event\/5524","targetHints":{"allow":["GET"]}}],"collection":[{"href":"https:\/\/artlaboratory-berlin.org\/de\/wp-json\/wp\/v2\/event"}],"about":[{"href":"https:\/\/artlaboratory-berlin.org\/de\/wp-json\/wp\/v2\/types\/event"}],"version-history":[{"count":2,"href":"https:\/\/artlaboratory-berlin.org\/de\/wp-json\/wp\/v2\/event\/5524\/revisions"}],"predecessor-version":[{"id":6635,"href":"https:\/\/artlaboratory-berlin.org\/de\/wp-json\/wp\/v2\/event\/5524\/revisions\/6635"}],"wp:featuredmedia":[{"embeddable":true,"href":"https:\/\/artlaboratory-berlin.org\/de\/wp-json\/wp\/v2\/media\/5512"}],"wp:attachment":[{"href":"https:\/\/artlaboratory-berlin.org\/de\/wp-json\/wp\/v2\/media?parent=5524"}],"wp:term":[{"taxonomy":"category","embeddable":true,"href":"https:\/\/artlaboratory-berlin.org\/de\/wp-json\/wp\/v2\/categories?post=5524"},{"taxonomy":"post_tag","embeddable":true,"href":"https:\/\/artlaboratory-berlin.org\/de\/wp-json\/wp\/v2\/tags?post=5524"}],"curies":[{"name":"wp","href":"https:\/\/api.w.org\/{rel}","templated":true}]}}