{"id":5523,"date":"2021-11-06T16:32:15","date_gmt":"2021-11-06T16:32:15","guid":{"rendered":"https:\/\/artlaboratory-berlin.org\/?post_type=event&#038;p=5523"},"modified":"2022-08-31T19:37:35","modified_gmt":"2022-08-31T19:37:35","slug":"under-the-viral-shadow-living-with-the-virus","status":"publish","type":"event","link":"https:\/\/artlaboratory-berlin.org\/de\/veranstaltungen\/under-the-viral-shadow-living-with-the-virus\/","title":{"rendered":"Under the viral shadow"},"content":{"rendered":"\n<h2 class=\"subheading wp-block-heading\">Living with the Virus<\/h2>\n\n\n\n<h3 class=\"names wp-block-heading\">Online Talk | Caitlin Berrigan, WhiteFeather Hunter, Sebastian Cocioba<\/h3>\n\n\n\t\t<div class=\"media-box\">\n\t\t\t\t\t\t    <div id=\"head-slider\" class=\"head-slider\">\n\t\t\t            \t\t\t\t\t\t<div class=\"slide\">\n\t\t\t\t\t\t<div class=\"img-box\" style=\"background-image: url(https:\/\/artlaboratory-berlin.org\/wp-content\/uploads\/2021\/11\/life_cycle_3some_Berrigan.jpg\" alt=\");\" >\n\t\t\t\t\t\t<\/div>\n\t\t\t\t\t\t<p class=\"wp-caption caption\">Caitlin Berrigan: <em>Life Cycle of the Common Weed<\/em>, 2009<\/p>\n\t\t\t             <\/div>\t\t\t\t\t\t\t\n\t\t\t            \t\t\t\t\t\t<div class=\"slide\">\n\t\t\t\t\t\t<div class=\"img-box\" style=\"background-image: url(https:\/\/artlaboratory-berlin.org\/wp-content\/uploads\/2021\/11\/BIOART-COVEN-RITUAL-2-names-removed-scaled.jpg\" alt=\");\" >\n\t\t\t\t\t\t<\/div>\n\t\t\t\t\t\t<p class=\"wp-caption caption\">WhiteFeather Hunter<\/p>\n\t\t\t             <\/div>\t\t\t\t\t\t\t\n\t\t\t            \t\t\t\t\t\t<div class=\"slide\">\n\t\t\t\t\t\t<div class=\"img-box\" style=\"background-image: url(https:\/\/artlaboratory-berlin.org\/wp-content\/uploads\/2021\/11\/sebastian-cocioba-nyc.jpg\" alt=\");\" >\n\t\t\t\t\t\t<\/div>\n\t\t\t\t\t\t<p class=\"wp-caption caption\">Sebastian Cocioba<\/p>\n\t\t\t             <\/div>\t\t\t\t\t\t\t\n\t\t\t            \t\t\t    <\/div>\n\t\t<\/div>\n\t\t\t\t\n\n\n<div class=\"wp-block-columns main-post-content is-layout-flex wp-container-core-columns-is-layout-9d6595d7 wp-block-columns-is-layout-flex\">\n<div class=\"wp-block-column content-column is-layout-flow wp-block-column-is-layout-flow\">\n<p><em>Wir setzen unser Projekt Under the Viral Shadow fort und untersuchen biopolitische Aspekte unseres gegenw\u00e4rtigen Pandemie-Zeitalters: Im Hinblick auf die Aussicht, dass das SarsCov-2-Virus in absehbarer Zeit endemisch wird, fragen wir uns gegenw\u00e4rtig, was das &#8222;Leben mit dem Virus&#8220; f\u00fcr uns als Einzelne und als Gesellschaft bedeutet. Wir haben drei K\u00fcnstler:innen, die an der Grenze zwischen Kunst und Biowissenschaften arbeiten, eingeladen, dar\u00fcber zu sprechen, wie Virusinfektion, Ansteckung und m\u00f6gliche Heilung ihr Leben und ihre k\u00fcnstlerische Arbeit beeinflusst haben.<\/em><br><\/p>\n\n\n\n<figure class=\"wp-block-embed is-type-video is-provider-youtube wp-block-embed-youtube wp-embed-aspect-16-9 wp-has-aspect-ratio\"><div class=\"wp-block-embed__wrapper\">\n<iframe loading=\"lazy\" title=\"Living with the Virus: A Talk with Caitlin Berrigan, WhiteFeather Hunter and Sebastian Cocioba\" width=\"680\" height=\"383\" src=\"https:\/\/www.youtube.com\/embed\/_8_U8XMLlBk?feature=oembed\" frameborder=\"0\" allow=\"accelerometer; autoplay; clipboard-write; encrypted-media; gyroscope; picture-in-picture\" allowfullscreen><\/iframe>\n<\/div><figcaption>Videoaufzeichnung der gesamten Veranstaltung <em>Living with the Virus<\/em> (2 Std.)<\/figcaption><\/figure>\n\n\n\n<p><br>&#8222;Das Zusammenleben mit einem Virus ist eine einsame Art zu sein. W\u00e4hrend sich meine Altersgenoss:innen von abh\u00e4ngigen Jugendlichen ins Erwachsenenalter entwickelten, wurde ich nicht als einzelnes menschliches Subjekt erwachsen. Ich war bereits multipel: ein Mensch, der eine fremde Viruslast in sich trug. Meine Subjektivit\u00e4t war gepr\u00e4gt von dem Bewusstsein, von einem Untoten besiedelt und kolonisiert worden zu sein: eine endlose genetische Vermehrung, die keinen anderen Zweck hat, als sich in mir zu wiederholen und mich m\u00f6glicherweise als Infektionsvektor zu benutzen.&#8220; (Caitlin Berrigan, &#8222;Atmospheres of the Undead: living with viruses, loneliness, and neoliberalism&#8220;, in MARCH International, September 2020).<br><br>Im M\u00e4rz 2020 infizierte sich die kanadische K\u00fcnstlerin WhiteFeather Hunter mit SARS Cov-2, eine Woche bevor die weltweiten Pandemie-Sperren begannen. Zu diesem Zeitpunkt gab es nur wenige Tests, und die weltweite medizinische Gemeinschaft wusste nur sehr wenig \u00fcber das vollst\u00e4ndige Profil der Krankheit. WhiteFeather Hunter war damals gezwungen, Australien zu verlassen und ihre laufenden Forschungsarbeiten auszusetzen, um (zur\u00fcck in Kanada) f\u00fcr sich selbst zu sorgen, als eine der ersten Kohorten von Menschen, die sp\u00e4ter als COVID-Long bekannt wurden. In diesem Vortrag wird WhiteFeather aufzeigen, wie sie ihre Forschung angepasst hat, um nicht nur ihre sehr lange Genesung zu unterst\u00fctzen, sondern auch ihre anhaltende Kritik an der inh\u00e4renten Frauenfeindlichkeit in biomedizinischen Forschungsbereichen. WhiteFeather wird insbesondere auf die Hexengemeinschaften eingehen, die sie gegr\u00fcndet hat, auf die sie zur\u00fcckgreift und die sie ihrerseits als gemeinschaftsbasierte, feministische Orte des Wissens, der Heilung und der Pflege unterst\u00fctzt.<br><br>Sebastian Cocioba ist unabh\u00e4ngiger Forscher bei Binomica Labs, einer 501(c)3 Non-Profit-Organisation in New York City, die sich auf die Bereitstellung von Software, Hardware, Wetware und Thoughtware konzentriert, um jedem die M\u00f6glichkeit zu geben, unabh\u00e4ngig von seinem akademischen und sozio\u00f6konomischen Hintergrund wertvolle und publizierbare wissenschaftliche Forschung zu betreiben. Als New York Botanics, LLC, (gegr\u00fcndet 2010) f\u00fchrt er Auftragsforschung Auftragsforschung mit Schwerpunkt auf pflanzengentechnischen Projekten und allgemeiner Beratung der Biotech-Industrie. Er strebt an, Molekularflorist zu werden und neue Blumen f\u00fcr die Kunstwelt und dar\u00fcber hinaus zu entwerfen.<\/p>\n\n\n<div class=\"slider-box\">\n\t\t\t\t\t\t    <div class=\"content-slider\">\n\t\t\t            \t\t\t                <div class=\"slide\">\n\t\t\t                \t<div class=\"img-box\">\n\t\t\t                    <img decoding=\"async\" src=\"https:\/\/artlaboratory-berlin.org\/wp-content\/uploads\/2021\/11\/250329903_6731207986897271_3568312533605631436_n.jpg\" alt=\"\" \/>\n\t\t\t                    <\/div>\n\t\t\t\t\t\t\t\t<div class=\"below-image-slide\">\n\t\t\t\t\t\t\t\t<p class=\"wp-caption caption\">Sebastian Cocioba<\/p>\n\t\t\t\t\t\t\t\t<\/div>\n\t\t\t                <\/div>\t\t\t\t\t\t\n\t\t\t            \t\t\t                <div class=\"slide\">\n\t\t\t                \t<div class=\"img-box\">\n\t\t\t                    <img decoding=\"async\" src=\"https:\/\/artlaboratory-berlin.org\/wp-content\/uploads\/2021\/11\/transfers_duo_Berrigan.jpg\" alt=\"\" \/>\n\t\t\t                    <\/div>\n\t\t\t\t\t\t\t\t<div class=\"below-image-slide\">\n\t\t\t\t\t\t\t\t<p class=\"wp-caption caption\">Caitlin Berrigan: <em>Transfers<\/em>, 2009, Videostill<\/p>\n\t\t\t\t\t\t\t\t<\/div>\n\t\t\t                <\/div>\t\t\t\t\t\t\n\t\t\t            \t\t\t                <div class=\"slide\">\n\t\t\t                \t<div class=\"img-box\">\n\t\t\t                    <img decoding=\"async\" src=\"https:\/\/artlaboratory-berlin.org\/wp-content\/uploads\/2021\/11\/wil-logo3-square.jpg\" alt=\"\" \/>\n\t\t\t                    <\/div>\n\t\t\t\t\t\t\t\t<div class=\"below-image-slide\">\n\t\t\t\t\t\t\t\t<p class=\"wp-caption caption\">WhiteFeather Hunter<\/p>\n\t\t\t\t\t\t\t\t<\/div>\n\t\t\t                <\/div>\t\t\t\t\t\t\n\t\t\t            \t\t\t    <\/div>\n\t\t\t\t\t\t<\/div>\n\t\n\t\t\n\n\n<p><br><strong><em>Caitlin Berrigan<\/em><\/strong><em> arbeitet in den Bereichen Video, Skulptur, Performance und Text, um sich mit den intimen und verk\u00f6rperten Dimensionen von Macht, Politik und Kapitalismus zu befassen. Ihre aktuelle Arbeit Imaginary Explosions war Teil der Ausstellung Berlinale Forum Expanded (2020), das Thema einer Einzelausstellung bei Art in General, New York (2019), und ein K\u00fcnstlerbuch bei Broken Dimanche Press, Berlin (2018). Ihre Arbeiten wurden unter anderem im Whitney Museum, Poetry Project, Henry Art Gallery, Harvard Carpenter Center, Anthology Film Archives und UnionDocs gezeigt. Sie erhielt Stipendien der Humboldt-Stiftung, Skowhegan, Graham Foundation und Akademie Schloss Solitude. Sie hat einen Master-Abschluss in Bildender Kunst vom MIT und einen B.A. vom Hampshire College. Sie unterrichtete neue Medien an der NYU Tisch School und ist Gastprofessorin am Bard College Berlin. Sie ist K\u00fcnstlerin, Autorin und Forscherin und arbeitet mit der Akademie der bildenden K\u00fcnste in Wien und der NYU Technology, Culture and Society zusammen.<\/em><br><em><a href=\"http:\/\/www.caitlinberrigan.com\">www.caitlinberrigan.com<\/a><br><br><\/em><strong><em>WhiteFeather Hunter<\/em><\/strong><em> ist eine mehrfach preisgekr\u00f6nte kanadische K\u00fcnstlerin und Wissenschaftlerin. Sie ist Doktorandin im Bereich Biologische Kunst an der SymbioticA\/ The University of Western Australia und wird durch ein SSHRC-Doktorandenstipendium, ein internationales RTP-Stipendium der australischen Regierung und ein internationales Postgraduiertenstipendium der UWA unterst\u00fctzt. Vor Beginn ihrer Promotion war Hunter Gr\u00fcndungsmitglied und Leiterin des Speculative Life BioLab am Milieux Institute for Arts, Culture and Technology der Concordia University. Hunters Praxis verbindet technofeministische Hexerei und Biotechnologien mit Performance, neuen Medien und Handwerk. Ihre aktuelle Forschung wurde von Sigma\/Merck f\u00fcr den Internationalen Tag der Frauen und M\u00e4dchen in der Wissenschaft 2021 vorgestellt.<\/em><br><em><a href=\"http:\/\/www.whitefeatherhunter.net\">www.whitefeatherhunter.net<\/a><\/em><br><br><strong><em>Sebastian Cocioba<\/em><\/strong><em>, der selbst K\u00fcnstler ist, erforscht in seiner Arbeit die Grenze zwischen Nat\u00fcrlichkeit und K\u00fcnstlichkeit und untersucht den genetischen Ausdruck als k\u00fcnstlerischen Ausdruck. In seinen Arbeiten setzt er abstrakte Ideen von Information, Kommunikation und Beziehung zur nat\u00fcrlichen Welt in greifbare Visualisierungen der Maschinerie des Lebens um, oft durch Proteinsynthese. In Thoughts Rewound wurden von Kindern geschriebene Botschaften \u00fcber die Klimakatastrophe in Proteine kodiert, modelliert und als lebendiges Zeugnis des Leids, das vor dieser Generation liegt, und der Hoffnung, dass eine bessere Welt m\u00f6glich ist, ausgedr\u00fcckt (2017). Seine neueste Arbeit kodiert ein Gedicht von Pablo Neruda in ein funktionales Protein, das in Bakterien und bald auch in den Bl\u00fctenbl\u00e4ttern einer Lieblingsblume exprimiert wird. Sebastian setzt sich daf\u00fcr ein, Wissenschaft zug\u00e4nglich zu machen, dokumentiert seine Arbeit bei <a href=\"https:\/\/docs.google.com\/document\/d\/10Y4NgXjMRvG_Vd5D4o2lPJp1ehY2R516gpfrh2PZWfw\/edit?fbclid=IwAR2QPI6R1_Kkj65JEOABtamV6z_qyKME_pqQJ4eGB3g_fH7tvh67VVbNPPo\" target=\"_blank\" rel=\"noreferrer noopener\">Open Lab Notebooks<\/a> und stellt seine Technologien als Open-Source-Ressourcen f\u00fcr Bio-Enthusiast:innen zur Verf\u00fcgung. Er freut sich \u00fcber Kommunikation und Zusammenarbeit und ist unter dem Handle @ATinyGreenCell erreichbar.<\/em><br><\/p>\n<\/div>\n\n\n\n<div class=\"wp-block-column info-sidebar is-layout-flow wp-block-column-is-layout-flow\">\n<!-- Simple Share Buttons Adder (8.5.3) simplesharebuttons.com --><div class=\"ssba-modern-2 ssba ssbp-wrap alignleft ssbp--theme-2\"><div style=\"text-align:left\"><span class=\"ssba-share-text\">Share<\/span><br\/><ul class=\"ssbp-list\"><li class='ssbp-li--facebook'><a data-site=\"facebook\" class=\"ssba_facebook_share ssba_share_link ssbp-facebook ssbp-btn\" href=\"https:\/\/www.facebook.com\/sharer.php?t=Under the viral shadow&u=https:\/\/artlaboratory-berlin.org\/de\/wp-json\/wp\/v2\/event\/5523\"  target=_blank  style=\"color:#4267B2; background-color: #4267B2; height: 24px; width: 24px; background: #000000;\" ><span><svg xmlns=\"http:\/\/www.w3.org\/2000\/svg\" fill=\"#fff\" preserveAspectRatio=\"xMidYMid meet\" height=\"1em\" width=\"1em\" viewBox=\"0 0 40 40\">\n  <g>\n    <path d=\"m21.7 16.7h5v5h-5v11.6h-5v-11.6h-5v-5h5v-2.1c0-2 0.6-4.5 1.8-5.9 1.3-1.3 2.8-2 4.7-2h3.5v5h-3.5c-0.9 0-1.5 0.6-1.5 1.5v3.5z\"><\/path>\n  <\/g>\n<\/svg>\n\n<\/span><span class=\"color-icon\"><svg xmlns=\"http:\/\/www.w3.org\/2000\/svg\" width=\"16\" height=\"28\" viewBox=\"0 0 16 28\">\n  <path fill=\"#3B5998\" d=\"M10.7,10.7 L15.7,10.7 L15.7,15.7 L10.7,15.7 L10.7,27.3 L5.7,27.3 L5.7,15.7 L0.7,15.7 L0.7,10.7 L5.7,10.7 L5.7,8.6 C5.7,6.6 6.3,4.1 7.5,2.7 C8.8,1.4 10.3,0.7 12.2,0.7 L15.7,0.7 L15.7,5.7 L12.2,5.7 C11.3,5.7 10.7,6.3 10.7,7.2 L10.7,10.7 Z\"\/>\n<\/svg>\n<\/span><div title=\"Facebook\" class=\"ssbp-text\">Facebook<\/div><\/a><\/li><li class='ssbp-li--email'><a data-site=\"email\" class=\"ssba_email_share ssba_share_link ssbp-email ssbp-btn\" href=\"mailto:?subject=Under the viral shadow&body=https:\/\/artlaboratory-berlin.org\/de\/wp-json\/wp\/v2\/event\/5523\"  target=_blank  style=\"color:#7d7d7d; background-color: #7d7d7d; height: 24px; width: 24px; background: #000000;\" ><span><svg xmlns=\"http:\/\/www.w3.org\/2000\/svg\" fill=\"#fff\" preserveAspectRatio=\"xMidYMid meet\" height=\"1em\" width=\"1em\" viewBox=\"0 0 40 40\">\n  <g>\n    <path d=\"m33.4 13.4v-3.4l-13.4 8.4-13.4-8.4v3.4l13.4 8.2z m0-6.8q1.3 0 2.3 1.1t0.9 2.3v20q0 1.3-0.9 2.3t-2.3 1.1h-26.8q-1.3 0-2.3-1.1t-0.9-2.3v-20q0-1.3 0.9-2.3t2.3-1.1h26.8z\"><\/path>\n  <\/g>\n<\/svg>\n\n<\/span><span class=\"color-icon\"><svg xmlns=\"http:\/\/www.w3.org\/2000\/svg\" width=\"34\" height=\"28\" viewBox=\"0 0 34 28\">\n  <path fill=\"#7D7D7D\" d=\"M30.4,7.4 L30.4,4 L17,12.4 L3.6,4 L3.6,7.4 L17,15.6 L30.4,7.4 Z M30.4,0.6 C31.2666667,0.6 32.0333333,0.966666667 32.7,1.7 C33.3666667,2.43333333 33.6666667,3.2 33.6,4 L33.6,24 C33.6,24.8666667 33.3,25.6333333 32.7,26.3 C32.1,26.9666667 31.3333333,27.3333333 30.4,27.4 L3.6,27.4 C2.73333333,27.4 1.96666667,27.0333333 1.3,26.3 C0.633333333,25.5666667 0.333333333,24.8 0.4,24 L0.4,4 C0.4,3.13333333 0.7,2.36666667 1.3,1.7 C1.9,1.03333333 2.66666667,0.666666667 3.6,0.6 L30.4,0.6 Z\"\/>\n<\/svg>\n<\/span><div title=\"Email\" class=\"ssbp-text\">Email<\/div><\/a><\/li><\/ul><\/div><\/div>\n\n\n\n<h4 class=\"wp-block-heading\">ORT<\/h4>\n\n\n\n<p>Art Laboratory BerlinOnline<br><a href=\"https:\/\/www.youtube.com\/watch?v=_8_U8XMLlBk\" target=\"_blank\" rel=\"noreferrer noopener\">Online \/ Youtube Livestream<\/a><\/p>\n\n\n\n<h4 class=\"wp-block-heading\">DATUM UND ZEIT<\/h4>\n\n\n\n<p>18. November 2021, 20 Uhr MEZ<br>Keine Anmeldung erforderlich<br><\/p>\n\n\n\n<h4 class=\"wp-block-heading\">Kuratiert von<\/h4>\n\n\n\n<p>Regine Rapp &amp; Christian de Lutz<\/p>\n\n\n\n<h4 class=\"wp-block-heading\">Team<\/h4>\n\n\n\n<p>Regine Rapp, Christian de Lutz, Tu\u00e7e Erel,<br>Jana Piotrowski, Madeleine Hammer<\/p>\n\n\n\n<h4 class=\"wp-block-heading\">MedienpartnerInnen<\/h4>\n\n\n\n<figure class=\"wp-block-image size-full is-resized\"><img loading=\"lazy\" decoding=\"async\" src=\"https:\/\/artlaboratory-berlin.org\/wp-content\/uploads\/2021\/03\/art-in-berlin-2.jpg\" alt=\"\" class=\"wp-image-472\" width=\"135\" height=\"43\"\/><\/figure>\n\n\n\n<figure class=\"wp-block-image size-full is-resized\"><img loading=\"lazy\" decoding=\"async\" src=\"https:\/\/artlaboratory-berlin.org\/wp-content\/uploads\/2021\/09\/CLOT-MEDIA-BLACK-web.jpg\" alt=\"\" class=\"wp-image-4868\" width=\"99\" height=\"70\" srcset=\"https:\/\/artlaboratory-berlin.org\/wp-content\/uploads\/2021\/09\/CLOT-MEDIA-BLACK-web.jpg 692w, https:\/\/artlaboratory-berlin.org\/wp-content\/uploads\/2021\/09\/CLOT-MEDIA-BLACK-web-300x215.jpg 300w, https:\/\/artlaboratory-berlin.org\/wp-content\/uploads\/2021\/09\/CLOT-MEDIA-BLACK-web-580x416.jpg 580w\" sizes=\"auto, (max-width: 99px) 100vw, 99px\" \/><\/figure>\n\n\n\n<h4 class=\"wp-block-heading\">unterst\u00fctzt von<\/h4>\n\n\n\n<figure class=\"wp-block-image size-full is-resized\"><img loading=\"lazy\" decoding=\"async\" src=\"https:\/\/artlaboratory-berlin.org\/wp-content\/uploads\/2021\/04\/HKF.png\" alt=\"\" class=\"wp-image-1550\" width=\"91\" height=\"164\"\/><\/figure>\n\n\n\n<figure class=\"wp-block-image size-full is-resized\"><img loading=\"lazy\" decoding=\"async\" src=\"https:\/\/artlaboratory-berlin.org\/wp-content\/uploads\/2021\/03\/B_SEN_KuEu_Logo_DE_Square-1.jpg\" alt=\"\" class=\"wp-image-474\" width=\"115\" height=\"66\" srcset=\"https:\/\/artlaboratory-berlin.org\/wp-content\/uploads\/2021\/03\/B_SEN_KuEu_Logo_DE_Square-1.jpg 400w, https:\/\/artlaboratory-berlin.org\/wp-content\/uploads\/2021\/03\/B_SEN_KuEu_Logo_DE_Square-1-300x175.jpg 300w\" sizes=\"auto, (max-width: 115px) 100vw, 115px\" \/><\/figure>\n\n\n<\/div>\n<\/div>\n\n\n\n<div class=\"wp-block-columns related bg-black is-layout-flex wp-container-core-columns-is-layout-9d6595d7 wp-block-columns-is-layout-flex\">\n<div class=\"wp-block-column container is-layout-flow wp-block-column-is-layout-flow\">\n<h2 class=\"wp-block-heading\">Related<\/h2>\n\n\n\n<div class=\"wp-block-columns is-layout-flex wp-container-core-columns-is-layout-9d6595d7 wp-block-columns-is-layout-flex\">\n<div class=\"wp-block-column is-layout-flow wp-block-column-is-layout-flow\">            <div class=\"post-block\">\n                <a href=\"https:\/\/artlaboratory-berlin.org\/de\/veranstaltungen\/under-the-viral-shadow-konferenz\/\" rel=\"bookmark\" class=\"img-box h-100\" title=\"Under the viral shadow\">\n                <img loading=\"lazy\" decoding=\"async\" width=\"551\" height=\"358\" src=\"https:\/\/artlaboratory-berlin.org\/wp-content\/uploads\/2021\/09\/62B1256_ArtLab-viral-shadow-On__FOR-WEBSITE-551x358.jpg\" class=\"img-fluid wp-post-image\" alt=\"\" \/>  <img decoding=\"async\" src=\"https:\/\/artlaboratory-berlin.org\/wp-content\/uploads\/2021\/09\/62B1257_ArtLab-viral-shadow-On__FOR-WEBSITE-551x358.jpg\" alt=\"\" class=\"img-fluid second-thumb\">\n<\/a>\t\t\n<header class=\"entry-header article-header\">\n              <a class=\"meta-info event\" href=\"https:\/\/artlaboratory-berlin.org\/de\/veranstaltungen\/\">\n                                Veranstaltung                                <\/a><span class=\"cat\"> \n    Konferenz<\/span>\n\n                   <h3 class=\"h2 entry-title mt-2\">\n                       <a href=\"https:\/\/artlaboratory-berlin.org\/de\/veranstaltungen\/under-the-viral-shadow-konferenz\/\">UNDER THE VIRAL SHADOW<\/a>\n                    <\/h3> \n                    <ol class=\"post-subheadings\"><li class=\"heading-level-2\">Networks in the Age of Technoscience and Infection<\/li><li class=\"heading-level-3\">Internationale Konferenz (online\/ mit Livestream)<\/li><\/ol>\t                <span class=\"info-line-preview\">9. Oktober 2021<\/span>\n                  <\/header>  \n                    <p>Die Online-Konferenz untersucht verschiedene Netzwerke &#8211; biologische, kybernetische und soziale (die komplette Videoaufzeichnung ist einsehbar!). Es gibt Pr\u00e4sentationen von K\u00fcnstler:innen, derzeit bei ALB ausgestellt, sowie von Gastwissenschaftler:innen aus den Bereichen Kunst- und Medientheorie, Biophysik, Informatik, Design und Kulturwissenschaften.<\/p>\n                    <a href=\"https:\/\/artlaboratory-berlin.org\/de\/veranstaltungen\/under-the-viral-shadow-konferenz\/\" class=\"read-more\" rel=\"bookmark\" title=\"Under the viral shadow\">\n                    Mehr lesen<\/a>\n<\/div><\/div>\n\n\n\n<div class=\"wp-block-column is-layout-flow wp-block-column-is-layout-flow\">            <div class=\"post-block\">\n                <a href=\"https:\/\/artlaboratory-berlin.org\/de\/ausstellungen\/under-the-viral-shadow\/\" rel=\"bookmark\" class=\"img-box h-100\" title=\"Under the viral shadow\">\n                <img loading=\"lazy\" decoding=\"async\" width=\"551\" height=\"358\" src=\"https:\/\/artlaboratory-berlin.org\/wp-content\/uploads\/2021\/09\/Archeabot_untilted_Pic-Tuce-551x358.jpg\" class=\"img-fluid wp-post-image\" alt=\"\" \/>  <img decoding=\"async\" src=\"https:\/\/artlaboratory-berlin.org\/wp-content\/uploads\/2021\/05\/Xu-Electronic-skin-551x358.jpg\" alt=\"\" class=\"img-fluid second-thumb\">\n<\/a>\t\t\n<header class=\"entry-header article-header\">\n              <a class=\"meta-info exhibition\" href=\"https:\/\/artlaboratory-berlin.org\/de\/ausstellungen\/\">\n                                Ausstellung                                <\/a><span class=\"cat\"> \n    <\/span>\n\n                   <h3 class=\"h2 entry-title mt-2\">\n                       <a href=\"https:\/\/artlaboratory-berlin.org\/de\/ausstellungen\/under-the-viral-shadow\/\">Under the Viral Shadow<\/a>\n                    <\/h3> \n                    <ol class=\"post-subheadings\"><li class=\"heading-level-2\">Networks in the Age of Technoscience and Infection<\/li><li class=\"heading-level-3\">Anna Dumitriu | Alex May | Benjamin Bacon | Gene Kogan | Sarah Grant | Vivian Xu<\/li><\/ol>\t                <span class=\"info-line-preview\">28. August &#8211; 10. Oktober 2021<\/span>\n                  <\/header>  \n                    <p>In der Gruppenausstellung sind international renommierte K\u00fcnstler:innen wie Anna Dumitriu, Alex May, Benjamin Bacon, Gene Kogan, Sarah Grant und Vivian Xu vertreten. Die Arbeiten verstehen sich als k\u00fcnstlerische Recherche an der Schnittstelle des Biologischen und Technologischen&#8230; <\/p>\n                    <a href=\"https:\/\/artlaboratory-berlin.org\/de\/ausstellungen\/under-the-viral-shadow\/\" class=\"read-more\" rel=\"bookmark\" title=\"Under the viral shadow\">\n                    Mehr lesen<\/a>\n<\/div><\/div>\n\n\n\n<div class=\"wp-block-column is-layout-flow wp-block-column-is-layout-flow\">            <div class=\"post-block\">\n                <a href=\"https:\/\/artlaboratory-berlin.org\/de\/veranstaltungen\/under-the-viral-shadow-viral-geographies\/\" rel=\"bookmark\" class=\"img-box h-100\" title=\"Under the viral shadow\">\n                <img loading=\"lazy\" decoding=\"async\" width=\"551\" height=\"358\" src=\"https:\/\/artlaboratory-berlin.org\/wp-content\/uploads\/2021\/11\/SN_voicing-encounters_03-551x358.jpeg\" class=\"img-fluid wp-post-image\" alt=\"\" \/>  <img decoding=\"async\" src=\"https:\/\/artlaboratory-berlin.org\/wp-content\/uploads\/2021\/11\/IMG_20210524_155215-551x358.jpeg\" alt=\"\" class=\"img-fluid second-thumb\">\n<\/a>\t\t\n<header class=\"entry-header article-header\">\n              <a class=\"meta-info event\" href=\"https:\/\/artlaboratory-berlin.org\/de\/veranstaltungen\/\">\n                                Veranstaltung                                <\/a><span class=\"cat\"> \n    Talk<\/span>\n\n                   <h3 class=\"h2 entry-title mt-2\">\n                       <a href=\"https:\/\/artlaboratory-berlin.org\/de\/veranstaltungen\/under-the-viral-shadow-viral-geographies\/\">Under the viral shadow<\/a>\n                    <\/h3> \n                    <ol class=\"post-subheadings\"><li class=\"heading-level-2\">Viral Geographies<\/li><li class=\"heading-level-3\">Online Talk | Sybille Neumeyer, Karolina \u017byniewicz<\/li><\/ol>\t                <span class=\"info-line-preview\">25. November 2021<\/span>\n                  <\/header>  \n                    <p>Die Veranstaltung findet im Rahmen unseres aktuellen Projekts Under the Viral Shadow statt und stellt Fragen zur Biopolitik unseres gegenw\u00e4rtigen Pandemie-Zeitalters. Die beiden K\u00fcnstlerinnen Sybille Neumeyer und Karolina \u017byniewicz sprechen \u00fcber ihre k\u00fcnstlerische Forschung zum Thema Virus im Allgemeinen sowie \u00fcber die Auswirkungen der aktuellen Pandemie auf ihre k\u00fcnstlerische Praxis.<\/p>\n                    <a href=\"https:\/\/artlaboratory-berlin.org\/de\/veranstaltungen\/under-the-viral-shadow-viral-geographies\/\" class=\"read-more\" rel=\"bookmark\" title=\"Under the viral shadow\">\n                    Mehr lesen<\/a>\n<\/div><\/div>\n<\/div>\n<\/div>\n<\/div>\n","protected":false},"excerpt":{"rendered":"<p>Angesichts der Aussicht, dass das SarsCov-2-Virus in absehbarer Zukunft endemisch wird, fragen wir uns, was das &#8222;Leben mit dem Virus&#8220; f\u00fcr uns, f\u00fcr die und den Einzelnen und f\u00fcr die Gesellschaft bedeutet. Wir haben drei K\u00fcnstler:innen, die an der Grenze zwischen Kunst und Biowissenschaften arbeiten, eingeladen, dar\u00fcber zu sprechen, wie die Virusinfektion, die Ansteckung und die m\u00f6gliche Heilung ihr Leben und ihre Arbeit beeinflusst haben.<\/p>\n","protected":false},"featured_media":5522,"template":"","meta":{"_acf_changed":false,"_links_to":"","_links_to_target":""},"categories":[82],"tags":[],"class_list":["post-5523","event","type-event","status-publish","has-post-thumbnail","hentry","category-talk-de"],"acf":[],"yoast_head":"<!-- This site is optimized with the Yoast SEO plugin v26.2 - https:\/\/yoast.com\/wordpress\/plugins\/seo\/ -->\n<title>Under the viral shadow - Art Laboratory Berlin<\/title>\n<meta name=\"robots\" content=\"index, follow, max-snippet:-1, max-image-preview:large, max-video-preview:-1\" \/>\n<link rel=\"canonical\" href=\"https:\/\/artlaboratory-berlin.org\/de\/veranstaltungen\/under-the-viral-shadow-living-with-the-virus\/\" \/>\n<meta property=\"og:locale\" content=\"de_DE\" \/>\n<meta property=\"og:type\" content=\"article\" \/>\n<meta property=\"og:title\" content=\"Under the viral shadow - Art Laboratory Berlin\" \/>\n<meta property=\"og:description\" content=\"Angesichts der Aussicht, dass das SarsCov-2-Virus in absehbarer Zukunft endemisch wird, fragen wir uns, was das &quot;Leben mit dem Virus&quot; f\u00fcr uns, f\u00fcr die und den Einzelnen und f\u00fcr die Gesellschaft bedeutet. Wir haben drei K\u00fcnstler:innen, die an der Grenze zwischen Kunst und Biowissenschaften arbeiten, eingeladen, dar\u00fcber zu sprechen, wie die Virusinfektion, die Ansteckung und die m\u00f6gliche Heilung ihr Leben und ihre Arbeit beeinflusst haben.\" \/>\n<meta property=\"og:url\" content=\"https:\/\/artlaboratory-berlin.org\/de\/veranstaltungen\/under-the-viral-shadow-living-with-the-virus\/\" \/>\n<meta property=\"og:site_name\" content=\"Art Laboratory Berlin\" \/>\n<meta property=\"article:publisher\" content=\"https:\/\/www.facebook.com\/ArtLaboratoryBerlin\/\" \/>\n<meta property=\"article:modified_time\" content=\"2022-08-31T19:37:35+00:00\" \/>\n<meta property=\"og:image\" content=\"https:\/\/artlaboratory-berlin.org\/wp-content\/uploads\/2021\/11\/BIOART-COVEN-RITUAL-2-names-removed-scaled.jpg\" \/>\n\t<meta property=\"og:image:width\" content=\"2560\" \/>\n\t<meta property=\"og:image:height\" content=\"1600\" \/>\n\t<meta property=\"og:image:type\" content=\"image\/jpeg\" \/>\n<meta name=\"twitter:card\" content=\"summary_large_image\" \/>\n<meta name=\"twitter:site\" content=\"@artlaboratoryb\" \/>\n<meta name=\"twitter:label1\" content=\"Gesch\u00e4tzte Lesezeit\" \/>\n\t<meta name=\"twitter:data1\" content=\"5\u00a0Minuten\" \/>\n<!-- \/ Yoast SEO plugin. -->","yoast_head_json":{"title":"Under the viral shadow - Art Laboratory Berlin","robots":{"index":"index","follow":"follow","max-snippet":"max-snippet:-1","max-image-preview":"max-image-preview:large","max-video-preview":"max-video-preview:-1"},"canonical":"https:\/\/artlaboratory-berlin.org\/de\/veranstaltungen\/under-the-viral-shadow-living-with-the-virus\/","og_locale":"de_DE","og_type":"article","og_title":"Under the viral shadow - Art Laboratory Berlin","og_description":"Angesichts der Aussicht, dass das SarsCov-2-Virus in absehbarer Zukunft endemisch wird, fragen wir uns, was das \"Leben mit dem Virus\" f\u00fcr uns, f\u00fcr die und den Einzelnen und f\u00fcr die Gesellschaft bedeutet. Wir haben drei K\u00fcnstler:innen, die an der Grenze zwischen Kunst und Biowissenschaften arbeiten, eingeladen, dar\u00fcber zu sprechen, wie die Virusinfektion, die Ansteckung und die m\u00f6gliche Heilung ihr Leben und ihre Arbeit beeinflusst haben.","og_url":"https:\/\/artlaboratory-berlin.org\/de\/veranstaltungen\/under-the-viral-shadow-living-with-the-virus\/","og_site_name":"Art Laboratory Berlin","article_publisher":"https:\/\/www.facebook.com\/ArtLaboratoryBerlin\/","article_modified_time":"2022-08-31T19:37:35+00:00","og_image":[{"width":2560,"height":1600,"url":"https:\/\/artlaboratory-berlin.org\/wp-content\/uploads\/2021\/11\/BIOART-COVEN-RITUAL-2-names-removed-scaled.jpg","type":"image\/jpeg"}],"twitter_card":"summary_large_image","twitter_site":"@artlaboratoryb","twitter_misc":{"Gesch\u00e4tzte Lesezeit":"5\u00a0Minuten"},"schema":{"@context":"https:\/\/schema.org","@graph":[{"@type":"WebPage","@id":"https:\/\/artlaboratory-berlin.org\/de\/veranstaltungen\/under-the-viral-shadow-living-with-the-virus\/","url":"https:\/\/artlaboratory-berlin.org\/de\/veranstaltungen\/under-the-viral-shadow-living-with-the-virus\/","name":"Under the viral shadow - Art Laboratory Berlin","isPartOf":{"@id":"https:\/\/artlaboratory-berlin.org\/#website"},"primaryImageOfPage":{"@id":"https:\/\/artlaboratory-berlin.org\/de\/veranstaltungen\/under-the-viral-shadow-living-with-the-virus\/#primaryimage"},"image":{"@id":"https:\/\/artlaboratory-berlin.org\/de\/veranstaltungen\/under-the-viral-shadow-living-with-the-virus\/#primaryimage"},"thumbnailUrl":"https:\/\/artlaboratory-berlin.org\/wp-content\/uploads\/2021\/11\/BIOART-COVEN-RITUAL-2-names-removed-scaled.jpg","datePublished":"2021-11-06T16:32:15+00:00","dateModified":"2022-08-31T19:37:35+00:00","breadcrumb":{"@id":"https:\/\/artlaboratory-berlin.org\/de\/veranstaltungen\/under-the-viral-shadow-living-with-the-virus\/#breadcrumb"},"inLanguage":"de","potentialAction":[{"@type":"ReadAction","target":["https:\/\/artlaboratory-berlin.org\/de\/veranstaltungen\/under-the-viral-shadow-living-with-the-virus\/"]}]},{"@type":"ImageObject","inLanguage":"de","@id":"https:\/\/artlaboratory-berlin.org\/de\/veranstaltungen\/under-the-viral-shadow-living-with-the-virus\/#primaryimage","url":"https:\/\/artlaboratory-berlin.org\/wp-content\/uploads\/2021\/11\/BIOART-COVEN-RITUAL-2-names-removed-scaled.jpg","contentUrl":"https:\/\/artlaboratory-berlin.org\/wp-content\/uploads\/2021\/11\/BIOART-COVEN-RITUAL-2-names-removed-scaled.jpg","width":2560,"height":1600,"caption":"WhiteFeather Hunter"},{"@type":"BreadcrumbList","@id":"https:\/\/artlaboratory-berlin.org\/de\/veranstaltungen\/under-the-viral-shadow-living-with-the-virus\/#breadcrumb","itemListElement":[{"@type":"ListItem","position":1,"name":"Home","item":"https:\/\/artlaboratory-berlin.org\/de\/"},{"@type":"ListItem","position":2,"name":"Events","item":"https:\/\/artlaboratory-berlin.org\/events\/"},{"@type":"ListItem","position":3,"name":"Under the viral shadow"}]},{"@type":"WebSite","@id":"https:\/\/artlaboratory-berlin.org\/#website","url":"https:\/\/artlaboratory-berlin.org\/","name":"Art Laboratory Berlin","description":"","publisher":{"@id":"https:\/\/artlaboratory-berlin.org\/#organization"},"potentialAction":[{"@type":"SearchAction","target":{"@type":"EntryPoint","urlTemplate":"https:\/\/artlaboratory-berlin.org\/?s={search_term_string}"},"query-input":{"@type":"PropertyValueSpecification","valueRequired":true,"valueName":"search_term_string"}}],"inLanguage":"de"},{"@type":"Organization","@id":"https:\/\/artlaboratory-berlin.org\/#organization","name":"Art Laboratory Berlin","url":"https:\/\/artlaboratory-berlin.org\/","logo":{"@type":"ImageObject","inLanguage":"de","@id":"https:\/\/artlaboratory-berlin.org\/#\/schema\/logo\/image\/","url":"https:\/\/artlaboratory-berlin.org\/wp-content\/uploads\/2021\/05\/logo-alb.png","contentUrl":"https:\/\/artlaboratory-berlin.org\/wp-content\/uploads\/2021\/05\/logo-alb.png","width":800,"height":515,"caption":"Art Laboratory Berlin"},"image":{"@id":"https:\/\/artlaboratory-berlin.org\/#\/schema\/logo\/image\/"},"sameAs":["https:\/\/www.facebook.com\/ArtLaboratoryBerlin\/","https:\/\/x.com\/artlaboratoryb","https:\/\/www.instagram.com\/artlaboratoryberlin","https:\/\/www.youtube.com\/c\/ArtLaboratoryBerlin\/videos"]}]}},"_links":{"self":[{"href":"https:\/\/artlaboratory-berlin.org\/de\/wp-json\/wp\/v2\/event\/5523","targetHints":{"allow":["GET"]}}],"collection":[{"href":"https:\/\/artlaboratory-berlin.org\/de\/wp-json\/wp\/v2\/event"}],"about":[{"href":"https:\/\/artlaboratory-berlin.org\/de\/wp-json\/wp\/v2\/types\/event"}],"version-history":[{"count":2,"href":"https:\/\/artlaboratory-berlin.org\/de\/wp-json\/wp\/v2\/event\/5523\/revisions"}],"predecessor-version":[{"id":6637,"href":"https:\/\/artlaboratory-berlin.org\/de\/wp-json\/wp\/v2\/event\/5523\/revisions\/6637"}],"wp:featuredmedia":[{"embeddable":true,"href":"https:\/\/artlaboratory-berlin.org\/de\/wp-json\/wp\/v2\/media\/5522"}],"wp:attachment":[{"href":"https:\/\/artlaboratory-berlin.org\/de\/wp-json\/wp\/v2\/media?parent=5523"}],"wp:term":[{"taxonomy":"category","embeddable":true,"href":"https:\/\/artlaboratory-berlin.org\/de\/wp-json\/wp\/v2\/categories?post=5523"},{"taxonomy":"post_tag","embeddable":true,"href":"https:\/\/artlaboratory-berlin.org\/de\/wp-json\/wp\/v2\/tags?post=5523"}],"curies":[{"name":"wp","href":"https:\/\/api.w.org\/{rel}","templated":true}]}}