{"id":5364,"date":"2021-09-28T13:00:44","date_gmt":"2021-09-28T13:00:44","guid":{"rendered":"https:\/\/artlaboratory-berlin.org\/?post_type=event&#038;p=5364"},"modified":"2022-08-31T19:38:09","modified_gmt":"2022-08-31T19:38:09","slug":"under-the-viral-shadow-konferenz","status":"publish","type":"event","link":"https:\/\/artlaboratory-berlin.org\/de\/veranstaltungen\/under-the-viral-shadow-konferenz\/","title":{"rendered":"UNDER THE VIRAL SHADOW"},"content":{"rendered":"\n<h2 class=\"subheading wp-block-heading\">Networks in the Age of Technoscience and Infection<\/h2>\n\n\n\n<h3 class=\"names wp-block-heading\">Internationale Konferenz (online\/ mit Livestream)<\/h3>\n\n\n\t\t<div class=\"media-box\">\n\t\t\t\t\t\t    <div id=\"head-slider\" class=\"head-slider\">\n\t\t\t            \t\t\t\t\t\t<div class=\"slide\">\n\t\t\t\t\t\t<div class=\"img-box\" style=\"background-image: url(https:\/\/artlaboratory-berlin.org\/wp-content\/uploads\/2021\/09\/62B1256_ArtLab-viral-shadow-On__FOR-WEBSITE.jpg\" alt=\");\" >\n\t\t\t\t\t\t<\/div>\n\t\t\t\t\t\t<p class=\"wp-caption caption\">Vivian Xu: <em>Sonic Skin<\/em>, 2018, Ausstellungsansicht, Art Laboratory Berlin, 2021, Foto: Tim Deussen<\/p>\n\t\t\t             <\/div>\t\t\t\t\t\t\t\n\t\t\t            \t\t\t\t\t\t<div class=\"slide\">\n\t\t\t\t\t\t<div class=\"img-box\" style=\"background-image: url(https:\/\/artlaboratory-berlin.org\/wp-content\/uploads\/2021\/09\/62B1257_ArtLab-viral-shadow-On__FOR-WEBSITE.jpg\" alt=\");\" >\n\t\t\t\t\t\t<\/div>\n\t\t\t\t\t\t<p class=\"wp-caption caption\">Vivian Xu: <em>Sonic Skin<\/em>, 2018, Ausstellungsansicht, Art Laboratory Berlin, 2021, Foto: Tim Deussen<\/p>\n\t\t\t             <\/div>\t\t\t\t\t\t\t\n\t\t\t            \t\t\t    <\/div>\n\t\t<\/div>\n\t\t\t\t\n\n\n<div class=\"wp-block-columns main-post-content is-layout-flex wp-container-core-columns-is-layout-9d6595d7 wp-block-columns-is-layout-flex\">\n<div class=\"wp-block-column content-column is-layout-flow wp-block-column-is-layout-flow\">\n<p><em>Die internationale interdisziplin\u00e4re eint\u00e4gige Online-Konferenz <\/em>Under the Viral Shadow<em> untersucht verschiedene Netzwerke &#8211; biologische, kybernetische und soziale &#8211; auch im Hinblick auf die COVID-19-Pandemie. Auf dem Programm stehen Pr\u00e4sentationen von sieben internationalen K\u00fcnstler:innen pr\u00e4sentiert bei Art Laboratory Berlin, deren Forschung und Medien entweder in den Lebens- oder Computerwissenschaften angesiedelt sind. Daneben referieren Gastwissenschaftler:innen aus den Bereichen Kunst- und Medientheorie, Biophysik, Informatik, Design und Kulturwissenschaften, die biologische, digitale und soziale Netzwerke unter dem Druck neuer Technologien untersuchen werden. In einem speziellen Keynote-Vortrag er\u00f6rtert Roberta Buiani die vielf\u00e4ltigen Auswirkungen von nat\u00fcrlichen und vom Menschen verursachten Viren im Zeitalter der Technowissenschaft und der Infektion.<\/em><\/p>\n\n\n\n<p><br>Der Kern des Projekts stellt die <a href=\"https:\/\/artlaboratory-berlin.org\/de\/ausstellungen\/under-the-viral-shadow\/\" target=\"_blank\" rel=\"noreferrer noopener\">Gruppenausstellung <em>Under the Viral Shadow<\/em><\/a><em> <\/em>dar, in der international bekannte K\u00fcnstler:innen pr\u00e4sentiert werden. Die Arbeit <em>Archaeabot: A Post Climate Change, Post Singularity Life-form<\/em> von Alex May und Anna Dumitriu ist eine Unterwasserroboter-Installation, die sich mit \u201eLeben\u201c in einer Zukunft nach dem Klimawandel befasst und auf j\u00fcngsten Forschungen zu Archaeen basiert, die als die \u00e4ltesten Lebensformen der Erde gelten. Anna Dumitrius Arbeit <em>Engineered Antibod<\/em>y ist eine ma\u00dfgeschneiderte Perlenkette, die auf einem Antik\u00f6rper basiert, der so entwickelt wurde, dass er eine Kombination von 21 Aminos\u00e4uren enth\u00e4lt, die in der Natur nicht vorkommen kann \u2013 urspr\u00fcnglich wurde er aus dem Blut eines HIV-Patienten gewonnen. Sie enth\u00e4lt auch die tats\u00e4chlichen 21 Aminos\u00e4uren, die in dem Antik\u00f6rper enthalten sind. <em>PROBE II: Subaudition<\/em> von Benjamin Bacon ist ein bin\u00e4rer Satz au\u00dferirdischer Maschinen, die mit Hilfe von Methoden des maschinellen Lernens die Erkennung von Sprache in Text untersuchen, indem sie gesprochene Sprache dekodieren und in kinetische Energie, Licht, Farbe, Muster und Reflexion umwandeln. Gene Kogans Projekt <em>Abraham<\/em> ist ein \u201eautonomer k\u00fcnstlicher K\u00fcnstler\u201c, der auf einer dezentralen KI basiert. In Interaktion mit dem Publikum reflektiert das Werk kritisch \u00fcber vielversprechende Techniken aus dem maschinellen Lernen, der Krypto\u00f6konomie und der Computerkunst. Die Arbeit <em>Physarum Topologies<\/em> von Sarah Grant nutzt den lebenden Schleimpilz <em>Physarum polycephalum<\/em>, um die bio-berechnete Weiterleitung von Informationen durch verschiedene Topologien von Computernetzwerken zu demonstrieren. Und schlie\u00dflich erforschen die Wearables wie <em>Electric Skin<\/em> und <em>Sonic Skin<\/em> von Vivian Xu das Konzept der Ko-Evolution von Mensch und Maschine und bieten eine m\u00f6gliche zuk\u00fcnftige menschliche Wahrnehmung, die unsere Beziehung zur Umwelt neu erfinden k\u00f6nnte.<br><br>Regine Rapp &amp; Christian de Lutz<br><br><\/p>\n\n\n\n<p><br><\/p>\n\n\n\n<h2 class=\"wp-block-heading\">KONFERENZ<strong>PROGRAM<\/strong>M<br><\/h2>\n\n\n\n<h3 class=\"wp-block-heading\">11:00 \u2013 11:20 CET<br><strong>Einf\u00fchrung | Under the Viral Shadow. Networks in the Age of Technoscience and Infection<\/strong><\/h3>\n\n\n\n<p><br>Regine Rapp (Kunstgeschichte, Kuratorische Forschung, Art Laboratory Berlin)<br>Christian de Lutz (Kuratorische Forschung, Art Laboratory Berlin)<\/p>\n\n\n\n<figure class=\"wp-block-embed is-type-video is-provider-youtube wp-block-embed-youtube wp-embed-aspect-16-9 wp-has-aspect-ratio\"><div class=\"wp-block-embed__wrapper\">\n<iframe loading=\"lazy\" title=\"Under the Viral Shadow Conference - Introduction\" width=\"680\" height=\"383\" src=\"https:\/\/www.youtube.com\/embed\/G2CVc_8y1ks?feature=oembed\" frameborder=\"0\" allow=\"accelerometer; autoplay; clipboard-write; encrypted-media; gyroscope; picture-in-picture\" allowfullscreen><\/iframe>\n<\/div><\/figure>\n\n\n\n<h3 class=\"wp-block-heading\"><br><br>11:20 &#8211; 12:45 CET<br><strong>Panel A | Bodies, Organisms and Machines<\/strong><\/h3>\n\n\n\n<p><br>Vivian Xu (K\u00fcnstlerin, Designerin, Shanghai\/Kunshan): <em>The Skin Series<\/em><br>Anna Dumitriu (K\u00fcnstlerin, Brighton): <em>Engineered Antibody<\/em><br>Alex May, Anna Dumitriu (K\u00fcnstler:in, Brighton): <em>ArchaeaBot: A Post Singularity and Post Climate Change Life-form<br>Moderiert von Regine Rapp<\/em><\/p>\n\n\n\n<figure class=\"wp-block-embed is-type-video is-provider-youtube wp-block-embed-youtube wp-embed-aspect-16-9 wp-has-aspect-ratio\"><div class=\"wp-block-embed__wrapper\">\n<iframe loading=\"lazy\" title=\"Under the Viral Shadow - Conference - Panel A\" width=\"680\" height=\"383\" src=\"https:\/\/www.youtube.com\/embed\/z07dCu6ajQA?feature=oembed\" frameborder=\"0\" allow=\"accelerometer; autoplay; clipboard-write; encrypted-media; gyroscope; picture-in-picture\" allowfullscreen><\/iframe>\n<\/div><\/figure>\n\n\n\n<h3 class=\"wp-block-heading\"><br><br>13:00 \u2013 14:30 CET<br><strong>Panel B | Digital and Biological Networks<\/strong><\/h3>\n\n\n\n<p><br>Sarah Grant (K\u00fcnstlerin, Berlin): <em>Physarum Topologies<\/em><br>Christina Oettmeier (Biophysik, Universit\u00e4t Bremen): <em>On Physarum polycephalum<\/em><br>Danja Vasiliev (K\u00fcnstler, Berlin): <em>How Computers Talk<\/em><br><em><em>Moderiert von <\/em>Christian de Lutz<\/em><\/p>\n\n\n\n<figure class=\"wp-block-embed is-type-video is-provider-youtube wp-block-embed-youtube wp-embed-aspect-16-9 wp-has-aspect-ratio\"><div class=\"wp-block-embed__wrapper\">\n<iframe loading=\"lazy\" title=\"Under the Viral Shadow Conference - Panel B\" width=\"680\" height=\"383\" src=\"https:\/\/www.youtube.com\/embed\/TfZ27ZuZtd8?feature=oembed\" frameborder=\"0\" allow=\"accelerometer; autoplay; clipboard-write; encrypted-media; gyroscope; picture-in-picture\" allowfullscreen><\/iframe>\n<\/div><\/figure>\n\n\n\n<h3 class=\"wp-block-heading\"><br><br>15:30 \u2013 16:30 CET<br><strong>Keynote | \u201cGoing Viral\u201d<\/strong><\/h3>\n\n\n\n<p><br>Roberta Buiani (Medientheorie, Fields Institute for Research in Mathematical Sciences, York University\/ University of Toronto): <em>Going Viral<\/em><br><em><em>Moderiert von <\/em>Regine Rapp &amp; Christian de Lutz<\/em><\/p>\n\n\n\n<figure class=\"wp-block-embed is-type-video is-provider-youtube wp-block-embed-youtube wp-embed-aspect-16-9 wp-has-aspect-ratio\"><div class=\"wp-block-embed__wrapper\">\n<iframe loading=\"lazy\" title=\"Under the Viral Shadow - Conference - Keynote\" width=\"680\" height=\"383\" src=\"https:\/\/www.youtube.com\/embed\/s1O3ySbrdYs?feature=oembed\" frameborder=\"0\" allow=\"accelerometer; autoplay; clipboard-write; encrypted-media; gyroscope; picture-in-picture\" allowfullscreen><\/iframe>\n<\/div><\/figure>\n\n\n\n<h3 class=\"wp-block-heading\"><br><br>16:50 &#8211; 18:30 CET<br><strong>Panel C | On Artificial Intelligence<\/strong><\/h3>\n\n\n\n<p><br>Benjamin Bacon (K\u00fcnstler, Duke University Kunshan\/ Shanghai): <em>PROBE &#8211; Subaudition<\/em><br>Gene Kogan (K\u00fcnstler und Programmierer, New York\/ California): <em>Abraham<\/em><br>Alexander K\u00f6nig (K\u00fcnstler, Medientheorie, Berlin): <em>The Clouds Edge<\/em><br>Katta Spiel (Computerwissenschaften, Design- und Kulturwissenschaften, TU Wien): <em>Adversarial Example<\/em><br><em>Moderated by Tu\u00e7e Erel<\/em><\/p>\n\n\n\n<figure class=\"wp-block-embed is-type-video is-provider-youtube wp-block-embed-youtube wp-embed-aspect-16-9 wp-has-aspect-ratio\"><div class=\"wp-block-embed__wrapper\">\n<iframe loading=\"lazy\" title=\"Under the viral Shadow - Conference - Panel C\" width=\"680\" height=\"383\" src=\"https:\/\/www.youtube.com\/embed\/HjFgJAVAoMY?feature=oembed\" frameborder=\"0\" allow=\"accelerometer; autoplay; clipboard-write; encrypted-media; gyroscope; picture-in-picture\" allowfullscreen><\/iframe>\n<\/div><\/figure>\n\n\n\n<h3 class=\"wp-block-heading\"><br><br>18:30 \u2013 18:50 CET<br><strong>Abschlussdiskussion<\/strong><\/h3>\n\n\n\n<p><br><em>Mit allen Sprecher:innen und Moderator:innen<\/em><\/p>\n\n\n\n<figure class=\"wp-block-embed is-type-video is-provider-youtube wp-block-embed-youtube wp-embed-aspect-16-9 wp-has-aspect-ratio\"><div class=\"wp-block-embed__wrapper\">\n<iframe loading=\"lazy\" title=\"Under the Viral Shadow - Conference - Final Discussion\" width=\"680\" height=\"383\" src=\"https:\/\/www.youtube.com\/embed\/PjfCm0bf80E?feature=oembed\" frameborder=\"0\" allow=\"accelerometer; autoplay; clipboard-write; encrypted-media; gyroscope; picture-in-picture\" allowfullscreen><\/iframe>\n<\/div><\/figure>\n\n\n\n<p><br><br><a href=\"https:\/\/www.artlaboratory-berlin.org\/assets\/pdf\/Symposium_UVS__programm_speakers_timeline.pdf\" target=\"_blank\" rel=\"noreferrer noopener\">Abstracts und Biografien (pdf)<\/a><\/p>\n\n\n\n<h2 class=\"wp-block-heading\"><br><br><br>Presse Feedback<\/h2>\n\n\n\n<p><br><a href=\"https:\/\/www.clotmag.com\/oped\/under-the-viral-shadow-thoughts-from-a-transdisciplinary-conference-by-leoni-fischer\" target=\"_blank\" rel=\"noreferrer noopener\">\u2018Under the Viral Shadow, thoughts from a transdisciplinary conference\u2019, <\/a>in CLOT Magazine von Leoni Fischer (19. Oktober 2021)<\/p>\n<\/div>\n\n\n\n<div class=\"wp-block-column info-sidebar is-layout-flow wp-block-column-is-layout-flow\">\n<!-- Simple Share Buttons Adder (8.5.3) simplesharebuttons.com --><div class=\"ssba-modern-2 ssba ssbp-wrap alignleft ssbp--theme-2\"><div style=\"text-align:left\"><span class=\"ssba-share-text\">Share<\/span><br\/><ul class=\"ssbp-list\"><li class='ssbp-li--facebook'><a data-site=\"facebook\" class=\"ssba_facebook_share ssba_share_link ssbp-facebook ssbp-btn\" href=\"https:\/\/www.facebook.com\/sharer.php?t=UNDER THE VIRAL SHADOW&u=https:\/\/artlaboratory-berlin.org\/de\/wp-json\/wp\/v2\/event\/5364\"  target=_blank  style=\"color:#4267B2; background-color: #4267B2; height: 24px; width: 24px; background: #000000;\" ><span><svg xmlns=\"http:\/\/www.w3.org\/2000\/svg\" fill=\"#fff\" preserveAspectRatio=\"xMidYMid meet\" height=\"1em\" width=\"1em\" viewBox=\"0 0 40 40\">\n  <g>\n    <path d=\"m21.7 16.7h5v5h-5v11.6h-5v-11.6h-5v-5h5v-2.1c0-2 0.6-4.5 1.8-5.9 1.3-1.3 2.8-2 4.7-2h3.5v5h-3.5c-0.9 0-1.5 0.6-1.5 1.5v3.5z\"><\/path>\n  <\/g>\n<\/svg>\n\n<\/span><span class=\"color-icon\"><svg xmlns=\"http:\/\/www.w3.org\/2000\/svg\" width=\"16\" height=\"28\" viewBox=\"0 0 16 28\">\n  <path fill=\"#3B5998\" d=\"M10.7,10.7 L15.7,10.7 L15.7,15.7 L10.7,15.7 L10.7,27.3 L5.7,27.3 L5.7,15.7 L0.7,15.7 L0.7,10.7 L5.7,10.7 L5.7,8.6 C5.7,6.6 6.3,4.1 7.5,2.7 C8.8,1.4 10.3,0.7 12.2,0.7 L15.7,0.7 L15.7,5.7 L12.2,5.7 C11.3,5.7 10.7,6.3 10.7,7.2 L10.7,10.7 Z\"\/>\n<\/svg>\n<\/span><div title=\"Facebook\" class=\"ssbp-text\">Facebook<\/div><\/a><\/li><li class='ssbp-li--email'><a data-site=\"email\" class=\"ssba_email_share ssba_share_link ssbp-email ssbp-btn\" href=\"mailto:?subject=UNDER THE VIRAL SHADOW&body=https:\/\/artlaboratory-berlin.org\/de\/wp-json\/wp\/v2\/event\/5364\"  target=_blank  style=\"color:#7d7d7d; background-color: #7d7d7d; height: 24px; width: 24px; background: #000000;\" ><span><svg xmlns=\"http:\/\/www.w3.org\/2000\/svg\" fill=\"#fff\" preserveAspectRatio=\"xMidYMid meet\" height=\"1em\" width=\"1em\" viewBox=\"0 0 40 40\">\n  <g>\n    <path d=\"m33.4 13.4v-3.4l-13.4 8.4-13.4-8.4v3.4l13.4 8.2z m0-6.8q1.3 0 2.3 1.1t0.9 2.3v20q0 1.3-0.9 2.3t-2.3 1.1h-26.8q-1.3 0-2.3-1.1t-0.9-2.3v-20q0-1.3 0.9-2.3t2.3-1.1h26.8z\"><\/path>\n  <\/g>\n<\/svg>\n\n<\/span><span class=\"color-icon\"><svg xmlns=\"http:\/\/www.w3.org\/2000\/svg\" width=\"34\" height=\"28\" viewBox=\"0 0 34 28\">\n  <path fill=\"#7D7D7D\" d=\"M30.4,7.4 L30.4,4 L17,12.4 L3.6,4 L3.6,7.4 L17,15.6 L30.4,7.4 Z M30.4,0.6 C31.2666667,0.6 32.0333333,0.966666667 32.7,1.7 C33.3666667,2.43333333 33.6666667,3.2 33.6,4 L33.6,24 C33.6,24.8666667 33.3,25.6333333 32.7,26.3 C32.1,26.9666667 31.3333333,27.3333333 30.4,27.4 L3.6,27.4 C2.73333333,27.4 1.96666667,27.0333333 1.3,26.3 C0.633333333,25.5666667 0.333333333,24.8 0.4,24 L0.4,4 C0.4,3.13333333 0.7,2.36666667 1.3,1.7 C1.9,1.03333333 2.66666667,0.666666667 3.6,0.6 L30.4,0.6 Z\"\/>\n<\/svg>\n<\/span><div title=\"Email\" class=\"ssbp-text\">Email<\/div><\/a><\/li><\/ul><\/div><\/div>\n\n\n\n<h4 class=\"wp-block-heading\">ORT<\/h4>\n\n\n\n<p>Online, mit Livestream<\/p>\n\n\n\n<h4 class=\"wp-block-heading\">DATUM UND ZEIT<\/h4>\n\n\n\n<p>Samstag, 9. Oktober 2021<br>11 &#8211; 19 Uhr MEZ <\/p>\n\n\n\n<h4 class=\"wp-block-heading\">KonZept DER KonferenZ<\/h4>\n\n\n\n<p>Regine Rapp &amp; Christian de Lutz<\/p>\n\n\n\n<h4 class=\"wp-block-heading\">KonferenZTeam<\/h4>\n\n\n\n<p>Regine Rapp, Christian de Lutz, Tu\u00e7e Erel,<br>Linus Kaufhold, Tim Deussen<\/p>\n\n\n\n<h4 class=\"wp-block-heading\">Kooperationspartner:IN<\/h4>\n\n\n\n<p>Duke Kunshan University<br>Fotostudio Deussen<\/p>\n\n\n\n<figure class=\"wp-block-image size-full is-resized\"><img loading=\"lazy\" decoding=\"async\" src=\"https:\/\/artlaboratory-berlin.org\/wp-content\/uploads\/2021\/10\/seeberg-embrace-bw.png\" alt=\"\" class=\"wp-image-5451\" width=\"82\" height=\"82\" srcset=\"https:\/\/artlaboratory-berlin.org\/wp-content\/uploads\/2021\/10\/seeberg-embrace-bw.png 892w, https:\/\/artlaboratory-berlin.org\/wp-content\/uploads\/2021\/10\/seeberg-embrace-bw-300x300.png 300w, https:\/\/artlaboratory-berlin.org\/wp-content\/uploads\/2021\/10\/seeberg-embrace-bw-150x150.png 150w, https:\/\/artlaboratory-berlin.org\/wp-content\/uploads\/2021\/10\/seeberg-embrace-bw-768x768.png 768w, https:\/\/artlaboratory-berlin.org\/wp-content\/uploads\/2021\/10\/seeberg-embrace-bw-580x580.png 580w, https:\/\/artlaboratory-berlin.org\/wp-content\/uploads\/2021\/10\/seeberg-embrace-bw-125x125.png 125w\" sizes=\"auto, (max-width: 82px) 100vw, 82px\" \/><\/figure>\n\n\n\n<h4 class=\"wp-block-heading\">MediENpartnerINNEN<\/h4>\n\n\n\n<figure class=\"wp-block-image size-full is-resized\"><img loading=\"lazy\" decoding=\"async\" src=\"https:\/\/artlaboratory-berlin.org\/wp-content\/uploads\/2021\/03\/art-in-berlin-2.jpg\" alt=\"\" class=\"wp-image-472\" width=\"135\" height=\"44\"\/><\/figure>\n\n\n\n<figure class=\"wp-block-image size-full is-resized\"><img loading=\"lazy\" decoding=\"async\" src=\"https:\/\/artlaboratory-berlin.org\/wp-content\/uploads\/2021\/09\/CLOT-MEDIA-BLACK-web.jpg\" alt=\"\" class=\"wp-image-4868\" width=\"108\" height=\"77\" srcset=\"https:\/\/artlaboratory-berlin.org\/wp-content\/uploads\/2021\/09\/CLOT-MEDIA-BLACK-web.jpg 692w, https:\/\/artlaboratory-berlin.org\/wp-content\/uploads\/2021\/09\/CLOT-MEDIA-BLACK-web-300x215.jpg 300w, https:\/\/artlaboratory-berlin.org\/wp-content\/uploads\/2021\/09\/CLOT-MEDIA-BLACK-web-580x416.jpg 580w\" sizes=\"auto, (max-width: 108px) 100vw, 108px\" \/><\/figure>\n\n\n\n<p><\/p>\n\n\n\n<h4 class=\"wp-block-heading\">UNTERST\u00dcTZT VON<br><\/h4>\n\n\n\n<figure class=\"wp-block-image size-full is-resized\"><img loading=\"lazy\" decoding=\"async\" src=\"https:\/\/artlaboratory-berlin.org\/wp-content\/uploads\/2021\/04\/HKF.png\" alt=\"\" class=\"wp-image-1550\" width=\"90\" height=\"162\"\/><\/figure>\n\n\n\n<figure class=\"wp-block-image size-full is-resized\"><img loading=\"lazy\" decoding=\"async\" src=\"https:\/\/artlaboratory-berlin.org\/wp-content\/uploads\/2021\/03\/B_SEN_KuEu_Logo_DE_Square-1.jpg\" alt=\"\" class=\"wp-image-474\" width=\"123\" height=\"71\" srcset=\"https:\/\/artlaboratory-berlin.org\/wp-content\/uploads\/2021\/03\/B_SEN_KuEu_Logo_DE_Square-1.jpg 400w, https:\/\/artlaboratory-berlin.org\/wp-content\/uploads\/2021\/03\/B_SEN_KuEu_Logo_DE_Square-1-300x175.jpg 300w\" sizes=\"auto, (max-width: 123px) 100vw, 123px\" \/><\/figure>\n\n\n<h4 class=\"related-sidebar-heading\">Teil des Forschungsprojekts:<\/h4>\n    <p><a href=\"https:\/\/artlaboratory-berlin.org\/de\/forschung\/the-silkworm-project\/\">The Silkworm Project<\/a><\/p>\n    <\/div>\n<\/div>\n\n\n\n<p><br><br><\/p>\n\n\n\n<div class=\"wp-block-columns related bg-black is-layout-flex wp-container-core-columns-is-layout-9d6595d7 wp-block-columns-is-layout-flex\">\n<div class=\"wp-block-column container is-layout-flow wp-block-column-is-layout-flow\">\n<h2 class=\"wp-block-heading\">Im Kontext<\/h2>\n\n\n\n<div class=\"wp-block-columns is-layout-flex wp-container-core-columns-is-layout-9d6595d7 wp-block-columns-is-layout-flex\">\n<div class=\"wp-block-column is-layout-flow wp-block-column-is-layout-flow\">            <div class=\"post-block\">\n                <a href=\"https:\/\/artlaboratory-berlin.org\/de\/ausstellungen\/under-the-viral-shadow\/\" rel=\"bookmark\" class=\"img-box h-100\" title=\"UNDER THE VIRAL SHADOW\">\n                <img loading=\"lazy\" decoding=\"async\" width=\"551\" height=\"358\" src=\"https:\/\/artlaboratory-berlin.org\/wp-content\/uploads\/2021\/09\/Archeabot_untilted_Pic-Tuce-551x358.jpg\" class=\"img-fluid wp-post-image\" alt=\"\" \/>  <img decoding=\"async\" src=\"https:\/\/artlaboratory-berlin.org\/wp-content\/uploads\/2021\/05\/Xu-Electronic-skin-551x358.jpg\" alt=\"\" class=\"img-fluid second-thumb\">\n<\/a>\t\t\n<header class=\"entry-header article-header\">\n              <a class=\"meta-info exhibition\" href=\"https:\/\/artlaboratory-berlin.org\/de\/ausstellungen\/\">\n                                Ausstellung                                <\/a><span class=\"cat\"> \n    <\/span>\n\n                   <h3 class=\"h2 entry-title mt-2\">\n                       <a href=\"https:\/\/artlaboratory-berlin.org\/de\/ausstellungen\/under-the-viral-shadow\/\">Under the Viral Shadow<\/a>\n                    <\/h3> \n                    <ol class=\"post-subheadings\"><li class=\"heading-level-2\">Networks in the Age of Technoscience and Infection<\/li><li class=\"heading-level-3\">Anna Dumitriu | Alex May | Benjamin Bacon | Gene Kogan | Sarah Grant | Vivian Xu<\/li><\/ol>\t                <span class=\"info-line-preview\">28. August &#8211; 10. Oktober 2021<\/span>\n                  <\/header>  \n                    <p>In der Gruppenausstellung sind international renommierte K\u00fcnstler:innen wie Anna Dumitriu, Alex May, Benjamin Bacon, Gene Kogan, Sarah Grant und Vivian Xu vertreten. Die Arbeiten verstehen sich als k\u00fcnstlerische Recherche an der Schnittstelle des Biologischen und Technologischen&#8230; <\/p>\n                    <a href=\"https:\/\/artlaboratory-berlin.org\/de\/ausstellungen\/under-the-viral-shadow\/\" class=\"read-more\" rel=\"bookmark\" title=\"UNDER THE VIRAL SHADOW\">\n                    Mehr lesen<\/a>\n<\/div><\/div>\n\n\n\n<div class=\"wp-block-column is-layout-flow wp-block-column-is-layout-flow\">            <div class=\"post-block\">\n                <a href=\"https:\/\/artlaboratory-berlin.org\/de\/veranstaltungen\/under-the-viral-shadow_workshop-kogan\/\" rel=\"bookmark\" class=\"img-box h-100\" title=\"UNDER THE VIRAL SHADOW\">\n                <img loading=\"lazy\" decoding=\"async\" width=\"551\" height=\"358\" src=\"https:\/\/artlaboratory-berlin.org\/wp-content\/uploads\/2021\/06\/Gene_Kogan_painterly-1-551x358.jpg\" class=\"img-fluid wp-post-image\" alt=\"\" \/>  <img decoding=\"async\" src=\"https:\/\/artlaboratory-berlin.org\/wp-content\/uploads\/2021\/08\/Gifs-KOGAN-Ball-room-551x358.jpg\" alt=\"\" class=\"img-fluid second-thumb\">\n<\/a>\t\t\n<header class=\"entry-header article-header\">\n              <a class=\"meta-info event\" href=\"https:\/\/artlaboratory-berlin.org\/de\/veranstaltungen\/\">\n                                Veranstaltung                                <\/a><span class=\"cat\"> \n    Workshop<\/span>\n\n                   <h3 class=\"h2 entry-title mt-2\">\n                       <a href=\"https:\/\/artlaboratory-berlin.org\/de\/veranstaltungen\/under-the-viral-shadow_workshop-kogan\/\">Under the Viral Shadow<\/a>\n                    <\/h3> \n                    <ol class=\"post-subheadings\"><li class=\"heading-level-2\">AI for Artists<\/li><li class=\"heading-level-3\">Workshop | Gene Kogan<\/li><\/ol>\t                <span class=\"info-line-preview\">28. August 2021<\/span>\n                  <\/header>  \n                    <p>Gene Kogan ist ein K\u00fcnstler und Programmierer, der sich f\u00fcr generative Systeme, Informatik und Software f\u00fcr Kreativit\u00e4t und Selbstdarstellung interessiert. Der Workshop f\u00fchrt die Teilnehmenden in das maschinelle Lernen f\u00fcr den k\u00fcnstlerischen Ausdruck ein.<\/p>\n                    <a href=\"https:\/\/artlaboratory-berlin.org\/de\/veranstaltungen\/under-the-viral-shadow_workshop-kogan\/\" class=\"read-more\" rel=\"bookmark\" title=\"UNDER THE VIRAL SHADOW\">\n                    Mehr lesen<\/a>\n<\/div><\/div>\n\n\n\n<div class=\"wp-block-column is-layout-flow wp-block-column-is-layout-flow\">            <div class=\"post-block\">\n                <a href=\"https:\/\/artlaboratory-berlin.org\/de\/veranstaltungen\/under-the-viral-shadow-workshop-grant-vasiliev\/\" rel=\"bookmark\" class=\"img-box h-100\" title=\"UNDER THE VIRAL SHADOW\">\n                <img loading=\"lazy\" decoding=\"async\" width=\"551\" height=\"358\" src=\"https:\/\/artlaboratory-berlin.org\/wp-content\/uploads\/2021\/09\/networkshop2_796-551x358.jpg\" class=\"img-fluid wp-post-image\" alt=\"\" \/>  <img decoding=\"async\" src=\"https:\/\/artlaboratory-berlin.org\/wp-content\/uploads\/2021\/09\/networkshop_796-551x358.jpg\" alt=\"\" class=\"img-fluid second-thumb\">\n<\/a>\t\t\n<header class=\"entry-header article-header\">\n              <a class=\"meta-info event\" href=\"https:\/\/artlaboratory-berlin.org\/de\/veranstaltungen\/\">\n                                Veranstaltung                                <\/a><span class=\"cat\"> \n    Workshop<\/span>\n\n                   <h3 class=\"h2 entry-title mt-2\">\n                       <a href=\"https:\/\/artlaboratory-berlin.org\/de\/veranstaltungen\/under-the-viral-shadow-workshop-grant-vasiliev\/\">Under the Viral Shadow<\/a>\n                    <\/h3> \n                    <ol class=\"post-subheadings\"><li class=\"heading-level-2\">NETworkshop<\/li><li class=\"heading-level-3\">Workshop | Sarah Grant &amp; Danja Vasiliev<\/li><\/ol>\t                <span class=\"info-line-preview\">1. &#8211; 3. Oktober 2021<\/span>\n                  <\/header>  \n                    <p>In diesem Intensivkurs lernen wir Low-Level-Networking mit Hilfe von Befehlszeilentools und Netzwerkhardware. Wir lernen nicht nur, wie man Computernetzwerke erstellt und manipuliert, sondern auch, wie sie dazu verwendet werden k\u00f6nnen, uns zu manipulieren.<\/p>\n                    <a href=\"https:\/\/artlaboratory-berlin.org\/de\/veranstaltungen\/under-the-viral-shadow-workshop-grant-vasiliev\/\" class=\"read-more\" rel=\"bookmark\" title=\"UNDER THE VIRAL SHADOW\">\n                    Mehr lesen<\/a>\n<\/div><\/div>\n<\/div>\n<\/div>\n<\/div>\n","protected":false},"excerpt":{"rendered":"<p>Die Online-Konferenz untersucht verschiedene Netzwerke &#8211; biologische, kybernetische und soziale (die komplette Videoaufzeichnung ist einsehbar!). Es gibt Pr\u00e4sentationen von K\u00fcnstler:innen, derzeit bei ALB ausgestellt, sowie von Gastwissenschaftler:innen aus den Bereichen Kunst- und Medientheorie, Biophysik, Informatik, Design und Kulturwissenschaften.<\/p>\n","protected":false},"featured_media":5363,"template":"","meta":{"_acf_changed":false,"_links_to":"","_links_to_target":""},"categories":[89],"tags":[],"class_list":["post-5364","event","type-event","status-publish","has-post-thumbnail","hentry","category-konferenz"],"acf":[],"yoast_head":"<!-- This site is optimized with the Yoast SEO plugin v26.2 - https:\/\/yoast.com\/wordpress\/plugins\/seo\/ -->\n<title>UNDER THE VIRAL SHADOW - Art Laboratory Berlin<\/title>\n<meta name=\"robots\" content=\"index, follow, max-snippet:-1, max-image-preview:large, max-video-preview:-1\" \/>\n<link rel=\"canonical\" href=\"https:\/\/artlaboratory-berlin.org\/de\/veranstaltungen\/under-the-viral-shadow-konferenz\/\" \/>\n<meta property=\"og:locale\" content=\"de_DE\" \/>\n<meta property=\"og:type\" content=\"article\" \/>\n<meta property=\"og:title\" content=\"UNDER THE VIRAL SHADOW - Art Laboratory Berlin\" \/>\n<meta property=\"og:description\" content=\"Die Online-Konferenz untersucht verschiedene Netzwerke - biologische, kybernetische und soziale (die komplette Videoaufzeichnung ist einsehbar!). Es gibt Pr\u00e4sentationen von K\u00fcnstler:innen, derzeit bei ALB ausgestellt, sowie von Gastwissenschaftler:innen aus den Bereichen Kunst- und Medientheorie, Biophysik, Informatik, Design und Kulturwissenschaften.\" \/>\n<meta property=\"og:url\" content=\"https:\/\/artlaboratory-berlin.org\/de\/veranstaltungen\/under-the-viral-shadow-konferenz\/\" \/>\n<meta property=\"og:site_name\" content=\"Art Laboratory Berlin\" \/>\n<meta property=\"article:publisher\" content=\"https:\/\/www.facebook.com\/ArtLaboratoryBerlin\/\" \/>\n<meta property=\"article:modified_time\" content=\"2022-08-31T19:38:09+00:00\" \/>\n<meta property=\"og:image\" content=\"https:\/\/artlaboratory-berlin.org\/wp-content\/uploads\/2021\/09\/62B1256_ArtLab-viral-shadow-On__FOR-WEBSITE.jpg\" \/>\n\t<meta property=\"og:image:width\" content=\"2000\" \/>\n\t<meta property=\"og:image:height\" content=\"1333\" \/>\n\t<meta property=\"og:image:type\" content=\"image\/jpeg\" \/>\n<meta name=\"twitter:card\" content=\"summary_large_image\" \/>\n<meta name=\"twitter:site\" content=\"@artlaboratoryb\" \/>\n<meta name=\"twitter:label1\" content=\"Gesch\u00e4tzte Lesezeit\" \/>\n\t<meta name=\"twitter:data1\" content=\"4\u00a0Minuten\" \/>\n<!-- \/ Yoast SEO plugin. -->","yoast_head_json":{"title":"UNDER THE VIRAL SHADOW - Art Laboratory Berlin","robots":{"index":"index","follow":"follow","max-snippet":"max-snippet:-1","max-image-preview":"max-image-preview:large","max-video-preview":"max-video-preview:-1"},"canonical":"https:\/\/artlaboratory-berlin.org\/de\/veranstaltungen\/under-the-viral-shadow-konferenz\/","og_locale":"de_DE","og_type":"article","og_title":"UNDER THE VIRAL SHADOW - Art Laboratory Berlin","og_description":"Die Online-Konferenz untersucht verschiedene Netzwerke - biologische, kybernetische und soziale (die komplette Videoaufzeichnung ist einsehbar!). Es gibt Pr\u00e4sentationen von K\u00fcnstler:innen, derzeit bei ALB ausgestellt, sowie von Gastwissenschaftler:innen aus den Bereichen Kunst- und Medientheorie, Biophysik, Informatik, Design und Kulturwissenschaften.","og_url":"https:\/\/artlaboratory-berlin.org\/de\/veranstaltungen\/under-the-viral-shadow-konferenz\/","og_site_name":"Art Laboratory Berlin","article_publisher":"https:\/\/www.facebook.com\/ArtLaboratoryBerlin\/","article_modified_time":"2022-08-31T19:38:09+00:00","og_image":[{"width":2000,"height":1333,"url":"https:\/\/artlaboratory-berlin.org\/wp-content\/uploads\/2021\/09\/62B1256_ArtLab-viral-shadow-On__FOR-WEBSITE.jpg","type":"image\/jpeg"}],"twitter_card":"summary_large_image","twitter_site":"@artlaboratoryb","twitter_misc":{"Gesch\u00e4tzte Lesezeit":"4\u00a0Minuten"},"schema":{"@context":"https:\/\/schema.org","@graph":[{"@type":"WebPage","@id":"https:\/\/artlaboratory-berlin.org\/de\/veranstaltungen\/under-the-viral-shadow-konferenz\/","url":"https:\/\/artlaboratory-berlin.org\/de\/veranstaltungen\/under-the-viral-shadow-konferenz\/","name":"UNDER THE VIRAL SHADOW - Art Laboratory Berlin","isPartOf":{"@id":"https:\/\/artlaboratory-berlin.org\/#website"},"primaryImageOfPage":{"@id":"https:\/\/artlaboratory-berlin.org\/de\/veranstaltungen\/under-the-viral-shadow-konferenz\/#primaryimage"},"image":{"@id":"https:\/\/artlaboratory-berlin.org\/de\/veranstaltungen\/under-the-viral-shadow-konferenz\/#primaryimage"},"thumbnailUrl":"https:\/\/artlaboratory-berlin.org\/wp-content\/uploads\/2021\/09\/62B1256_ArtLab-viral-shadow-On__FOR-WEBSITE.jpg","datePublished":"2021-09-28T13:00:44+00:00","dateModified":"2022-08-31T19:38:09+00:00","breadcrumb":{"@id":"https:\/\/artlaboratory-berlin.org\/de\/veranstaltungen\/under-the-viral-shadow-konferenz\/#breadcrumb"},"inLanguage":"de","potentialAction":[{"@type":"ReadAction","target":["https:\/\/artlaboratory-berlin.org\/de\/veranstaltungen\/under-the-viral-shadow-konferenz\/"]}]},{"@type":"ImageObject","inLanguage":"de","@id":"https:\/\/artlaboratory-berlin.org\/de\/veranstaltungen\/under-the-viral-shadow-konferenz\/#primaryimage","url":"https:\/\/artlaboratory-berlin.org\/wp-content\/uploads\/2021\/09\/62B1256_ArtLab-viral-shadow-On__FOR-WEBSITE.jpg","contentUrl":"https:\/\/artlaboratory-berlin.org\/wp-content\/uploads\/2021\/09\/62B1256_ArtLab-viral-shadow-On__FOR-WEBSITE.jpg","width":2000,"height":1333,"caption":"Vivian Xu: Sonic Skin, 2018, Ausstellungsansicht, Art Laboratory Berlin, 2021, Foto: Tim Deussen"},{"@type":"BreadcrumbList","@id":"https:\/\/artlaboratory-berlin.org\/de\/veranstaltungen\/under-the-viral-shadow-konferenz\/#breadcrumb","itemListElement":[{"@type":"ListItem","position":1,"name":"Home","item":"https:\/\/artlaboratory-berlin.org\/de\/"},{"@type":"ListItem","position":2,"name":"Events","item":"https:\/\/artlaboratory-berlin.org\/events\/"},{"@type":"ListItem","position":3,"name":"UNDER THE VIRAL SHADOW"}]},{"@type":"WebSite","@id":"https:\/\/artlaboratory-berlin.org\/#website","url":"https:\/\/artlaboratory-berlin.org\/","name":"Art Laboratory Berlin","description":"","publisher":{"@id":"https:\/\/artlaboratory-berlin.org\/#organization"},"potentialAction":[{"@type":"SearchAction","target":{"@type":"EntryPoint","urlTemplate":"https:\/\/artlaboratory-berlin.org\/?s={search_term_string}"},"query-input":{"@type":"PropertyValueSpecification","valueRequired":true,"valueName":"search_term_string"}}],"inLanguage":"de"},{"@type":"Organization","@id":"https:\/\/artlaboratory-berlin.org\/#organization","name":"Art Laboratory Berlin","url":"https:\/\/artlaboratory-berlin.org\/","logo":{"@type":"ImageObject","inLanguage":"de","@id":"https:\/\/artlaboratory-berlin.org\/#\/schema\/logo\/image\/","url":"https:\/\/artlaboratory-berlin.org\/wp-content\/uploads\/2021\/05\/logo-alb.png","contentUrl":"https:\/\/artlaboratory-berlin.org\/wp-content\/uploads\/2021\/05\/logo-alb.png","width":800,"height":515,"caption":"Art Laboratory Berlin"},"image":{"@id":"https:\/\/artlaboratory-berlin.org\/#\/schema\/logo\/image\/"},"sameAs":["https:\/\/www.facebook.com\/ArtLaboratoryBerlin\/","https:\/\/x.com\/artlaboratoryb","https:\/\/www.instagram.com\/artlaboratoryberlin","https:\/\/www.youtube.com\/c\/ArtLaboratoryBerlin\/videos"]}]}},"_links":{"self":[{"href":"https:\/\/artlaboratory-berlin.org\/de\/wp-json\/wp\/v2\/event\/5364","targetHints":{"allow":["GET"]}}],"collection":[{"href":"https:\/\/artlaboratory-berlin.org\/de\/wp-json\/wp\/v2\/event"}],"about":[{"href":"https:\/\/artlaboratory-berlin.org\/de\/wp-json\/wp\/v2\/types\/event"}],"version-history":[{"count":2,"href":"https:\/\/artlaboratory-berlin.org\/de\/wp-json\/wp\/v2\/event\/5364\/revisions"}],"predecessor-version":[{"id":6620,"href":"https:\/\/artlaboratory-berlin.org\/de\/wp-json\/wp\/v2\/event\/5364\/revisions\/6620"}],"wp:featuredmedia":[{"embeddable":true,"href":"https:\/\/artlaboratory-berlin.org\/de\/wp-json\/wp\/v2\/media\/5363"}],"wp:attachment":[{"href":"https:\/\/artlaboratory-berlin.org\/de\/wp-json\/wp\/v2\/media?parent=5364"}],"wp:term":[{"taxonomy":"category","embeddable":true,"href":"https:\/\/artlaboratory-berlin.org\/de\/wp-json\/wp\/v2\/categories?post=5364"},{"taxonomy":"post_tag","embeddable":true,"href":"https:\/\/artlaboratory-berlin.org\/de\/wp-json\/wp\/v2\/tags?post=5364"}],"curies":[{"name":"wp","href":"https:\/\/api.w.org\/{rel}","templated":true}]}}