{"id":4861,"date":"2021-08-23T10:06:06","date_gmt":"2021-08-23T10:06:06","guid":{"rendered":"https:\/\/artlaboratory-berlin.org\/?post_type=event&#038;p=4861"},"modified":"2022-08-31T19:38:57","modified_gmt":"2022-08-31T19:38:57","slug":"under-the-viral-shadow-workshop-grant","status":"publish","type":"event","link":"https:\/\/artlaboratory-berlin.org\/de\/veranstaltungen\/under-the-viral-shadow-workshop-grant\/","title":{"rendered":"Under the Viral Shadow"},"content":{"rendered":"\n<h2 class=\"subheading wp-block-heading\">Plant-to-Plant Protocols<\/h2>\n\n\n\n<h3 class=\"names wp-block-heading\">Workshop | Sarah Grant<\/h3>\n\n\n\t\t<div class=\"media-box\">\n\t\t\t\t\t\t    <div id=\"head-slider\" class=\"head-slider\">\n\t\t\t            \t\t\t\t\t\t<div class=\"slide\">\n\t\t\t\t\t\t<div class=\"img-box\" style=\"background-image: url(https:\/\/artlaboratory-berlin.org\/wp-content\/uploads\/2021\/08\/IMG_7442-for-website.jpg\" alt=\");\" >\n\t\t\t\t\t\t<\/div>\n\t\t\t\t\t\t<p class=\"wp-caption caption\"><\/p>\n\t\t\t             <\/div>\t\t\t\t\t\t\t\n\t\t\t            \t\t\t\t\t\t<div class=\"slide\">\n\t\t\t\t\t\t<div class=\"img-box\" style=\"background-image: url(https:\/\/artlaboratory-berlin.org\/wp-content\/uploads\/2021\/08\/IMG_7337-for-website.jpg\" alt=\");\" >\n\t\t\t\t\t\t<\/div>\n\t\t\t\t\t\t<p class=\"wp-caption caption\"><\/p>\n\t\t\t             <\/div>\t\t\t\t\t\t\t\n\t\t\t            \t\t\t    <\/div>\n\t\t<\/div>\n\t\t\t\t\n\n\n<div class=\"wp-block-columns main-post-content is-layout-flex wp-container-core-columns-is-layout-9d6595d7 wp-block-columns-is-layout-flex\">\n<div class=\"wp-block-column content-column is-layout-flow wp-block-column-is-layout-flow\">\n<p>Der Workshop <em>Plant-to-Plant Protocols<\/em> mit Sarah Grant entwirft ein instabiles Netzwerk aus Funkger\u00e4ten und IR-Sensorpaaren, die an Pflanzen befestigt sind. Es ist eine Meditation \u00fcber die \u00c4sthetik der Daten\u00fcbertragung und der Netzwerkunterbrechungen, die durch die nat\u00fcrliche Bewegung der Pflanzen als Reaktion auf Licht, Wind und andere nat\u00fcrliche Bedingungen verursacht werden. ASCII-Kunstdaten werden in einer Schleife zwischen 12 vernetzten Ger\u00e4ten \u00fcbertragen und einmal pro Iteration kontinuierlich in einem Browserfenster ausgedruckt. Ein 13. Ger\u00e4t, ein Raspberry Pi, \u00fcbertr\u00e4gt unsere ASCII-Daten auf eine \u00f6ffentlich zug\u00e4ngliche Webseite, die f\u00fcr jeden zug\u00e4nglich ist, der einen Link hat.<\/p>\n\n\n\n<p>Die Daten\u00fcbertragung erfolgt \u00fcber ein einfaches, von der K\u00fcnstlerin selbst geschriebenes Daten\u00fcbertragungsprotokoll, bei dem es zu ungeordneten oder verlorenen Bytes kommen kann. Da die Daten durch diese und andere Netzwerkst\u00f6rungen, die durch unterbrochene Sensorverbindungen zwischen sich bewegenden Anlagen verursacht werden, gest\u00f6rt werden k\u00f6nnen, beobachten wir die \u00c4sthetik der Datenkorruption und schauen, was passiert, wenn wir die Kontrollen zur Aufrechterhaltung der Integrit\u00e4t der \u00fcber eine Netzwerkverbindung empfangenen Daten aufheben.<\/p>\n\n\n<div class=\"slider-box\">\n\t\t\t\t\t\t    <div class=\"content-slider\">\n\t\t\t            \t\t\t                <div class=\"slide\">\n\t\t\t                \t<div class=\"img-box\">\n\t\t\t                    <img decoding=\"async\" src=\"https:\/\/artlaboratory-berlin.org\/wp-content\/uploads\/2021\/08\/IMG_7443-for-website.jpg\" alt=\"\" \/>\n\t\t\t                    <\/div>\n\t\t\t\t\t\t\t\t<div class=\"below-image-slide\">\n\t\t\t\t\t\t\t\t<p class=\"wp-caption caption\"><\/p>\n\t\t\t\t\t\t\t\t<\/div>\n\t\t\t                <\/div>\t\t\t\t\t\t\n\t\t\t            \t\t\t                <div class=\"slide\">\n\t\t\t                \t<div class=\"img-box\">\n\t\t\t                    <img decoding=\"async\" src=\"https:\/\/artlaboratory-berlin.org\/wp-content\/uploads\/2021\/08\/IMG_7337-for-website.jpg\" alt=\"\" \/>\n\t\t\t                    <\/div>\n\t\t\t\t\t\t\t\t<div class=\"below-image-slide\">\n\t\t\t\t\t\t\t\t<p class=\"wp-caption caption\"><\/p>\n\t\t\t\t\t\t\t\t<\/div>\n\t\t\t                <\/div>\t\t\t\t\t\t\n\t\t\t            \t\t\t    <\/div>\n\t\t\t\t\t\t<\/div>\n\t\n\t\t\n\n\n<p><br><\/p>\n\n\n\n<p><em><strong>Sarah Grant<\/strong> ist eine amerikanische Medienk\u00fcnstlerin und P\u00e4dagogin, die in Berlin lebt und im Atelier Weise7 arbeitet. Sie hat einen Bachelor of Arts in Fine Art von der UC Davis und einen Master in Media Arts vom Interactive Telecommunications Program der New York University. In ihrer Praxis besch\u00e4ftigt sie sich mit dem elektromagnetischen Spektrum und Telekommunikationsnetzwerken als k\u00fcnstlerisches Material, sozialer Lebensraum und politische Landschaft. Seit 2015 organisiert sie die Konferenz <\/em>Radical Networks<em> in New York und Berlin, ein Community-Event und Kunstfestival f\u00fcr kritische Untersuchungen und kreative Experimente in der Telekommunikation. Derzeit ist sie Gastprofessorin f\u00fcr Neue Medien an der Kunsthochschule Kassel und Digital Fellow am Weizenbaum-Institut in Berlin.<\/em><\/p>\n<\/div>\n\n\n\n<div class=\"wp-block-column info-sidebar is-layout-flow wp-block-column-is-layout-flow\">\n<!-- Simple Share Buttons Adder (8.5.3) simplesharebuttons.com --><div class=\"ssba-modern-2 ssba ssbp-wrap alignleft ssbp--theme-2\"><div style=\"text-align:left\"><span class=\"ssba-share-text\">Share<\/span><br\/><ul class=\"ssbp-list\"><li class='ssbp-li--facebook'><a data-site=\"facebook\" class=\"ssba_facebook_share ssba_share_link ssbp-facebook ssbp-btn\" href=\"https:\/\/www.facebook.com\/sharer.php?t=Under the Viral Shadow&u=https:\/\/artlaboratory-berlin.org\/de\/wp-json\/wp\/v2\/event\/4861\"  target=_blank  style=\"color:#4267B2; background-color: #4267B2; height: 24px; width: 24px; background: #000000;\" ><span><svg xmlns=\"http:\/\/www.w3.org\/2000\/svg\" fill=\"#fff\" preserveAspectRatio=\"xMidYMid meet\" height=\"1em\" width=\"1em\" viewBox=\"0 0 40 40\">\n  <g>\n    <path d=\"m21.7 16.7h5v5h-5v11.6h-5v-11.6h-5v-5h5v-2.1c0-2 0.6-4.5 1.8-5.9 1.3-1.3 2.8-2 4.7-2h3.5v5h-3.5c-0.9 0-1.5 0.6-1.5 1.5v3.5z\"><\/path>\n  <\/g>\n<\/svg>\n\n<\/span><span class=\"color-icon\"><svg xmlns=\"http:\/\/www.w3.org\/2000\/svg\" width=\"16\" height=\"28\" viewBox=\"0 0 16 28\">\n  <path fill=\"#3B5998\" d=\"M10.7,10.7 L15.7,10.7 L15.7,15.7 L10.7,15.7 L10.7,27.3 L5.7,27.3 L5.7,15.7 L0.7,15.7 L0.7,10.7 L5.7,10.7 L5.7,8.6 C5.7,6.6 6.3,4.1 7.5,2.7 C8.8,1.4 10.3,0.7 12.2,0.7 L15.7,0.7 L15.7,5.7 L12.2,5.7 C11.3,5.7 10.7,6.3 10.7,7.2 L10.7,10.7 Z\"\/>\n<\/svg>\n<\/span><div title=\"Facebook\" class=\"ssbp-text\">Facebook<\/div><\/a><\/li><li class='ssbp-li--email'><a data-site=\"email\" class=\"ssba_email_share ssba_share_link ssbp-email ssbp-btn\" href=\"mailto:?subject=Under the Viral Shadow&body=https:\/\/artlaboratory-berlin.org\/de\/wp-json\/wp\/v2\/event\/4861\"  target=_blank  style=\"color:#7d7d7d; background-color: #7d7d7d; height: 24px; width: 24px; background: #000000;\" ><span><svg xmlns=\"http:\/\/www.w3.org\/2000\/svg\" fill=\"#fff\" preserveAspectRatio=\"xMidYMid meet\" height=\"1em\" width=\"1em\" viewBox=\"0 0 40 40\">\n  <g>\n    <path d=\"m33.4 13.4v-3.4l-13.4 8.4-13.4-8.4v3.4l13.4 8.2z m0-6.8q1.3 0 2.3 1.1t0.9 2.3v20q0 1.3-0.9 2.3t-2.3 1.1h-26.8q-1.3 0-2.3-1.1t-0.9-2.3v-20q0-1.3 0.9-2.3t2.3-1.1h26.8z\"><\/path>\n  <\/g>\n<\/svg>\n\n<\/span><span class=\"color-icon\"><svg xmlns=\"http:\/\/www.w3.org\/2000\/svg\" width=\"34\" height=\"28\" viewBox=\"0 0 34 28\">\n  <path fill=\"#7D7D7D\" d=\"M30.4,7.4 L30.4,4 L17,12.4 L3.6,4 L3.6,7.4 L17,15.6 L30.4,7.4 Z M30.4,0.6 C31.2666667,0.6 32.0333333,0.966666667 32.7,1.7 C33.3666667,2.43333333 33.6666667,3.2 33.6,4 L33.6,24 C33.6,24.8666667 33.3,25.6333333 32.7,26.3 C32.1,26.9666667 31.3333333,27.3333333 30.4,27.4 L3.6,27.4 C2.73333333,27.4 1.96666667,27.0333333 1.3,26.3 C0.633333333,25.5666667 0.333333333,24.8 0.4,24 L0.4,4 C0.4,3.13333333 0.7,2.36666667 1.3,1.7 C1.9,1.03333333 2.66666667,0.666666667 3.6,0.6 L30.4,0.6 Z\"\/>\n<\/svg>\n<\/span><div title=\"Email\" class=\"ssbp-text\">Email<\/div><\/a><\/li><\/ul><\/div><\/div>\n\n\n\n<h4 class=\"wp-block-heading\">ORT<\/h4>\n\n\n\n<p>Art Laboratory Berlin<br>Prinzenallee 34, 13359 Berlin<\/p>\n\n\n\n<h4 class=\"wp-block-heading\">DatUM UND ZEIT<\/h4>\n\n\n\n<p>24. &#8211; 26. September 2021<br>10 &#8211; 18 Uhr t\u00e4glich<\/p>\n\n\n\n<h4 class=\"wp-block-heading\">GEB\u00dcHR UND REGISTRIERUNG<\/h4>\n\n\n\n<p>50 EUR \/ 35 EUR<br>Nur nach Anmeldung: register@artlaboratory-berlin.org<br><br>Aktuelle Hygienevorschriften sind die Grundlage zur Teilnahme.*<\/p>\n\n\n\n<h4 class=\"wp-block-heading\"><br>KURATIERT VON<\/h4>\n\n\n\n<p>Regine Rapp &amp; Christian de Lutz<\/p>\n\n\n\n<h4 class=\"wp-block-heading\">Team<\/h4>\n\n\n\n<p>Regine Rapp, Christian de Lutz, Tu\u00e7e Erel,<br>Jana Piotrowski, Madeleine Hammer,<br>Karolina Zyniewicz<\/p>\n\n\n\n<h4 class=\"wp-block-heading\">MedienpartnerIN<\/h4>\n\n\n\n<figure class=\"wp-block-image size-full is-resized\"><img loading=\"lazy\" decoding=\"async\" src=\"https:\/\/artlaboratory-berlin.org\/wp-content\/uploads\/2021\/03\/art-in-berlin-2.jpg\" alt=\"\" class=\"wp-image-472\" width=\"111\" height=\"35\"\/><\/figure>\n\n\n\n<figure class=\"wp-block-image size-full is-resized\"><img loading=\"lazy\" decoding=\"async\" src=\"https:\/\/artlaboratory-berlin.org\/wp-content\/uploads\/2021\/09\/CLOT-MEDIA-BLACK-web.jpg\" alt=\"\" class=\"wp-image-4868\" width=\"105\" height=\"74\" srcset=\"https:\/\/artlaboratory-berlin.org\/wp-content\/uploads\/2021\/09\/CLOT-MEDIA-BLACK-web.jpg 692w, https:\/\/artlaboratory-berlin.org\/wp-content\/uploads\/2021\/09\/CLOT-MEDIA-BLACK-web-300x215.jpg 300w, https:\/\/artlaboratory-berlin.org\/wp-content\/uploads\/2021\/09\/CLOT-MEDIA-BLACK-web-580x416.jpg 580w\" sizes=\"auto, (max-width: 105px) 100vw, 105px\" \/><\/figure>\n\n\n\n<h4 class=\"wp-block-heading\">UNTERST\u00dcTZT VON<br><\/h4>\n\n\n\n<figure class=\"wp-block-image size-full is-resized\"><img loading=\"lazy\" decoding=\"async\" src=\"https:\/\/artlaboratory-berlin.org\/wp-content\/uploads\/2021\/04\/HKF.png\" alt=\"\" class=\"wp-image-1550\" width=\"113\" height=\"204\"\/><\/figure>\n\n\n\n<figure class=\"wp-block-image size-full is-resized\"><img loading=\"lazy\" decoding=\"async\" src=\"https:\/\/artlaboratory-berlin.org\/wp-content\/uploads\/2021\/03\/B_SEN_KuEu_Logo_DE_Square-1.jpg\" alt=\"\" class=\"wp-image-474\" width=\"136\" height=\"78\" srcset=\"https:\/\/artlaboratory-berlin.org\/wp-content\/uploads\/2021\/03\/B_SEN_KuEu_Logo_DE_Square-1.jpg 400w, https:\/\/artlaboratory-berlin.org\/wp-content\/uploads\/2021\/03\/B_SEN_KuEu_Logo_DE_Square-1-300x175.jpg 300w\" sizes=\"auto, (max-width: 136px) 100vw, 136px\" \/><\/figure>\n\n\n<\/div>\n<\/div>\n\n\n\n<div class=\"wp-block-columns related bg-black is-layout-flex wp-container-core-columns-is-layout-9d6595d7 wp-block-columns-is-layout-flex\">\n<div class=\"wp-block-column container is-layout-flow wp-block-column-is-layout-flow\">\n<h2 class=\"wp-block-heading\">Related<\/h2>\n\n\n\n<div class=\"wp-block-columns is-layout-flex wp-container-core-columns-is-layout-9d6595d7 wp-block-columns-is-layout-flex\">\n<div class=\"wp-block-column is-layout-flow wp-block-column-is-layout-flow\">            <div class=\"post-block\">\n                <a href=\"https:\/\/artlaboratory-berlin.org\/de\/ausstellungen\/under-the-viral-shadow\/\" rel=\"bookmark\" class=\"img-box h-100\" title=\"Under the Viral Shadow\">\n                <img loading=\"lazy\" decoding=\"async\" width=\"551\" height=\"358\" src=\"https:\/\/artlaboratory-berlin.org\/wp-content\/uploads\/2021\/09\/Archeabot_untilted_Pic-Tuce-551x358.jpg\" class=\"img-fluid wp-post-image\" alt=\"\" \/>  <img decoding=\"async\" src=\"https:\/\/artlaboratory-berlin.org\/wp-content\/uploads\/2021\/05\/Xu-Electronic-skin-551x358.jpg\" alt=\"\" class=\"img-fluid second-thumb\">\n<\/a>\t\t\n<header class=\"entry-header article-header\">\n              <a class=\"meta-info exhibition\" href=\"https:\/\/artlaboratory-berlin.org\/de\/ausstellungen\/\">\n                                Ausstellung                                <\/a><span class=\"cat\"> \n    <\/span>\n\n                   <h3 class=\"h2 entry-title mt-2\">\n                       <a href=\"https:\/\/artlaboratory-berlin.org\/de\/ausstellungen\/under-the-viral-shadow\/\">Under the Viral Shadow<\/a>\n                    <\/h3> \n                    <ol class=\"post-subheadings\"><li class=\"heading-level-2\">Networks in the Age of Technoscience and Infection<\/li><li class=\"heading-level-3\">Anna Dumitriu | Alex May | Benjamin Bacon | Gene Kogan | Sarah Grant | Vivian Xu<\/li><\/ol>\t                <span class=\"info-line-preview\">28. August &#8211; 10. Oktober 2021<\/span>\n                  <\/header>  \n                    <p>In der Gruppenausstellung sind international renommierte K\u00fcnstler:innen wie Anna Dumitriu, Alex May, Benjamin Bacon, Gene Kogan, Sarah Grant und Vivian Xu vertreten. Die Arbeiten verstehen sich als k\u00fcnstlerische Recherche an der Schnittstelle des Biologischen und Technologischen&#8230; <\/p>\n                    <a href=\"https:\/\/artlaboratory-berlin.org\/de\/ausstellungen\/under-the-viral-shadow\/\" class=\"read-more\" rel=\"bookmark\" title=\"Under the Viral Shadow\">\n                    Mehr lesen<\/a>\n<\/div><\/div>\n\n\n\n<div class=\"wp-block-column is-layout-flow wp-block-column-is-layout-flow\"><\/div>\n<\/div>\n<\/div>\n<\/div>\n","protected":false},"excerpt":{"rendered":"<p>Der Workshop entwirft ein instabiles Netzwerk aus Funkger\u00e4ten und IR-Sensorpaaren, die an Pflanzen befestigt sind. Es ist eine Meditation \u00fcber die \u00c4sthetik der Daten\u00fcbertragung und der Netzwerkunterbrechungen, die durch die nat\u00fcrliche Bewegung der Pflanzen als Reaktion auf Licht, Wind und andere nat\u00fcrliche Bedingungen verursacht werden.<\/p>\n","protected":false},"featured_media":4853,"template":"","meta":{"_acf_changed":false,"_links_to":"","_links_to_target":""},"categories":[81],"tags":[],"class_list":["post-4861","event","type-event","status-publish","has-post-thumbnail","hentry","category-workshop-de"],"acf":[],"yoast_head":"<!-- This site is optimized with the Yoast SEO plugin v26.2 - https:\/\/yoast.com\/wordpress\/plugins\/seo\/ -->\n<title>Under the Viral Shadow - Art Laboratory Berlin<\/title>\n<meta name=\"robots\" content=\"index, follow, max-snippet:-1, max-image-preview:large, max-video-preview:-1\" \/>\n<link rel=\"canonical\" href=\"https:\/\/artlaboratory-berlin.org\/de\/veranstaltungen\/under-the-viral-shadow-workshop-grant\/\" \/>\n<meta property=\"og:locale\" content=\"de_DE\" \/>\n<meta property=\"og:type\" content=\"article\" \/>\n<meta property=\"og:title\" content=\"Under the Viral Shadow - Art Laboratory Berlin\" \/>\n<meta property=\"og:description\" content=\"Der Workshop entwirft ein instabiles Netzwerk aus Funkger\u00e4ten und IR-Sensorpaaren, die an Pflanzen befestigt sind. Es ist eine Meditation \u00fcber die \u00c4sthetik der Daten\u00fcbertragung und der Netzwerkunterbrechungen, die durch die nat\u00fcrliche Bewegung der Pflanzen als Reaktion auf Licht, Wind und andere nat\u00fcrliche Bedingungen verursacht werden.\" \/>\n<meta property=\"og:url\" content=\"https:\/\/artlaboratory-berlin.org\/de\/veranstaltungen\/under-the-viral-shadow-workshop-grant\/\" \/>\n<meta property=\"og:site_name\" content=\"Art Laboratory Berlin\" \/>\n<meta property=\"article:publisher\" content=\"https:\/\/www.facebook.com\/ArtLaboratoryBerlin\/\" \/>\n<meta property=\"article:modified_time\" content=\"2022-08-31T19:38:57+00:00\" \/>\n<meta property=\"og:image\" content=\"https:\/\/artlaboratory-berlin.org\/wp-content\/uploads\/2021\/08\/IMG_7442-for-website.jpg\" \/>\n\t<meta property=\"og:image:width\" content=\"2000\" \/>\n\t<meta property=\"og:image:height\" content=\"1333\" \/>\n\t<meta property=\"og:image:type\" content=\"image\/jpeg\" \/>\n<meta name=\"twitter:card\" content=\"summary_large_image\" \/>\n<meta name=\"twitter:site\" content=\"@artlaboratoryb\" \/>\n<meta name=\"twitter:label1\" content=\"Gesch\u00e4tzte Lesezeit\" \/>\n\t<meta name=\"twitter:data1\" content=\"3\u00a0Minuten\" \/>\n<!-- \/ Yoast SEO plugin. -->","yoast_head_json":{"title":"Under the Viral Shadow - Art Laboratory Berlin","robots":{"index":"index","follow":"follow","max-snippet":"max-snippet:-1","max-image-preview":"max-image-preview:large","max-video-preview":"max-video-preview:-1"},"canonical":"https:\/\/artlaboratory-berlin.org\/de\/veranstaltungen\/under-the-viral-shadow-workshop-grant\/","og_locale":"de_DE","og_type":"article","og_title":"Under the Viral Shadow - Art Laboratory Berlin","og_description":"Der Workshop entwirft ein instabiles Netzwerk aus Funkger\u00e4ten und IR-Sensorpaaren, die an Pflanzen befestigt sind. Es ist eine Meditation \u00fcber die \u00c4sthetik der Daten\u00fcbertragung und der Netzwerkunterbrechungen, die durch die nat\u00fcrliche Bewegung der Pflanzen als Reaktion auf Licht, Wind und andere nat\u00fcrliche Bedingungen verursacht werden.","og_url":"https:\/\/artlaboratory-berlin.org\/de\/veranstaltungen\/under-the-viral-shadow-workshop-grant\/","og_site_name":"Art Laboratory Berlin","article_publisher":"https:\/\/www.facebook.com\/ArtLaboratoryBerlin\/","article_modified_time":"2022-08-31T19:38:57+00:00","og_image":[{"width":2000,"height":1333,"url":"https:\/\/artlaboratory-berlin.org\/wp-content\/uploads\/2021\/08\/IMG_7442-for-website.jpg","type":"image\/jpeg"}],"twitter_card":"summary_large_image","twitter_site":"@artlaboratoryb","twitter_misc":{"Gesch\u00e4tzte Lesezeit":"3\u00a0Minuten"},"schema":{"@context":"https:\/\/schema.org","@graph":[{"@type":"WebPage","@id":"https:\/\/artlaboratory-berlin.org\/de\/veranstaltungen\/under-the-viral-shadow-workshop-grant\/","url":"https:\/\/artlaboratory-berlin.org\/de\/veranstaltungen\/under-the-viral-shadow-workshop-grant\/","name":"Under the Viral Shadow - Art Laboratory Berlin","isPartOf":{"@id":"https:\/\/artlaboratory-berlin.org\/#website"},"primaryImageOfPage":{"@id":"https:\/\/artlaboratory-berlin.org\/de\/veranstaltungen\/under-the-viral-shadow-workshop-grant\/#primaryimage"},"image":{"@id":"https:\/\/artlaboratory-berlin.org\/de\/veranstaltungen\/under-the-viral-shadow-workshop-grant\/#primaryimage"},"thumbnailUrl":"https:\/\/artlaboratory-berlin.org\/wp-content\/uploads\/2021\/08\/IMG_7442-for-website.jpg","datePublished":"2021-08-23T10:06:06+00:00","dateModified":"2022-08-31T19:38:57+00:00","breadcrumb":{"@id":"https:\/\/artlaboratory-berlin.org\/de\/veranstaltungen\/under-the-viral-shadow-workshop-grant\/#breadcrumb"},"inLanguage":"de","potentialAction":[{"@type":"ReadAction","target":["https:\/\/artlaboratory-berlin.org\/de\/veranstaltungen\/under-the-viral-shadow-workshop-grant\/"]}]},{"@type":"ImageObject","inLanguage":"de","@id":"https:\/\/artlaboratory-berlin.org\/de\/veranstaltungen\/under-the-viral-shadow-workshop-grant\/#primaryimage","url":"https:\/\/artlaboratory-berlin.org\/wp-content\/uploads\/2021\/08\/IMG_7442-for-website.jpg","contentUrl":"https:\/\/artlaboratory-berlin.org\/wp-content\/uploads\/2021\/08\/IMG_7442-for-website.jpg","width":2000,"height":1333},{"@type":"BreadcrumbList","@id":"https:\/\/artlaboratory-berlin.org\/de\/veranstaltungen\/under-the-viral-shadow-workshop-grant\/#breadcrumb","itemListElement":[{"@type":"ListItem","position":1,"name":"Home","item":"https:\/\/artlaboratory-berlin.org\/de\/home\/"},{"@type":"ListItem","position":2,"name":"Events","item":"https:\/\/artlaboratory-berlin.org\/events\/"},{"@type":"ListItem","position":3,"name":"Under the Viral Shadow"}]},{"@type":"WebSite","@id":"https:\/\/artlaboratory-berlin.org\/#website","url":"https:\/\/artlaboratory-berlin.org\/","name":"Art Laboratory Berlin","description":"","publisher":{"@id":"https:\/\/artlaboratory-berlin.org\/#organization"},"potentialAction":[{"@type":"SearchAction","target":{"@type":"EntryPoint","urlTemplate":"https:\/\/artlaboratory-berlin.org\/?s={search_term_string}"},"query-input":{"@type":"PropertyValueSpecification","valueRequired":true,"valueName":"search_term_string"}}],"inLanguage":"de"},{"@type":"Organization","@id":"https:\/\/artlaboratory-berlin.org\/#organization","name":"Art Laboratory Berlin","url":"https:\/\/artlaboratory-berlin.org\/","logo":{"@type":"ImageObject","inLanguage":"de","@id":"https:\/\/artlaboratory-berlin.org\/#\/schema\/logo\/image\/","url":"https:\/\/artlaboratory-berlin.org\/wp-content\/uploads\/2021\/05\/logo-alb.png","contentUrl":"https:\/\/artlaboratory-berlin.org\/wp-content\/uploads\/2021\/05\/logo-alb.png","width":800,"height":515,"caption":"Art Laboratory Berlin"},"image":{"@id":"https:\/\/artlaboratory-berlin.org\/#\/schema\/logo\/image\/"},"sameAs":["https:\/\/www.facebook.com\/ArtLaboratoryBerlin\/","https:\/\/x.com\/artlaboratoryb","https:\/\/www.instagram.com\/artlaboratoryberlin","https:\/\/www.youtube.com\/c\/ArtLaboratoryBerlin\/videos"]}]}},"_links":{"self":[{"href":"https:\/\/artlaboratory-berlin.org\/de\/wp-json\/wp\/v2\/event\/4861","targetHints":{"allow":["GET"]}}],"collection":[{"href":"https:\/\/artlaboratory-berlin.org\/de\/wp-json\/wp\/v2\/event"}],"about":[{"href":"https:\/\/artlaboratory-berlin.org\/de\/wp-json\/wp\/v2\/types\/event"}],"version-history":[{"count":1,"href":"https:\/\/artlaboratory-berlin.org\/de\/wp-json\/wp\/v2\/event\/4861\/revisions"}],"predecessor-version":[{"id":8573,"href":"https:\/\/artlaboratory-berlin.org\/de\/wp-json\/wp\/v2\/event\/4861\/revisions\/8573"}],"wp:featuredmedia":[{"embeddable":true,"href":"https:\/\/artlaboratory-berlin.org\/de\/wp-json\/wp\/v2\/media\/4853"}],"wp:attachment":[{"href":"https:\/\/artlaboratory-berlin.org\/de\/wp-json\/wp\/v2\/media?parent=4861"}],"wp:term":[{"taxonomy":"category","embeddable":true,"href":"https:\/\/artlaboratory-berlin.org\/de\/wp-json\/wp\/v2\/categories?post=4861"},{"taxonomy":"post_tag","embeddable":true,"href":"https:\/\/artlaboratory-berlin.org\/de\/wp-json\/wp\/v2\/tags?post=4861"}],"curies":[{"name":"wp","href":"https:\/\/api.w.org\/{rel}","templated":true}]}}