{"id":4819,"date":"2021-08-12T14:17:31","date_gmt":"2021-08-12T14:17:31","guid":{"rendered":"https:\/\/artlaboratory-berlin.org\/?post_type=event&#038;p=4819"},"modified":"2022-03-15T22:15:49","modified_gmt":"2022-03-15T22:15:49","slug":"under-the-viral-shadow_workshop-kogan","status":"publish","type":"event","link":"https:\/\/artlaboratory-berlin.org\/de\/veranstaltungen\/under-the-viral-shadow_workshop-kogan\/","title":{"rendered":"Under the Viral Shadow"},"content":{"rendered":"\n<h2 class=\"subheading wp-block-heading\">AI for Artists<\/h2>\n\n\n\n<h3 class=\"names wp-block-heading\">Workshop | Gene Kogan<\/h3>\n\n\n\t\t<div class=\"media-box\">\n\t\t\t\t\t\t<div class=\"img-box full\">\n\t\t\t    <img decoding=\"async\" src=\"https:\/\/artlaboratory-berlin.org\/wp-content\/uploads\/2021\/06\/Gene_Kogan_painterly-1-1.jpg\" alt=\"\" \/>\n\t\t\t<\/div>\n\t\t\t<p class=\"wp-caption caption\"><\/p>\n\t\t\t\t\t<\/div>\n\t\t\n\n\n<div class=\"wp-block-columns main-post-content is-layout-flex wp-container-core-columns-is-layout-9d6595d7 wp-block-columns-is-layout-flex\">\n<div class=\"wp-block-column content-column is-layout-flow wp-block-column-is-layout-flow\">\n<p>Gene Kogan ist ein K\u00fcnstler und Programmierer, der sich f\u00fcr generative Systeme, Informatik und Software f\u00fcr Kreativit\u00e4t und Selbstdarstellung interessiert. Er arbeitet an zahlreichen Open-Source-Softwareprojekten mit und h\u00e4lt Workshops und Vortr\u00e4ge zu Themen an der Schnittstelle von Code und Kunst. Der Workshop f\u00fchrt die Teilnehmenden in das maschinelle Lernen f\u00fcr den k\u00fcnstlerischen Ausdruck ein. Es gibt zahlreiche Werkzeuge f\u00fcr jedes kreative Terrain, und dieser Workshop ist offen f\u00fcr alle, die ihre kreative Praxis erweitern wollen: Designer:innen, Illustratoren:innen, Musiker:innen, Architekten:innen, Journalist:innen, Filmemacher:innen, Programmierer:innen. Sie alle k\u00f6nnen ihre Arbeit durch eine Dosis k\u00fcnstlicher Intelligenz auffrischen.<\/p>\n\n\n\n<p>Dieser ganzt\u00e4gige Workshop gibt einen \u00dcberblick \u00fcber die Anwendung des maschinellen Lernens auf die Kunst der neuen Medien, mit besonderem Schwerpunkt auf den j\u00fcngsten Durchbr\u00fcchen bei Techniken, die Bilder aus Text generieren. Alle Teilnehmenden werden lernen, wie sie mit kostenlosen, quelloffenen Online-Tools ihre eigenen Bilder aus benutzerdefinierten Texten erstellen k\u00f6nnen. Au\u00dferdem werden wir \u00fcber die Auswirkungen dieser Technologie spekulieren, die in Design, Handel und industriellen Anwendungen zum Einsatz kommt. <\/p>\n\n\n\n<p>Es sind keine Vorkenntnisse im Programmieren erforderlich. Vorkenntnisse \u00fcber KI-Techniken (GANs, Stil\u00fcbertragung usw.) k\u00f6nnen von Vorteil sein, sind aber nicht erforderlich. Der Workshop ist f\u00fcr Anf\u00e4nger und Fortgeschrittene geeignet.<br><br><\/p>\n\n\n\n<figure class=\"wp-block-image size-full\"><img loading=\"lazy\" decoding=\"async\" width=\"800\" height=\"496\" src=\"https:\/\/artlaboratory-berlin.org\/wp-content\/uploads\/2021\/08\/Gifs-KOGAN-Ball-room-1.jpg\" alt=\"\" class=\"wp-image-4825\" srcset=\"https:\/\/artlaboratory-berlin.org\/wp-content\/uploads\/2021\/08\/Gifs-KOGAN-Ball-room-1.jpg 800w, https:\/\/artlaboratory-berlin.org\/wp-content\/uploads\/2021\/08\/Gifs-KOGAN-Ball-room-1-300x186.jpg 300w, https:\/\/artlaboratory-berlin.org\/wp-content\/uploads\/2021\/08\/Gifs-KOGAN-Ball-room-1-768x476.jpg 768w, https:\/\/artlaboratory-berlin.org\/wp-content\/uploads\/2021\/08\/Gifs-KOGAN-Ball-room-1-580x360.jpg 580w\" sizes=\"auto, (max-width: 800px) 100vw, 800px\" \/><figcaption>Gene Kogan, gif, 2021<\/figcaption><\/figure>\n\n\n\n<p><br><br><em>Dieser Workshop findet statt im Kontext der Gruppenausstellung <\/em><strong>UNDER THE VIRAL SHADOW. Networks in the Age of Technoscience and Infection<\/strong><em>, in der Gene Kogan mit seinem Projekt <\/em>Abraham<em> vertreten ist.<br><a href=\"https:\/\/artlaboratory-berlin.org\/exhibitions\/under-the-viral-shadow\/\">https:\/\/artlaboratory-berlin.org\/exhibitions\/under-the-viral-shadow\/<\/a><br><br>Willkommen zur Konferenz <\/em><strong>UNDER THE VIRAL SHADOW<\/strong><em> am 9. Oktober 2021 (online mit Livestream), auf der Gene Kogan auch referieren wird.<\/em><\/p>\n<\/div>\n\n\n\n<div class=\"wp-block-column info-sidebar is-layout-flow wp-block-column-is-layout-flow\">\n<!-- Simple Share Buttons Adder (8.5.3) simplesharebuttons.com --><div class=\"ssba-modern-2 ssba ssbp-wrap alignleft ssbp--theme-2\"><div style=\"text-align:left\"><span class=\"ssba-share-text\">Share<\/span><br\/><ul class=\"ssbp-list\"><li class='ssbp-li--facebook'><a data-site=\"facebook\" class=\"ssba_facebook_share ssba_share_link ssbp-facebook ssbp-btn\" href=\"https:\/\/www.facebook.com\/sharer.php?t=Under the Viral Shadow&u=https:\/\/artlaboratory-berlin.org\/de\/wp-json\/wp\/v2\/event\/4819\"  target=_blank  style=\"color:#4267B2; background-color: #4267B2; height: 24px; width: 24px; background: #000000;\" ><span><svg xmlns=\"http:\/\/www.w3.org\/2000\/svg\" fill=\"#fff\" preserveAspectRatio=\"xMidYMid meet\" height=\"1em\" width=\"1em\" viewBox=\"0 0 40 40\">\n  <g>\n    <path d=\"m21.7 16.7h5v5h-5v11.6h-5v-11.6h-5v-5h5v-2.1c0-2 0.6-4.5 1.8-5.9 1.3-1.3 2.8-2 4.7-2h3.5v5h-3.5c-0.9 0-1.5 0.6-1.5 1.5v3.5z\"><\/path>\n  <\/g>\n<\/svg>\n\n<\/span><span class=\"color-icon\"><svg xmlns=\"http:\/\/www.w3.org\/2000\/svg\" width=\"16\" height=\"28\" viewBox=\"0 0 16 28\">\n  <path fill=\"#3B5998\" d=\"M10.7,10.7 L15.7,10.7 L15.7,15.7 L10.7,15.7 L10.7,27.3 L5.7,27.3 L5.7,15.7 L0.7,15.7 L0.7,10.7 L5.7,10.7 L5.7,8.6 C5.7,6.6 6.3,4.1 7.5,2.7 C8.8,1.4 10.3,0.7 12.2,0.7 L15.7,0.7 L15.7,5.7 L12.2,5.7 C11.3,5.7 10.7,6.3 10.7,7.2 L10.7,10.7 Z\"\/>\n<\/svg>\n<\/span><div title=\"Facebook\" class=\"ssbp-text\">Facebook<\/div><\/a><\/li><li class='ssbp-li--email'><a data-site=\"email\" class=\"ssba_email_share ssba_share_link ssbp-email ssbp-btn\" href=\"mailto:?subject=Under the Viral Shadow&body=https:\/\/artlaboratory-berlin.org\/de\/wp-json\/wp\/v2\/event\/4819\"  target=_blank  style=\"color:#7d7d7d; background-color: #7d7d7d; height: 24px; width: 24px; background: #000000;\" ><span><svg xmlns=\"http:\/\/www.w3.org\/2000\/svg\" fill=\"#fff\" preserveAspectRatio=\"xMidYMid meet\" height=\"1em\" width=\"1em\" viewBox=\"0 0 40 40\">\n  <g>\n    <path d=\"m33.4 13.4v-3.4l-13.4 8.4-13.4-8.4v3.4l13.4 8.2z m0-6.8q1.3 0 2.3 1.1t0.9 2.3v20q0 1.3-0.9 2.3t-2.3 1.1h-26.8q-1.3 0-2.3-1.1t-0.9-2.3v-20q0-1.3 0.9-2.3t2.3-1.1h26.8z\"><\/path>\n  <\/g>\n<\/svg>\n\n<\/span><span class=\"color-icon\"><svg xmlns=\"http:\/\/www.w3.org\/2000\/svg\" width=\"34\" height=\"28\" viewBox=\"0 0 34 28\">\n  <path fill=\"#7D7D7D\" d=\"M30.4,7.4 L30.4,4 L17,12.4 L3.6,4 L3.6,7.4 L17,15.6 L30.4,7.4 Z M30.4,0.6 C31.2666667,0.6 32.0333333,0.966666667 32.7,1.7 C33.3666667,2.43333333 33.6666667,3.2 33.6,4 L33.6,24 C33.6,24.8666667 33.3,25.6333333 32.7,26.3 C32.1,26.9666667 31.3333333,27.3333333 30.4,27.4 L3.6,27.4 C2.73333333,27.4 1.96666667,27.0333333 1.3,26.3 C0.633333333,25.5666667 0.333333333,24.8 0.4,24 L0.4,4 C0.4,3.13333333 0.7,2.36666667 1.3,1.7 C1.9,1.03333333 2.66666667,0.666666667 3.6,0.6 L30.4,0.6 Z\"\/>\n<\/svg>\n<\/span><div title=\"Email\" class=\"ssbp-text\">Email<\/div><\/a><\/li><\/ul><\/div><\/div>\n\n\n\n<h4 class=\"wp-block-heading\">Ort<\/h4>\n\n\n\n<p>Art Laboratory Berlin<br>Prinzenallee 34, 13359 Berlin<\/p>\n\n\n\n<h4 class=\"wp-block-heading\">DATUM UND ZEIT<\/h4>\n\n\n\n<p>28. August 2021<br>10 &#8211; 18 Uhr<\/p>\n\n\n\n<h4 class=\"wp-block-heading\">KOSTEN &amp; REGISTRIERUNG<\/h4>\n\n\n\n<p id=\"block-45eb7dfb-b68e-4548-a8a0-2de04a433f7c\">25 EUR \/ 18 EUR<br>Nur nach Anmeldung: register@artlaboratory-berlin.org<\/p>\n\n\n\n<p id=\"block-b114cae7-70e7-4f67-aeb9-9ad7e5e9480a\">Aktuelle Hygienevorschriften sind die Grundlage zur Teilnahme.*<\/p>\n\n\n\n<h4 class=\"wp-block-heading\"><br>Kuratiert von<\/h4>\n\n\n\n<p>Regine Rapp &amp; Christian de Lutz<\/p>\n\n\n\n<h4 class=\"wp-block-heading\">Team<\/h4>\n\n\n\n<p>Regine Rapp, Christian de Lutz, Tu\u00e7e Erel,<br>Jana Piotrowski, Madeleine Hammer,<br>Karolina Zyniewicz<\/p>\n\n\n\n<h4 class=\"wp-block-heading\">MedienPartneriN<\/h4>\n\n\n\n<figure class=\"wp-block-image size-full is-resized\"><img loading=\"lazy\" decoding=\"async\" src=\"https:\/\/artlaboratory-berlin.org\/wp-content\/uploads\/2021\/03\/art-in-berlin.jpg\" alt=\"\" class=\"wp-image-398\" width=\"152\" height=\"48\"\/><\/figure>\n\n\n\n<h4 class=\"wp-block-heading\">UNTERST\u00dcTZT VON<\/h4>\n\n\n\n<p><\/p>\n\n\n\n<p><\/p>\n\n\n\n<figure class=\"wp-block-image size-full is-resized\"><img loading=\"lazy\" decoding=\"async\" src=\"https:\/\/artlaboratory-berlin.org\/wp-content\/uploads\/2021\/04\/HKF.png\" alt=\"\" class=\"wp-image-1550\" width=\"92\" height=\"165\"\/><\/figure>\n\n\n\n<figure class=\"wp-block-image size-full is-resized\"><img loading=\"lazy\" decoding=\"async\" src=\"https:\/\/artlaboratory-berlin.org\/wp-content\/uploads\/2021\/04\/B_SEN_KuEu_Logo_DE_V_P_1C.jpg\" alt=\"\" class=\"wp-image-1102\" width=\"114\" height=\"66\" srcset=\"https:\/\/artlaboratory-berlin.org\/wp-content\/uploads\/2021\/04\/B_SEN_KuEu_Logo_DE_V_P_1C.jpg 500w, https:\/\/artlaboratory-berlin.org\/wp-content\/uploads\/2021\/04\/B_SEN_KuEu_Logo_DE_V_P_1C-300x175.jpg 300w\" sizes=\"auto, (max-width: 114px) 100vw, 114px\" \/><\/figure>\n\n\n<\/div>\n<\/div>\n\n\n\n<div class=\"wp-block-columns related bg-black is-layout-flex wp-container-core-columns-is-layout-9d6595d7 wp-block-columns-is-layout-flex\">\n<div class=\"wp-block-column container is-layout-flow wp-block-column-is-layout-flow\">\n<h2 class=\"wp-block-heading\">Related<\/h2>\n\n\n\n<div class=\"wp-block-columns is-layout-flex wp-container-core-columns-is-layout-9d6595d7 wp-block-columns-is-layout-flex\">\n<div class=\"wp-block-column is-layout-flow wp-block-column-is-layout-flow\">            <div class=\"post-block\">\n                <a href=\"https:\/\/artlaboratory-berlin.org\/de\/ausstellungen\/under-the-viral-shadow\/\" rel=\"bookmark\" class=\"img-box h-100\" title=\"Under the Viral Shadow\">\n                <img loading=\"lazy\" decoding=\"async\" width=\"551\" height=\"358\" src=\"https:\/\/artlaboratory-berlin.org\/wp-content\/uploads\/2021\/09\/Archeabot_untilted_Pic-Tuce-551x358.jpg\" class=\"img-fluid wp-post-image\" alt=\"\" \/>  <img decoding=\"async\" src=\"https:\/\/artlaboratory-berlin.org\/wp-content\/uploads\/2021\/05\/Xu-Electronic-skin-551x358.jpg\" alt=\"\" class=\"img-fluid second-thumb\">\n<\/a>\t\t\n<header class=\"entry-header article-header\">\n              <a class=\"meta-info exhibition\" href=\"https:\/\/artlaboratory-berlin.org\/de\/ausstellungen\/\">\n                                Ausstellung                                <\/a><span class=\"cat\"> \n    <\/span>\n\n                   <h3 class=\"h2 entry-title mt-2\">\n                       <a href=\"https:\/\/artlaboratory-berlin.org\/de\/ausstellungen\/under-the-viral-shadow\/\">Under the Viral Shadow<\/a>\n                    <\/h3> \n                    <ol class=\"post-subheadings\"><li class=\"heading-level-2\">Networks in the Age of Technoscience and Infection<\/li><li class=\"heading-level-3\">Anna Dumitriu | Alex May | Benjamin Bacon | Gene Kogan | Sarah Grant | Vivian Xu<\/li><\/ol>\t                <span class=\"info-line-preview\">28. August &#8211; 10. Oktober 2021<\/span>\n                  <\/header>  \n                    <p>In der Gruppenausstellung sind international renommierte K\u00fcnstler:innen wie Anna Dumitriu, Alex May, Benjamin Bacon, Gene Kogan, Sarah Grant und Vivian Xu vertreten. Die Arbeiten verstehen sich als k\u00fcnstlerische Recherche an der Schnittstelle des Biologischen und Technologischen&#8230; <\/p>\n                    <a href=\"https:\/\/artlaboratory-berlin.org\/de\/ausstellungen\/under-the-viral-shadow\/\" class=\"read-more\" rel=\"bookmark\" title=\"Under the Viral Shadow\">\n                    Mehr lesen<\/a>\n<\/div><\/div>\n\n\n\n<div class=\"wp-block-column is-layout-flow wp-block-column-is-layout-flow\"><\/div>\n<\/div>\n<\/div>\n<\/div>\n","protected":false},"excerpt":{"rendered":"<p>Gene Kogan ist ein K\u00fcnstler und Programmierer, der sich f\u00fcr generative Systeme, Informatik und Software f\u00fcr Kreativit\u00e4t und Selbstdarstellung interessiert. Der Workshop f\u00fchrt die Teilnehmenden in das maschinelle Lernen f\u00fcr den k\u00fcnstlerischen Ausdruck ein.<\/p>\n","protected":false},"featured_media":4762,"template":"","meta":{"_acf_changed":false,"_links_to":"","_links_to_target":""},"categories":[81],"tags":[],"class_list":["post-4819","event","type-event","status-publish","has-post-thumbnail","hentry","category-workshop-de"],"acf":[],"yoast_head":"<!-- This site is optimized with the Yoast SEO plugin v26.2 - https:\/\/yoast.com\/wordpress\/plugins\/seo\/ -->\n<title>Under the Viral Shadow - Art Laboratory Berlin<\/title>\n<meta name=\"robots\" content=\"index, follow, max-snippet:-1, max-image-preview:large, max-video-preview:-1\" \/>\n<link rel=\"canonical\" href=\"https:\/\/artlaboratory-berlin.org\/de\/veranstaltungen\/under-the-viral-shadow_workshop-kogan\/\" \/>\n<meta property=\"og:locale\" content=\"de_DE\" \/>\n<meta property=\"og:type\" content=\"article\" \/>\n<meta property=\"og:title\" content=\"Under the Viral Shadow - Art Laboratory Berlin\" \/>\n<meta property=\"og:description\" content=\"Gene Kogan ist ein K\u00fcnstler und Programmierer, der sich f\u00fcr generative Systeme, Informatik und Software f\u00fcr Kreativit\u00e4t und Selbstdarstellung interessiert. Der Workshop f\u00fchrt die Teilnehmenden in das maschinelle Lernen f\u00fcr den k\u00fcnstlerischen Ausdruck ein.\" \/>\n<meta property=\"og:url\" content=\"https:\/\/artlaboratory-berlin.org\/de\/veranstaltungen\/under-the-viral-shadow_workshop-kogan\/\" \/>\n<meta property=\"og:site_name\" content=\"Art Laboratory Berlin\" \/>\n<meta property=\"article:publisher\" content=\"https:\/\/www.facebook.com\/ArtLaboratoryBerlin\/\" \/>\n<meta property=\"article:modified_time\" content=\"2022-03-15T22:15:49+00:00\" \/>\n<meta property=\"og:image\" content=\"https:\/\/artlaboratory-berlin.org\/wp-content\/uploads\/2021\/06\/Gene_Kogan_painterly-1.jpg\" \/>\n\t<meta property=\"og:image:width\" content=\"1600\" \/>\n\t<meta property=\"og:image:height\" content=\"1024\" \/>\n\t<meta property=\"og:image:type\" content=\"image\/jpeg\" \/>\n<meta name=\"twitter:card\" content=\"summary_large_image\" \/>\n<meta name=\"twitter:site\" content=\"@artlaboratoryb\" \/>\n<meta name=\"twitter:label1\" content=\"Gesch\u00e4tzte Lesezeit\" \/>\n\t<meta name=\"twitter:data1\" content=\"3\u00a0Minuten\" \/>\n<!-- \/ Yoast SEO plugin. -->","yoast_head_json":{"title":"Under the Viral Shadow - Art Laboratory Berlin","robots":{"index":"index","follow":"follow","max-snippet":"max-snippet:-1","max-image-preview":"max-image-preview:large","max-video-preview":"max-video-preview:-1"},"canonical":"https:\/\/artlaboratory-berlin.org\/de\/veranstaltungen\/under-the-viral-shadow_workshop-kogan\/","og_locale":"de_DE","og_type":"article","og_title":"Under the Viral Shadow - Art Laboratory Berlin","og_description":"Gene Kogan ist ein K\u00fcnstler und Programmierer, der sich f\u00fcr generative Systeme, Informatik und Software f\u00fcr Kreativit\u00e4t und Selbstdarstellung interessiert. Der Workshop f\u00fchrt die Teilnehmenden in das maschinelle Lernen f\u00fcr den k\u00fcnstlerischen Ausdruck ein.","og_url":"https:\/\/artlaboratory-berlin.org\/de\/veranstaltungen\/under-the-viral-shadow_workshop-kogan\/","og_site_name":"Art Laboratory Berlin","article_publisher":"https:\/\/www.facebook.com\/ArtLaboratoryBerlin\/","article_modified_time":"2022-03-15T22:15:49+00:00","og_image":[{"width":1600,"height":1024,"url":"https:\/\/artlaboratory-berlin.org\/wp-content\/uploads\/2021\/06\/Gene_Kogan_painterly-1.jpg","type":"image\/jpeg"}],"twitter_card":"summary_large_image","twitter_site":"@artlaboratoryb","twitter_misc":{"Gesch\u00e4tzte Lesezeit":"3\u00a0Minuten"},"schema":{"@context":"https:\/\/schema.org","@graph":[{"@type":"WebPage","@id":"https:\/\/artlaboratory-berlin.org\/de\/veranstaltungen\/under-the-viral-shadow_workshop-kogan\/","url":"https:\/\/artlaboratory-berlin.org\/de\/veranstaltungen\/under-the-viral-shadow_workshop-kogan\/","name":"Under the Viral Shadow - Art Laboratory Berlin","isPartOf":{"@id":"https:\/\/artlaboratory-berlin.org\/#website"},"primaryImageOfPage":{"@id":"https:\/\/artlaboratory-berlin.org\/de\/veranstaltungen\/under-the-viral-shadow_workshop-kogan\/#primaryimage"},"image":{"@id":"https:\/\/artlaboratory-berlin.org\/de\/veranstaltungen\/under-the-viral-shadow_workshop-kogan\/#primaryimage"},"thumbnailUrl":"https:\/\/artlaboratory-berlin.org\/wp-content\/uploads\/2021\/06\/Gene_Kogan_painterly-1.jpg","datePublished":"2021-08-12T14:17:31+00:00","dateModified":"2022-03-15T22:15:49+00:00","breadcrumb":{"@id":"https:\/\/artlaboratory-berlin.org\/de\/veranstaltungen\/under-the-viral-shadow_workshop-kogan\/#breadcrumb"},"inLanguage":"de","potentialAction":[{"@type":"ReadAction","target":["https:\/\/artlaboratory-berlin.org\/de\/veranstaltungen\/under-the-viral-shadow_workshop-kogan\/"]}]},{"@type":"ImageObject","inLanguage":"de","@id":"https:\/\/artlaboratory-berlin.org\/de\/veranstaltungen\/under-the-viral-shadow_workshop-kogan\/#primaryimage","url":"https:\/\/artlaboratory-berlin.org\/wp-content\/uploads\/2021\/06\/Gene_Kogan_painterly-1.jpg","contentUrl":"https:\/\/artlaboratory-berlin.org\/wp-content\/uploads\/2021\/06\/Gene_Kogan_painterly-1.jpg","width":1600,"height":1024,"caption":"Gene Kogan: Abraham, Standbild, entstanden durch das Programm maschinellen Lernens"},{"@type":"BreadcrumbList","@id":"https:\/\/artlaboratory-berlin.org\/de\/veranstaltungen\/under-the-viral-shadow_workshop-kogan\/#breadcrumb","itemListElement":[{"@type":"ListItem","position":1,"name":"Home","item":"https:\/\/artlaboratory-berlin.org\/de\/"},{"@type":"ListItem","position":2,"name":"Events","item":"https:\/\/artlaboratory-berlin.org\/events\/"},{"@type":"ListItem","position":3,"name":"Under the Viral Shadow"}]},{"@type":"WebSite","@id":"https:\/\/artlaboratory-berlin.org\/#website","url":"https:\/\/artlaboratory-berlin.org\/","name":"Art Laboratory Berlin","description":"","publisher":{"@id":"https:\/\/artlaboratory-berlin.org\/#organization"},"potentialAction":[{"@type":"SearchAction","target":{"@type":"EntryPoint","urlTemplate":"https:\/\/artlaboratory-berlin.org\/?s={search_term_string}"},"query-input":{"@type":"PropertyValueSpecification","valueRequired":true,"valueName":"search_term_string"}}],"inLanguage":"de"},{"@type":"Organization","@id":"https:\/\/artlaboratory-berlin.org\/#organization","name":"Art Laboratory Berlin","url":"https:\/\/artlaboratory-berlin.org\/","logo":{"@type":"ImageObject","inLanguage":"de","@id":"https:\/\/artlaboratory-berlin.org\/#\/schema\/logo\/image\/","url":"https:\/\/artlaboratory-berlin.org\/wp-content\/uploads\/2021\/05\/logo-alb.png","contentUrl":"https:\/\/artlaboratory-berlin.org\/wp-content\/uploads\/2021\/05\/logo-alb.png","width":800,"height":515,"caption":"Art Laboratory Berlin"},"image":{"@id":"https:\/\/artlaboratory-berlin.org\/#\/schema\/logo\/image\/"},"sameAs":["https:\/\/www.facebook.com\/ArtLaboratoryBerlin\/","https:\/\/x.com\/artlaboratoryb","https:\/\/www.instagram.com\/artlaboratoryberlin","https:\/\/www.youtube.com\/c\/ArtLaboratoryBerlin\/videos"]}]}},"_links":{"self":[{"href":"https:\/\/artlaboratory-berlin.org\/de\/wp-json\/wp\/v2\/event\/4819","targetHints":{"allow":["GET"]}}],"collection":[{"href":"https:\/\/artlaboratory-berlin.org\/de\/wp-json\/wp\/v2\/event"}],"about":[{"href":"https:\/\/artlaboratory-berlin.org\/de\/wp-json\/wp\/v2\/types\/event"}],"version-history":[{"count":0,"href":"https:\/\/artlaboratory-berlin.org\/de\/wp-json\/wp\/v2\/event\/4819\/revisions"}],"wp:featuredmedia":[{"embeddable":true,"href":"https:\/\/artlaboratory-berlin.org\/de\/wp-json\/wp\/v2\/media\/4762"}],"wp:attachment":[{"href":"https:\/\/artlaboratory-berlin.org\/de\/wp-json\/wp\/v2\/media?parent=4819"}],"wp:term":[{"taxonomy":"category","embeddable":true,"href":"https:\/\/artlaboratory-berlin.org\/de\/wp-json\/wp\/v2\/categories?post=4819"},{"taxonomy":"post_tag","embeddable":true,"href":"https:\/\/artlaboratory-berlin.org\/de\/wp-json\/wp\/v2\/tags?post=4819"}],"curies":[{"name":"wp","href":"https:\/\/api.w.org\/{rel}","templated":true}]}}