{"id":3491,"date":"2021-05-05T14:10:17","date_gmt":"2021-05-05T14:10:17","guid":{"rendered":"https:\/\/artlaboratory-berlin.org\/wp\/?post_type=event&#038;p=3491"},"modified":"2025-09-23T06:37:02","modified_gmt":"2025-09-23T06:37:02","slug":"nonhuman-agents-pevere","status":"publish","type":"event","link":"https:\/\/artlaboratory-berlin.org\/de\/veranstaltungen\/nonhuman-agents-pevere\/","title":{"rendered":"Nonhuman Agents"},"content":{"rendered":"\n<h2 class=\"wp-block-heading subheading\">Anatomy of an inter-connected system<\/h2>\n\n\n\n<h3 class=\"wp-block-heading names\">Margherita Pevere<\/h3>\n\n\n\t\t<div class=\"media-box\">\n\t\t\t\t\t\t<div class=\"img-box full\">\n\t\t\t    <img decoding=\"async\" src=\"https:\/\/artlaboratory-berlin.org\/wp-content\/uploads\/2021\/04\/SL_Pevere_0114.jpg\" alt=\"\" \/>\n\t\t\t<\/div>\n\t\t\t<p class=\"wp-caption caption\">Margherita Pevere: <em>Anatomy of an inter-connected system<\/em>, performative lecture, Art Laboratory Berlin, 2017, photo: Tim Deussen\n<\/p>\n\t\t\t\t\t<\/div>\n\t\t\n\n\n<div class=\"wp-block-columns main-post-content is-layout-flex wp-container-core-columns-is-layout-9d6595d7 wp-block-columns-is-layout-flex\">\n<div class=\"wp-block-column content-column is-layout-flow wp-block-column-is-layout-flow\">\n<p><strong><strong><strong>Vortrag &amp; Performativer Workshop<\/strong><\/strong><\/strong><\/p>\n\n\n\n<p>Ausgangspunkt des Seminars ist die Recherche des K\u00fcnstlerin an der Schnittstelle von Bildender Kunst, theoretischer Forschung und biologischer Prozesse. Im Zentrum steht die Beziehung zwischen Mensch und Natur unter Ber\u00fccksichtigung der heutigen Umweltkrise und die Frage, wie k\u00fcnstlerische Praktiken, die lebende Organismen und Technologien einbeziehen, innovativ zur Debatte beitragen k\u00f6nnen. Wie k\u00f6nnen K\u00fcnstler die komplexe Vernetzung zwischen Mensch und Biosph\u00e4re in einer hypertechnologischen \u00c4ra problematisieren? Welche \u00e4sthetischen und ethischen Implikationen gibt es? Das vorliegende Projekt m\u00f6chte das Publikum in einer performativen Diskussion mit einem visuellen Ergebnis engagieren.<\/p>\n\n\n<div class=\"slider-box\">\n\t\t\t\t\t\t    <div class=\"content-slider\">\n\t\t\t            \t\t\t                <div class=\"slide\">\n\t\t\t                \t<div class=\"img-box\">\n\t\t\t                    <img decoding=\"async\" src=\"https:\/\/artlaboratory-berlin.org\/wp-content\/uploads\/2021\/04\/SL_Pevere_0113.jpg\" alt=\"\" \/>\n\t\t\t                    <\/div>\n\t\t\t\t\t\t\t\t<div class=\"below-image-slide\">\n\t\t\t\t\t\t\t\t<p class=\"wp-caption caption\">Margherita Pevere: <em>Anatomy of an inter-connected system<\/em>, performative lecture, Art Laboratory Berlin, 2017, photo: Tim Deussen<\/p>\n\t\t\t\t\t\t\t\t<\/div>\n\t\t\t                <\/div>\t\t\t\t\t\t\n\t\t\t            \t\t\t                <div class=\"slide\">\n\t\t\t                \t<div class=\"img-box\">\n\t\t\t                    <img decoding=\"async\" src=\"https:\/\/artlaboratory-berlin.org\/wp-content\/uploads\/2021\/04\/SL_Pevere_0025.jpg\" alt=\"\" \/>\n\t\t\t                    <\/div>\n\t\t\t\t\t\t\t\t<div class=\"below-image-slide\">\n\t\t\t\t\t\t\t\t<p class=\"wp-caption caption\"><\/p>\n\t\t\t\t\t\t\t\t<\/div>\n\t\t\t                <\/div>\t\t\t\t\t\t\n\t\t\t            \t\t\t                <div class=\"slide\">\n\t\t\t                \t<div class=\"img-box\">\n\t\t\t                    <img decoding=\"async\" src=\"https:\/\/artlaboratory-berlin.org\/wp-content\/uploads\/2021\/04\/SL_Pevere_0078.jpg\" alt=\"\" \/>\n\t\t\t                    <\/div>\n\t\t\t\t\t\t\t\t<div class=\"below-image-slide\">\n\t\t\t\t\t\t\t\t<p class=\"wp-caption caption\">Margherita Pevere: <em>Anatomy of an inter-connected system<\/em>, performative lecture, Art Laboratory Berlin, 2017, photo: Tim Deussen<\/p>\n\t\t\t\t\t\t\t\t<\/div>\n\t\t\t                <\/div>\t\t\t\t\t\t\n\t\t\t            \t\t\t                <div class=\"slide\">\n\t\t\t                \t<div class=\"img-box\">\n\t\t\t                    <img decoding=\"async\" src=\"https:\/\/artlaboratory-berlin.org\/wp-content\/uploads\/2021\/04\/SL_Pevere_0099.jpg\" alt=\"\" \/>\n\t\t\t                    <\/div>\n\t\t\t\t\t\t\t\t<div class=\"below-image-slide\">\n\t\t\t\t\t\t\t\t<p class=\"wp-caption caption\">Margherita Pevere: <em>Anatomy of an inter-connected system<\/em>, performative lecture, Art Laboratory Berlin, 2017, photo: Tim Deussen<\/p>\n\t\t\t\t\t\t\t\t<\/div>\n\t\t\t                <\/div>\t\t\t\t\t\t\n\t\t\t            \t\t\t                <div class=\"slide\">\n\t\t\t                \t<div class=\"img-box\">\n\t\t\t                    <img decoding=\"async\" src=\"https:\/\/artlaboratory-berlin.org\/wp-content\/uploads\/2021\/04\/SL_Pevere_0094.jpg\" alt=\"\" \/>\n\t\t\t                    <\/div>\n\t\t\t\t\t\t\t\t<div class=\"below-image-slide\">\n\t\t\t\t\t\t\t\t<p class=\"wp-caption caption\">Margherita Pevere: <em>Anatomy of an inter-connected system<\/em>, performative lecture, Art Laboratory Berlin, 2017, photo: Tim Deussen<\/p>\n\t\t\t\t\t\t\t\t<\/div>\n\t\t\t                <\/div>\t\t\t\t\t\t\n\t\t\t            \t\t\t                <div class=\"slide\">\n\t\t\t                \t<div class=\"img-box\">\n\t\t\t                    <img decoding=\"async\" src=\"https:\/\/artlaboratory-berlin.org\/wp-content\/uploads\/2021\/04\/SL_Pevere_0068.jpg\" alt=\"\" \/>\n\t\t\t                    <\/div>\n\t\t\t\t\t\t\t\t<div class=\"below-image-slide\">\n\t\t\t\t\t\t\t\t<p class=\"wp-caption caption\">Margherita Pevere: <em>Anatomy of an inter-connected system<\/em>, performative lecture, Art Laboratory Berlin, 2017, photo: Tim Deussen<\/p>\n\t\t\t\t\t\t\t\t<\/div>\n\t\t\t                <\/div>\t\t\t\t\t\t\n\t\t\t            \t\t\t                <div class=\"slide\">\n\t\t\t                \t<div class=\"img-box\">\n\t\t\t                    <img decoding=\"async\" src=\"https:\/\/artlaboratory-berlin.org\/wp-content\/uploads\/2021\/04\/SL_Pevere_0067.jpg\" alt=\"\" \/>\n\t\t\t                    <\/div>\n\t\t\t\t\t\t\t\t<div class=\"below-image-slide\">\n\t\t\t\t\t\t\t\t<p class=\"wp-caption caption\">Margherita Pevere: <em>Anatomy of an inter-connected system<\/em>, performative lecture, Art Laboratory Berlin, 2017, photo: Tim Deussen<\/p>\n\t\t\t\t\t\t\t\t<\/div>\n\t\t\t                <\/div>\t\t\t\t\t\t\n\t\t\t            \t\t\t                <div class=\"slide\">\n\t\t\t                \t<div class=\"img-box\">\n\t\t\t                    <img decoding=\"async\" src=\"https:\/\/artlaboratory-berlin.org\/wp-content\/uploads\/2021\/04\/SL_Pevere_0054.jpg\" alt=\"\" \/>\n\t\t\t                    <\/div>\n\t\t\t\t\t\t\t\t<div class=\"below-image-slide\">\n\t\t\t\t\t\t\t\t<p class=\"wp-caption caption\">Margherita Pevere: <em>Anatomy of an inter-connected system<\/em>, performative lecture, Art Laboratory Berlin, 2017, photo: Tim Deussen<\/p>\n\t\t\t\t\t\t\t\t<\/div>\n\t\t\t                <\/div>\t\t\t\t\t\t\n\t\t\t            \t\t\t                <div class=\"slide\">\n\t\t\t                \t<div class=\"img-box\">\n\t\t\t                    <img decoding=\"async\" src=\"https:\/\/artlaboratory-berlin.org\/wp-content\/uploads\/2021\/04\/SL_Pevere_0051.jpg\" alt=\"\" \/>\n\t\t\t                    <\/div>\n\t\t\t\t\t\t\t\t<div class=\"below-image-slide\">\n\t\t\t\t\t\t\t\t<p class=\"wp-caption caption\">Margherita Pevere: <em>Anatomy of an inter-connected system<\/em>, performative lecture, Art Laboratory Berlin, 2017, photo: Tim Deussen<\/p>\n\t\t\t\t\t\t\t\t<\/div>\n\t\t\t                <\/div>\t\t\t\t\t\t\n\t\t\t            \t\t\t                <div class=\"slide\">\n\t\t\t                \t<div class=\"img-box\">\n\t\t\t                    <img decoding=\"async\" src=\"https:\/\/artlaboratory-berlin.org\/wp-content\/uploads\/2021\/04\/SL_Pevere_0037.jpg\" alt=\"\" \/>\n\t\t\t                    <\/div>\n\t\t\t\t\t\t\t\t<div class=\"below-image-slide\">\n\t\t\t\t\t\t\t\t<p class=\"wp-caption caption\">Margherita Pevere: <em>Anatomy of an inter-connected system<\/em>, performative lecture, Art Laboratory Berlin, 2017, photo: Tim Deussen<\/p>\n\t\t\t\t\t\t\t\t<\/div>\n\t\t\t                <\/div>\t\t\t\t\t\t\n\t\t\t            \t\t\t                <div class=\"slide\">\n\t\t\t                \t<div class=\"img-box\">\n\t\t\t                    <img decoding=\"async\" src=\"https:\/\/artlaboratory-berlin.org\/wp-content\/uploads\/2021\/04\/SL_Pevere_0228.jpg\" alt=\"\" \/>\n\t\t\t                    <\/div>\n\t\t\t\t\t\t\t\t<div class=\"below-image-slide\">\n\t\t\t\t\t\t\t\t<p class=\"wp-caption caption\">Margherita Pevere: <em>Anatomy of an inter-connected system<\/em>, performative lecture, Art Laboratory Berlin, 2017, photo: Tim Deussen<\/p>\n\t\t\t\t\t\t\t\t<\/div>\n\t\t\t                <\/div>\t\t\t\t\t\t\n\t\t\t            \t\t\t                <div class=\"slide\">\n\t\t\t                \t<div class=\"img-box\">\n\t\t\t                    <img decoding=\"async\" src=\"https:\/\/artlaboratory-berlin.org\/wp-content\/uploads\/2021\/04\/SL_Pevere_0220.jpg\" alt=\"\" \/>\n\t\t\t                    <\/div>\n\t\t\t\t\t\t\t\t<div class=\"below-image-slide\">\n\t\t\t\t\t\t\t\t<p class=\"wp-caption caption\">Margherita Pevere: <em>Anatomy of an inter-connected system<\/em>, performative lecture, Art Laboratory Berlin, 2017, photo: Tim Deussen<\/p>\n\t\t\t\t\t\t\t\t<\/div>\n\t\t\t                <\/div>\t\t\t\t\t\t\n\t\t\t            \t\t\t                <div class=\"slide\">\n\t\t\t                \t<div class=\"img-box\">\n\t\t\t                    <img decoding=\"async\" src=\"https:\/\/artlaboratory-berlin.org\/wp-content\/uploads\/2021\/04\/SL_Pevere_0192.jpg\" alt=\"\" \/>\n\t\t\t                    <\/div>\n\t\t\t\t\t\t\t\t<div class=\"below-image-slide\">\n\t\t\t\t\t\t\t\t<p class=\"wp-caption caption\">Margherita Pevere: <em>Anatomy of an inter-connected system<\/em>, performative lecture, Art Laboratory Berlin, 2017, photo: Tim Deussen<\/p>\n\t\t\t\t\t\t\t\t<\/div>\n\t\t\t                <\/div>\t\t\t\t\t\t\n\t\t\t            \t\t\t                <div class=\"slide\">\n\t\t\t                \t<div class=\"img-box\">\n\t\t\t                    <img decoding=\"async\" src=\"https:\/\/artlaboratory-berlin.org\/wp-content\/uploads\/2021\/04\/SL_Pevere_0116.jpg\" alt=\"\" \/>\n\t\t\t                    <\/div>\n\t\t\t\t\t\t\t\t<div class=\"below-image-slide\">\n\t\t\t\t\t\t\t\t<p class=\"wp-caption caption\">Margherita Pevere: <em>Anatomy of an inter-connected system<\/em>, performative lecture, Art Laboratory Berlin, 2017, photo: Tim Deussen<\/p>\n\t\t\t\t\t\t\t\t<\/div>\n\t\t\t                <\/div>\t\t\t\t\t\t\n\t\t\t            \t\t\t                <div class=\"slide\">\n\t\t\t                \t<div class=\"img-box\">\n\t\t\t                    <img decoding=\"async\" src=\"https:\/\/artlaboratory-berlin.org\/wp-content\/uploads\/2021\/04\/SL_Pevere_0115.jpg\" alt=\"\" \/>\n\t\t\t                    <\/div>\n\t\t\t\t\t\t\t\t<div class=\"below-image-slide\">\n\t\t\t\t\t\t\t\t<p class=\"wp-caption caption\">Margherita Pevere: <em>Anatomy of an inter-connected system<\/em>, performative lecture, Art Laboratory Berlin, 2017, photo: Tim Deussen<\/p>\n\t\t\t\t\t\t\t\t<\/div>\n\t\t\t                <\/div>\t\t\t\t\t\t\n\t\t\t            \t\t\t                <div class=\"slide\">\n\t\t\t                \t<div class=\"img-box\">\n\t\t\t                    <img decoding=\"async\" src=\"https:\/\/artlaboratory-berlin.org\/wp-content\/uploads\/2021\/04\/SL_Pevere_0179.jpg\" alt=\"\" \/>\n\t\t\t                    <\/div>\n\t\t\t\t\t\t\t\t<div class=\"below-image-slide\">\n\t\t\t\t\t\t\t\t<p class=\"wp-caption caption\">Margherita Pevere: <em>Anatomy of an inter-connected system<\/em>, performative lecture, Art Laboratory Berlin, 2017, photo: Tim Deussen<\/p>\n\t\t\t\t\t\t\t\t<\/div>\n\t\t\t                <\/div>\t\t\t\t\t\t\n\t\t\t            \t\t\t                <div class=\"slide\">\n\t\t\t                \t<div class=\"img-box\">\n\t\t\t                    <img decoding=\"async\" src=\"https:\/\/artlaboratory-berlin.org\/wp-content\/uploads\/2021\/04\/SL_Pevere_0167.jpg\" alt=\"\" \/>\n\t\t\t                    <\/div>\n\t\t\t\t\t\t\t\t<div class=\"below-image-slide\">\n\t\t\t\t\t\t\t\t<p class=\"wp-caption caption\">Margherita Pevere: <em>Anatomy of an inter-connected system<\/em>, performative lecture, Art Laboratory Berlin, 2017, photo: Tim Deussen<\/p>\n\t\t\t\t\t\t\t\t<\/div>\n\t\t\t                <\/div>\t\t\t\t\t\t\n\t\t\t            \t\t\t                <div class=\"slide\">\n\t\t\t                \t<div class=\"img-box\">\n\t\t\t                    <img decoding=\"async\" src=\"https:\/\/artlaboratory-berlin.org\/wp-content\/uploads\/2021\/04\/SL_Pevere_0144.jpg\" alt=\"\" \/>\n\t\t\t                    <\/div>\n\t\t\t\t\t\t\t\t<div class=\"below-image-slide\">\n\t\t\t\t\t\t\t\t<p class=\"wp-caption caption\">Margherita Pevere: <em>Anatomy of an inter-connected system<\/em>, performative lecture, Art Laboratory Berlin, 2017, photo: Tim Deussen<\/p>\n\t\t\t\t\t\t\t\t<\/div>\n\t\t\t                <\/div>\t\t\t\t\t\t\n\t\t\t            \t\t\t                <div class=\"slide\">\n\t\t\t                \t<div class=\"img-box\">\n\t\t\t                    <img decoding=\"async\" src=\"https:\/\/artlaboratory-berlin.org\/wp-content\/uploads\/2021\/04\/SL_Pevere_0118.jpg\" alt=\"\" \/>\n\t\t\t                    <\/div>\n\t\t\t\t\t\t\t\t<div class=\"below-image-slide\">\n\t\t\t\t\t\t\t\t<p class=\"wp-caption caption\">Margherita Pevere: <em>Anatomy of an inter-connected system<\/em>, performative lecture, Art Laboratory Berlin, 2017, photo: Tim Deussen<\/p>\n\t\t\t\t\t\t\t\t<\/div>\n\t\t\t                <\/div>\t\t\t\t\t\t\n\t\t\t            \t\t\t                <div class=\"slide\">\n\t\t\t                \t<div class=\"img-box\">\n\t\t\t                    <img decoding=\"async\" src=\"https:\/\/artlaboratory-berlin.org\/wp-content\/uploads\/2021\/04\/SL_Pevere_0199.jpg\" alt=\"\" \/>\n\t\t\t                    <\/div>\n\t\t\t\t\t\t\t\t<div class=\"below-image-slide\">\n\t\t\t\t\t\t\t\t<p class=\"wp-caption caption\">Margherita Pevere: <em>Anatomy of an inter-connected system<\/em>, performative lecture, Art Laboratory Berlin, 2017, photo: Tim Deussen<\/p>\n\t\t\t\t\t\t\t\t<\/div>\n\t\t\t                <\/div>\t\t\t\t\t\t\n\t\t\t            \t\t\t                <div class=\"slide\">\n\t\t\t                \t<div class=\"img-box\">\n\t\t\t                    <img decoding=\"async\" src=\"https:\/\/artlaboratory-berlin.org\/wp-content\/uploads\/2021\/04\/SL_Pevere_0197.jpg\" alt=\"\" \/>\n\t\t\t                    <\/div>\n\t\t\t\t\t\t\t\t<div class=\"below-image-slide\">\n\t\t\t\t\t\t\t\t<p class=\"wp-caption caption\">Margherita Pevere: <em>Anatomy of an inter-connected system<\/em>, performative lecture, Art Laboratory Berlin, 2017, photo: Tim Deussen<\/p>\n\t\t\t\t\t\t\t\t<\/div>\n\t\t\t                <\/div>\t\t\t\t\t\t\n\t\t\t            \t\t\t    <\/div>\n\t\t\t\t\t\t<\/div>\n\t\n\t\t\n\n\n<p><br>Das Seminar hat zwei Teile \u2013 Vortrag und partizipative Performance. Im Vortrag wird Pevere in die Schl\u00fcsselkonzepte der Geschichte der menschlichen Beziehung zur Natur einf\u00fchren und wie diese die Gesellschaft, die Religion und die Wissensproduktion beeinflusst hat. Wie hat der Mensch die Natur im Mittelalter und der Renaissance wahrgenommen? Wie wirkte sich das auf die Gesellschaft und die K\u00fcnste aus? Was sind Anthropozentrismus und das Anthropoz\u00e4n? Nach dieser theoretischen Einf\u00fchrung wird Pevere kritisch ihre eigene k\u00fcnstlerische Praxis pr\u00e4sentieren, insbesondere Werke, die sich mit organischer Substanz und Technik besch\u00e4ftigen. In der partizipativen Performance wird die K\u00fcnstlerin eine Diskussion mit dem Publikum \u00fcber Anthropozentrismus und die Beziehungen zwischen menschlichen und nichtmenschlichen Lebewesen f\u00fchren. Ethische Aspekte der k\u00fcnstlerischen Praxis werden er\u00f6rtert. W\u00e4hrend dessen zeichnet und schreibt Pevere Notizen \u00fcber die Debatte auf ein Plakat (Galeriewandgr\u00f6\u00dfe) und l\u00e4dt das Publikum ein, dasselbe zu tun. Das grafische Ergebnis stellt eine Visualisierung der Diskussion sowie eine sinnbildliche Abbildung der Zusammenh\u00e4nge zwischen Mensch und Biosph\u00e4re dar.<br><\/p>\n\n\n\n<figure class=\"wp-block-embed is-type-video is-provider-youtube wp-block-embed-youtube wp-embed-aspect-16-9 wp-has-aspect-ratio\"><div class=\"wp-block-embed__wrapper\">\n<iframe loading=\"lazy\" title=\"Anatomy of an Interconnected System by Margherita Pevere\" width=\"680\" height=\"383\" src=\"https:\/\/www.youtube.com\/embed\/6PfOQAkjE18?feature=oembed\" frameborder=\"0\" allow=\"accelerometer; autoplay; clipboard-write; encrypted-media; gyroscope; picture-in-picture; web-share\" referrerpolicy=\"strict-origin-when-cross-origin\" allowfullscreen><\/iframe>\n<\/div><figcaption class=\"wp-element-caption\">360-Grad-Video von <em>Anatomy of an Inter-connected System<\/em> by Margherita Pevere,, <em>Klicken, halten und ziehen Sie innerhalb des Cameos, um das Bild zu verschieben.<\/em> Video von<a rel=\"noreferrer noopener\" href=\"http:\/\/www.lililashka.com\" target=\"_blank\"> www.lililashka.com<\/a> 2018<br><\/figcaption><\/figure>\n\n\n\n<p><br><em><em>Die K\u00fcnstlerin und Forscherin <strong>Margherita Pevere<\/strong> ist von biologischen Prozessen fasziniert und untersucht Verfall und Umwandlung menschlicher und nicht-menschlicher Materie. Ihre Praxis ist gekennzeichnet von einer einzigartigen Kombination organischer und technologischer Materialien: Sie l\u00e4sst bakterielle Kulturen wachsen, manipuliert Papier und fotografischen Film, sammelt organische Reliquien, experimentiert mit ephemeren Lichtern mittels digitaler Videotechnik und plant, eine digitalisierte Sammlung von Erinnerungen auf bakteriellem Genom zu speichern. Pevere ist Meistersch\u00fclerin der Berliner Universit\u00e4t der K\u00fcnste und nun Doktorandin f\u00fcr k\u00fcnstlerische Forschung an der Aalto Universit\u00e4t in Helsinki (FIN). Sie ist Mitglied der finnischen Bioart Society. J\u00fcngste Ausstellungsbeteiligungen: Artikel Biennale &#8211; i \/ o Labor, Stavanger (NO); STATE Festival, Berlin.<\/em><br><a rel=\"noreferrer noopener\" href=\"http:\/\/www.margheritapevere.com\/\" target=\"_blank\">margheritapevere.com<\/a><\/em><\/p>\n\n\n\n<p><\/p>\n\n\n\n<h3 class=\"wp-block-heading\">Presse Feedback<\/h3>\n\n\n\n<p><a href=\"https:\/\/www.labiotech.eu\/more-news\/margherita-pevere-bioart-information\/\" target=\"_blank\" rel=\"noreferrer noopener\"><em>Memories Encoded in DNA and Biological Reliques<\/em> in Labiotech.eu von Clara Rodr\u00edguez Fern\u00e1ndez publiziert am 08.07.2017<\/a><\/p>\n<\/div>\n\n\n\n<div class=\"wp-block-column info-sidebar is-layout-flow wp-block-column-is-layout-flow\">\n<!-- Simple Share Buttons Adder (8.5.3) simplesharebuttons.com --><div class=\"ssba-modern-2 ssba ssbp-wrap alignleft ssbp--theme-2\"><div style=\"text-align:left\"><span class=\"ssba-share-text\">Share<\/span><br\/><ul class=\"ssbp-list\"><li class='ssbp-li--facebook'><a data-site=\"facebook\" class=\"ssba_facebook_share ssba_share_link ssbp-facebook ssbp-btn\" href=\"https:\/\/www.facebook.com\/sharer.php?t=Nonhuman Agents&u=https:\/\/artlaboratory-berlin.org\/de\/wp-json\/wp\/v2\/event\/3491\"  target=_blank  style=\"color:#4267B2; background-color: #4267B2; height: 24px; width: 24px; background: #000000;\" ><span><svg xmlns=\"http:\/\/www.w3.org\/2000\/svg\" fill=\"#fff\" preserveAspectRatio=\"xMidYMid meet\" height=\"1em\" width=\"1em\" viewBox=\"0 0 40 40\">\n  <g>\n    <path d=\"m21.7 16.7h5v5h-5v11.6h-5v-11.6h-5v-5h5v-2.1c0-2 0.6-4.5 1.8-5.9 1.3-1.3 2.8-2 4.7-2h3.5v5h-3.5c-0.9 0-1.5 0.6-1.5 1.5v3.5z\"><\/path>\n  <\/g>\n<\/svg>\n\n<\/span><span class=\"color-icon\"><svg xmlns=\"http:\/\/www.w3.org\/2000\/svg\" width=\"16\" height=\"28\" viewBox=\"0 0 16 28\">\n  <path fill=\"#3B5998\" d=\"M10.7,10.7 L15.7,10.7 L15.7,15.7 L10.7,15.7 L10.7,27.3 L5.7,27.3 L5.7,15.7 L0.7,15.7 L0.7,10.7 L5.7,10.7 L5.7,8.6 C5.7,6.6 6.3,4.1 7.5,2.7 C8.8,1.4 10.3,0.7 12.2,0.7 L15.7,0.7 L15.7,5.7 L12.2,5.7 C11.3,5.7 10.7,6.3 10.7,7.2 L10.7,10.7 Z\"\/>\n<\/svg>\n<\/span><div title=\"Facebook\" class=\"ssbp-text\">Facebook<\/div><\/a><\/li><li class='ssbp-li--email'><a data-site=\"email\" class=\"ssba_email_share ssba_share_link ssbp-email ssbp-btn\" href=\"mailto:?subject=Nonhuman Agents&body=https:\/\/artlaboratory-berlin.org\/de\/wp-json\/wp\/v2\/event\/3491\"  target=_blank  style=\"color:#7d7d7d; background-color: #7d7d7d; height: 24px; width: 24px; background: #000000;\" ><span><svg xmlns=\"http:\/\/www.w3.org\/2000\/svg\" fill=\"#fff\" preserveAspectRatio=\"xMidYMid meet\" height=\"1em\" width=\"1em\" viewBox=\"0 0 40 40\">\n  <g>\n    <path d=\"m33.4 13.4v-3.4l-13.4 8.4-13.4-8.4v3.4l13.4 8.2z m0-6.8q1.3 0 2.3 1.1t0.9 2.3v20q0 1.3-0.9 2.3t-2.3 1.1h-26.8q-1.3 0-2.3-1.1t-0.9-2.3v-20q0-1.3 0.9-2.3t2.3-1.1h26.8z\"><\/path>\n  <\/g>\n<\/svg>\n\n<\/span><span class=\"color-icon\"><svg xmlns=\"http:\/\/www.w3.org\/2000\/svg\" width=\"34\" height=\"28\" viewBox=\"0 0 34 28\">\n  <path fill=\"#7D7D7D\" d=\"M30.4,7.4 L30.4,4 L17,12.4 L3.6,4 L3.6,7.4 L17,15.6 L30.4,7.4 Z M30.4,0.6 C31.2666667,0.6 32.0333333,0.966666667 32.7,1.7 C33.3666667,2.43333333 33.6666667,3.2 33.6,4 L33.6,24 C33.6,24.8666667 33.3,25.6333333 32.7,26.3 C32.1,26.9666667 31.3333333,27.3333333 30.4,27.4 L3.6,27.4 C2.73333333,27.4 1.96666667,27.0333333 1.3,26.3 C0.633333333,25.5666667 0.333333333,24.8 0.4,24 L0.4,4 C0.4,3.13333333 0.7,2.36666667 1.3,1.7 C1.9,1.03333333 2.66666667,0.666666667 3.6,0.6 L30.4,0.6 Z\"\/>\n<\/svg>\n<\/span><div title=\"Email\" class=\"ssbp-text\">Email<\/div><\/a><\/li><\/ul><\/div><\/div>\n\n\n\n<h4 class=\"wp-block-heading\">Ort<\/h4>\n\n\n\n<p>Art Laboratory Berlin<br>Prinzenallee 34, 13359 Berlin<\/p>\n\n\n\n<h4 class=\"wp-block-heading\"> Datum und Zeit<\/h4>\n\n\n\n<p>15. Juli 2017, 14 &#8211; 18 Uhr<\/p>\n\n\n\n<h4 class=\"wp-block-heading\">Kuratiert von<\/h4>\n\n\n\n<p>Regine Rapp &amp; Christian de Lutz<\/p>\n\n\n\n<h4 class=\"wp-block-heading\">Team<\/h4>\n\n\n\n<p>Regine Rapp, Christian de Lutz, Bilge Hasdemir, Florence Razoux, Anne Schreiber, Utpala Sharma<\/p>\n\n\n\n<h4 class=\"wp-block-heading\">Fotodokumentation<\/h4>\n\n\n\n<p>Tim Deussen<\/p>\n\n\n\n<h4 class=\"wp-block-heading\">Medienpartner<\/h4>\n\n\n\n<p><\/p>\n\n\n\n<figure class=\"wp-block-image size-large is-resized\"><img loading=\"lazy\" decoding=\"async\" src=\"https:\/\/artlaboratory-berlin.org\/wp-content\/uploads\/2021\/03\/art-in-berlin-2.jpg\" alt=\"\" class=\"wp-image-472\" width=\"131\" height=\"41\"\/><\/figure>\n\n\n\n<h4 class=\"wp-block-heading\">Unterst\u00fctzt von<\/h4>\n\n\n\n<figure class=\"wp-block-image size-large is-resized\"><img loading=\"lazy\" decoding=\"async\" src=\"https:\/\/artlaboratory-berlin.org\/wp-content\/uploads\/2021\/03\/beberlin.jpg\" alt=\"\" class=\"wp-image-480\" width=\"134\" height=\"36\"\/><\/figure>\n\n\n<\/div>\n<\/div>\n\n\n\n<div class=\"wp-block-columns related bg-black is-layout-flex wp-container-core-columns-is-layout-9d6595d7 wp-block-columns-is-layout-flex\">\n<div class=\"wp-block-column container is-layout-flow wp-block-column-is-layout-flow\">\n<h2 class=\"wp-block-heading\">Im Kontext<\/h2>\n\n\n\n<div class=\"wp-block-columns is-layout-flex wp-container-core-columns-is-layout-9d6595d7 wp-block-columns-is-layout-flex\">\n<div class=\"wp-block-column is-layout-flow wp-block-column-is-layout-flow\">            <div class=\"post-block\">\n                <a href=\"https:\/\/artlaboratory-berlin.org\/de\/veranstaltungen\/nonhuman-agents-in-art-culture-and-theory\/\" rel=\"bookmark\" class=\"img-box h-100\" title=\"Nonhuman Agents\">\n                <img loading=\"lazy\" decoding=\"async\" width=\"551\" height=\"358\" src=\"https:\/\/artlaboratory-berlin.org\/wp-content\/uploads\/2021\/04\/SL_Lichens-551x358.jpg\" class=\"img-fluid wp-post-image\" alt=\"\" \/>  <img decoding=\"async\" src=\"https:\/\/artlaboratory-berlin.org\/wp-content\/uploads\/2021\/04\/SL_TIM_NHA_0546-551x358.jpg\" alt=\"\" class=\"img-fluid second-thumb\">\n<\/a>\t\t\n<header class=\"entry-header article-header\">\n              <a class=\"meta-info event\" href=\"https:\/\/artlaboratory-berlin.org\/de\/veranstaltungen\/\">\n                                Veranstaltung                                <\/a><span class=\"cat\"> \n    Konferenz<\/span>\n\n                   <h3 class=\"h2 entry-title mt-2\">\n                       <a href=\"https:\/\/artlaboratory-berlin.org\/de\/veranstaltungen\/nonhuman-agents-in-art-culture-and-theory\/\">Nonhuman Agents in art, culture and theory<\/a>\n                    <\/h3> \n                    <ol class=\"post-subheadings\"><li class=\"heading-level-2\">Interdiziplin\u00e4re Konferenz<\/li><\/ol>\t                <span class=\"info-line-preview\">24. &#8211; 26. November 2017<\/span>\n                  <\/header>  \n                    <p>Die Konferenz ber\u00fccksichtigt neuere philosophische Ans\u00e4tze, die den Anthropozentrismus in Frage stellen. Es geht um menschliche, tierische und pflanzliche Intelligenz, Empfindungsverm\u00f6gen und Handlungsf\u00e4higkeit. Ausstellende K\u00fcnstler:innen sowie Forschende aus den Geistes- und Naturwissenschaften debattieren gemeinsam.<\/p>\n                    <a href=\"https:\/\/artlaboratory-berlin.org\/de\/veranstaltungen\/nonhuman-agents-in-art-culture-and-theory\/\" class=\"read-more\" rel=\"bookmark\" title=\"Nonhuman Agents\">\n                    Mehr lesen<\/a>\n<\/div><\/div>\n\n\n\n<div class=\"wp-block-column is-layout-flow wp-block-column-is-layout-flow\">            <div class=\"post-block\">\n                <a href=\"https:\/\/artlaboratory-berlin.org\/de\/ausstellungen\/the-camille-diaries\/\" rel=\"bookmark\" class=\"img-box h-100\" title=\"Nonhuman Agents\">\n                <img loading=\"lazy\" decoding=\"async\" width=\"551\" height=\"358\" src=\"https:\/\/artlaboratory-berlin.org\/wp-content\/uploads\/2021\/03\/SL_20200831_ArtLab_Camille_Diaries__0581_D-551x358.jpg\" class=\"img-fluid wp-post-image\" alt=\"\" \/>  <img decoding=\"async\" src=\"https:\/\/artlaboratory-berlin.org\/wp-content\/uploads\/2021\/03\/SLIDER___Maggic-2-551x358.jpg\" alt=\"\" class=\"img-fluid second-thumb\">\n<\/a>\t\t\n<header class=\"entry-header article-header\">\n              <a class=\"meta-info exhibition\" href=\"https:\/\/artlaboratory-berlin.org\/de\/ausstellungen\/\">\n                                Ausstellung                                <\/a><span class=\"cat\"> \n    <\/span>\n\n                   <h3 class=\"h2 entry-title mt-2\">\n                       <a href=\"https:\/\/artlaboratory-berlin.org\/de\/ausstellungen\/the-camille-diaries\/\">The Camille Diaries<\/a>\n                    <\/h3> \n                    <ol class=\"post-subheadings\"><li class=\"heading-level-2\">New Artistic Positions on M\/otherhood, Life and Care<\/li><li class=\"heading-level-3\">Sonia Levy | Mary Maggic | Naja Ryde Ankarfeldt | Baum &amp; Leahy | \u0160pela Petri\u010d | Margherita Pevere | Ai Hasegawa | Nicole Clouston | Cecilia Jonsson | Tarah Rhoda<\/li><\/ol>\t                <span class=\"info-line-preview\">28. August &#8211; 4. Oktober 2020<\/span>\n                  <\/header>  \n                    <p>Die Ausstellung pr\u00e4sentiert neue k\u00fcnstlerische Arbeiten von elf internationalen weiblichen und nicht-bin\u00e4ren K\u00fcnstlerinnen. Sie reflektieren die aktuellen Bedingungen unserer Welt (Umweltver\u00e4nderungen, Genderaspekte, Biopolitik) und schlagen eine &#8218;\u00c4sthetik der F\u00fcrsorge&#8216; als Grundlage f\u00fcr ein Zusammenleben zwischen den Arten vor.<\/p>\n                    <a href=\"https:\/\/artlaboratory-berlin.org\/de\/ausstellungen\/the-camille-diaries\/\" class=\"read-more\" rel=\"bookmark\" title=\"Nonhuman Agents\">\n                    Mehr lesen<\/a>\n<\/div><\/div>\n\n\n\n<div class=\"wp-block-column is-layout-flow wp-block-column-is-layout-flow\">            <div class=\"post-block\">\n                <a href=\"https:\/\/artlaboratory-berlin.org\/de\/veranstaltungen\/the-camille-diaries-symposium\/\" rel=\"bookmark\" class=\"img-box h-100\" title=\"Nonhuman Agents\">\n                <img loading=\"lazy\" decoding=\"async\" width=\"551\" height=\"358\" src=\"https:\/\/artlaboratory-berlin.org\/wp-content\/uploads\/2021\/03\/SLIDER__-Image__Camille-Diaries-Levy-551x358.jpg\" class=\"img-fluid wp-post-image\" alt=\"\" \/>  <img decoding=\"async\" src=\"https:\/\/artlaboratory-berlin.org\/wp-content\/uploads\/2021\/03\/SL_1-551x358.jpg\" alt=\"\" class=\"img-fluid second-thumb\">\n<\/a>\t\t\n<header class=\"entry-header article-header\">\n              <a class=\"meta-info event\" href=\"https:\/\/artlaboratory-berlin.org\/de\/veranstaltungen\/\">\n                                Veranstaltung                                <\/a><span class=\"cat\"> \n    Konferenz<\/span>\n\n                   <h3 class=\"h2 entry-title mt-2\">\n                       <a href=\"https:\/\/artlaboratory-berlin.org\/de\/veranstaltungen\/the-camille-diaries-symposium\/\">The Camille Diaries Symposium<\/a>\n                    <\/h3> \n                    <ol class=\"post-subheadings\"><li class=\"heading-level-3\">Current Artistic Positions on M\/otherhood, Life and Care<\/li><\/ol>\t                <span class=\"info-line-preview\">26. September 2020<\/span>\n                  <\/header>  \n                    <p>Das Symposium diskutiert aktuelle Bedingungen unserer Welt (Umweltver\u00e4nderungen, Genderaspekte, Biopolitik), eine \u201a\u00c4sthetik der F\u00fcrsorge\u2018 als Grundlage f\u00fcr das Zusammenleben zwischen den Arten. Die Konferenz bringt die ausstellenden K\u00fcnstlerinnen mit Forschenden aus den Geistes- und Naturwissenschaften zusammen.<\/p>\n                    <a href=\"https:\/\/artlaboratory-berlin.org\/de\/veranstaltungen\/the-camille-diaries-symposium\/\" class=\"read-more\" rel=\"bookmark\" title=\"Nonhuman Agents\">\n                    Mehr lesen<\/a>\n<\/div><\/div>\n<\/div>\n<\/div>\n<\/div>\n\n\n\n<p><\/p>\n","protected":false},"excerpt":{"rendered":"<p>Ausgangspunkt des Seminars ist die Recherche des K\u00fcnstlerin an der Schnittstelle von Bildender Kunst, theoretischer Forschung und biologischer Prozesse. Im Zentrum steht die Beziehung zwischen Mensch und Natur unter Ber\u00fccksichtigung der heutigen Umweltkrise und die Frage, wie k\u00fcnstlerische Praktike<\/p>\n","protected":false},"featured_media":2164,"template":"","meta":{"_acf_changed":false,"_links_to":"","_links_to_target":""},"categories":[78,82,81],"tags":[253,373,252,254,113],"class_list":["post-3491","event","type-event","status-publish","has-post-thumbnail","hentry","category-performance-de","category-talk-de","category-workshop-de","tag-anthropozaen","tag-art-and-science-de","tag-boden","tag-ethik","tag-kunst-und-wissenschaft"],"acf":[],"yoast_head":"<!-- This site is optimized with the Yoast SEO plugin v26.2 - https:\/\/yoast.com\/wordpress\/plugins\/seo\/ -->\n<title>Nonhuman Agents - Art Laboratory Berlin<\/title>\n<meta name=\"robots\" content=\"index, follow, max-snippet:-1, max-image-preview:large, max-video-preview:-1\" \/>\n<link rel=\"canonical\" href=\"https:\/\/artlaboratory-berlin.org\/de\/veranstaltungen\/nonhuman-agents-pevere\/\" \/>\n<meta property=\"og:locale\" content=\"de_DE\" \/>\n<meta property=\"og:type\" content=\"article\" \/>\n<meta property=\"og:title\" content=\"Nonhuman Agents - Art Laboratory Berlin\" \/>\n<meta property=\"og:description\" content=\"Ausgangspunkt des Seminars ist die Recherche des K\u00fcnstlerin an der Schnittstelle von Bildender Kunst, theoretischer Forschung und biologischer Prozesse. Im Zentrum steht die Beziehung zwischen Mensch und Natur unter Ber\u00fccksichtigung der heutigen Umweltkrise und die Frage, wie k\u00fcnstlerische Praktike\" \/>\n<meta property=\"og:url\" content=\"https:\/\/artlaboratory-berlin.org\/de\/veranstaltungen\/nonhuman-agents-pevere\/\" \/>\n<meta property=\"og:site_name\" content=\"Art Laboratory Berlin\" \/>\n<meta property=\"article:publisher\" content=\"https:\/\/www.facebook.com\/ArtLaboratoryBerlin\/\" \/>\n<meta property=\"article:modified_time\" content=\"2025-09-23T06:37:02+00:00\" \/>\n<meta property=\"og:image\" content=\"https:\/\/artlaboratory-berlin.org\/wp-content\/uploads\/2021\/04\/SL_Pevere_0115.jpg\" \/>\n\t<meta property=\"og:image:width\" content=\"2000\" \/>\n\t<meta property=\"og:image:height\" content=\"1612\" \/>\n\t<meta property=\"og:image:type\" content=\"image\/jpeg\" \/>\n<meta name=\"twitter:card\" content=\"summary_large_image\" \/>\n<meta name=\"twitter:site\" content=\"@artlaboratoryb\" \/>\n<meta name=\"twitter:label1\" content=\"Gesch\u00e4tzte Lesezeit\" \/>\n\t<meta name=\"twitter:data1\" content=\"3\u00a0Minuten\" \/>\n<!-- \/ Yoast SEO plugin. -->","yoast_head_json":{"title":"Nonhuman Agents - Art Laboratory Berlin","robots":{"index":"index","follow":"follow","max-snippet":"max-snippet:-1","max-image-preview":"max-image-preview:large","max-video-preview":"max-video-preview:-1"},"canonical":"https:\/\/artlaboratory-berlin.org\/de\/veranstaltungen\/nonhuman-agents-pevere\/","og_locale":"de_DE","og_type":"article","og_title":"Nonhuman Agents - Art Laboratory Berlin","og_description":"Ausgangspunkt des Seminars ist die Recherche des K\u00fcnstlerin an der Schnittstelle von Bildender Kunst, theoretischer Forschung und biologischer Prozesse. Im Zentrum steht die Beziehung zwischen Mensch und Natur unter Ber\u00fccksichtigung der heutigen Umweltkrise und die Frage, wie k\u00fcnstlerische Praktike","og_url":"https:\/\/artlaboratory-berlin.org\/de\/veranstaltungen\/nonhuman-agents-pevere\/","og_site_name":"Art Laboratory Berlin","article_publisher":"https:\/\/www.facebook.com\/ArtLaboratoryBerlin\/","article_modified_time":"2025-09-23T06:37:02+00:00","og_image":[{"width":2000,"height":1612,"url":"https:\/\/artlaboratory-berlin.org\/wp-content\/uploads\/2021\/04\/SL_Pevere_0115.jpg","type":"image\/jpeg"}],"twitter_card":"summary_large_image","twitter_site":"@artlaboratoryb","twitter_misc":{"Gesch\u00e4tzte Lesezeit":"3\u00a0Minuten"},"schema":{"@context":"https:\/\/schema.org","@graph":[{"@type":"WebPage","@id":"https:\/\/artlaboratory-berlin.org\/de\/veranstaltungen\/nonhuman-agents-pevere\/","url":"https:\/\/artlaboratory-berlin.org\/de\/veranstaltungen\/nonhuman-agents-pevere\/","name":"Nonhuman Agents - Art Laboratory Berlin","isPartOf":{"@id":"https:\/\/artlaboratory-berlin.org\/#website"},"primaryImageOfPage":{"@id":"https:\/\/artlaboratory-berlin.org\/de\/veranstaltungen\/nonhuman-agents-pevere\/#primaryimage"},"image":{"@id":"https:\/\/artlaboratory-berlin.org\/de\/veranstaltungen\/nonhuman-agents-pevere\/#primaryimage"},"thumbnailUrl":"https:\/\/artlaboratory-berlin.org\/wp-content\/uploads\/2021\/04\/SL_Pevere_0115.jpg","datePublished":"2021-05-05T14:10:17+00:00","dateModified":"2025-09-23T06:37:02+00:00","breadcrumb":{"@id":"https:\/\/artlaboratory-berlin.org\/de\/veranstaltungen\/nonhuman-agents-pevere\/#breadcrumb"},"inLanguage":"de","potentialAction":[{"@type":"ReadAction","target":["https:\/\/artlaboratory-berlin.org\/de\/veranstaltungen\/nonhuman-agents-pevere\/"]}]},{"@type":"ImageObject","inLanguage":"de","@id":"https:\/\/artlaboratory-berlin.org\/de\/veranstaltungen\/nonhuman-agents-pevere\/#primaryimage","url":"https:\/\/artlaboratory-berlin.org\/wp-content\/uploads\/2021\/04\/SL_Pevere_0115.jpg","contentUrl":"https:\/\/artlaboratory-berlin.org\/wp-content\/uploads\/2021\/04\/SL_Pevere_0115.jpg","width":2000,"height":1612,"caption":"Margherita Pevere: Anatomy of an inter-connected system, performative lecture, Art Laboratory Berlin, 2017, photo: Tim Deussen"},{"@type":"BreadcrumbList","@id":"https:\/\/artlaboratory-berlin.org\/de\/veranstaltungen\/nonhuman-agents-pevere\/#breadcrumb","itemListElement":[{"@type":"ListItem","position":1,"name":"Home","item":"https:\/\/artlaboratory-berlin.org\/de\/"},{"@type":"ListItem","position":2,"name":"Events","item":"https:\/\/artlaboratory-berlin.org\/events\/"},{"@type":"ListItem","position":3,"name":"Nonhuman Agents"}]},{"@type":"WebSite","@id":"https:\/\/artlaboratory-berlin.org\/#website","url":"https:\/\/artlaboratory-berlin.org\/","name":"Art Laboratory Berlin","description":"","publisher":{"@id":"https:\/\/artlaboratory-berlin.org\/#organization"},"potentialAction":[{"@type":"SearchAction","target":{"@type":"EntryPoint","urlTemplate":"https:\/\/artlaboratory-berlin.org\/?s={search_term_string}"},"query-input":{"@type":"PropertyValueSpecification","valueRequired":true,"valueName":"search_term_string"}}],"inLanguage":"de"},{"@type":"Organization","@id":"https:\/\/artlaboratory-berlin.org\/#organization","name":"Art Laboratory Berlin","url":"https:\/\/artlaboratory-berlin.org\/","logo":{"@type":"ImageObject","inLanguage":"de","@id":"https:\/\/artlaboratory-berlin.org\/#\/schema\/logo\/image\/","url":"https:\/\/artlaboratory-berlin.org\/wp-content\/uploads\/2021\/05\/logo-alb.png","contentUrl":"https:\/\/artlaboratory-berlin.org\/wp-content\/uploads\/2021\/05\/logo-alb.png","width":800,"height":515,"caption":"Art Laboratory Berlin"},"image":{"@id":"https:\/\/artlaboratory-berlin.org\/#\/schema\/logo\/image\/"},"sameAs":["https:\/\/www.facebook.com\/ArtLaboratoryBerlin\/","https:\/\/x.com\/artlaboratoryb","https:\/\/www.instagram.com\/artlaboratoryberlin","https:\/\/www.youtube.com\/c\/ArtLaboratoryBerlin\/videos"]}]}},"_links":{"self":[{"href":"https:\/\/artlaboratory-berlin.org\/de\/wp-json\/wp\/v2\/event\/3491","targetHints":{"allow":["GET"]}}],"collection":[{"href":"https:\/\/artlaboratory-berlin.org\/de\/wp-json\/wp\/v2\/event"}],"about":[{"href":"https:\/\/artlaboratory-berlin.org\/de\/wp-json\/wp\/v2\/types\/event"}],"version-history":[{"count":4,"href":"https:\/\/artlaboratory-berlin.org\/de\/wp-json\/wp\/v2\/event\/3491\/revisions"}],"predecessor-version":[{"id":19959,"href":"https:\/\/artlaboratory-berlin.org\/de\/wp-json\/wp\/v2\/event\/3491\/revisions\/19959"}],"wp:featuredmedia":[{"embeddable":true,"href":"https:\/\/artlaboratory-berlin.org\/de\/wp-json\/wp\/v2\/media\/2164"}],"wp:attachment":[{"href":"https:\/\/artlaboratory-berlin.org\/de\/wp-json\/wp\/v2\/media?parent=3491"}],"wp:term":[{"taxonomy":"category","embeddable":true,"href":"https:\/\/artlaboratory-berlin.org\/de\/wp-json\/wp\/v2\/categories?post=3491"},{"taxonomy":"post_tag","embeddable":true,"href":"https:\/\/artlaboratory-berlin.org\/de\/wp-json\/wp\/v2\/tags?post=3491"}],"curies":[{"name":"wp","href":"https:\/\/api.w.org\/{rel}","templated":true}]}}