{"id":3486,"date":"2021-05-05T13:40:55","date_gmt":"2021-05-05T13:40:55","guid":{"rendered":"https:\/\/artlaboratory-berlin.org\/wp\/?post_type=event&#038;p=3486"},"modified":"2021-12-30T21:24:18","modified_gmt":"2021-12-30T21:24:18","slug":"guy-ben-ary","status":"publish","type":"event","link":"https:\/\/artlaboratory-berlin.org\/de\/veranstaltungen\/guy-ben-ary\/","title":{"rendered":"Guy Ben-Ary"},"content":{"rendered":"\n<h3 class=\"names wp-block-heading\">Artist Talk<\/h3>\n\n\n\t\t<div class=\"media-box\">\n\t\t\t\t\t\t<div class=\"img-box full\">\n\t\t\t    <img decoding=\"async\" src=\"https:\/\/artlaboratory-berlin.org\/wp-content\/uploads\/2021\/04\/SL_ALB_IMG_0877.jpg\" alt=\"\" \/>\n\t\t\t<\/div>\n\t\t\t<p class=\"wp-caption caption\">Photo courtesy Guy Ben-Ary<\/p>\n\t\t\t\t\t<\/div>\n\t\t\n\n\n<div class=\"wp-block-columns main-post-content is-layout-flex wp-container-core-columns-is-layout-9d6595d7 wp-block-columns-is-layout-flex\">\n<div class=\"wp-block-column content-column is-layout-flow wp-block-column-is-layout-flow\">\n<p><strong>Artist Talk mit Guy Ben-Ary<br><br><\/strong>Guy Ben-Ary ist K\u00fcnstler und Forscher bei SymbioticA, dem k\u00fcnstlerischen Labor an der University of Western Australia, das sich der Forschung, dem Lernen und der praktischen Auseinandersetzung mit den Lebenswissenschaften widmet. Ben-Ary, als K\u00fcnstler und Innovator in Wissenschaft und Neuen Medien international anerkannt, spezialisiert sich auf biotechnologische Kunstwerke, mit denen er unser Verst\u00e4ndnis dar\u00fcber, was lebendig ist, bereichern will. Dabei konzentriert er sich auf Tissue Engineering, Mikroskopie und biologische Bildgebung. Seine Forschung zielt auf eine Reihe grundlegender Themen ab, die den Schnittpunkt von Kunst und Wissenschaft untermauern: Leben und Tod, Kybernetik und k\u00fcnstliches Leben. Ben-Ary hat sich bei vielen seiner Arbeiten von Wissenschaft und Natur inspirieren lassen. Seine Kunstwerke nutzen Bewegung, Wachstum und biologische Daten, um technologische Aspekte der heutigen Kultur und die Wiederverwendung biologischer Materialien und Technologien zu untersuchen.<br><br>In seinem Gespr\u00e4ch wird Guy Ben-Ary einige der Methoden und Theorien vorstellen, die f\u00fcr seine k\u00fcnstlerische Praxis grundlegend sind, und beispielhaft vier seiner gro\u00dfen Projekte der letzten zehn Jahre erl\u00e4utern: <em><a rel=\"noreferrer noopener\" href=\"https:\/\/www.youtube.com\/watch?v=PM5Ui5KwmXQ\" target=\"_blank\">MEART<\/a><\/em>, <em><a rel=\"noreferrer noopener\" href=\"https:\/\/www.youtube.com\/watch?v=UV6SEZOA_7I\" target=\"_blank\">The Silent Barrage<\/a><\/em>, <em><a rel=\"noreferrer noopener\" href=\"https:\/\/www.youtube.com\/watch?v=99S6TEDT0w8\" target=\"_blank\">In-Potentia<\/a><\/em>, und <em><a rel=\"noreferrer noopener\" href=\"https:\/\/www.youtube.com\/watch?v=1G-vk5QWRsg\" target=\"_blank\">CellF<\/a><\/em> (siehe unten). Dabei wird er Aspekte der Terminologie, Ethik und Robotik als k\u00fcnstlerische Strategien diskutieren und seine k\u00fcnstlerischen Ans\u00e4tze er\u00f6rtern, biotechnisch neuronale Netzwerke mit k\u00fcnstlerischen, robotergesteuerten K\u00f6rper zu verbinden.<\/p>\n\n\n\n<p><a rel=\"noreferrer noopener\" href=\"http:\/\/guybenary.com\/\" target=\"_blank\">http:\/\/guybenary.com\/<\/a><\/p>\n\n\n<div class=\"slider-box\">\n\t\t\t\t\t\t    <div class=\"content-slider\">\n\t\t\t            \t\t\t                <div class=\"slide\">\n\t\t\t                \t<div class=\"img-box\">\n\t\t\t                    <img decoding=\"async\" src=\"https:\/\/artlaboratory-berlin.org\/wp-content\/uploads\/2021\/04\/SL_Image-via-Guy-004.jpg\" alt=\"\" \/>\n\t\t\t                    <\/div>\n\t\t\t\t\t\t\t\t<div class=\"below-image-slide\">\n\t\t\t\t\t\t\t\t<p class=\"wp-caption caption\"><em>cellF<\/em>, 2015, Guy Ben-Ary in Zusammenarbeit mit Nathan Thompson, Andrew Fitch, Darren Moore, Stuart Hodgetts, Mike Edel und Douglas Bakkum. Foto  von Guy Ben-Ary<\/p>\n\t\t\t\t\t\t\t\t<\/div>\n\t\t\t                <\/div>\t\t\t\t\t\t\n\t\t\t            \t\t\t                <div class=\"slide\">\n\t\t\t                \t<div class=\"img-box\">\n\t\t\t                    <img decoding=\"async\" src=\"https:\/\/artlaboratory-berlin.org\/wp-content\/uploads\/2021\/04\/SL_ALB_IMG_0888.jpg\" alt=\"\" \/>\n\t\t\t                    <\/div>\n\t\t\t\t\t\t\t\t<div class=\"below-image-slide\">\n\t\t\t\t\t\t\t\t<p class=\"wp-caption caption\">Photo von Guy Ben-Ary<\/p>\n\t\t\t\t\t\t\t\t<\/div>\n\t\t\t                <\/div>\t\t\t\t\t\t\n\t\t\t            \t\t\t                <div class=\"slide\">\n\t\t\t                \t<div class=\"img-box\">\n\t\t\t                    <img decoding=\"async\" src=\"https:\/\/artlaboratory-berlin.org\/wp-content\/uploads\/2021\/04\/SL_Image-via-Guy-006.jpg\" alt=\"\" \/>\n\t\t\t                    <\/div>\n\t\t\t\t\t\t\t\t<div class=\"below-image-slide\">\n\t\t\t\t\t\t\t\t<p class=\"wp-caption caption\">Photo von Guy Ben-Ary<\/p>\n\t\t\t\t\t\t\t\t<\/div>\n\t\t\t                <\/div>\t\t\t\t\t\t\n\t\t\t            \t\t\t                <div class=\"slide\">\n\t\t\t                \t<div class=\"img-box\">\n\t\t\t                    <img decoding=\"async\" src=\"https:\/\/artlaboratory-berlin.org\/wp-content\/uploads\/2021\/04\/SL_Image-via-Guy-005.jpg\" alt=\"\" \/>\n\t\t\t                    <\/div>\n\t\t\t\t\t\t\t\t<div class=\"below-image-slide\">\n\t\t\t\t\t\t\t\t<p class=\"wp-caption caption\">Photo von Guy Ben-Ary<\/p>\n\t\t\t\t\t\t\t\t<\/div>\n\t\t\t                <\/div>\t\t\t\t\t\t\n\t\t\t            \t\t\t    <\/div>\n\t\t\t\t\t\t<\/div>\n\t\n\t\t\n\n\n<p><em>CellF<\/em> ein neuronaler Synthesizer tritt mit Schneider TM (12. Mai) und Stine Janvin (13. Mai) als Teil der Technosph\u00e4renkl\u00e4nge #3 im Haus der Kulturen der Welt auf.<br>12.-13. Mai 2017<\/p>\n<\/div>\n\n\n\n<div class=\"wp-block-column info-sidebar is-layout-flow wp-block-column-is-layout-flow\">\n<!-- Simple Share Buttons Adder (8.5.3) simplesharebuttons.com --><div class=\"ssba-modern-2 ssba ssbp-wrap alignleft ssbp--theme-2\"><div style=\"text-align:left\"><span class=\"ssba-share-text\">Share<\/span><br\/><ul class=\"ssbp-list\"><li class='ssbp-li--facebook'><a data-site=\"facebook\" class=\"ssba_facebook_share ssba_share_link ssbp-facebook ssbp-btn\" href=\"https:\/\/www.facebook.com\/sharer.php?t=Guy Ben-Ary&u=https:\/\/artlaboratory-berlin.org\/de\/wp-json\/wp\/v2\/event\/3486\"  target=_blank  style=\"color:#4267B2; background-color: #4267B2; height: 24px; width: 24px; background: #000000;\" ><span><svg xmlns=\"http:\/\/www.w3.org\/2000\/svg\" fill=\"#fff\" preserveAspectRatio=\"xMidYMid meet\" height=\"1em\" width=\"1em\" viewBox=\"0 0 40 40\">\n  <g>\n    <path d=\"m21.7 16.7h5v5h-5v11.6h-5v-11.6h-5v-5h5v-2.1c0-2 0.6-4.5 1.8-5.9 1.3-1.3 2.8-2 4.7-2h3.5v5h-3.5c-0.9 0-1.5 0.6-1.5 1.5v3.5z\"><\/path>\n  <\/g>\n<\/svg>\n\n<\/span><span class=\"color-icon\"><svg xmlns=\"http:\/\/www.w3.org\/2000\/svg\" width=\"16\" height=\"28\" viewBox=\"0 0 16 28\">\n  <path fill=\"#3B5998\" d=\"M10.7,10.7 L15.7,10.7 L15.7,15.7 L10.7,15.7 L10.7,27.3 L5.7,27.3 L5.7,15.7 L0.7,15.7 L0.7,10.7 L5.7,10.7 L5.7,8.6 C5.7,6.6 6.3,4.1 7.5,2.7 C8.8,1.4 10.3,0.7 12.2,0.7 L15.7,0.7 L15.7,5.7 L12.2,5.7 C11.3,5.7 10.7,6.3 10.7,7.2 L10.7,10.7 Z\"\/>\n<\/svg>\n<\/span><div title=\"Facebook\" class=\"ssbp-text\">Facebook<\/div><\/a><\/li><li class='ssbp-li--email'><a data-site=\"email\" class=\"ssba_email_share ssba_share_link ssbp-email ssbp-btn\" href=\"mailto:?subject=Guy Ben-Ary&body=https:\/\/artlaboratory-berlin.org\/de\/wp-json\/wp\/v2\/event\/3486\"  target=_blank  style=\"color:#7d7d7d; background-color: #7d7d7d; height: 24px; width: 24px; background: #000000;\" ><span><svg xmlns=\"http:\/\/www.w3.org\/2000\/svg\" fill=\"#fff\" preserveAspectRatio=\"xMidYMid meet\" height=\"1em\" width=\"1em\" viewBox=\"0 0 40 40\">\n  <g>\n    <path d=\"m33.4 13.4v-3.4l-13.4 8.4-13.4-8.4v3.4l13.4 8.2z m0-6.8q1.3 0 2.3 1.1t0.9 2.3v20q0 1.3-0.9 2.3t-2.3 1.1h-26.8q-1.3 0-2.3-1.1t-0.9-2.3v-20q0-1.3 0.9-2.3t2.3-1.1h26.8z\"><\/path>\n  <\/g>\n<\/svg>\n\n<\/span><span class=\"color-icon\"><svg xmlns=\"http:\/\/www.w3.org\/2000\/svg\" width=\"34\" height=\"28\" viewBox=\"0 0 34 28\">\n  <path fill=\"#7D7D7D\" d=\"M30.4,7.4 L30.4,4 L17,12.4 L3.6,4 L3.6,7.4 L17,15.6 L30.4,7.4 Z M30.4,0.6 C31.2666667,0.6 32.0333333,0.966666667 32.7,1.7 C33.3666667,2.43333333 33.6666667,3.2 33.6,4 L33.6,24 C33.6,24.8666667 33.3,25.6333333 32.7,26.3 C32.1,26.9666667 31.3333333,27.3333333 30.4,27.4 L3.6,27.4 C2.73333333,27.4 1.96666667,27.0333333 1.3,26.3 C0.633333333,25.5666667 0.333333333,24.8 0.4,24 L0.4,4 C0.4,3.13333333 0.7,2.36666667 1.3,1.7 C1.9,1.03333333 2.66666667,0.666666667 3.6,0.6 L30.4,0.6 Z\"\/>\n<\/svg>\n<\/span><div title=\"Email\" class=\"ssbp-text\">Email<\/div><\/a><\/li><\/ul><\/div><\/div>\n\n\n\n<h4 class=\"wp-block-heading\">Ort<\/h4>\n\n\n\n<p>Art Laboratory Berlin<br>Prinzenallee 34, 13359 Berlin<\/p>\n\n\n\n<h4 class=\"wp-block-heading\">Datum und Zeit<\/h4>\n\n\n\n<p>5. Mai 2017, 20 Uhr<\/p>\n\n\n\n<h4 class=\"wp-block-heading\">Kuratiert von<\/h4>\n\n\n\n<p>Regine Rapp &amp; Christian de Lutz<\/p>\n\n\n\n<h4 class=\"wp-block-heading\">Team<\/h4>\n\n\n\n<p>Art Laboratory Berlin Team<\/p>\n\n\n\n<h4 class=\"wp-block-heading\">Kooperationspartner:innen<\/h4>\n\n\n\n<figure class=\"wp-block-image size-large is-resized\"><img loading=\"lazy\" decoding=\"async\" src=\"https:\/\/artlaboratory-berlin.org\/wp-content\/uploads\/2021\/04\/Logo-CellF.jpg\" alt=\"\" class=\"wp-image-2310\" width=\"261\" height=\"36\" srcset=\"https:\/\/artlaboratory-berlin.org\/wp-content\/uploads\/2021\/04\/Logo-CellF.jpg 700w, https:\/\/artlaboratory-berlin.org\/wp-content\/uploads\/2021\/04\/Logo-CellF-300x42.jpg 300w, https:\/\/artlaboratory-berlin.org\/wp-content\/uploads\/2021\/04\/Logo-CellF-580x81.jpg 580w\" sizes=\"auto, (max-width: 261px) 100vw, 261px\" \/><\/figure>\n\n\n<\/div>\n<\/div>\n\n\n\n<div class=\"wp-block-columns related bg-black is-layout-flex wp-container-core-columns-is-layout-9d6595d7 wp-block-columns-is-layout-flex\">\n<div class=\"wp-block-column container is-layout-flow wp-block-column-is-layout-flow\">\n<h2 class=\"wp-block-heading\">Im Kontext<\/h2>\n\n\n\n<div class=\"wp-block-columns is-layout-flex wp-container-core-columns-is-layout-9d6595d7 wp-block-columns-is-layout-flex\">\n<div class=\"wp-block-column is-layout-flow wp-block-column-is-layout-flow\">            <div class=\"post-block\">\n                <a href=\"https:\/\/artlaboratory-berlin.org\/de\/veranstaltungen\/cellf\/\" rel=\"bookmark\" class=\"img-box h-100\" title=\"Guy Ben-Ary\">\n                <img loading=\"lazy\" decoding=\"async\" width=\"551\" height=\"358\" src=\"https:\/\/artlaboratory-berlin.org\/wp-content\/uploads\/2021\/04\/SL_DSC_0084-551x358.jpg\" class=\"img-fluid wp-post-image\" alt=\"\" \/>  <img decoding=\"async\" src=\"https:\/\/artlaboratory-berlin.org\/wp-content\/uploads\/2021\/04\/SL_DSC_0032-551x358.jpg\" alt=\"\" class=\"img-fluid second-thumb\">\n<\/a>\t\t\n<header class=\"entry-header article-header\">\n              <a class=\"meta-info event\" href=\"https:\/\/artlaboratory-berlin.org\/de\/veranstaltungen\/\">\n                                Veranstaltung                                <\/a><span class=\"cat\"> \n    Performance, Talk<\/span>\n\n                   <h3 class=\"h2 entry-title mt-2\">\n                       <a href=\"https:\/\/artlaboratory-berlin.org\/de\/veranstaltungen\/cellf\/\">Cellf<\/a>\n                    <\/h3> \n                    <ol class=\"post-subheadings\"><li class=\"heading-level-2\">Technosph\u00e4renkl\u00e4nge #3<\/li><li class=\"heading-level-3\">Guy Ben-Ary<\/li><li class=\"heading-level-3\">Presse Feedback<\/li><\/ol>\t                <span class=\"info-line-preview\">12. &#8211; 13. Mai 2017<\/span>\n                  <\/header>  \n                    <p>In der Arbeit cellF f\u00fchren menschliche Neuronen, die in einer Petrischale leben, Duette mit menschlichen Musikern auf:  Eine Petrischale mit 100.000 lebenden Neuronen, die mit Elektroden belegt sind, bilden \u00fcber einen analogen Synthesizer, cellF, eine Ausgabe, die es ihnen erm\u00f6glicht, mit menschlichen Musikern zu &#8222;jammen&#8220;.<\/p>\n                    <a href=\"https:\/\/artlaboratory-berlin.org\/de\/veranstaltungen\/cellf\/\" class=\"read-more\" rel=\"bookmark\" title=\"Guy Ben-Ary\">\n                    Mehr lesen<\/a>\n<\/div><\/div>\n\n\n\n<div class=\"wp-block-column is-layout-flow wp-block-column-is-layout-flow\"><\/div>\n<\/div>\n<\/div>\n<\/div>\n","protected":false},"excerpt":{"rendered":"<p>In seinem Gespr\u00e4ch wird Guy Ben-Ary einige der Methoden und Theorien vorstellen, die f\u00fcr seine k\u00fcnstlerische Praxis grundlegend sind, und beispielhaft vier seiner gro\u00dfen Projekte der letzten zehn Jahre erl\u00e4utern: MEART, The Silent Barrage, In-Potentia, und CellF<\/p>\n","protected":false},"featured_media":2293,"template":"","meta":{"_acf_changed":false,"_links_to":"","_links_to_target":""},"categories":[82],"tags":[],"class_list":["post-3486","event","type-event","status-publish","has-post-thumbnail","hentry","category-talk-de"],"acf":[],"yoast_head":"<!-- This site is optimized with the Yoast SEO plugin v26.2 - https:\/\/yoast.com\/wordpress\/plugins\/seo\/ -->\n<title>Guy Ben-Ary - Art Laboratory Berlin<\/title>\n<meta name=\"robots\" content=\"index, follow, max-snippet:-1, max-image-preview:large, max-video-preview:-1\" \/>\n<link rel=\"canonical\" href=\"https:\/\/artlaboratory-berlin.org\/de\/veranstaltungen\/guy-ben-ary\/\" \/>\n<meta property=\"og:locale\" content=\"de_DE\" \/>\n<meta property=\"og:type\" content=\"article\" \/>\n<meta property=\"og:title\" content=\"Guy Ben-Ary - Art Laboratory Berlin\" \/>\n<meta property=\"og:description\" content=\"In seinem Gespr\u00e4ch wird Guy Ben-Ary einige der Methoden und Theorien vorstellen, die f\u00fcr seine k\u00fcnstlerische Praxis grundlegend sind, und beispielhaft vier seiner gro\u00dfen Projekte der letzten zehn Jahre erl\u00e4utern: MEART, The Silent Barrage, In-Potentia, und CellF\" \/>\n<meta property=\"og:url\" content=\"https:\/\/artlaboratory-berlin.org\/de\/veranstaltungen\/guy-ben-ary\/\" \/>\n<meta property=\"og:site_name\" content=\"Art Laboratory Berlin\" \/>\n<meta property=\"article:publisher\" content=\"https:\/\/www.facebook.com\/ArtLaboratoryBerlin\/\" \/>\n<meta property=\"article:modified_time\" content=\"2021-12-30T21:24:18+00:00\" \/>\n<meta property=\"og:image\" content=\"https:\/\/artlaboratory-berlin.org\/wp-content\/uploads\/2021\/04\/SL_ALB_IMG_0888.jpg\" \/>\n\t<meta property=\"og:image:width\" content=\"2000\" \/>\n\t<meta property=\"og:image:height\" content=\"1333\" \/>\n\t<meta property=\"og:image:type\" content=\"image\/jpeg\" \/>\n<meta name=\"twitter:card\" content=\"summary_large_image\" \/>\n<meta name=\"twitter:site\" content=\"@artlaboratoryb\" \/>\n<meta name=\"twitter:label1\" content=\"Gesch\u00e4tzte Lesezeit\" \/>\n\t<meta name=\"twitter:data1\" content=\"2\u00a0Minuten\" \/>\n<!-- \/ Yoast SEO plugin. -->","yoast_head_json":{"title":"Guy Ben-Ary - Art Laboratory Berlin","robots":{"index":"index","follow":"follow","max-snippet":"max-snippet:-1","max-image-preview":"max-image-preview:large","max-video-preview":"max-video-preview:-1"},"canonical":"https:\/\/artlaboratory-berlin.org\/de\/veranstaltungen\/guy-ben-ary\/","og_locale":"de_DE","og_type":"article","og_title":"Guy Ben-Ary - Art Laboratory Berlin","og_description":"In seinem Gespr\u00e4ch wird Guy Ben-Ary einige der Methoden und Theorien vorstellen, die f\u00fcr seine k\u00fcnstlerische Praxis grundlegend sind, und beispielhaft vier seiner gro\u00dfen Projekte der letzten zehn Jahre erl\u00e4utern: MEART, The Silent Barrage, In-Potentia, und CellF","og_url":"https:\/\/artlaboratory-berlin.org\/de\/veranstaltungen\/guy-ben-ary\/","og_site_name":"Art Laboratory Berlin","article_publisher":"https:\/\/www.facebook.com\/ArtLaboratoryBerlin\/","article_modified_time":"2021-12-30T21:24:18+00:00","og_image":[{"width":2000,"height":1333,"url":"https:\/\/artlaboratory-berlin.org\/wp-content\/uploads\/2021\/04\/SL_ALB_IMG_0888.jpg","type":"image\/jpeg"}],"twitter_card":"summary_large_image","twitter_site":"@artlaboratoryb","twitter_misc":{"Gesch\u00e4tzte Lesezeit":"2\u00a0Minuten"},"schema":{"@context":"https:\/\/schema.org","@graph":[{"@type":"WebPage","@id":"https:\/\/artlaboratory-berlin.org\/de\/veranstaltungen\/guy-ben-ary\/","url":"https:\/\/artlaboratory-berlin.org\/de\/veranstaltungen\/guy-ben-ary\/","name":"Guy Ben-Ary - Art Laboratory Berlin","isPartOf":{"@id":"https:\/\/artlaboratory-berlin.org\/#website"},"primaryImageOfPage":{"@id":"https:\/\/artlaboratory-berlin.org\/de\/veranstaltungen\/guy-ben-ary\/#primaryimage"},"image":{"@id":"https:\/\/artlaboratory-berlin.org\/de\/veranstaltungen\/guy-ben-ary\/#primaryimage"},"thumbnailUrl":"https:\/\/artlaboratory-berlin.org\/wp-content\/uploads\/2021\/04\/SL_ALB_IMG_0888.jpg","datePublished":"2021-05-05T13:40:55+00:00","dateModified":"2021-12-30T21:24:18+00:00","breadcrumb":{"@id":"https:\/\/artlaboratory-berlin.org\/de\/veranstaltungen\/guy-ben-ary\/#breadcrumb"},"inLanguage":"de","potentialAction":[{"@type":"ReadAction","target":["https:\/\/artlaboratory-berlin.org\/de\/veranstaltungen\/guy-ben-ary\/"]}]},{"@type":"ImageObject","inLanguage":"de","@id":"https:\/\/artlaboratory-berlin.org\/de\/veranstaltungen\/guy-ben-ary\/#primaryimage","url":"https:\/\/artlaboratory-berlin.org\/wp-content\/uploads\/2021\/04\/SL_ALB_IMG_0888.jpg","contentUrl":"https:\/\/artlaboratory-berlin.org\/wp-content\/uploads\/2021\/04\/SL_ALB_IMG_0888.jpg","width":2000,"height":1333,"caption":"Photo von Guy Ben-Ary"},{"@type":"BreadcrumbList","@id":"https:\/\/artlaboratory-berlin.org\/de\/veranstaltungen\/guy-ben-ary\/#breadcrumb","itemListElement":[{"@type":"ListItem","position":1,"name":"Home","item":"https:\/\/artlaboratory-berlin.org\/de\/"},{"@type":"ListItem","position":2,"name":"Events","item":"https:\/\/artlaboratory-berlin.org\/events\/"},{"@type":"ListItem","position":3,"name":"Guy Ben-Ary"}]},{"@type":"WebSite","@id":"https:\/\/artlaboratory-berlin.org\/#website","url":"https:\/\/artlaboratory-berlin.org\/","name":"Art Laboratory Berlin","description":"","publisher":{"@id":"https:\/\/artlaboratory-berlin.org\/#organization"},"potentialAction":[{"@type":"SearchAction","target":{"@type":"EntryPoint","urlTemplate":"https:\/\/artlaboratory-berlin.org\/?s={search_term_string}"},"query-input":{"@type":"PropertyValueSpecification","valueRequired":true,"valueName":"search_term_string"}}],"inLanguage":"de"},{"@type":"Organization","@id":"https:\/\/artlaboratory-berlin.org\/#organization","name":"Art Laboratory Berlin","url":"https:\/\/artlaboratory-berlin.org\/","logo":{"@type":"ImageObject","inLanguage":"de","@id":"https:\/\/artlaboratory-berlin.org\/#\/schema\/logo\/image\/","url":"https:\/\/artlaboratory-berlin.org\/wp-content\/uploads\/2021\/05\/logo-alb.png","contentUrl":"https:\/\/artlaboratory-berlin.org\/wp-content\/uploads\/2021\/05\/logo-alb.png","width":800,"height":515,"caption":"Art Laboratory Berlin"},"image":{"@id":"https:\/\/artlaboratory-berlin.org\/#\/schema\/logo\/image\/"},"sameAs":["https:\/\/www.facebook.com\/ArtLaboratoryBerlin\/","https:\/\/x.com\/artlaboratoryb","https:\/\/www.instagram.com\/artlaboratoryberlin","https:\/\/www.youtube.com\/c\/ArtLaboratoryBerlin\/videos"]}]}},"_links":{"self":[{"href":"https:\/\/artlaboratory-berlin.org\/de\/wp-json\/wp\/v2\/event\/3486","targetHints":{"allow":["GET"]}}],"collection":[{"href":"https:\/\/artlaboratory-berlin.org\/de\/wp-json\/wp\/v2\/event"}],"about":[{"href":"https:\/\/artlaboratory-berlin.org\/de\/wp-json\/wp\/v2\/types\/event"}],"version-history":[{"count":0,"href":"https:\/\/artlaboratory-berlin.org\/de\/wp-json\/wp\/v2\/event\/3486\/revisions"}],"wp:featuredmedia":[{"embeddable":true,"href":"https:\/\/artlaboratory-berlin.org\/de\/wp-json\/wp\/v2\/media\/2293"}],"wp:attachment":[{"href":"https:\/\/artlaboratory-berlin.org\/de\/wp-json\/wp\/v2\/media?parent=3486"}],"wp:term":[{"taxonomy":"category","embeddable":true,"href":"https:\/\/artlaboratory-berlin.org\/de\/wp-json\/wp\/v2\/categories?post=3486"},{"taxonomy":"post_tag","embeddable":true,"href":"https:\/\/artlaboratory-berlin.org\/de\/wp-json\/wp\/v2\/tags?post=3486"}],"curies":[{"name":"wp","href":"https:\/\/api.w.org\/{rel}","templated":true}]}}