{"id":3475,"date":"2021-05-05T13:07:54","date_gmt":"2021-05-05T13:07:54","guid":{"rendered":"https:\/\/artlaboratory-berlin.org\/wp\/?post_type=event&#038;p=3475"},"modified":"2021-12-30T21:24:40","modified_gmt":"2021-12-30T21:24:40","slug":"cellf","status":"publish","type":"event","link":"https:\/\/artlaboratory-berlin.org\/de\/veranstaltungen\/cellf\/","title":{"rendered":"Cellf"},"content":{"rendered":"\n<h2 class=\"subheading wp-block-heading\">Technosph\u00e4renkl\u00e4nge #3<\/h2>\n\n\n\n<h3 class=\"names wp-block-heading\">Guy Ben-Ary <\/h3>\n\n\n\t\t<div class=\"media-box\">\n\t\t\t\t\t\t<div class=\"img-box full\">\n\t\t\t    <img decoding=\"async\" src=\"https:\/\/artlaboratory-berlin.org\/wp-content\/uploads\/2021\/04\/SL_DSC_0084.jpg\" alt=\"\" \/>\n\t\t\t<\/div>\n\t\t\t<p class=\"wp-caption caption\"><em>cellF<\/em><\/p>\n\t\t\t\t\t<\/div>\n\t\t\n\n\n<div class=\"wp-block-columns main-post-content is-layout-flex wp-container-core-columns-is-layout-9d6595d7 wp-block-columns-is-layout-flex\">\n<div class=\"wp-block-column content-column is-layout-flow wp-block-column-is-layout-flow\">\n<p>Guy Ben-Ary ist K\u00fcnstler und Forscher bei Symbiotica, dem k\u00fcnstlerischen Labor an der University of Western Australia, das sich der Forschung, dem Lernen und der praktischen Auseinandersetzung mit den Lebenswissenschaften widmet. Ben-Ary, als K\u00fcnstler und Innovator in Wissenschaft und Neuen Medien international anerkannt, spezialisiert sich auf biotechnologische Kunstwerke, mit denen er unser Verst\u00e4ndnis dar\u00fcber, was lebendig ist, bereichern will. Dabei konzentriert er sich auf Tissue Engineering, Mikroskopie und biologische Bildgebung. Seine Forschung zielt auf eine Reihe grundlegender Themen ab, die den Schnittpunkt von Kunst und Wissenschaft untermauern: Leben und Tod, Kybernetik und k\u00fcnstliches Leben. Ben-Ary hat sich bei vielen seiner Arbeiten von Wissenschaft und Natur inspirieren lassen. Seine Kunstwerke nutzen Bewegung, Wachstum und biologische Daten, um technologische Aspekte der heutigen Kultur und die Wiederverwendung biologischer Materialien und Technologien zu untersuchen.<\/p>\n\n\n\n<p><em>CellF<\/em> ist ein multidisziplin\u00e4res Kunstwerk von Guy Ben-Ary, das in Zusammenarbeit mit Nathan Thompson, Andrew Fitch, Darren Moore, Stuart Hodgetts, Mike Edel und Douglas Bakkum entwickelt wurde. Es wurde 2015 in Perth uraufgef\u00fchrt. In dem Werk f\u00fchren Neuronen, die in einer Petrischale leben, Duette mit menschlichen Musikern auf: Guy Ben-Ary lie\u00df Hautzellen extrahieren und transformieren, zun\u00e4chst in pluripotente Stammzellen und dann in Neuronen. Diese wurden zu einer Kultur von 100.000 lebenden Neuronen gez\u00fcchtet. Mit Elektroden ausgekleidet, bilden diese Neuronen \u00fcber einen analogen Synthesizer, cellF, eine Ausgabe, die es ihnen erm\u00f6glicht, mit menschlichen Musikern zu &#8222;jammen&#8220;.<\/p>\n\n\n<div class=\"slider-box\">\n\t\t\t\t\t\t    <div class=\"content-slider\">\n\t\t\t            \t\t\t                <div class=\"slide\">\n\t\t\t                \t<div class=\"img-box\">\n\t\t\t                    <img decoding=\"async\" src=\"https:\/\/artlaboratory-berlin.org\/wp-content\/uploads\/2021\/04\/SL_DSC_0955.jpg\" alt=\"\" \/>\n\t\t\t                    <\/div>\n\t\t\t\t\t\t\t\t<div class=\"below-image-slide\">\n\t\t\t\t\t\t\t\t<p class=\"wp-caption caption\">Guy Ben-Ary im Labor f\u00fcr pluripotente Stammzellen am Max-Delbruck-Zentrum, Berlin, Foto: Art Laboratory Berlin<\/p>\n\t\t\t\t\t\t\t\t<\/div>\n\t\t\t                <\/div>\t\t\t\t\t\t\n\t\t\t            \t\t\t                <div class=\"slide\">\n\t\t\t                \t<div class=\"img-box\">\n\t\t\t                    <img decoding=\"async\" src=\"https:\/\/artlaboratory-berlin.org\/wp-content\/uploads\/2021\/04\/SL_DSC_0963.jpg\" alt=\"\" \/>\n\t\t\t                    <\/div>\n\t\t\t\t\t\t\t\t<div class=\"below-image-slide\">\n\t\t\t\t\t\t\t\t<p class=\"wp-caption caption\">Guy Ben-Ary im Labor f\u00fcr pluripotente Stammzellen am Max-Delbruck-Zentrum, Berlin, Foto: Art Laboratory Berlin<\/p>\n\t\t\t\t\t\t\t\t<\/div>\n\t\t\t                <\/div>\t\t\t\t\t\t\n\t\t\t            \t\t\t                <div class=\"slide\">\n\t\t\t                \t<div class=\"img-box\">\n\t\t\t                    <img decoding=\"async\" src=\"https:\/\/artlaboratory-berlin.org\/wp-content\/uploads\/2021\/04\/SL_DSC_0961.jpg\" alt=\"\" \/>\n\t\t\t                    <\/div>\n\t\t\t\t\t\t\t\t<div class=\"below-image-slide\">\n\t\t\t\t\t\t\t\t<p class=\"wp-caption caption\">Guy Ben-Ary im Labor f\u00fcr pluripotente Stammzellen am Max-Delbruck-Zentrum, Berlin, Foto: Art Laboratory Berlin<\/p>\n\t\t\t\t\t\t\t\t<\/div>\n\t\t\t                <\/div>\t\t\t\t\t\t\n\t\t\t            \t\t\t                <div class=\"slide\">\n\t\t\t                \t<div class=\"img-box\">\n\t\t\t                    <img decoding=\"async\" src=\"https:\/\/artlaboratory-berlin.org\/wp-content\/uploads\/2021\/04\/SL_DSC_0990.jpg\" alt=\"\" \/>\n\t\t\t                    <\/div>\n\t\t\t\t\t\t\t\t<div class=\"below-image-slide\">\n\t\t\t\t\t\t\t\t<p class=\"wp-caption caption\">Guy Ben-Ary im Labor f\u00fcr pluripotente Stammzellen am Max-Delbruck-Zentrum, Berlin, Foto: Art Laboratory Berlin<\/p>\n\t\t\t\t\t\t\t\t<\/div>\n\t\t\t                <\/div>\t\t\t\t\t\t\n\t\t\t            \t\t\t    <\/div>\n\t\t\t\t\t\t<\/div>\n\t\n\t\t\n\n\n<p><em>CellF<\/em>, a neural synthesizer,<em> <\/em>performed with Schneider TM (<a href=\"https:\/\/www.hkw.de\/en\/programm\/projekte\/veranstaltung\/p_131637.php\">12<\/a><a rel=\"noreferrer noopener\" href=\"https:\/\/www.hkw.de\/en\/programm\/projekte\/veranstaltung\/p_131637.php\" target=\"_blank\"> May<\/a>) and Stine Janvin (<a rel=\"noreferrer noopener\" href=\"https:\/\/www.hkw.de\/en\/programm\/projekte\/veranstaltung\/p_131641.php\" target=\"_blank\">13 May<\/a>) as part of Technosph\u00e4renkl\u00e4nge #3 at HKW<br>12-13 May, 2017<\/p>\n\n\n\n<p>Die dritte Auflage der Technosph\u00e4renkl\u00e4nge, die vom Haus der Kulturen der Welt in Zusammenarbeit mit dem CTM Festival produziert wird, pr\u00e4sentiert musikalische Projekte an der Grenze zu Kunst und Wissenschaft. Drei Projekte &#8211; der weltweit erste neuronale Synthesizer, der mit menschlichen Musikern spielt; Wassertropfen, die durch Schallwellen schweben und geformt werden; und die Kopplung von Raumklang mit hochenergetischen Lasern &#8211; machen aktuelle Vorstellungen von Materialit\u00e4t greifbar und reflektieren grunds\u00e4tzlich die Beziehung zwischen Natur, Technik und menschlichem Bewusstsein. Alle drei Projekte erfordern intensive Forschung und st\u00e4ndige Zusammenarbeit zwischen den K\u00fcnstlern, Naturwissenschaftlern und Technologen. Am darauffolgenden Tag werden Vortr\u00e4ge und Gespr\u00e4che, die gemeinsam mit Art Laboratory Berlin veranstaltet werden, die Forschung und die Wissenschaft hinter den Auff\u00fchrungen erl\u00e4utern und die gesellschaftlichen Auswirkungen der Werke diskutieren.<br><br><br><br><\/p>\n\n\n<div class=\"slider-box\">\n\t\t\t\t\t\t    <div class=\"content-slider\">\n\t\t\t            \t\t\t                <div class=\"slide\">\n\t\t\t                \t<div class=\"img-box\">\n\t\t\t                    <img decoding=\"async\" src=\"https:\/\/artlaboratory-berlin.org\/wp-content\/uploads\/2021\/04\/SL_DSC_0013.jpg\" alt=\"\" \/>\n\t\t\t                    <\/div>\n\t\t\t\t\t\t\t\t<div class=\"below-image-slide\">\n\t\t\t\t\t\t\t\t<p class=\"wp-caption caption\">Guy Ben-Ary, <em>cellF<\/em>, HKW, Berlin 2017, Foto: Art Laboratory Berlin<\/p>\n\t\t\t\t\t\t\t\t<\/div>\n\t\t\t                <\/div>\t\t\t\t\t\t\n\t\t\t            \t\t\t                <div class=\"slide\">\n\t\t\t                \t<div class=\"img-box\">\n\t\t\t                    <img decoding=\"async\" src=\"https:\/\/artlaboratory-berlin.org\/wp-content\/uploads\/2021\/04\/SL_DSC_0010.jpg\" alt=\"\" \/>\n\t\t\t                    <\/div>\n\t\t\t\t\t\t\t\t<div class=\"below-image-slide\">\n\t\t\t\t\t\t\t\t<p class=\"wp-caption caption\">Guy Ben-Ary, <em>cellF<\/em>  mit Schneider TM, HKW, Berlin 2017, Foto:  Art Laboratory Berlin<\/p>\n\t\t\t\t\t\t\t\t<\/div>\n\t\t\t                <\/div>\t\t\t\t\t\t\n\t\t\t            \t\t\t                <div class=\"slide\">\n\t\t\t                \t<div class=\"img-box\">\n\t\t\t                    <img decoding=\"async\" src=\"https:\/\/artlaboratory-berlin.org\/wp-content\/uploads\/2021\/04\/SL_DSC_0031.jpg\" alt=\"\" \/>\n\t\t\t                    <\/div>\n\t\t\t\t\t\t\t\t<div class=\"below-image-slide\">\n\t\t\t\t\t\t\t\t<p class=\"wp-caption caption\">Guy Ben-Ary, <em>cellF<\/em> Performance mit Schneider TM, HKW Berlin 2017, Foto:  Art Laboratory Berlin<\/p>\n\t\t\t\t\t\t\t\t<\/div>\n\t\t\t                <\/div>\t\t\t\t\t\t\n\t\t\t            \t\t\t                <div class=\"slide\">\n\t\t\t                \t<div class=\"img-box\">\n\t\t\t                    <img decoding=\"async\" src=\"https:\/\/artlaboratory-berlin.org\/wp-content\/uploads\/2021\/04\/SL_DSC_0022.jpg\" alt=\"\" \/>\n\t\t\t                    <\/div>\n\t\t\t\t\t\t\t\t<div class=\"below-image-slide\">\n\t\t\t\t\t\t\t\t<p class=\"wp-caption caption\">Guy Ben-Ary, <em>cellF<\/em> Performance mit Schneider TM, HKW Berlin 2017, Foto:  Art Laboratory Berlin<\/p>\n\t\t\t\t\t\t\t\t<\/div>\n\t\t\t                <\/div>\t\t\t\t\t\t\n\t\t\t            \t\t\t                <div class=\"slide\">\n\t\t\t                \t<div class=\"img-box\">\n\t\t\t                    <img decoding=\"async\" src=\"https:\/\/artlaboratory-berlin.org\/wp-content\/uploads\/2021\/04\/SL_DSC_0061.jpg\" alt=\"\" \/>\n\t\t\t                    <\/div>\n\t\t\t\t\t\t\t\t<div class=\"below-image-slide\">\n\t\t\t\t\t\t\t\t<p class=\"wp-caption caption\">Panel mit Guy Ben-Ary, Nathan Thompson, Schneider TM, Moderator: Christian de Lutz, HKW Berlin 2017, Foto:  Art Laboratory Berlin<\/p>\n\t\t\t\t\t\t\t\t<\/div>\n\t\t\t                <\/div>\t\t\t\t\t\t\n\t\t\t            \t\t\t                <div class=\"slide\">\n\t\t\t                \t<div class=\"img-box\">\n\t\t\t                    <img decoding=\"async\" src=\"https:\/\/artlaboratory-berlin.org\/wp-content\/uploads\/2021\/04\/SL_DSC_0063.jpg\" alt=\"\" \/>\n\t\t\t                    <\/div>\n\t\t\t\t\t\t\t\t<div class=\"below-image-slide\">\n\t\t\t\t\t\t\t\t<p class=\"wp-caption caption\">Panel mit Guy Ben-Ary, Nathan Thompson, Schneider TM, Moderator: Christian de Lutz, HKW Berlin 2017, Foto:  Art Laboratory Berlin<\/p>\n\t\t\t\t\t\t\t\t<\/div>\n\t\t\t                <\/div>\t\t\t\t\t\t\n\t\t\t            \t\t\t                <div class=\"slide\">\n\t\t\t                \t<div class=\"img-box\">\n\t\t\t                    <img decoding=\"async\" src=\"https:\/\/artlaboratory-berlin.org\/wp-content\/uploads\/2021\/04\/SL_DSC_0086.jpg\" alt=\"\" \/>\n\t\t\t                    <\/div>\n\t\t\t\t\t\t\t\t<div class=\"below-image-slide\">\n\t\t\t\t\t\t\t\t<p class=\"wp-caption caption\">Guy Ben-Ary, <em>cellF<\/em> Performance mit Stine Janvin Motland, HKW Berlin 2017, Foto:  Art Laboratory Berlin<\/p>\n\t\t\t\t\t\t\t\t<\/div>\n\t\t\t                <\/div>\t\t\t\t\t\t\n\t\t\t            \t\t\t                <div class=\"slide\">\n\t\t\t                \t<div class=\"img-box\">\n\t\t\t                    <img decoding=\"async\" src=\"https:\/\/artlaboratory-berlin.org\/wp-content\/uploads\/2021\/04\/SL_DSC_0089.jpg\" alt=\"\" \/>\n\t\t\t                    <\/div>\n\t\t\t\t\t\t\t\t<div class=\"below-image-slide\">\n\t\t\t\t\t\t\t\t<p class=\"wp-caption caption\">Guy Ben-Ary, <em>cellF<\/em> Performance mit Stine Janvin Motland, HKW Berlin 2017, Foto:  Art Laboratory Berlin<\/p>\n\t\t\t\t\t\t\t\t<\/div>\n\t\t\t                <\/div>\t\t\t\t\t\t\n\t\t\t            \t\t\t    <\/div>\n\t\t\t\t\t\t<\/div>\n\t\n\t\t\n\n\n<p><strong>Haus der Kulturen der Welt (HKW)<\/strong> <br>John-Foster-Dulles-Allee 10, 10557 Berlin<br><br><strong>12 May 2017 &#8211; CONCERTS<\/strong><br>19:00 CELLF in performance mit Schneider TM<br><a rel=\"noreferrer noopener\" href=\"https:\/\/soundcloud.com\/ctm-festival\/technospharenklange-3-cellf-with-schneider-tm\" target=\"_blank\">Link to recording on Soundcloud<\/a><br>20:00 FORCE FIELD von Evelina Domnitch &amp; Dmitry Gelfand<br>21:00 LUMI\u00c8RE III von Robert Henke<\/p>\n\n\n\n<p><strong>13 May 2017 \u2013 TALKS &amp; CONCERTS<\/strong><br>15:00\u201318:00 VORTR\u00c4GE &amp; DISKUSSION mit Guy Ben-Ary, Nathan Thompson, Evelina Domnitch &amp; Dmitry Gelfand, Robert Henke. Moderiert von Christian de Lutz (Art Laboratory Berlin)<br><a rel=\"noreferrer noopener\" href=\"https:\/\/soundcloud.com\/ctm-festival\/technospharenklange-3-panel-with-guy-ben-ary-nathan-thompson-schneider-tm\" target=\"_blank\">Panel with Guy Ben-Ary, Nathan Thompson and Schneider TM on SoundCloud<\/a><br>18:00 CELLF in performance mit St\u00edne Janvin<br>Link zur Aufzeichnung: <\/p>\n\n\n\n<p><a href=\"https:\/\/journal.hkw.de\/en\/music-from-the-petri-dish\/\" target=\"_blank\" rel=\"noreferrer noopener\">100 Years of Now Journal. Technologies Music from the Petri dish. Interview with Guy Ben_ary by Christian de Lutz<\/a><\/p>\n<\/div>\n\n\n\n<div class=\"wp-block-column info-sidebar is-layout-flow wp-block-column-is-layout-flow\">\n<!-- Simple Share Buttons Adder (8.5.3) simplesharebuttons.com --><div class=\"ssba-modern-2 ssba ssbp-wrap alignleft ssbp--theme-2\"><div style=\"text-align:left\"><span class=\"ssba-share-text\">Share<\/span><br\/><ul class=\"ssbp-list\"><li class='ssbp-li--facebook'><a data-site=\"facebook\" class=\"ssba_facebook_share ssba_share_link ssbp-facebook ssbp-btn\" href=\"https:\/\/www.facebook.com\/sharer.php?t=Cellf&u=https:\/\/artlaboratory-berlin.org\/de\/wp-json\/wp\/v2\/event\/3475\"  target=_blank  style=\"color:#4267B2; background-color: #4267B2; height: 24px; width: 24px; background: #000000;\" ><span><svg xmlns=\"http:\/\/www.w3.org\/2000\/svg\" fill=\"#fff\" preserveAspectRatio=\"xMidYMid meet\" height=\"1em\" width=\"1em\" viewBox=\"0 0 40 40\">\n  <g>\n    <path d=\"m21.7 16.7h5v5h-5v11.6h-5v-11.6h-5v-5h5v-2.1c0-2 0.6-4.5 1.8-5.9 1.3-1.3 2.8-2 4.7-2h3.5v5h-3.5c-0.9 0-1.5 0.6-1.5 1.5v3.5z\"><\/path>\n  <\/g>\n<\/svg>\n\n<\/span><span class=\"color-icon\"><svg xmlns=\"http:\/\/www.w3.org\/2000\/svg\" width=\"16\" height=\"28\" viewBox=\"0 0 16 28\">\n  <path fill=\"#3B5998\" d=\"M10.7,10.7 L15.7,10.7 L15.7,15.7 L10.7,15.7 L10.7,27.3 L5.7,27.3 L5.7,15.7 L0.7,15.7 L0.7,10.7 L5.7,10.7 L5.7,8.6 C5.7,6.6 6.3,4.1 7.5,2.7 C8.8,1.4 10.3,0.7 12.2,0.7 L15.7,0.7 L15.7,5.7 L12.2,5.7 C11.3,5.7 10.7,6.3 10.7,7.2 L10.7,10.7 Z\"\/>\n<\/svg>\n<\/span><div title=\"Facebook\" class=\"ssbp-text\">Facebook<\/div><\/a><\/li><li class='ssbp-li--email'><a data-site=\"email\" class=\"ssba_email_share ssba_share_link ssbp-email ssbp-btn\" href=\"mailto:?subject=Cellf&body=https:\/\/artlaboratory-berlin.org\/de\/wp-json\/wp\/v2\/event\/3475\"  target=_blank  style=\"color:#7d7d7d; background-color: #7d7d7d; height: 24px; width: 24px; background: #000000;\" ><span><svg xmlns=\"http:\/\/www.w3.org\/2000\/svg\" fill=\"#fff\" preserveAspectRatio=\"xMidYMid meet\" height=\"1em\" width=\"1em\" viewBox=\"0 0 40 40\">\n  <g>\n    <path d=\"m33.4 13.4v-3.4l-13.4 8.4-13.4-8.4v3.4l13.4 8.2z m0-6.8q1.3 0 2.3 1.1t0.9 2.3v20q0 1.3-0.9 2.3t-2.3 1.1h-26.8q-1.3 0-2.3-1.1t-0.9-2.3v-20q0-1.3 0.9-2.3t2.3-1.1h26.8z\"><\/path>\n  <\/g>\n<\/svg>\n\n<\/span><span class=\"color-icon\"><svg xmlns=\"http:\/\/www.w3.org\/2000\/svg\" width=\"34\" height=\"28\" viewBox=\"0 0 34 28\">\n  <path fill=\"#7D7D7D\" d=\"M30.4,7.4 L30.4,4 L17,12.4 L3.6,4 L3.6,7.4 L17,15.6 L30.4,7.4 Z M30.4,0.6 C31.2666667,0.6 32.0333333,0.966666667 32.7,1.7 C33.3666667,2.43333333 33.6666667,3.2 33.6,4 L33.6,24 C33.6,24.8666667 33.3,25.6333333 32.7,26.3 C32.1,26.9666667 31.3333333,27.3333333 30.4,27.4 L3.6,27.4 C2.73333333,27.4 1.96666667,27.0333333 1.3,26.3 C0.633333333,25.5666667 0.333333333,24.8 0.4,24 L0.4,4 C0.4,3.13333333 0.7,2.36666667 1.3,1.7 C1.9,1.03333333 2.66666667,0.666666667 3.6,0.6 L30.4,0.6 Z\"\/>\n<\/svg>\n<\/span><div title=\"Email\" class=\"ssbp-text\">Email<\/div><\/a><\/li><\/ul><\/div><\/div>\n\n\n\n<h4 class=\"wp-block-heading\">Ort<\/h4>\n\n\n\n<p><strong>Haus der Kulturen der Welt (HKW)<\/strong> John-Foster-Dulles-Allee 10, 10557 Berlin<\/p>\n\n\n\n<h4 class=\"wp-block-heading\">Datum und Zeit<\/h4>\n\n\n\n<p>12. &#8211; 13. Mai 2017<\/p>\n\n\n\n<h4 class=\"wp-block-heading\">Kuratiert von <\/h4>\n\n\n\n<p>Jan Rohlf \/ CTM<\/p>\n\n\n\n<h4 class=\"wp-block-heading\">ART SCIENCE Berater:in<\/h4>\n\n\n\n<p>Regine Rapp &amp; Christian de Lutz<\/p>\n\n\n\n<h4 class=\"wp-block-heading\">Fotodokumentation<\/h4>\n\n\n\n<p>Art Laboratory Berlin<\/p>\n\n\n\n<h4 class=\"wp-block-heading\">Kooperationspartner:innen<\/h4>\n\n\n\n<p><em>Die Reihe &#8222;Technosph\u00e4renkl\u00e4nge&#8220; ist im HKW in Kooperation mit dem Berliner CTM-Festival zu sehen und wird im Rahmen von <a class=\"\" href=\"https:\/\/www.hkw.de\/en\/programm\/projekte\/2015\/100_jahre_gegenwart\/100_jahre_gegenwart_start.php\">100 Years of Now<\/a>.<\/em><\/p>\n\n\n\n<figure class=\"wp-block-image size-large is-resized\"><img loading=\"lazy\" decoding=\"async\" src=\"https:\/\/artlaboratory-berlin.org\/wp-content\/uploads\/2021\/04\/Logo-CellF.jpg\" alt=\"\" class=\"wp-image-2310\" width=\"255\" height=\"35\" srcset=\"https:\/\/artlaboratory-berlin.org\/wp-content\/uploads\/2021\/04\/Logo-CellF.jpg 700w, https:\/\/artlaboratory-berlin.org\/wp-content\/uploads\/2021\/04\/Logo-CellF-300x42.jpg 300w, https:\/\/artlaboratory-berlin.org\/wp-content\/uploads\/2021\/04\/Logo-CellF-580x81.jpg 580w\" sizes=\"auto, (max-width: 255px) 100vw, 255px\" \/><\/figure>\n\n\n\n<p><em>Cellf <\/em>wurde in Zusammenarbeit mit Nathan Thompson, Andrew Fitch, Darren Moore, Douglas Bakkum und Mike Edel erstellt. Besonderen Dank an Sebastian Diecke f\u00fcr die gro\u00dfz\u00fcgige Nutzung und Unterst\u00fctzung seines Labors am Max-Delbruck-Zentrum, Berlin<\/p>\n\n\n\n<h4 class=\"wp-block-heading\">Unterst\u00fctzt von<\/h4>\n\n\n\n<p>Haus der Kulturen der Welt<\/p>\n\n\n<\/div>\n<\/div>\n\n\n\n<p class=\"has-normal-font-size\"><a rel=\"noreferrer noopener\" href=\"http:\/\/guybenary.com\/work\/cellf\/\" target=\"_blank\">http:\/\/guybenary.com\/work\/cellf\/<\/a><br><br><\/p>\n\n\n\n<p><\/p>\n\n\n\n<h3 class=\"wp-block-heading\"><br>Presse Feedback<\/h3>\n\n\n\n<p class=\"is-style-default\"><br><a rel=\"noreferrer noopener\" href=\"https:\/\/www.mdc-berlin.de\/news\/news\/well-tempered-neuron\" target=\"_blank\"><em>The Well-Tempered Neuron<\/em> in MDC Insights (Max Delbr\u00fcck Center for Molecular Medicine) von Martin Ballaschk publiziert am 30.05.2017<\/a><br><\/p>\n\n\n\n<p><a rel=\"noreferrer noopener\" href=\"http:\/\/cdm.link\/2017\/05\/cybernetic-synth-contains-brain-grown-inventors-cells\/\" target=\"_blank\"><em>This cybernetic synth contains a brain grown from the inventor\u2019s cells,<\/em> in cdm, von Peter Kim publiziert am 8.05.2017<\/a> <br><\/p>\n\n\n\n<div class=\"wp-block-columns related bg-black is-layout-flex wp-container-core-columns-is-layout-9d6595d7 wp-block-columns-is-layout-flex\">\n<div class=\"wp-block-column container is-layout-flow wp-block-column-is-layout-flow\">\n<h2 class=\"wp-block-heading\">Im Kontext<\/h2>\n\n\n\n<div class=\"wp-block-columns is-layout-flex wp-container-core-columns-is-layout-9d6595d7 wp-block-columns-is-layout-flex\">\n<div class=\"wp-block-column is-layout-flow wp-block-column-is-layout-flow\">            <div class=\"post-block\">\n                <a href=\"https:\/\/artlaboratory-berlin.org\/de\/veranstaltungen\/guy-ben-ary\/\" rel=\"bookmark\" class=\"img-box h-100\" title=\"Cellf\">\n                <img loading=\"lazy\" decoding=\"async\" width=\"551\" height=\"358\" src=\"https:\/\/artlaboratory-berlin.org\/wp-content\/uploads\/2021\/04\/SL_ALB_IMG_0888-551x358.jpg\" class=\"img-fluid wp-post-image\" alt=\"\" \/>  <img decoding=\"async\" src=\"https:\/\/artlaboratory-berlin.org\/wp-content\/uploads\/2021\/04\/SL_ALB_IMG_0877-551x358.jpg\" alt=\"\" class=\"img-fluid second-thumb\">\n<\/a>\t\t\n<header class=\"entry-header article-header\">\n              <a class=\"meta-info event\" href=\"https:\/\/artlaboratory-berlin.org\/de\/veranstaltungen\/\">\n                                Veranstaltung                                <\/a><span class=\"cat\"> \n    Talk<\/span>\n\n                   <h3 class=\"h2 entry-title mt-2\">\n                       <a href=\"https:\/\/artlaboratory-berlin.org\/de\/veranstaltungen\/guy-ben-ary\/\">Guy Ben-Ary<\/a>\n                    <\/h3> \n                    <ol class=\"post-subheadings\"><li class=\"heading-level-3\">Artist Talk<\/li><\/ol>\t                <span class=\"info-line-preview\">5. Mai 2017<\/span>\n                  <\/header>  \n                    <p>In seinem Gespr\u00e4ch wird Guy Ben-Ary einige der Methoden und Theorien vorstellen, die f\u00fcr seine k\u00fcnstlerische Praxis grundlegend sind, und beispielhaft vier seiner gro\u00dfen Projekte der letzten zehn Jahre erl\u00e4utern: MEART, The Silent Barrage, In-Potentia, und CellF<\/p>\n                    <a href=\"https:\/\/artlaboratory-berlin.org\/de\/veranstaltungen\/guy-ben-ary\/\" class=\"read-more\" rel=\"bookmark\" title=\"Cellf\">\n                    Mehr lesen<\/a>\n<\/div><\/div>\n\n\n\n<div class=\"wp-block-column is-layout-flow wp-block-column-is-layout-flow\"><\/div>\n<\/div>\n<\/div>\n<\/div>\n","protected":false},"excerpt":{"rendered":"<p>In der Arbeit cellF f\u00fchren menschliche Neuronen, die in einer Petrischale leben, Duette mit menschlichen Musikern auf:  Eine Petrischale mit 100.000 lebenden Neuronen, die mit Elektroden belegt sind, bilden \u00fcber einen analogen Synthesizer, cellF, eine Ausgabe, die es ihnen erm\u00f6glicht, mit menschlichen Musikern zu &#8222;jammen&#8220;.<\/p>\n","protected":false},"featured_media":2327,"template":"","meta":{"_acf_changed":false,"_links_to":"","_links_to_target":""},"categories":[78,82],"tags":[],"class_list":["post-3475","event","type-event","status-publish","has-post-thumbnail","hentry","category-performance-de","category-talk-de"],"acf":[],"yoast_head":"<!-- This site is optimized with the Yoast SEO plugin v26.2 - https:\/\/yoast.com\/wordpress\/plugins\/seo\/ -->\n<title>Cellf - Art Laboratory Berlin<\/title>\n<meta name=\"robots\" content=\"index, follow, max-snippet:-1, max-image-preview:large, max-video-preview:-1\" \/>\n<link rel=\"canonical\" href=\"https:\/\/artlaboratory-berlin.org\/de\/veranstaltungen\/cellf\/\" \/>\n<meta property=\"og:locale\" content=\"de_DE\" \/>\n<meta property=\"og:type\" content=\"article\" \/>\n<meta property=\"og:title\" content=\"Cellf - Art Laboratory Berlin\" \/>\n<meta property=\"og:description\" content=\"In der Arbeit cellF f\u00fchren menschliche Neuronen, die in einer Petrischale leben, Duette mit menschlichen Musikern auf: Eine Petrischale mit 100.000 lebenden Neuronen, die mit Elektroden belegt sind, bilden \u00fcber einen analogen Synthesizer, cellF, eine Ausgabe, die es ihnen erm\u00f6glicht, mit menschlichen Musikern zu &quot;jammen&quot;.\" \/>\n<meta property=\"og:url\" content=\"https:\/\/artlaboratory-berlin.org\/de\/veranstaltungen\/cellf\/\" \/>\n<meta property=\"og:site_name\" content=\"Art Laboratory Berlin\" \/>\n<meta property=\"article:publisher\" content=\"https:\/\/www.facebook.com\/ArtLaboratoryBerlin\/\" \/>\n<meta property=\"article:modified_time\" content=\"2021-12-30T21:24:40+00:00\" \/>\n<meta property=\"og:image\" content=\"https:\/\/artlaboratory-berlin.org\/wp-content\/uploads\/2021\/04\/SL_DSC_0084.jpg\" \/>\n\t<meta property=\"og:image:width\" content=\"2000\" \/>\n\t<meta property=\"og:image:height\" content=\"1333\" \/>\n\t<meta property=\"og:image:type\" content=\"image\/jpeg\" \/>\n<meta name=\"twitter:card\" content=\"summary_large_image\" \/>\n<meta name=\"twitter:site\" content=\"@artlaboratoryb\" \/>\n<meta name=\"twitter:label1\" content=\"Gesch\u00e4tzte Lesezeit\" \/>\n\t<meta name=\"twitter:data1\" content=\"3\u00a0Minuten\" \/>\n<!-- \/ Yoast SEO plugin. -->","yoast_head_json":{"title":"Cellf - Art Laboratory Berlin","robots":{"index":"index","follow":"follow","max-snippet":"max-snippet:-1","max-image-preview":"max-image-preview:large","max-video-preview":"max-video-preview:-1"},"canonical":"https:\/\/artlaboratory-berlin.org\/de\/veranstaltungen\/cellf\/","og_locale":"de_DE","og_type":"article","og_title":"Cellf - Art Laboratory Berlin","og_description":"In der Arbeit cellF f\u00fchren menschliche Neuronen, die in einer Petrischale leben, Duette mit menschlichen Musikern auf: Eine Petrischale mit 100.000 lebenden Neuronen, die mit Elektroden belegt sind, bilden \u00fcber einen analogen Synthesizer, cellF, eine Ausgabe, die es ihnen erm\u00f6glicht, mit menschlichen Musikern zu \"jammen\".","og_url":"https:\/\/artlaboratory-berlin.org\/de\/veranstaltungen\/cellf\/","og_site_name":"Art Laboratory Berlin","article_publisher":"https:\/\/www.facebook.com\/ArtLaboratoryBerlin\/","article_modified_time":"2021-12-30T21:24:40+00:00","og_image":[{"width":2000,"height":1333,"url":"https:\/\/artlaboratory-berlin.org\/wp-content\/uploads\/2021\/04\/SL_DSC_0084.jpg","type":"image\/jpeg"}],"twitter_card":"summary_large_image","twitter_site":"@artlaboratoryb","twitter_misc":{"Gesch\u00e4tzte Lesezeit":"3\u00a0Minuten"},"schema":{"@context":"https:\/\/schema.org","@graph":[{"@type":"WebPage","@id":"https:\/\/artlaboratory-berlin.org\/de\/veranstaltungen\/cellf\/","url":"https:\/\/artlaboratory-berlin.org\/de\/veranstaltungen\/cellf\/","name":"Cellf - Art Laboratory Berlin","isPartOf":{"@id":"https:\/\/artlaboratory-berlin.org\/#website"},"primaryImageOfPage":{"@id":"https:\/\/artlaboratory-berlin.org\/de\/veranstaltungen\/cellf\/#primaryimage"},"image":{"@id":"https:\/\/artlaboratory-berlin.org\/de\/veranstaltungen\/cellf\/#primaryimage"},"thumbnailUrl":"https:\/\/artlaboratory-berlin.org\/wp-content\/uploads\/2021\/04\/SL_DSC_0084.jpg","datePublished":"2021-05-05T13:07:54+00:00","dateModified":"2021-12-30T21:24:40+00:00","breadcrumb":{"@id":"https:\/\/artlaboratory-berlin.org\/de\/veranstaltungen\/cellf\/#breadcrumb"},"inLanguage":"de","potentialAction":[{"@type":"ReadAction","target":["https:\/\/artlaboratory-berlin.org\/de\/veranstaltungen\/cellf\/"]}]},{"@type":"ImageObject","inLanguage":"de","@id":"https:\/\/artlaboratory-berlin.org\/de\/veranstaltungen\/cellf\/#primaryimage","url":"https:\/\/artlaboratory-berlin.org\/wp-content\/uploads\/2021\/04\/SL_DSC_0084.jpg","contentUrl":"https:\/\/artlaboratory-berlin.org\/wp-content\/uploads\/2021\/04\/SL_DSC_0084.jpg","width":2000,"height":1333,"caption":"cellF"},{"@type":"BreadcrumbList","@id":"https:\/\/artlaboratory-berlin.org\/de\/veranstaltungen\/cellf\/#breadcrumb","itemListElement":[{"@type":"ListItem","position":1,"name":"Home","item":"https:\/\/artlaboratory-berlin.org\/de\/home\/"},{"@type":"ListItem","position":2,"name":"Events","item":"https:\/\/artlaboratory-berlin.org\/events\/"},{"@type":"ListItem","position":3,"name":"Cellf"}]},{"@type":"WebSite","@id":"https:\/\/artlaboratory-berlin.org\/#website","url":"https:\/\/artlaboratory-berlin.org\/","name":"Art Laboratory Berlin","description":"","publisher":{"@id":"https:\/\/artlaboratory-berlin.org\/#organization"},"potentialAction":[{"@type":"SearchAction","target":{"@type":"EntryPoint","urlTemplate":"https:\/\/artlaboratory-berlin.org\/?s={search_term_string}"},"query-input":{"@type":"PropertyValueSpecification","valueRequired":true,"valueName":"search_term_string"}}],"inLanguage":"de"},{"@type":"Organization","@id":"https:\/\/artlaboratory-berlin.org\/#organization","name":"Art Laboratory Berlin","url":"https:\/\/artlaboratory-berlin.org\/","logo":{"@type":"ImageObject","inLanguage":"de","@id":"https:\/\/artlaboratory-berlin.org\/#\/schema\/logo\/image\/","url":"https:\/\/artlaboratory-berlin.org\/wp-content\/uploads\/2021\/05\/logo-alb.png","contentUrl":"https:\/\/artlaboratory-berlin.org\/wp-content\/uploads\/2021\/05\/logo-alb.png","width":800,"height":515,"caption":"Art Laboratory Berlin"},"image":{"@id":"https:\/\/artlaboratory-berlin.org\/#\/schema\/logo\/image\/"},"sameAs":["https:\/\/www.facebook.com\/ArtLaboratoryBerlin\/","https:\/\/x.com\/artlaboratoryb","https:\/\/www.instagram.com\/artlaboratoryberlin","https:\/\/www.youtube.com\/c\/ArtLaboratoryBerlin\/videos"]}]}},"_links":{"self":[{"href":"https:\/\/artlaboratory-berlin.org\/de\/wp-json\/wp\/v2\/event\/3475","targetHints":{"allow":["GET"]}}],"collection":[{"href":"https:\/\/artlaboratory-berlin.org\/de\/wp-json\/wp\/v2\/event"}],"about":[{"href":"https:\/\/artlaboratory-berlin.org\/de\/wp-json\/wp\/v2\/types\/event"}],"version-history":[{"count":0,"href":"https:\/\/artlaboratory-berlin.org\/de\/wp-json\/wp\/v2\/event\/3475\/revisions"}],"wp:featuredmedia":[{"embeddable":true,"href":"https:\/\/artlaboratory-berlin.org\/de\/wp-json\/wp\/v2\/media\/2327"}],"wp:attachment":[{"href":"https:\/\/artlaboratory-berlin.org\/de\/wp-json\/wp\/v2\/media?parent=3475"}],"wp:term":[{"taxonomy":"category","embeddable":true,"href":"https:\/\/artlaboratory-berlin.org\/de\/wp-json\/wp\/v2\/categories?post=3475"},{"taxonomy":"post_tag","embeddable":true,"href":"https:\/\/artlaboratory-berlin.org\/de\/wp-json\/wp\/v2\/tags?post=3475"}],"curies":[{"name":"wp","href":"https:\/\/api.w.org\/{rel}","templated":true}]}}