{"id":12754,"date":"2023-07-20T17:24:25","date_gmt":"2023-07-20T17:24:25","guid":{"rendered":"https:\/\/artlaboratory-berlin.org\/?post_type=event&#038;p=12754"},"modified":"2023-10-22T19:00:07","modified_gmt":"2023-10-22T19:00:07","slug":"permeable-bodies-margherita-pevere","status":"publish","type":"event","link":"https:\/\/artlaboratory-berlin.org\/de\/veranstaltungen\/permeable-bodies-margherita-pevere\/","title":{"rendered":"PERMEABLE BODIES"},"content":{"rendered":"\n<h2 class=\"wp-block-heading subheading\">Arts of Vulnerability<\/h2>\n\n\n\n<h3 class=\"wp-block-heading names\">Artist Talk |&nbsp;Mit Margherita Pevere<\/h3>\n\n\n\t\t<div class=\"media-box\">\n\t\t\t\t\t\t<div class=\"img-box full\">\n\t\t\t    <img decoding=\"async\" src=\"https:\/\/artlaboratory-berlin.org\/wp-content\/uploads\/2023\/07\/Pevere-Wombs-W02-detail_photo-Maja-Bacic__LOW-RES.jpg\" alt=\"a glass vessel with red liquid \" \/>\n\t\t\t<\/div>\n\t\t\t<p class=\"wp-caption caption\">Margherita Pevere: <em>Wombs_W02<\/em>, Detail, Foto: Maja Bacic<\/p>\n\t\t\t\t\t<\/div>\n\t\t\n\n\n<div class=\"wp-block-columns main-post-content is-layout-flex wp-container-core-columns-is-layout-9d6595d7 wp-block-columns-is-layout-flex\">\n<div class=\"wp-block-column content-column is-layout-flow wp-block-column-is-layout-flow\">\n<p><em>Art Laboratory Berlin l\u00e4dt ein zur neuen Veranstaltungsreihe <\/em><a href=\"https:\/\/artlaboratory-berlin.org\/de\/veranstaltungen\/permeable-bodies-programmuebersicht\/\" target=\"_blank\" rel=\"noreferrer noopener\">Permeable Bodies<\/a> <em>(Mai &#8211; November 2023) mit k\u00fcnstlerischen und feministischen Erkundungen \u00fcber Verk\u00f6rperung und Identit\u00e4t im Wandel sowie einer Untersuchung unserer Verbindung und Interaktion mit der Umwelt um uns herum. Mit Lesegruppen, Vortr\u00e4gen, Workshops und Podcasts stellen wir Narrative der Durchl\u00e4ssigkeit vor, um eine poetische (post)nat\u00fcrliche Geschichte des Frauseins im Jahr 2023 zu skizzieren. Wir freuen uns sehr, die K\u00fcnstlerin und Forscherin Margherita Pevere zu einem K\u00fcnstleringespr\u00e4ch begr\u00fc\u00dfen zu d\u00fcrfen<\/em>.<\/p>\n\n\n\n<p><br>Was bedeutet es, verletzlich zu sein \u2014 und was k\u00f6nnen uns undichte Stellen \u00fcber K\u00f6rper und Umwelt im posthumanen Sinne sagen? Dr. Margherita Pevere hat sich mit diesen Fragen in Bioart und Performance auseinandergesetzt. Asche, Schnecken, zelluloseproduzierende Bakterien, Bioreagenzien, Zeichnungen, Schrift: verschiedene Materialien konstellieren ihre k\u00fcnstlerische Forschung und kommen zusammen, um undichte Materien und Beziehungen zu feiern. Neben der Diskussion \u00fcber die Kunstwerke <em>Wombs<\/em> und <em>Lament<\/em> wird die K\u00fcnstlerin uns durch eine nuancierte Diskussion \u00fcber Materialit\u00e4t, Verletzlichkeit und die Verstrickungen von Leben und Tod in feministischer und queerer Hinsicht f\u00fchren. Daraus ergeben sich zwei Konzepte \u2014 \u2018arts of vulnerability\u2019 und \u2018poetics of uncontainability\u2019 \u2014 die, w\u00e4hrend sie aus der Kunst kommen, etwas \u00fcber diese sehr instabilen Zeiten zu sagen haben k\u00f6nnten.<br><\/p>\n\n\n<div class=\"slider-box\">\n\t\t\t\t\t\t    <div class=\"content-slider\">\n\t\t\t            \t\t\t                <div class=\"slide\">\n\t\t\t                \t<div class=\"img-box\">\n\t\t\t                    <img decoding=\"async\" src=\"https:\/\/artlaboratory-berlin.org\/wp-content\/uploads\/2023\/07\/Pevere-Symbiont-Map-LOW-RES.jpg\" alt=\"a drawing in black and red. words: biological arts, queer ecologies, the non\/living, Covid 19 scar, SEMINA AETERNITAS, biohacking DIY-bio, vulnerable bodies in art, leaky bodies, ahuman more.tan-huma, WOMBS W.01 W.02 W.03 near red lines these words: FEMISNIST POSTHUMANITIES, ARTISTIC RESEARCH, QUEER STUDIES Q. VERB\" \/>\n\t\t\t                    <\/div>\n\t\t\t\t\t\t\t\t<div class=\"below-image-slide\">\n\t\t\t\t\t\t\t\t<p class=\"wp-caption caption\">Margherita Pevere: <em>Symbiont Map<\/em>, Zeichnung<\/p>\n\t\t\t\t\t\t\t\t<\/div>\n\t\t\t                <\/div>\t\t\t\t\t\t\n\t\t\t            \t\t\t                <div class=\"slide\">\n\t\t\t                \t<div class=\"img-box\">\n\t\t\t                    <img decoding=\"async\" src=\"https:\/\/artlaboratory-berlin.org\/wp-content\/uploads\/2023\/07\/Pevere_Wombs_W02_Photo-Maja-Bacic_01s.jpg\" alt=\"a ted and yellow sculpture handing from the ceiling, the lower part has a transparent container\" \/>\n\t\t\t                    <\/div>\n\t\t\t\t\t\t\t\t<div class=\"below-image-slide\">\n\t\t\t\t\t\t\t\t<p class=\"wp-caption caption\">Margherita Pevere: <em>Wombs_W02<\/em>, Foto: Maja Bacic<\/p>\n\t\t\t\t\t\t\t\t<\/div>\n\t\t\t                <\/div>\t\t\t\t\t\t\n\t\t\t            \t\t\t    <\/div>\n\t\t\t\t\t\t<\/div>\n\t\n\t\t\n\n\n<p><br><em>Dr. Margherita Pevere ist eine international anerkannte K\u00fcnstlerin und Forscherin, die in den Bereichen Bioart und Performance mit einer unverwechselbaren viszeralen Signatur arbeitet. In ihrer Forschung verbindet sie Biotechnologie, \u00d6kologie, Queer- und Death Studies, um fesselnde Installationen und Performances zu schaffen, die der heutigen \u00f6kologischen Komplexit\u00e4t nachsp\u00fcren. Ihr Werk ist ein bl\u00fchender Garten, in dem es von genetisch ver\u00e4nderten Bakterien, Zellen, Sexualhormonen, mikrobiellem Biofilm, Blut, Schnecken, verbrannter Erde und verwesenden \u00dcberresten wimmelt. Mit Marco Donnarumma und Andrea Familari hat sie die K\u00fcnstlergruppe <\/em>Fronte Vacuo<em> mitbegr\u00fcndet. Sie ist Mitglied der Finnish Bioart Society, des Queer Death Studies Network und von The Posthumanities Hub.<\/em> <br><a href=\"http:\/\/www.margheritapevere.com\"><em>www.margheritapevere.com<\/em><\/a>, <a href=\"https:\/\/frontevacuo.com\"><em>https:\/\/frontevacuo.com<\/em><\/a><br><\/p>\n<\/div>\n\n\n\n<div class=\"wp-block-column info-sidebar is-layout-flow wp-block-column-is-layout-flow\">\n<!-- Simple Share Buttons Adder (8.5.3) simplesharebuttons.com --><div class=\"ssba-modern-2 ssba ssbp-wrap alignleft ssbp--theme-2\"><div style=\"text-align:left\"><span class=\"ssba-share-text\">Share<\/span><br\/><ul class=\"ssbp-list\"><li class='ssbp-li--facebook'><a data-site=\"facebook\" class=\"ssba_facebook_share ssba_share_link ssbp-facebook ssbp-btn\" href=\"https:\/\/www.facebook.com\/sharer.php?t=PERMEABLE BODIES&u=https:\/\/artlaboratory-berlin.org\/de\/wp-json\/wp\/v2\/event\/12754\"  target=_blank  style=\"color:#4267B2; background-color: #4267B2; height: 24px; width: 24px; background: #000000;\" ><span><svg xmlns=\"http:\/\/www.w3.org\/2000\/svg\" fill=\"#fff\" preserveAspectRatio=\"xMidYMid meet\" height=\"1em\" width=\"1em\" viewBox=\"0 0 40 40\">\n  <g>\n    <path d=\"m21.7 16.7h5v5h-5v11.6h-5v-11.6h-5v-5h5v-2.1c0-2 0.6-4.5 1.8-5.9 1.3-1.3 2.8-2 4.7-2h3.5v5h-3.5c-0.9 0-1.5 0.6-1.5 1.5v3.5z\"><\/path>\n  <\/g>\n<\/svg>\n\n<\/span><span class=\"color-icon\"><svg xmlns=\"http:\/\/www.w3.org\/2000\/svg\" width=\"16\" height=\"28\" viewBox=\"0 0 16 28\">\n  <path fill=\"#3B5998\" d=\"M10.7,10.7 L15.7,10.7 L15.7,15.7 L10.7,15.7 L10.7,27.3 L5.7,27.3 L5.7,15.7 L0.7,15.7 L0.7,10.7 L5.7,10.7 L5.7,8.6 C5.7,6.6 6.3,4.1 7.5,2.7 C8.8,1.4 10.3,0.7 12.2,0.7 L15.7,0.7 L15.7,5.7 L12.2,5.7 C11.3,5.7 10.7,6.3 10.7,7.2 L10.7,10.7 Z\"\/>\n<\/svg>\n<\/span><div title=\"Facebook\" class=\"ssbp-text\">Facebook<\/div><\/a><\/li><li class='ssbp-li--email'><a data-site=\"email\" class=\"ssba_email_share ssba_share_link ssbp-email ssbp-btn\" href=\"mailto:?subject=PERMEABLE BODIES&body=https:\/\/artlaboratory-berlin.org\/de\/wp-json\/wp\/v2\/event\/12754\"  target=_blank  style=\"color:#7d7d7d; background-color: #7d7d7d; height: 24px; width: 24px; background: #000000;\" ><span><svg xmlns=\"http:\/\/www.w3.org\/2000\/svg\" fill=\"#fff\" preserveAspectRatio=\"xMidYMid meet\" height=\"1em\" width=\"1em\" viewBox=\"0 0 40 40\">\n  <g>\n    <path d=\"m33.4 13.4v-3.4l-13.4 8.4-13.4-8.4v3.4l13.4 8.2z m0-6.8q1.3 0 2.3 1.1t0.9 2.3v20q0 1.3-0.9 2.3t-2.3 1.1h-26.8q-1.3 0-2.3-1.1t-0.9-2.3v-20q0-1.3 0.9-2.3t2.3-1.1h26.8z\"><\/path>\n  <\/g>\n<\/svg>\n\n<\/span><span class=\"color-icon\"><svg xmlns=\"http:\/\/www.w3.org\/2000\/svg\" width=\"34\" height=\"28\" viewBox=\"0 0 34 28\">\n  <path fill=\"#7D7D7D\" d=\"M30.4,7.4 L30.4,4 L17,12.4 L3.6,4 L3.6,7.4 L17,15.6 L30.4,7.4 Z M30.4,0.6 C31.2666667,0.6 32.0333333,0.966666667 32.7,1.7 C33.3666667,2.43333333 33.6666667,3.2 33.6,4 L33.6,24 C33.6,24.8666667 33.3,25.6333333 32.7,26.3 C32.1,26.9666667 31.3333333,27.3333333 30.4,27.4 L3.6,27.4 C2.73333333,27.4 1.96666667,27.0333333 1.3,26.3 C0.633333333,25.5666667 0.333333333,24.8 0.4,24 L0.4,4 C0.4,3.13333333 0.7,2.36666667 1.3,1.7 C1.9,1.03333333 2.66666667,0.666666667 3.6,0.6 L30.4,0.6 Z\"\/>\n<\/svg>\n<\/span><div title=\"Email\" class=\"ssbp-text\">Email<\/div><\/a><\/li><\/ul><\/div><\/div>\n\n\n\n<h4 class=\"wp-block-heading\">ORT<\/h4>\n\n\n\n<p>Art Laboratory Berlin (vor Ort)<br>Prinzenallee 34, 13359 Berlin<\/p>\n\n\n\n<h4 class=\"wp-block-heading\">DatUM Und UHRZEIT<\/h4>\n\n\n\n<p>24. August 2023, 19 Uhr<\/p>\n\n\n\n<h4 class=\"wp-block-heading\">PERMEABLE BODIES<\/h4>\n\n\n\n<p><a href=\"http:\/\/Regine Rapp, Tu\u00e7e Erel, Christian de Lutz\" target=\"_blank\" rel=\"noreferrer noopener\">Program Overview here.<\/a><\/p>\n\n\n\n<h4 class=\"wp-block-heading\">KURATORISCHES TEAM<\/h4>\n\n\n\n<p>Regine Rapp, Tu\u00e7e Erel, Christian de Lutz<\/p>\n\n\n\n<h4 class=\"wp-block-heading\">MediENpartnerINNEN<\/h4>\n\n\n\n<figure class=\"wp-block-image size-full is-resized\"><img loading=\"lazy\" decoding=\"async\" src=\"https:\/\/artlaboratory-berlin.org\/wp-content\/uploads\/2021\/09\/CLOT-MEDIA-BLACK-web.jpg\" alt=\"\" class=\"wp-image-4867\" width=\"94\" height=\"67\" srcset=\"https:\/\/artlaboratory-berlin.org\/wp-content\/uploads\/2021\/09\/CLOT-MEDIA-BLACK-web.jpg 692w, https:\/\/artlaboratory-berlin.org\/wp-content\/uploads\/2021\/09\/CLOT-MEDIA-BLACK-web-300x215.jpg 300w, https:\/\/artlaboratory-berlin.org\/wp-content\/uploads\/2021\/09\/CLOT-MEDIA-BLACK-web-580x416.jpg 580w\" sizes=\"auto, (max-width: 94px) 100vw, 94px\" \/><\/figure>\n\n\n\n<figure class=\"wp-block-image size-full is-resized\"><img loading=\"lazy\" decoding=\"async\" src=\"https:\/\/artlaboratory-berlin.org\/wp-content\/uploads\/2021\/04\/art-in-berlin.jpg\" alt=\"\" class=\"wp-image-2429\" width=\"126\" height=\"40\"\/><\/figure>\n\n\n\n<h4 class=\"wp-block-heading\">UNTERST\u00dcTZT VON<br><\/h4>\n\n\n\n<figure class=\"wp-block-image size-full is-resized\"><img loading=\"lazy\" decoding=\"async\" src=\"https:\/\/artlaboratory-berlin.org\/wp-content\/uploads\/2023\/03\/image.png\" alt=\"\" class=\"wp-image-10555\" width=\"158\" height=\"92\" srcset=\"https:\/\/artlaboratory-berlin.org\/wp-content\/uploads\/2023\/03\/image.png 500w, https:\/\/artlaboratory-berlin.org\/wp-content\/uploads\/2023\/03\/image-300x175.png 300w\" sizes=\"auto, (max-width: 158px) 100vw, 158px\" \/><\/figure>\n\n\n<h4 class=\"related-sidebar-heading\">Teil des Forschungsprojekts:<\/h4>\n    <p><a href=\"https:\/\/artlaboratory-berlin.org\/de\/forschung\/konferenzen-symposia\/\">Konferenzen | Symposia<\/a><\/p>\n    <\/div>\n<\/div>\n\n\n\n<div class=\"wp-block-columns related bg-black is-layout-flex wp-container-core-columns-is-layout-9d6595d7 wp-block-columns-is-layout-flex\">\n<div class=\"wp-block-column container is-layout-flow wp-block-column-is-layout-flow\">\n<h2 class=\"wp-block-heading\">Im Kontext<\/h2>\n\n\n\n<div class=\"wp-block-columns is-layout-flex wp-container-core-columns-is-layout-9d6595d7 wp-block-columns-is-layout-flex\">\n<div class=\"wp-block-column is-layout-flow wp-block-column-is-layout-flow\">            <div class=\"post-block\">\n                <a href=\"https:\/\/artlaboratory-berlin.org\/de\/veranstaltungen\/matter-of-flux-festival-programm\/\" rel=\"bookmark\" class=\"img-box h-100\" title=\"PERMEABLE BODIES\">\n                <img loading=\"lazy\" decoding=\"async\" width=\"551\" height=\"358\" src=\"https:\/\/artlaboratory-berlin.org\/wp-content\/uploads\/2023\/05\/MoF-Website-Images-551x358.jpg\" class=\"img-fluid wp-post-image\" alt=\"\" srcset=\"https:\/\/artlaboratory-berlin.org\/wp-content\/uploads\/2023\/05\/MoF-Website-Images-551x358.jpg 551w, https:\/\/artlaboratory-berlin.org\/wp-content\/uploads\/2023\/05\/MoF-Website-Images-300x195.jpg 300w, https:\/\/artlaboratory-berlin.org\/wp-content\/uploads\/2023\/05\/MoF-Website-Images-1024x666.jpg 1024w, https:\/\/artlaboratory-berlin.org\/wp-content\/uploads\/2023\/05\/MoF-Website-Images-768x499.jpg 768w, https:\/\/artlaboratory-berlin.org\/wp-content\/uploads\/2023\/05\/MoF-Website-Images-1536x998.jpg 1536w, https:\/\/artlaboratory-berlin.org\/wp-content\/uploads\/2023\/05\/MoF-Website-Images-580x377.jpg 580w, https:\/\/artlaboratory-berlin.org\/wp-content\/uploads\/2023\/05\/MoF-Website-Images.jpg 2000w\" sizes=\"auto, (max-width: 551px) 100vw, 551px\" \/>  <img decoding=\"async\" src=\"https:\/\/artlaboratory-berlin.org\/wp-content\/uploads\/2023\/05\/MoF-Website-Images2-551x358.jpg\" alt=\"\" class=\"img-fluid second-thumb\">\n<\/a>\t\t\n<header class=\"entry-header article-header\">\n              <a class=\"meta-info event\" href=\"https:\/\/artlaboratory-berlin.org\/de\/veranstaltungen\/\">\n                                Veranstaltung                                <\/a><span class=\"cat\"> \n    Festival<\/span>\n\n                   <h3 class=\"h2 entry-title mt-2\">\n                       <a href=\"https:\/\/artlaboratory-berlin.org\/de\/veranstaltungen\/matter-of-flux-festival-programm\/\">MATTER OF FLUX<\/a>\n                    <\/h3> \n                    <ol class=\"post-subheadings\"><li class=\"heading-level-2\">Festival<\/li><li class=\"heading-level-3\">Frauen\/ FLINTA* in Kunst, Wissenschaft und Technologie<\/li><\/ol>\t                <span class=\"info-line-preview\">15. &#8211; 18. Juni 2023<\/span>\n                  <\/header>  \n                    <p>Das viert\u00e4gige Festival MATTER OF FLUX pr\u00e4sentiert ein reichhaltiges und abwechslungsreiches Programm von und f\u00fcr Frauen\/ FLINTA* in Kunst, Wissenschaft und Technologie mit Podiumsdiskussionen, Lecture Performances, zahlreichen Workshops, Lesegruppen und anderen Aktivit\u00e4ten, darunter auch Besuche in Ausstellungen, K\u00fcnstlerinnenateliers und Labore.<\/p>\n                    <a href=\"https:\/\/artlaboratory-berlin.org\/de\/veranstaltungen\/matter-of-flux-festival-programm\/\" class=\"read-more\" rel=\"bookmark\" title=\"PERMEABLE BODIES\">\n                    Mehr lesen<\/a>\n<\/div><\/div>\n\n\n\n<div class=\"wp-block-column is-layout-flow wp-block-column-is-layout-flow\">            <div class=\"post-block\">\n                <a href=\"https:\/\/artlaboratory-berlin.org\/de\/veranstaltungen\/the-camille-diaries-symposium\/\" rel=\"bookmark\" class=\"img-box h-100\" title=\"PERMEABLE BODIES\">\n                <img loading=\"lazy\" decoding=\"async\" width=\"551\" height=\"358\" src=\"https:\/\/artlaboratory-berlin.org\/wp-content\/uploads\/2021\/03\/SLIDER__-Image__Camille-Diaries-Levy-551x358.jpg\" class=\"img-fluid wp-post-image\" alt=\"\" \/>  <img decoding=\"async\" src=\"https:\/\/artlaboratory-berlin.org\/wp-content\/uploads\/2021\/03\/SL_1-551x358.jpg\" alt=\"\" class=\"img-fluid second-thumb\">\n<\/a>\t\t\n<header class=\"entry-header article-header\">\n              <a class=\"meta-info event\" href=\"https:\/\/artlaboratory-berlin.org\/de\/veranstaltungen\/\">\n                                Veranstaltung                                <\/a><span class=\"cat\"> \n    Konferenz<\/span>\n\n                   <h3 class=\"h2 entry-title mt-2\">\n                       <a href=\"https:\/\/artlaboratory-berlin.org\/de\/veranstaltungen\/the-camille-diaries-symposium\/\">The Camille Diaries Symposium<\/a>\n                    <\/h3> \n                    <ol class=\"post-subheadings\"><li class=\"heading-level-3\">Current Artistic Positions on M\/otherhood, Life and Care<\/li><\/ol>\t                <span class=\"info-line-preview\">26. September 2020<\/span>\n                  <\/header>  \n                    <p>Das Symposium diskutiert aktuelle Bedingungen unserer Welt (Umweltver\u00e4nderungen, Genderaspekte, Biopolitik), eine \u201a\u00c4sthetik der F\u00fcrsorge\u2018 als Grundlage f\u00fcr das Zusammenleben zwischen den Arten. Die Konferenz bringt die ausstellenden K\u00fcnstlerinnen mit Forschenden aus den Geistes- und Naturwissenschaften zusammen.<\/p>\n                    <a href=\"https:\/\/artlaboratory-berlin.org\/de\/veranstaltungen\/the-camille-diaries-symposium\/\" class=\"read-more\" rel=\"bookmark\" title=\"PERMEABLE BODIES\">\n                    Mehr lesen<\/a>\n<\/div><\/div>\n\n\n\n<div class=\"wp-block-column is-layout-flow wp-block-column-is-layout-flow\">            <div class=\"post-block\">\n                <a href=\"https:\/\/artlaboratory-berlin.org\/de\/veranstaltungen\/colloquium-5\/\" rel=\"bookmark\" class=\"img-box h-100\" title=\"PERMEABLE BODIES\">\n                <img loading=\"lazy\" decoding=\"async\" width=\"551\" height=\"358\" src=\"https:\/\/artlaboratory-berlin.org\/wp-content\/uploads\/2022\/02\/A___Abstract-Pic_YELLOW-CANVAS-SIZED-low-res-1-551x358.jpg\" class=\"img-fluid wp-post-image\" alt=\"close up of a sculpture, circles with metal mesh, yellowish cat to the photograph\" \/>  <img decoding=\"async\" src=\"https:\/\/artlaboratory-berlin.org\/wp-content\/uploads\/2022\/02\/A___Tegel-Forest_yellow-trees_CANVAS-SIZED-low-res-551x358.jpg\" alt=\"Trees photographed from below with a green-yellow cast\" class=\"img-fluid second-thumb\">\n<\/a>\t\t\n<header class=\"entry-header article-header\">\n              <a class=\"meta-info event\" href=\"https:\/\/artlaboratory-berlin.org\/de\/veranstaltungen\/\">\n                                Veranstaltung                                <\/a><span class=\"cat\"> \n    Colloquium<\/span>\n\n                   <h3 class=\"h2 entry-title mt-2\">\n                       <a href=\"https:\/\/artlaboratory-berlin.org\/de\/veranstaltungen\/colloquium-5\/\">IN-PROGRESS&#8230; | COLLOQUIUM<\/a>\n                    <\/h3> \n                    <ol class=\"post-subheadings\"><li class=\"heading-level-2\">Forschung in Kunst, Geistes- und Naturwissenschaften<\/li><li class=\"heading-level-3\">Mit Margherita Pevere und Dolores Steinman<\/li><\/ol>\t                <span class=\"info-line-preview\">20. September 2022<\/span>\n                  <\/header>  \n                    <p>Das Kolloquium richtet sich an ein internationales, interdisziplin\u00e4res Forschungspublikum, um vergangene, aktuelle oder zuk\u00fcnftige Projekte von K\u00fcnstler:innen, Wissenschaftler:innen, Kurator:innen oder Herausgeber:innen aus den Bereichen Kunst, Geistes- und Naturwissenschaften vorzustellen und zu diskutieren.<\/p>\n                    <a href=\"https:\/\/artlaboratory-berlin.org\/de\/veranstaltungen\/colloquium-5\/\" class=\"read-more\" rel=\"bookmark\" title=\"PERMEABLE BODIES\">\n                    Mehr lesen<\/a>\n<\/div><\/div>\n<\/div>\n<\/div>\n<\/div>\n","protected":false},"excerpt":{"rendered":"<p>Was bedeutet es, verletzlich zu sein \u2013 und was k\u00f6nnen uns undichte Stellen \u00fcber K\u00f6rper und Umgebungen im posthumanen Sinne sagen? Dr. Margherita Pevere hat sich mit diesen Fragen in Bioart und Performance auseinandergesetzt. Im Kontext der aktuellen Veranstaltungsreihe &#8222;Permeable Bodies&#8220; bei Art Laboratory Berlin spricht sie \u00fcber ihre Konzepte \u2018arts of vulnerability\u2019 und \u2018poetics of uncontainability\u2019.<\/p>\n","protected":false},"featured_media":12746,"template":"","meta":{"_acf_changed":false,"_links_to":"","_links_to_target":""},"categories":[82],"tags":[373,113,258],"class_list":["post-12754","event","type-event","status-publish","has-post-thumbnail","hentry","category-talk-de","tag-art-and-science-de","tag-kunst-und-wissenschaft","tag-posthumanism-2"],"acf":[],"yoast_head":"<!-- This site is optimized with the Yoast SEO plugin v26.2 - https:\/\/yoast.com\/wordpress\/plugins\/seo\/ -->\n<title>PERMEABLE BODIES - Art Laboratory Berlin<\/title>\n<meta name=\"robots\" content=\"index, follow, max-snippet:-1, max-image-preview:large, max-video-preview:-1\" \/>\n<link rel=\"canonical\" href=\"https:\/\/artlaboratory-berlin.org\/de\/veranstaltungen\/permeable-bodies-margherita-pevere\/\" \/>\n<meta property=\"og:locale\" content=\"de_DE\" \/>\n<meta property=\"og:type\" content=\"article\" \/>\n<meta property=\"og:title\" content=\"PERMEABLE BODIES - Art Laboratory Berlin\" \/>\n<meta property=\"og:description\" content=\"Was bedeutet es, verletzlich zu sein \u2013 und was k\u00f6nnen uns undichte Stellen \u00fcber K\u00f6rper und Umgebungen im posthumanen Sinne sagen? Dr. Margherita Pevere hat sich mit diesen Fragen in Bioart und Performance auseinandergesetzt. Im Kontext der aktuellen Veranstaltungsreihe &quot;Permeable Bodies&quot; bei Art Laboratory Berlin spricht sie \u00fcber ihre Konzepte \u2018arts of vulnerability\u2019 und \u2018poetics of uncontainability\u2019.\" \/>\n<meta property=\"og:url\" content=\"https:\/\/artlaboratory-berlin.org\/de\/veranstaltungen\/permeable-bodies-margherita-pevere\/\" \/>\n<meta property=\"og:site_name\" content=\"Art Laboratory Berlin\" \/>\n<meta property=\"article:publisher\" content=\"https:\/\/www.facebook.com\/ArtLaboratoryBerlin\/\" \/>\n<meta property=\"article:modified_time\" content=\"2023-10-22T19:00:07+00:00\" \/>\n<meta property=\"og:image\" content=\"https:\/\/artlaboratory-berlin.org\/wp-content\/uploads\/2023\/07\/Pevere-Wombs-W02-detail_photo-Maja-Bacic__LOW-RES.jpg\" \/>\n\t<meta property=\"og:image:width\" content=\"2400\" \/>\n\t<meta property=\"og:image:height\" content=\"1600\" \/>\n\t<meta property=\"og:image:type\" content=\"image\/jpeg\" \/>\n<meta name=\"twitter:card\" content=\"summary_large_image\" \/>\n<meta name=\"twitter:site\" content=\"@artlaboratoryb\" \/>\n<meta name=\"twitter:label1\" content=\"Gesch\u00e4tzte Lesezeit\" \/>\n\t<meta name=\"twitter:data1\" content=\"3\u00a0Minuten\" \/>\n<!-- \/ Yoast SEO plugin. -->","yoast_head_json":{"title":"PERMEABLE BODIES - Art Laboratory Berlin","robots":{"index":"index","follow":"follow","max-snippet":"max-snippet:-1","max-image-preview":"max-image-preview:large","max-video-preview":"max-video-preview:-1"},"canonical":"https:\/\/artlaboratory-berlin.org\/de\/veranstaltungen\/permeable-bodies-margherita-pevere\/","og_locale":"de_DE","og_type":"article","og_title":"PERMEABLE BODIES - Art Laboratory Berlin","og_description":"Was bedeutet es, verletzlich zu sein \u2013 und was k\u00f6nnen uns undichte Stellen \u00fcber K\u00f6rper und Umgebungen im posthumanen Sinne sagen? Dr. Margherita Pevere hat sich mit diesen Fragen in Bioart und Performance auseinandergesetzt. Im Kontext der aktuellen Veranstaltungsreihe \"Permeable Bodies\" bei Art Laboratory Berlin spricht sie \u00fcber ihre Konzepte \u2018arts of vulnerability\u2019 und \u2018poetics of uncontainability\u2019.","og_url":"https:\/\/artlaboratory-berlin.org\/de\/veranstaltungen\/permeable-bodies-margherita-pevere\/","og_site_name":"Art Laboratory Berlin","article_publisher":"https:\/\/www.facebook.com\/ArtLaboratoryBerlin\/","article_modified_time":"2023-10-22T19:00:07+00:00","og_image":[{"width":2400,"height":1600,"url":"https:\/\/artlaboratory-berlin.org\/wp-content\/uploads\/2023\/07\/Pevere-Wombs-W02-detail_photo-Maja-Bacic__LOW-RES.jpg","type":"image\/jpeg"}],"twitter_card":"summary_large_image","twitter_site":"@artlaboratoryb","twitter_misc":{"Gesch\u00e4tzte Lesezeit":"3\u00a0Minuten"},"schema":{"@context":"https:\/\/schema.org","@graph":[{"@type":"WebPage","@id":"https:\/\/artlaboratory-berlin.org\/de\/veranstaltungen\/permeable-bodies-margherita-pevere\/","url":"https:\/\/artlaboratory-berlin.org\/de\/veranstaltungen\/permeable-bodies-margherita-pevere\/","name":"PERMEABLE BODIES - Art Laboratory Berlin","isPartOf":{"@id":"https:\/\/artlaboratory-berlin.org\/#website"},"primaryImageOfPage":{"@id":"https:\/\/artlaboratory-berlin.org\/de\/veranstaltungen\/permeable-bodies-margherita-pevere\/#primaryimage"},"image":{"@id":"https:\/\/artlaboratory-berlin.org\/de\/veranstaltungen\/permeable-bodies-margherita-pevere\/#primaryimage"},"thumbnailUrl":"https:\/\/artlaboratory-berlin.org\/wp-content\/uploads\/2023\/07\/Pevere-Wombs-W02-detail_photo-Maja-Bacic__LOW-RES.jpg","datePublished":"2023-07-20T17:24:25+00:00","dateModified":"2023-10-22T19:00:07+00:00","breadcrumb":{"@id":"https:\/\/artlaboratory-berlin.org\/de\/veranstaltungen\/permeable-bodies-margherita-pevere\/#breadcrumb"},"inLanguage":"de","potentialAction":[{"@type":"ReadAction","target":["https:\/\/artlaboratory-berlin.org\/de\/veranstaltungen\/permeable-bodies-margherita-pevere\/"]}]},{"@type":"ImageObject","inLanguage":"de","@id":"https:\/\/artlaboratory-berlin.org\/de\/veranstaltungen\/permeable-bodies-margherita-pevere\/#primaryimage","url":"https:\/\/artlaboratory-berlin.org\/wp-content\/uploads\/2023\/07\/Pevere-Wombs-W02-detail_photo-Maja-Bacic__LOW-RES.jpg","contentUrl":"https:\/\/artlaboratory-berlin.org\/wp-content\/uploads\/2023\/07\/Pevere-Wombs-W02-detail_photo-Maja-Bacic__LOW-RES.jpg","width":2400,"height":1600,"caption":"Margherita Pevere: Wombs_W02, Detail, Foto: Maja Bacic"},{"@type":"BreadcrumbList","@id":"https:\/\/artlaboratory-berlin.org\/de\/veranstaltungen\/permeable-bodies-margherita-pevere\/#breadcrumb","itemListElement":[{"@type":"ListItem","position":1,"name":"Home","item":"https:\/\/artlaboratory-berlin.org\/de\/"},{"@type":"ListItem","position":2,"name":"Events","item":"https:\/\/artlaboratory-berlin.org\/events\/"},{"@type":"ListItem","position":3,"name":"PERMEABLE BODIES"}]},{"@type":"WebSite","@id":"https:\/\/artlaboratory-berlin.org\/#website","url":"https:\/\/artlaboratory-berlin.org\/","name":"Art Laboratory Berlin","description":"","publisher":{"@id":"https:\/\/artlaboratory-berlin.org\/#organization"},"potentialAction":[{"@type":"SearchAction","target":{"@type":"EntryPoint","urlTemplate":"https:\/\/artlaboratory-berlin.org\/?s={search_term_string}"},"query-input":{"@type":"PropertyValueSpecification","valueRequired":true,"valueName":"search_term_string"}}],"inLanguage":"de"},{"@type":"Organization","@id":"https:\/\/artlaboratory-berlin.org\/#organization","name":"Art Laboratory Berlin","url":"https:\/\/artlaboratory-berlin.org\/","logo":{"@type":"ImageObject","inLanguage":"de","@id":"https:\/\/artlaboratory-berlin.org\/#\/schema\/logo\/image\/","url":"https:\/\/artlaboratory-berlin.org\/wp-content\/uploads\/2021\/05\/logo-alb.png","contentUrl":"https:\/\/artlaboratory-berlin.org\/wp-content\/uploads\/2021\/05\/logo-alb.png","width":800,"height":515,"caption":"Art Laboratory Berlin"},"image":{"@id":"https:\/\/artlaboratory-berlin.org\/#\/schema\/logo\/image\/"},"sameAs":["https:\/\/www.facebook.com\/ArtLaboratoryBerlin\/","https:\/\/x.com\/artlaboratoryb","https:\/\/www.instagram.com\/artlaboratoryberlin","https:\/\/www.youtube.com\/c\/ArtLaboratoryBerlin\/videos"]}]}},"_links":{"self":[{"href":"https:\/\/artlaboratory-berlin.org\/de\/wp-json\/wp\/v2\/event\/12754","targetHints":{"allow":["GET"]}}],"collection":[{"href":"https:\/\/artlaboratory-berlin.org\/de\/wp-json\/wp\/v2\/event"}],"about":[{"href":"https:\/\/artlaboratory-berlin.org\/de\/wp-json\/wp\/v2\/types\/event"}],"version-history":[{"count":22,"href":"https:\/\/artlaboratory-berlin.org\/de\/wp-json\/wp\/v2\/event\/12754\/revisions"}],"predecessor-version":[{"id":15066,"href":"https:\/\/artlaboratory-berlin.org\/de\/wp-json\/wp\/v2\/event\/12754\/revisions\/15066"}],"wp:featuredmedia":[{"embeddable":true,"href":"https:\/\/artlaboratory-berlin.org\/de\/wp-json\/wp\/v2\/media\/12746"}],"wp:attachment":[{"href":"https:\/\/artlaboratory-berlin.org\/de\/wp-json\/wp\/v2\/media?parent=12754"}],"wp:term":[{"taxonomy":"category","embeddable":true,"href":"https:\/\/artlaboratory-berlin.org\/de\/wp-json\/wp\/v2\/categories?post=12754"},{"taxonomy":"post_tag","embeddable":true,"href":"https:\/\/artlaboratory-berlin.org\/de\/wp-json\/wp\/v2\/tags?post=12754"}],"curies":[{"name":"wp","href":"https:\/\/api.w.org\/{rel}","templated":true}]}}