{"id":10865,"date":"2023-04-18T13:26:55","date_gmt":"2023-04-18T13:26:55","guid":{"rendered":"https:\/\/artlaboratory-berlin.org\/?post_type=event&#038;p=10865"},"modified":"2023-06-23T13:49:20","modified_gmt":"2023-06-23T13:49:20","slug":"vicious-cycle-talk-neumeyer","status":"publish","type":"event","link":"https:\/\/artlaboratory-berlin.org\/de\/veranstaltungen\/vicious-cycle-talk-neumeyer\/","title":{"rendered":"Vicious Cycle"},"content":{"rendered":"\n<h2 class=\"wp-block-heading subheading\">Artistic Research on Climate Crisis<\/h2>\n\n\n\n<h3 class=\"wp-block-heading names\">Artist Talk |&nbsp;Mit Sybille Neumeyer<\/h3>\n\n\n\t\t<div class=\"media-box\">\n\t\t\t\t\t\t<div class=\"img-box full\">\n\t\t\t    <img decoding=\"async\" src=\"https:\/\/artlaboratory-berlin.org\/wp-content\/uploads\/2023\/03\/20230311_ArtLab_VICIOUS-CYCLE_0028-hr4.jpg\" alt=\"\" \/>\n\t\t\t<\/div>\n\t\t\t<p class=\"wp-caption caption\">Sybille Neumeyer: <em>souvenirs entomologiques #1: odonata\/ weathering data<\/em>, 2020, installation, photo: Tim Deussen<\/p>\n\t\t\t\t\t<\/div>\n\t\t\n\n\n<div class=\"wp-block-columns main-post-content is-layout-flex wp-container-core-columns-is-layout-9d6595d7 wp-block-columns-is-layout-flex\">\n<div class=\"wp-block-column content-column is-layout-flow wp-block-column-is-layout-flow\">\n<p><em>Am 23. April 2023 pr\u00e4sentiert Art Laboratory Berlin ein K\u00fcnstleringespr\u00e4ch mit Sybille Neumeyer \u00fcber ihre Arbeit<\/em> souvenirs entomologiques #1: odonata\/ weathering data <em>im Rahmen der laufenden Ausstellung <\/em>Vicious Cycle. <em>Im M\u00e4rz 2022 haben wissenschaftliche Untersuchungen ergeben, dass die Verschmutzung durch Mikroplastik inzwischen auch im menschlichen K\u00f6rper vorhanden ist. Es wandert durch das Blut, ist in den Organen zu finden und geht auch \u00fcber die Muttermilch auf den S\u00e4ugling \u00fcber. Der Titel der Ausstellung <\/em>Vicious Cycle <em>(Teufelskreis) bezieht sich auf diesen geschlossenen Kreislauf von menschlicher Umweltverschmutzung und deren R\u00fcckf\u00fchrung in den menschlichen und nichtmenschlichen K\u00f6rper. In der Ausstellung befassen sich die K\u00fcnstlerinnen in ihren investigativen und forschungsorientierten Arbeiten mit dem Problem von Mikroplastik im Boden, den Auswirkungen des Klimawandels und den Folgen \u00fcberm\u00e4\u00dfiger landwirtschaftlicher Aktivit\u00e4ten auf Wasser, Boden, Tiere und Wildtiere.<\/em><\/p>\n\n\n\n<p><br>Wie k\u00f6nnen uns Insekten helfen, die Klimakrise und Umweltbedrohungen schneller zu erkennen und darauf zu reagieren? In ihrem K\u00fcnstlergespr\u00e4ch wird Sybille Erkenntnisse aus ihrer Forschung und aus Gespr\u00e4chen mit Wissenschaftlern und Experten weitergeben. Sie wird untersuchen, wie Insekten die Beziehung des Menschen zu seiner Umwelt widerspiegeln, und weiter \u00fcber die Handlungsf\u00e4higkeit von (digitalen) Insekten und die entstehenden Netzwerke kritischer Daten in der kritischen Zone nachdenken: Wie wird der Klimawandel von einer Libelle erlebt? Was wei\u00df sie \u00fcber das Wetter? Wie k\u00f6nnen &#8211; in einer datengesteuerten Welt &#8211; alte Formen von Beziehungen zwischen Insekten und Menschen wiederentdeckt werden, um eine Vielfalt von Wissen als fruchtbaren Boden f\u00fcr neue Verb\u00fcndete und terrestrische Gemeinschaften zu gewinnen? Und welche Auswirkungen haben die \u00f6kologische Krise und das Artensterben auf die Arbeit der Naturkunde- und Wissenschaftsmuseen? W\u00e4hrend die vielf\u00e4ltigen Identit\u00e4ten der Insekten durch sich entwickelnde Kartierungs-, \u00dcberwachungs- und Sammelmethoden medial geformt und umgestaltet werden, sind ihr verankertes Umweltwissen, ihr Sensorium und ihre Sinne eine Inspiration f\u00fcr eine alternative Wahrnehmung und einen Dialog mit der Welt.<\/p>\n\n\n\n<p><em>souvenirs entomologiques #1: odonata\/ weathering data <\/em>ist ein spekulatives Video-Essay und eine Installation von Sybille Neumeyer, die die Verstrickungen von Menschen, Wetter und Insekten in einer datengesteuerten Welt in Zeiten der Klimakrise untersuchen. Der Film folgt Libellen auf verschiedenen Ebenen durch Zeit und Raum: von ihrer geologischen Vergangenheit in eine ungewisse Zukunft, von \u00d6kosystemen zu Museumssammlungen, von verk\u00f6rperten Wetterwelten zu losgel\u00f6sten Datenwolken, w\u00e4hrend verschiedene Insektenidentit\u00e4ten durch sich entwickelnde Kartierungs-, \u00dcberwachungs- und Sammelmethoden vermittelt, geformt und umgestaltet werden. Obwohl datenbasierte Ontologien Ma\u00dfnahmen zur Vorwegnahme und Kontrolle von Zuk\u00fcnften versprechen, wird durch die R\u00fcckbesinnung auf lokales \u00f6ko-logisches Wissen die Beobachtung als Praxis der F\u00fcrsorge neu gestaltet.<\/p>\n\n\n<div class=\"slider-box\">\n\t\t\t\t\t\t    <div class=\"content-slider\">\n\t\t\t            \t\t\t                <div class=\"slide\">\n\t\t\t                \t<div class=\"img-box\">\n\t\t\t                    <img decoding=\"async\" src=\"https:\/\/artlaboratory-berlin.org\/wp-content\/uploads\/2023\/03\/20230311_ArtLab_VICIOUS-CYCLE_0040-hr6.jpg\" alt=\"\" \/>\n\t\t\t                    <\/div>\n\t\t\t\t\t\t\t\t<div class=\"below-image-slide\">\n\t\t\t\t\t\t\t\t<p class=\"wp-caption caption\">Sybille Neumeyer: <em>souvenirs entomologiques #1: odonata\/ weathering data<\/em>, 2020, installation, photo: Tim Deussen<\/p>\n\t\t\t\t\t\t\t\t<\/div>\n\t\t\t                <\/div>\t\t\t\t\t\t\n\t\t\t            \t\t\t                <div class=\"slide\">\n\t\t\t                \t<div class=\"img-box\">\n\t\t\t                    <img decoding=\"async\" src=\"https:\/\/artlaboratory-berlin.org\/wp-content\/uploads\/2023\/03\/20230311_ArtLab_VICIOUS-CYCLE_0060-hr7.jpg\" alt=\"\" \/>\n\t\t\t                    <\/div>\n\t\t\t\t\t\t\t\t<div class=\"below-image-slide\">\n\t\t\t\t\t\t\t\t<p class=\"wp-caption caption\">Sybille Neumeyer: <em>souvenirs entomologiques #1: odonata\/ weathering data<\/em>, 2020, installation, photo: Tim Deussen<\/p>\n\t\t\t\t\t\t\t\t<\/div>\n\t\t\t                <\/div>\t\t\t\t\t\t\n\t\t\t            \t\t\t                <div class=\"slide\">\n\t\t\t                \t<div class=\"img-box\">\n\t\t\t                    <img decoding=\"async\" src=\"https:\/\/artlaboratory-berlin.org\/wp-content\/uploads\/2023\/03\/20230311_ArtLab_VICIOUS-CYCLE_0108-hr10.jpg\" alt=\"\" \/>\n\t\t\t                    <\/div>\n\t\t\t\t\t\t\t\t<div class=\"below-image-slide\">\n\t\t\t\t\t\t\t\t<p class=\"wp-caption caption\">Sybille Neumeyer: <em>souvenirs entomologiques #1: odonata\/ weathering data<\/em>, 2020, installation, photo: Tim Deussen<\/p>\n\t\t\t\t\t\t\t\t<\/div>\n\t\t\t                <\/div>\t\t\t\t\t\t\n\t\t\t            \t\t\t                <div class=\"slide\">\n\t\t\t                \t<div class=\"img-box\">\n\t\t\t                    <img decoding=\"async\" src=\"https:\/\/artlaboratory-berlin.org\/wp-content\/uploads\/2023\/03\/20230311_ArtLab_VICIOUS-CYCLE_0020-hr2.jpg\" alt=\"\" \/>\n\t\t\t                    <\/div>\n\t\t\t\t\t\t\t\t<div class=\"below-image-slide\">\n\t\t\t\t\t\t\t\t<p class=\"wp-caption caption\">Sybille Neumeyer: <em>souvenirs entomologiques #1: odonata\/ weathering data<\/em>, 2020, installation, photo: Tim Deussen<\/p>\n\t\t\t\t\t\t\t\t<\/div>\n\t\t\t                <\/div>\t\t\t\t\t\t\n\t\t\t            \t\t\t    <\/div>\n\t\t\t\t\t\t<\/div>\n\t\n\t\t\n\n\n<p><br><em>Sybille Neumeyer (sie\/ihre, sie\/Pl.) ist eine interdependente* K\u00fcnstlerin und Forscherin mit Schwerpunkt auf Umweltfragen und Beziehungen zwischen Menschen und Nicht-Menschen. Ihre Arbeit basiert auf post-disziplin\u00e4rer Forschung und Zusammenarbeit. Durch mehrstimmiges (Hi)Storytelling, Installationen, Spazierg\u00e4nge, performative Vortr\u00e4ge und Videoessays untersucht sie die \u00dcberschneidungen zwischen dem Verlust der biokulturellen Vielfalt, der Gesundheit des Planeten und der Klimakrise. Sie ist auf der Suche nach transformativen Erz\u00e4hlungen, Formen der Verwurzelung und kollektiven Aktionen f\u00fcr soziale, \u00f6kologische und arten\u00fcbergreifende Gerechtigkeit. Aktuelle Ausstellungen sind u.a. &#8222;weather engines&#8220;\/Onassis Stegi (2022), &#8222;Listening to the Stones&#8220;\/Kunsthaus Dresden (2021) &#8222;Critical Zones &#8211; Observatorien f\u00fcr irdische Politik&#8220;\/ZKM Karlsruhe (2020), &#8222;Contagious Cities: KOEXISTENZ&#8220;\/Museum f\u00fcr Naturkunde Berlin (2019). <\/em><br><br><em>*Arbeit mit und dank eines st\u00e4ndig wachsenden Netzwerks von menschlichen und nichtmenschlichen Kollektiven und Kollaborateuren.<\/em><br><\/p>\n<\/div>\n\n\n\n<div class=\"wp-block-column info-sidebar is-layout-flow wp-block-column-is-layout-flow\">\n<!-- Simple Share Buttons Adder (8.5.3) simplesharebuttons.com --><div class=\"ssba-modern-2 ssba ssbp-wrap alignleft ssbp--theme-2\"><div style=\"text-align:left\"><span class=\"ssba-share-text\">Share<\/span><br\/><ul class=\"ssbp-list\"><li class='ssbp-li--facebook'><a data-site=\"facebook\" class=\"ssba_facebook_share ssba_share_link ssbp-facebook ssbp-btn\" href=\"https:\/\/www.facebook.com\/sharer.php?t=Vicious Cycle&u=https:\/\/artlaboratory-berlin.org\/de\/wp-json\/wp\/v2\/event\/10865\"  target=_blank  style=\"color:#4267B2; background-color: #4267B2; height: 24px; width: 24px; background: #000000;\" ><span><svg xmlns=\"http:\/\/www.w3.org\/2000\/svg\" fill=\"#fff\" preserveAspectRatio=\"xMidYMid meet\" height=\"1em\" width=\"1em\" viewBox=\"0 0 40 40\">\n  <g>\n    <path d=\"m21.7 16.7h5v5h-5v11.6h-5v-11.6h-5v-5h5v-2.1c0-2 0.6-4.5 1.8-5.9 1.3-1.3 2.8-2 4.7-2h3.5v5h-3.5c-0.9 0-1.5 0.6-1.5 1.5v3.5z\"><\/path>\n  <\/g>\n<\/svg>\n\n<\/span><span class=\"color-icon\"><svg xmlns=\"http:\/\/www.w3.org\/2000\/svg\" width=\"16\" height=\"28\" viewBox=\"0 0 16 28\">\n  <path fill=\"#3B5998\" d=\"M10.7,10.7 L15.7,10.7 L15.7,15.7 L10.7,15.7 L10.7,27.3 L5.7,27.3 L5.7,15.7 L0.7,15.7 L0.7,10.7 L5.7,10.7 L5.7,8.6 C5.7,6.6 6.3,4.1 7.5,2.7 C8.8,1.4 10.3,0.7 12.2,0.7 L15.7,0.7 L15.7,5.7 L12.2,5.7 C11.3,5.7 10.7,6.3 10.7,7.2 L10.7,10.7 Z\"\/>\n<\/svg>\n<\/span><div title=\"Facebook\" class=\"ssbp-text\">Facebook<\/div><\/a><\/li><li class='ssbp-li--email'><a data-site=\"email\" class=\"ssba_email_share ssba_share_link ssbp-email ssbp-btn\" href=\"mailto:?subject=Vicious Cycle&body=https:\/\/artlaboratory-berlin.org\/de\/wp-json\/wp\/v2\/event\/10865\"  target=_blank  style=\"color:#7d7d7d; background-color: #7d7d7d; height: 24px; width: 24px; background: #000000;\" ><span><svg xmlns=\"http:\/\/www.w3.org\/2000\/svg\" fill=\"#fff\" preserveAspectRatio=\"xMidYMid meet\" height=\"1em\" width=\"1em\" viewBox=\"0 0 40 40\">\n  <g>\n    <path d=\"m33.4 13.4v-3.4l-13.4 8.4-13.4-8.4v3.4l13.4 8.2z m0-6.8q1.3 0 2.3 1.1t0.9 2.3v20q0 1.3-0.9 2.3t-2.3 1.1h-26.8q-1.3 0-2.3-1.1t-0.9-2.3v-20q0-1.3 0.9-2.3t2.3-1.1h26.8z\"><\/path>\n  <\/g>\n<\/svg>\n\n<\/span><span class=\"color-icon\"><svg xmlns=\"http:\/\/www.w3.org\/2000\/svg\" width=\"34\" height=\"28\" viewBox=\"0 0 34 28\">\n  <path fill=\"#7D7D7D\" d=\"M30.4,7.4 L30.4,4 L17,12.4 L3.6,4 L3.6,7.4 L17,15.6 L30.4,7.4 Z M30.4,0.6 C31.2666667,0.6 32.0333333,0.966666667 32.7,1.7 C33.3666667,2.43333333 33.6666667,3.2 33.6,4 L33.6,24 C33.6,24.8666667 33.3,25.6333333 32.7,26.3 C32.1,26.9666667 31.3333333,27.3333333 30.4,27.4 L3.6,27.4 C2.73333333,27.4 1.96666667,27.0333333 1.3,26.3 C0.633333333,25.5666667 0.333333333,24.8 0.4,24 L0.4,4 C0.4,3.13333333 0.7,2.36666667 1.3,1.7 C1.9,1.03333333 2.66666667,0.666666667 3.6,0.6 L30.4,0.6 Z\"\/>\n<\/svg>\n<\/span><div title=\"Email\" class=\"ssbp-text\">Email<\/div><\/a><\/li><\/ul><\/div><\/div>\n\n\n\n<h4 class=\"wp-block-heading\">Ort<\/h4>\n\n\n\n<p>Art Laboratory Berlin<br>Prinzenallee 34, 13359 Berlin<\/p>\n\n\n\n<h4 class=\"wp-block-heading\">Datum und Zeit<\/h4>\n\n\n\n<p>23. April 2023, 16 &#8211; 18 Uhr<\/p>\n\n\n\n<h4 class=\"wp-block-heading\">KuratoRISCHES TEAM<\/h4>\n\n\n\n<p>Tu\u00e7e Erel, Regine Rapp, Christian de Lutz<\/p>\n\n\n\n<h4 class=\"wp-block-heading\">KURATORISCHE ASSISTENZ<\/h4>\n\n\n\n<p>Giada Sarmenti, Mariia Hermann<\/p>\n\n\n\n<h4 class=\"wp-block-heading\">FotoDoKumentation<\/h4>\n\n\n\n<p>Tim Deussen<\/p>\n\n\n\n<h4 class=\"wp-block-heading\">MedienpartnerINNEN<\/h4>\n\n\n\n<figure class=\"wp-block-image size-full is-resized\"><img loading=\"lazy\" decoding=\"async\" src=\"https:\/\/artlaboratory-berlin.org\/wp-content\/uploads\/2021\/09\/CLOT-MEDIA-BLACK-web.jpg\" alt=\"\" class=\"wp-image-4867\" width=\"94\" height=\"67\" srcset=\"https:\/\/artlaboratory-berlin.org\/wp-content\/uploads\/2021\/09\/CLOT-MEDIA-BLACK-web.jpg 692w, https:\/\/artlaboratory-berlin.org\/wp-content\/uploads\/2021\/09\/CLOT-MEDIA-BLACK-web-300x215.jpg 300w, https:\/\/artlaboratory-berlin.org\/wp-content\/uploads\/2021\/09\/CLOT-MEDIA-BLACK-web-580x416.jpg 580w\" sizes=\"auto, (max-width: 94px) 100vw, 94px\" \/><\/figure>\n\n\n\n<figure class=\"wp-block-image size-full is-resized\"><img loading=\"lazy\" decoding=\"async\" src=\"https:\/\/artlaboratory-berlin.org\/wp-content\/uploads\/2021\/04\/art-in-berlin.jpg\" alt=\"\" class=\"wp-image-2429\" width=\"126\" height=\"40\"\/><\/figure>\n\n\n\n<h4 class=\"wp-block-heading\">UNTERST\u00dcTZT VON<\/h4>\n\n\n\n<figure class=\"wp-block-image size-full is-resized\"><img loading=\"lazy\" decoding=\"async\" src=\"https:\/\/artlaboratory-berlin.org\/wp-content\/uploads\/2023\/03\/image-1.png\" alt=\"\" class=\"wp-image-10567\" width=\"163\" height=\"95\"\/><\/figure>\n\n\n<\/div>\n<\/div>\n\n\n\n<div class=\"wp-block-columns related bg-black is-layout-flex wp-container-core-columns-is-layout-9d6595d7 wp-block-columns-is-layout-flex\">\n<div class=\"wp-block-column container is-layout-flow wp-block-column-is-layout-flow\">\n<h2 class=\"wp-block-heading\">Related<\/h2>\n\n\n\n<div class=\"wp-block-columns is-layout-flex wp-container-core-columns-is-layout-9d6595d7 wp-block-columns-is-layout-flex\">\n<div class=\"wp-block-column is-layout-flow wp-block-column-is-layout-flow\">            <div class=\"post-block\">\n                <a href=\"https:\/\/artlaboratory-berlin.org\/de\/ausstellungen\/vicious-cycle\/\" rel=\"bookmark\" class=\"img-box h-100\" title=\"Vicious Cycle\">\n                <img loading=\"lazy\" decoding=\"async\" width=\"551\" height=\"358\" src=\"https:\/\/artlaboratory-berlin.org\/wp-content\/uploads\/2023\/02\/Cover_Gulsah-Mursaloglu-Devouring-the-Earth-in-Perishable-Quantities-LOWER-RES-551x358.jpg\" class=\"img-fluid wp-post-image\" alt=\"\" \/>  <img decoding=\"async\" src=\"https:\/\/artlaboratory-berlin.org\/wp-content\/uploads\/2023\/02\/B_Sybille-Neumeyer_souvenirs-entomologiques-3-551x358.jpg\" alt=\"\" class=\"img-fluid second-thumb\">\n<\/a>\t\t\n<header class=\"entry-header article-header\">\n              <a class=\"meta-info exhibition\" href=\"https:\/\/artlaboratory-berlin.org\/de\/ausstellungen\/\">\n                                Ausstellung                                <\/a><span class=\"cat\"> \n    <\/span>\n\n                   <h3 class=\"h2 entry-title mt-2\">\n                       <a href=\"https:\/\/artlaboratory-berlin.org\/de\/ausstellungen\/vicious-cycle\/\">VICIOUS CYCLE<\/a>\n                    <\/h3> \n                    <ol class=\"post-subheadings\"><li class=\"heading-level-2\">Artistic Research on Climate Crisis<\/li><li class=\"heading-level-3\">Cammack Lindsey | G\u00fcl\u015fah Mursalo\u011flu | Sybille Neumeyer<\/li><\/ol>\t                <span class=\"info-line-preview\">3. M\u00e4rz &#8211; 30. April 2023<\/span>\n                  <\/header>  \n                    <p>Die Ausstellung bezieht sich auf den geschlossenen Kreislauf von menschlicher Umweltverschmutzung und deren R\u00fcckf\u00fchrung in den menschlichen und nichtmenschlichen K\u00f6rper. In ihren forschungsorientierten Arbeiten befassen sich die K\u00fcnstlerinnen mit dem Problem von Mikroplastik im Boden, den Auswirkungen des Klimawandels und den Folgen \u00fcberm\u00e4\u00dfiger landwirtschaftlicher Aktivit\u00e4ten auf Wasser, Boden, Tiere und Wildtiere.<\/p>\n                    <a href=\"https:\/\/artlaboratory-berlin.org\/de\/ausstellungen\/vicious-cycle\/\" class=\"read-more\" rel=\"bookmark\" title=\"Vicious Cycle\">\n                    Mehr lesen<\/a>\n<\/div><\/div>\n\n\n\n<div class=\"wp-block-column is-layout-flow wp-block-column-is-layout-flow\">            <div class=\"post-block\">\n                <a href=\"https:\/\/artlaboratory-berlin.org\/de\/veranstaltungen\/hack-the-panke-festival-neumeyer-mansour\/\" rel=\"bookmark\" class=\"img-box h-100\" title=\"Vicious Cycle\">\n                <img loading=\"lazy\" decoding=\"async\" width=\"551\" height=\"358\" src=\"https:\/\/artlaboratory-berlin.org\/wp-content\/uploads\/2023\/04\/IMG_20220911_145325lowres-551x358.jpg\" class=\"img-fluid wp-post-image\" alt=\"\" \/>  <img decoding=\"async\" src=\"https:\/\/artlaboratory-berlin.org\/wp-content\/uploads\/2023\/04\/IMG_20220911_162638lowres-551x358.jpg\" alt=\"\" class=\"img-fluid second-thumb\">\n<\/a>\t\t\n<header class=\"entry-header article-header\">\n              <a class=\"meta-info event\" href=\"https:\/\/artlaboratory-berlin.org\/de\/veranstaltungen\/\">\n                                Veranstaltung                                <\/a><span class=\"cat\"> \n    Walk &amp; Talk, Walk &amp; Talk<\/span>\n\n                   <h3 class=\"h2 entry-title mt-2\">\n                       <a href=\"https:\/\/artlaboratory-berlin.org\/de\/veranstaltungen\/hack-the-panke-festival-neumeyer-mansour\/\">HACK THE PANKE Festival<\/a>\n                    <\/h3> \n                    <ol class=\"post-subheadings\"><li class=\"heading-level-2\">Meandering \u2013 Or, the Rights to Flow<\/li><li class=\"heading-level-3\">Walk &amp; Talk | Sybille Neumeyer &amp; India Mansour<\/li><\/ol>\t                <span class=\"info-line-preview\">11. September 2022<\/span>\n                  <\/header>  \n                    <p>Gemeinsam mit der\u00a0mikrobiellen \u00d6kologin\u00a0India Mansour und der K\u00fcnstlerin Sybille Neumeyer gehen die Teilnehmenden den st\u00e4ndigen Ver\u00e4nderungen des Flusses, der Panke, auf die Spur, und setzen sich mit der Vergangenheit, Gegenwart und m\u00f6glichen Zukunft des Flusses auseinander.<\/p>\n                    <a href=\"https:\/\/artlaboratory-berlin.org\/de\/veranstaltungen\/hack-the-panke-festival-neumeyer-mansour\/\" class=\"read-more\" rel=\"bookmark\" title=\"Vicious Cycle\">\n                    Mehr lesen<\/a>\n<\/div><\/div>\n\n\n\n<div class=\"wp-block-column is-layout-flow wp-block-column-is-layout-flow\">            <div class=\"post-block\">\n                <a href=\"https:\/\/artlaboratory-berlin.org\/de\/veranstaltungen\/under-the-viral-shadow-viral-geographies\/\" rel=\"bookmark\" class=\"img-box h-100\" title=\"Vicious Cycle\">\n                <img loading=\"lazy\" decoding=\"async\" width=\"551\" height=\"358\" src=\"https:\/\/artlaboratory-berlin.org\/wp-content\/uploads\/2021\/11\/SN_voicing-encounters_03-551x358.jpeg\" class=\"img-fluid wp-post-image\" alt=\"\" \/>  <img decoding=\"async\" src=\"https:\/\/artlaboratory-berlin.org\/wp-content\/uploads\/2021\/11\/IMG_20210524_155215-551x358.jpeg\" alt=\"\" class=\"img-fluid second-thumb\">\n<\/a>\t\t\n<header class=\"entry-header article-header\">\n              <a class=\"meta-info event\" href=\"https:\/\/artlaboratory-berlin.org\/de\/veranstaltungen\/\">\n                                Veranstaltung                                <\/a><span class=\"cat\"> \n    Talk<\/span>\n\n                   <h3 class=\"h2 entry-title mt-2\">\n                       <a href=\"https:\/\/artlaboratory-berlin.org\/de\/veranstaltungen\/under-the-viral-shadow-viral-geographies\/\">Under the viral shadow<\/a>\n                    <\/h3> \n                    <ol class=\"post-subheadings\"><li class=\"heading-level-2\">Viral Geographies<\/li><li class=\"heading-level-3\">Online Talk | Sybille Neumeyer, Karolina \u017byniewicz<\/li><\/ol>\t                <span class=\"info-line-preview\">25. November 2021<\/span>\n                  <\/header>  \n                    <p>Die Veranstaltung findet im Rahmen unseres aktuellen Projekts Under the Viral Shadow statt und stellt Fragen zur Biopolitik unseres gegenw\u00e4rtigen Pandemie-Zeitalters. Die beiden K\u00fcnstlerinnen Sybille Neumeyer und Karolina \u017byniewicz sprechen \u00fcber ihre k\u00fcnstlerische Forschung zum Thema Virus im Allgemeinen sowie \u00fcber die Auswirkungen der aktuellen Pandemie auf ihre k\u00fcnstlerische Praxis.<\/p>\n                    <a href=\"https:\/\/artlaboratory-berlin.org\/de\/veranstaltungen\/under-the-viral-shadow-viral-geographies\/\" class=\"read-more\" rel=\"bookmark\" title=\"Vicious Cycle\">\n                    Mehr lesen<\/a>\n<\/div><\/div>\n<\/div>\n<\/div>\n<\/div>\n","protected":false},"excerpt":{"rendered":"<p>Am 23. April 2023 pr\u00e4sentiert ALB ein K\u00fcnstleringespr\u00e4ch mit Sybille Neumeyer \u00fcber ihre Arbeit souvenirs entomologiques #1: odonata\/ weathering data im Rahmen der laufenden Ausstellung Vicious Cycle. souvenirs entomologiques #1: odonata\/ weathering data ist ein spekulatives Video-Essay und eine Installation von Sybille Neumeyer, die die Verstrickungen von Menschen, Wetter und Insekten in einer datengesteuerten Welt in Zeiten der Klimakrise untersuchen. <\/p>\n","protected":false},"featured_media":10601,"template":"","meta":{"_acf_changed":false,"_links_to":"","_links_to_target":""},"categories":[82],"tags":[],"class_list":["post-10865","event","type-event","status-publish","has-post-thumbnail","hentry","category-talk-de"],"acf":[],"yoast_head":"<!-- This site is optimized with the Yoast SEO plugin v26.2 - https:\/\/yoast.com\/wordpress\/plugins\/seo\/ -->\n<title>Vicious Cycle - Art Laboratory Berlin<\/title>\n<meta name=\"robots\" content=\"index, follow, max-snippet:-1, max-image-preview:large, max-video-preview:-1\" \/>\n<link rel=\"canonical\" href=\"https:\/\/artlaboratory-berlin.org\/de\/veranstaltungen\/vicious-cycle-talk-neumeyer\/\" \/>\n<meta property=\"og:locale\" content=\"de_DE\" \/>\n<meta property=\"og:type\" content=\"article\" \/>\n<meta property=\"og:title\" content=\"Vicious Cycle - Art Laboratory Berlin\" \/>\n<meta property=\"og:description\" content=\"Am 23. April 2023 pr\u00e4sentiert ALB ein K\u00fcnstleringespr\u00e4ch mit Sybille Neumeyer \u00fcber ihre Arbeit souvenirs entomologiques #1: odonata\/ weathering data im Rahmen der laufenden Ausstellung Vicious Cycle. souvenirs entomologiques #1: odonata\/ weathering data ist ein spekulatives Video-Essay und eine Installation von Sybille Neumeyer, die die Verstrickungen von Menschen, Wetter und Insekten in einer datengesteuerten Welt in Zeiten der Klimakrise untersuchen.\" \/>\n<meta property=\"og:url\" content=\"https:\/\/artlaboratory-berlin.org\/de\/veranstaltungen\/vicious-cycle-talk-neumeyer\/\" \/>\n<meta property=\"og:site_name\" content=\"Art Laboratory Berlin\" \/>\n<meta property=\"article:publisher\" content=\"https:\/\/www.facebook.com\/ArtLaboratoryBerlin\/\" \/>\n<meta property=\"article:modified_time\" content=\"2023-06-23T13:49:20+00:00\" \/>\n<meta property=\"og:image\" content=\"https:\/\/artlaboratory-berlin.org\/wp-content\/uploads\/2023\/03\/20230311_ArtLab_VICIOUS-CYCLE_0028-hr4.jpg\" \/>\n\t<meta property=\"og:image:width\" content=\"2000\" \/>\n\t<meta property=\"og:image:height\" content=\"1333\" \/>\n\t<meta property=\"og:image:type\" content=\"image\/jpeg\" \/>\n<meta name=\"twitter:card\" content=\"summary_large_image\" \/>\n<meta name=\"twitter:site\" content=\"@artlaboratoryb\" \/>\n<meta name=\"twitter:label1\" content=\"Gesch\u00e4tzte Lesezeit\" \/>\n\t<meta name=\"twitter:data1\" content=\"4\u00a0Minuten\" \/>\n<!-- \/ Yoast SEO plugin. -->","yoast_head_json":{"title":"Vicious Cycle - Art Laboratory Berlin","robots":{"index":"index","follow":"follow","max-snippet":"max-snippet:-1","max-image-preview":"max-image-preview:large","max-video-preview":"max-video-preview:-1"},"canonical":"https:\/\/artlaboratory-berlin.org\/de\/veranstaltungen\/vicious-cycle-talk-neumeyer\/","og_locale":"de_DE","og_type":"article","og_title":"Vicious Cycle - Art Laboratory Berlin","og_description":"Am 23. April 2023 pr\u00e4sentiert ALB ein K\u00fcnstleringespr\u00e4ch mit Sybille Neumeyer \u00fcber ihre Arbeit souvenirs entomologiques #1: odonata\/ weathering data im Rahmen der laufenden Ausstellung Vicious Cycle. souvenirs entomologiques #1: odonata\/ weathering data ist ein spekulatives Video-Essay und eine Installation von Sybille Neumeyer, die die Verstrickungen von Menschen, Wetter und Insekten in einer datengesteuerten Welt in Zeiten der Klimakrise untersuchen.","og_url":"https:\/\/artlaboratory-berlin.org\/de\/veranstaltungen\/vicious-cycle-talk-neumeyer\/","og_site_name":"Art Laboratory Berlin","article_publisher":"https:\/\/www.facebook.com\/ArtLaboratoryBerlin\/","article_modified_time":"2023-06-23T13:49:20+00:00","og_image":[{"width":2000,"height":1333,"url":"https:\/\/artlaboratory-berlin.org\/wp-content\/uploads\/2023\/03\/20230311_ArtLab_VICIOUS-CYCLE_0028-hr4.jpg","type":"image\/jpeg"}],"twitter_card":"summary_large_image","twitter_site":"@artlaboratoryb","twitter_misc":{"Gesch\u00e4tzte Lesezeit":"4\u00a0Minuten"},"schema":{"@context":"https:\/\/schema.org","@graph":[{"@type":"WebPage","@id":"https:\/\/artlaboratory-berlin.org\/de\/veranstaltungen\/vicious-cycle-talk-neumeyer\/","url":"https:\/\/artlaboratory-berlin.org\/de\/veranstaltungen\/vicious-cycle-talk-neumeyer\/","name":"Vicious Cycle - Art Laboratory Berlin","isPartOf":{"@id":"https:\/\/artlaboratory-berlin.org\/#website"},"primaryImageOfPage":{"@id":"https:\/\/artlaboratory-berlin.org\/de\/veranstaltungen\/vicious-cycle-talk-neumeyer\/#primaryimage"},"image":{"@id":"https:\/\/artlaboratory-berlin.org\/de\/veranstaltungen\/vicious-cycle-talk-neumeyer\/#primaryimage"},"thumbnailUrl":"https:\/\/artlaboratory-berlin.org\/wp-content\/uploads\/2023\/03\/20230311_ArtLab_VICIOUS-CYCLE_0028-hr4.jpg","datePublished":"2023-04-18T13:26:55+00:00","dateModified":"2023-06-23T13:49:20+00:00","breadcrumb":{"@id":"https:\/\/artlaboratory-berlin.org\/de\/veranstaltungen\/vicious-cycle-talk-neumeyer\/#breadcrumb"},"inLanguage":"de","potentialAction":[{"@type":"ReadAction","target":["https:\/\/artlaboratory-berlin.org\/de\/veranstaltungen\/vicious-cycle-talk-neumeyer\/"]}]},{"@type":"ImageObject","inLanguage":"de","@id":"https:\/\/artlaboratory-berlin.org\/de\/veranstaltungen\/vicious-cycle-talk-neumeyer\/#primaryimage","url":"https:\/\/artlaboratory-berlin.org\/wp-content\/uploads\/2023\/03\/20230311_ArtLab_VICIOUS-CYCLE_0028-hr4.jpg","contentUrl":"https:\/\/artlaboratory-berlin.org\/wp-content\/uploads\/2023\/03\/20230311_ArtLab_VICIOUS-CYCLE_0028-hr4.jpg","width":2000,"height":1333,"caption":"Sybille Neumeyer: souvenirs entomologiques #1: odonata\/ weathering data, 2020, installation, photo: Tim Deussen"},{"@type":"BreadcrumbList","@id":"https:\/\/artlaboratory-berlin.org\/de\/veranstaltungen\/vicious-cycle-talk-neumeyer\/#breadcrumb","itemListElement":[{"@type":"ListItem","position":1,"name":"Home","item":"https:\/\/artlaboratory-berlin.org\/de\/home\/"},{"@type":"ListItem","position":2,"name":"Events","item":"https:\/\/artlaboratory-berlin.org\/events\/"},{"@type":"ListItem","position":3,"name":"Vicious Cycle"}]},{"@type":"WebSite","@id":"https:\/\/artlaboratory-berlin.org\/#website","url":"https:\/\/artlaboratory-berlin.org\/","name":"Art Laboratory Berlin","description":"","publisher":{"@id":"https:\/\/artlaboratory-berlin.org\/#organization"},"potentialAction":[{"@type":"SearchAction","target":{"@type":"EntryPoint","urlTemplate":"https:\/\/artlaboratory-berlin.org\/?s={search_term_string}"},"query-input":{"@type":"PropertyValueSpecification","valueRequired":true,"valueName":"search_term_string"}}],"inLanguage":"de"},{"@type":"Organization","@id":"https:\/\/artlaboratory-berlin.org\/#organization","name":"Art Laboratory Berlin","url":"https:\/\/artlaboratory-berlin.org\/","logo":{"@type":"ImageObject","inLanguage":"de","@id":"https:\/\/artlaboratory-berlin.org\/#\/schema\/logo\/image\/","url":"https:\/\/artlaboratory-berlin.org\/wp-content\/uploads\/2021\/05\/logo-alb.png","contentUrl":"https:\/\/artlaboratory-berlin.org\/wp-content\/uploads\/2021\/05\/logo-alb.png","width":800,"height":515,"caption":"Art Laboratory Berlin"},"image":{"@id":"https:\/\/artlaboratory-berlin.org\/#\/schema\/logo\/image\/"},"sameAs":["https:\/\/www.facebook.com\/ArtLaboratoryBerlin\/","https:\/\/x.com\/artlaboratoryb","https:\/\/www.instagram.com\/artlaboratoryberlin","https:\/\/www.youtube.com\/c\/ArtLaboratoryBerlin\/videos"]}]}},"_links":{"self":[{"href":"https:\/\/artlaboratory-berlin.org\/de\/wp-json\/wp\/v2\/event\/10865","targetHints":{"allow":["GET"]}}],"collection":[{"href":"https:\/\/artlaboratory-berlin.org\/de\/wp-json\/wp\/v2\/event"}],"about":[{"href":"https:\/\/artlaboratory-berlin.org\/de\/wp-json\/wp\/v2\/types\/event"}],"version-history":[{"count":17,"href":"https:\/\/artlaboratory-berlin.org\/de\/wp-json\/wp\/v2\/event\/10865\/revisions"}],"predecessor-version":[{"id":12350,"href":"https:\/\/artlaboratory-berlin.org\/de\/wp-json\/wp\/v2\/event\/10865\/revisions\/12350"}],"wp:featuredmedia":[{"embeddable":true,"href":"https:\/\/artlaboratory-berlin.org\/de\/wp-json\/wp\/v2\/media\/10601"}],"wp:attachment":[{"href":"https:\/\/artlaboratory-berlin.org\/de\/wp-json\/wp\/v2\/media?parent=10865"}],"wp:term":[{"taxonomy":"category","embeddable":true,"href":"https:\/\/artlaboratory-berlin.org\/de\/wp-json\/wp\/v2\/categories?post=10865"},{"taxonomy":"post_tag","embeddable":true,"href":"https:\/\/artlaboratory-berlin.org\/de\/wp-json\/wp\/v2\/tags?post=10865"}],"curies":[{"name":"wp","href":"https:\/\/api.w.org\/{rel}","templated":true}]}}